{"id":7256,"date":"2018-02-25T21:08:43","date_gmt":"2018-02-25T20:08:43","guid":{"rendered":"https:\/\/www.allegro-vivo.at\/?post_type=product&#038;p=7256"},"modified":"2022-11-21T09:36:47","modified_gmt":"2022-11-21T08:36:47","slug":"cd-w-a-mozart-r-strauss-f-geisselbrecht","status":"publish","type":"product","link":"https:\/\/www.allegro-vivo.at\/en\/produkt\/cd-w-a-mozart-r-strauss-f-geisselbrecht\/","title":{"rendered":"CD &#8220;Mozart &#8211; Strauss &#8211; Geisselbrecht&#8221;"},"content":{"rendered":"<p>Die CD &#8220;Mozart &#8211; Strauss &#8211; Geisselbrecht&#8221; ist im Rahmen der Er\u00f6ffnungskonzerte des Allegro Vivo Kammermusikfestivals 2014 entstanden.<\/p>\n<p>Sowohl Mozarts Klarinettenkonzert als auch Richard Strauss\u2019 Metamorphosen sind sp\u00e4te gro\u00dfe Werke zweier Komponisten, deren Genie hier noch einmal in beispielloser Intensit\u00e4t zum Ausdruck kommt.<\/p>\n<p>Das Gedenkjahr 1914 wiederum war Anlass f\u00fcr die Auftragskomposition \u201eDie Waffen nieder!\u201c, in der Texte Bertha von Suttners eine besondere W\u00fcrdigung erfahren. Von einer Fachjury wurde das Werk der ober\u00f6sterreichischen Komponistin Flora Marlene Geisselbrecht ausgew\u00e4hlt und beim Allegro Vivo Er\u00f6ffnungskonzert uraufgef\u00fchrt. Es ist eine gl\u00fcckliche F\u00fcgung, dass es 100 Jahre nach dem Tod der Friedensnobelpreistr\u00e4gerin und Frauenrechtlerin gerade eine junge Komponistin, Flora Geisselbrecht, verstand, die ber\u00fchrenden Zitate in eine packende Tonsprache zu \u00fcbersetzen.<\/p>\n<p>Wolfgang Amadeus Mozart (1756 &#8211; 1791) &#8211; Konzert f\u00fcr Klarinette und Orchester A-Dur KV 622<br \/>\nRichard Strauss (1864-1949) &#8211; Metamorphosen<br \/>\n<a href=\"https:\/\/www.florageisselbrecht.at\/\">Flora Marlene Geisselbrecht<\/a> (*1994) &#8211; Die Waffen nieder!<\/p>\n<p>Matthias Schorn, Klarinette<br \/>\nWolfgang Holzmair, Bariton<\/p>\n<p><a href=\"https:\/\/www.allegro-vivo.at\/de\/academia-allegro-vivo\/\"><strong>Academia Allegro Vivo<\/strong><\/a><br \/>\n<strong> Bijan Khadem-Missagh, Dirigent<\/strong><\/p>\n<p>&nbsp;<\/p>\n<h2>H\u00f6rproben CD &#8220;Mozart &#8211; Strauss &#8211; Geisselbrecht&#8221;<\/h2>\n<div class=\"wp-playlist wp-audio-playlist wp-playlist-light\">\n\t\t\t<div class=\"wp-playlist-current-item\"><\/div>\n\t\t<audio controls=\"controls\" preload=\"none\" width=\"618\"\n\t\t\t><\/audio>\n\t<div class=\"wp-playlist-next\"><\/div>\n\t<div class=\"wp-playlist-prev\"><\/div>\n\t<noscript>\n\t<ol>\n\t\t<li><a href='https:\/\/www.allegro-vivo.at\/wp-content\/uploads\/2018\/02\/1-clarinet-concerto-in-a-major-kv622-allegro.mp3'>1 - Clarinet Concerto in A major, KV622 - Allegro<\/a><\/li><li><a href='https:\/\/www.allegro-vivo.at\/wp-content\/uploads\/2018\/02\/2-clarinet-concerto-in-a-major-kv622-adagio.mp3'>2 - Clarinet Concerto in A major, KV622 - Adagio<\/a><\/li><li><a href='https:\/\/www.allegro-vivo.at\/wp-content\/uploads\/2018\/02\/3-clarinet-concerto-in-a-major-kv622-allegro.mp3'>3 - Clarinet Concerto in A major, KV622 - Allegro<\/a><\/li><li><a href='https:\/\/www.allegro-vivo.at\/wp-content\/uploads\/2018\/02\/4-metamorphoses-for-23-string-instruments.mp3'>4 - Metamorphoses for 23 string instruments<\/a><\/li><li><a href='https:\/\/www.allegro-vivo.at\/wp-content\/uploads\/2018\/02\/5-lay-down-your-arms.mp3'>5 - Lay Down Your Arms!<\/a><\/li>\t<\/ol>\n\t<\/noscript>\n\t<script type=\"application\/json\" class=\"wp-playlist-script\">{\"type\":\"audio\",\"tracklist\":true,\"tracknumbers\":true,\"images\":true,\"artists\":true,\"tracks\":[{\"src\":\"https:\/\/www.allegro-vivo.at\/wp-content\/uploads\/2018\/02\/1-clarinet-concerto-in-a-major-kv622-allegro.mp3\",\"type\":\"audio\/mpeg\",\"title\":\"1 - Clarinet Concerto in A major, KV622 - Allegro\",\"caption\":\"\",\"description\":\"\\\"1-clarinet-concerto-in-a-major-kv622-allegro\\\".\",\"meta\":{\"length_formatted\":\"1:00\"},\"image\":{\"src\":\"https:\/\/www.allegro-vivo.at\/wp-includes\/images\/media\/audio.svg\",\"width\":48,\"height\":64},\"thumb\":{\"src\":\"https:\/\/www.allegro-vivo.at\/wp-includes\/images\/media\/audio.svg\",\"width\":48,\"height\":64}},{\"src\":\"https:\/\/www.allegro-vivo.at\/wp-content\/uploads\/2018\/02\/2-clarinet-concerto-in-a-major-kv622-adagio.mp3\",\"type\":\"audio\/mpeg\",\"title\":\"2 - Clarinet Concerto in A major, KV622 - Adagio\",\"caption\":\"\",\"description\":\"\\\"2-clarinet-concerto-in-a-major-kv622-adagio\\\".\",\"meta\":{\"length_formatted\":\"1:00\"},\"image\":{\"src\":\"https:\/\/www.allegro-vivo.at\/wp-includes\/images\/media\/audio.svg\",\"width\":48,\"height\":64},\"thumb\":{\"src\":\"https:\/\/www.allegro-vivo.at\/wp-includes\/images\/media\/audio.svg\",\"width\":48,\"height\":64}},{\"src\":\"https:\/\/www.allegro-vivo.at\/wp-content\/uploads\/2018\/02\/3-clarinet-concerto-in-a-major-kv622-allegro.mp3\",\"type\":\"audio\/mpeg\",\"title\":\"3 - Clarinet Concerto in A major, KV622 - Allegro\",\"caption\":\"\",\"description\":\"\\\"3-clarinet-concerto-in-a-major-kv622-allegro\\\".\",\"meta\":{\"length_formatted\":\"1:00\"},\"image\":{\"src\":\"https:\/\/www.allegro-vivo.at\/wp-includes\/images\/media\/audio.svg\",\"width\":48,\"height\":64},\"thumb\":{\"src\":\"https:\/\/www.allegro-vivo.at\/wp-includes\/images\/media\/audio.svg\",\"width\":48,\"height\":64}},{\"src\":\"https:\/\/www.allegro-vivo.at\/wp-content\/uploads\/2018\/02\/4-metamorphoses-for-23-string-instruments.mp3\",\"type\":\"audio\/mpeg\",\"title\":\"4 - Metamorphoses for 23 string instruments\",\"caption\":\"\",\"description\":\"\\\"4-metamorphoses-for-23-string-instruments\\\".\",\"meta\":{\"length_formatted\":\"1:00\"},\"image\":{\"src\":\"https:\/\/www.allegro-vivo.at\/wp-includes\/images\/media\/audio.svg\",\"width\":48,\"height\":64},\"thumb\":{\"src\":\"https:\/\/www.allegro-vivo.at\/wp-includes\/images\/media\/audio.svg\",\"width\":48,\"height\":64}},{\"src\":\"https:\/\/www.allegro-vivo.at\/wp-content\/uploads\/2018\/02\/5-lay-down-your-arms.mp3\",\"type\":\"audio\/mpeg\",\"title\":\"5 - Lay Down Your Arms!\",\"caption\":\"\",\"description\":\"\\\"5-lay-down-your-arms\\\".\",\"meta\":{\"length_formatted\":\"1:00\"},\"image\":{\"src\":\"https:\/\/www.allegro-vivo.at\/wp-includes\/images\/media\/audio.svg\",\"width\":48,\"height\":64},\"thumb\":{\"src\":\"https:\/\/www.allegro-vivo.at\/wp-includes\/images\/media\/audio.svg\",\"width\":48,\"height\":64}}]}<\/script>\n<\/div>\n\t\n","protected":false},"excerpt":{"rendered":"<p>Die CD ist im Rahmen der Er\u00f6ffnungskonzerte des Allegro Vivo Kammermusikfestivals 2014 aufgenommen.<\/p>\n","protected":false},"featured_media":7263,"template":"","meta":[],"product_brand":[],"product_cat":[93],"product_tag":[],"class_list":{"0":"post-7256","1":"product","2":"type-product","3":"status-publish","4":"has-post-thumbnail","6":"product_cat-cds","7":"product_shipping_class-cd","9":"first","10":"instock","11":"taxable","12":"shipping-taxable","13":"purchasable","14":"product-type-simple"},"yoast_head":"<!-- This site is optimized with the Yoast SEO plugin v27.4 - https:\/\/yoast.com\/product\/yoast-seo-wordpress\/ -->\n<title>CD &quot;Mozart - Strauss - Geisselbrecht&quot; - Shop - Allegro Vivo Festival<\/title>\n<meta name=\"description\" content=\"Die CD &quot;Mozart - Strauss - Geisselbrecht&quot; ist im Rahmen der Er\u00f6ffnungskonzerte 2014 des Allegro Vivo Kammermusikfestivals entstanden.\" \/>\n<meta name=\"robots\" content=\"index, follow, max-snippet:-1, max-image-preview:large, max-video-preview:-1\" \/>\n<link rel=\"canonical\" href=\"https:\/\/www.allegro-vivo.at\/en\/produkt\/cd-w-a-mozart-r-strauss-f-geisselbrecht\/\" \/>\n<meta property=\"og:locale\" content=\"en_US\" \/>\n<meta property=\"og:type\" content=\"article\" \/>\n<meta property=\"og:title\" content=\"CD &quot;Mozart - Strauss - Geisselbrecht&quot; - Shop - Allegro Vivo Festival\" \/>\n<meta property=\"og:description\" content=\"Die CD &quot;Mozart - Strauss - Geisselbrecht&quot; ist im Rahmen der Er\u00f6ffnungskonzerte 2014 des Allegro Vivo Kammermusikfestivals entstanden.\" \/>\n<meta property=\"og:url\" content=\"https:\/\/www.allegro-vivo.at\/en\/produkt\/cd-w-a-mozart-r-strauss-f-geisselbrecht\/\" \/>\n<meta property=\"og:site_name\" content=\"Allegro Vivo Kammermusik Festival\" \/>\n<meta property=\"article:publisher\" content=\"https:\/\/www.facebook.com\/allegro.vivo.festival.austria\/\" \/>\n<meta property=\"article:modified_time\" content=\"2022-11-21T08:36:47+00:00\" \/>\n<meta property=\"og:image\" content=\"https:\/\/www.allegro-vivo.at\/wp-content\/uploads\/2018\/02\/geisselbrecht_mozart_strauss-e1519590571876.jpg\" \/>\n\t<meta property=\"og:image:width\" content=\"800\" \/>\n\t<meta property=\"og:image:height\" content=\"769\" \/>\n\t<meta property=\"og:image:type\" content=\"image\/jpeg\" \/>\n<meta name=\"twitter:card\" content=\"summary_large_image\" \/>\n<meta name=\"twitter:label1\" content=\"Gesch\u00e4tzte Lesezeit\" \/>\n\t<meta name=\"twitter:data1\" content=\"1 minute\" \/>\n<script type=\"application\/ld+json\" class=\"yoast-schema-graph\">{\"@context\":\"https:\\\/\\\/schema.org\",\"@graph\":[{\"@type\":\"WebPage\",\"@id\":\"https:\\\/\\\/www.allegro-vivo.at\\\/en\\\/produkt\\\/cd-w-a-mozart-r-strauss-f-geisselbrecht\\\/\",\"url\":\"https:\\\/\\\/www.allegro-vivo.at\\\/en\\\/produkt\\\/cd-w-a-mozart-r-strauss-f-geisselbrecht\\\/\",\"name\":\"CD \\\"Mozart - Strauss - Geisselbrecht\\\" - Shop - Allegro Vivo Festival\",\"isPartOf\":{\"@id\":\"https:\\\/\\\/www.allegro-vivo.at\\\/en\\\/#website\"},\"primaryImageOfPage\":{\"@id\":\"https:\\\/\\\/www.allegro-vivo.at\\\/en\\\/produkt\\\/cd-w-a-mozart-r-strauss-f-geisselbrecht\\\/#primaryimage\"},\"image\":{\"@id\":\"https:\\\/\\\/www.allegro-vivo.at\\\/produkt\\\/cd-w-a-mozart-r-strauss-f-geisselbrecht\\\/#primaryimage\"},\"thumbnailUrl\":\"https:\\\/\\\/www.allegro-vivo.at\\\/wp-content\\\/uploads\\\/2018\\\/02\\\/geisselbrecht_mozart_strauss-e1519590571876.jpg\",\"datePublished\":\"2018-02-25T20:08:43+00:00\",\"dateModified\":\"2022-11-21T08:36:47+00:00\",\"description\":\"Die CD \\\"Mozart - Strauss - Geisselbrecht\\\" ist im Rahmen der Er\u00f6ffnungskonzerte 2014 des Allegro Vivo Kammermusikfestivals entstanden.\",\"breadcrumb\":{\"@id\":\"https:\\\/\\\/www.allegro-vivo.at\\\/en\\\/produkt\\\/cd-w-a-mozart-r-strauss-f-geisselbrecht\\\/#breadcrumb\"},\"inLanguage\":\"en-US\",\"potentialAction\":[{\"@type\":\"ReadAction\",\"target\":[[\"https:\\\/\\\/www.allegro-vivo.at\\\/en\\\/produkt\\\/cd-w-a-mozart-r-strauss-f-geisselbrecht\\\/\"]]}]},{\"@type\":\"ImageObject\",\"inLanguage\":\"en-US\",\"@id\":\"https:\\\/\\\/www.allegro-vivo.at\\\/en\\\/produkt\\\/cd-w-a-mozart-r-strauss-f-geisselbrecht\\\/#primaryimage\",\"url\":\"https:\\\/\\\/www.allegro-vivo.at\\\/wp-content\\\/uploads\\\/2018\\\/02\\\/geisselbrecht_mozart_strauss-e1519590571876.jpg\",\"contentUrl\":\"https:\\\/\\\/www.allegro-vivo.at\\\/wp-content\\\/uploads\\\/2018\\\/02\\\/geisselbrecht_mozart_strauss-e1519590571876.jpg\",\"width\":800,\"height\":769,\"caption\":\"CD \\\"Mozart - Strauss - Geisselbrecht\\\"\"},{\"@type\":\"BreadcrumbList\",\"@id\":\"https:\\\/\\\/www.allegro-vivo.at\\\/en\\\/produkt\\\/cd-w-a-mozart-r-strauss-f-geisselbrecht\\\/#breadcrumb\",\"itemListElement\":[{\"@type\":\"ListItem\",\"position\":1,\"name\":\"Startseite\",\"item\":\"https:\\\/\\\/www.allegro-vivo.at\\\/en\\\/\"},{\"@type\":\"ListItem\",\"position\":2,\"name\":\"Shop\",\"item\":\"https:\\\/\\\/www.allegro-vivo.at\\\/en\\\/service\\\/shop\\\/\"},{\"@type\":\"ListItem\",\"position\":3,\"name\":\"CD &#8222;Mozart &#8211; Strauss &#8211; Geisselbrecht&#8220;\"}]},{\"@type\":\"WebSite\",\"@id\":\"https:\\\/\\\/www.allegro-vivo.at\\\/en\\\/#website\",\"url\":\"https:\\\/\\\/www.allegro-vivo.at\\\/en\\\/\",\"name\":\"Allegro Vivo Kammermusik Festival\",\"description\":\"Allegro Vivo Kammermusik Festival und Meisterkurse\",\"publisher\":{\"@id\":\"https:\\\/\\\/www.allegro-vivo.at\\\/en\\\/#organization\"},\"potentialAction\":[{\"@type\":\"SearchAction\",\"target\":{\"@type\":\"EntryPoint\",\"urlTemplate\":\"https:\\\/\\\/www.allegro-vivo.at\\\/en\\\/?s={search_term_string}\"},\"query-input\":{\"@type\":\"PropertyValueSpecification\",\"valueRequired\":true,\"valueName\":\"search_term_string\"}}],\"inLanguage\":\"en-US\"},{\"@type\":\"Organization\",\"@id\":\"https:\\\/\\\/www.allegro-vivo.at\\\/en\\\/#organization\",\"name\":\"Allegro Vivo\",\"url\":\"https:\\\/\\\/www.allegro-vivo.at\\\/en\\\/\",\"logo\":{\"@type\":\"ImageObject\",\"inLanguage\":\"en-US\",\"@id\":\"https:\\\/\\\/www.allegro-vivo.at\\\/en\\\/#\\\/schema\\\/logo\\\/image\\\/\",\"url\":\"https:\\\/\\\/www.allegro-vivo.at\\\/wp-content\\\/uploads\\\/2017\\\/02\\\/allegro_vivo_logo_web.png\",\"contentUrl\":\"https:\\\/\\\/www.allegro-vivo.at\\\/wp-content\\\/uploads\\\/2017\\\/02\\\/allegro_vivo_logo_web.png\",\"width\":400,\"height\":114,\"caption\":\"Allegro Vivo\"},\"image\":{\"@id\":\"https:\\\/\\\/www.allegro-vivo.at\\\/en\\\/#\\\/schema\\\/logo\\\/image\\\/\"},\"sameAs\":[\"https:\\\/\\\/www.facebook.com\\\/allegro.vivo.festival.austria\\\/\",\"https:\\\/\\\/www.instagram.com\\\/allegro.vivo\\\/\",\"https:\\\/\\\/www.youtube.com\\\/user\\\/allegrovivooo\"]}]}<\/script>\n<!-- \/ Yoast SEO plugin. -->","yoast_head_json":{"title":"CD \"Mozart - Strauss - Geisselbrecht\" - Shop - Allegro Vivo Festival","description":"Die CD \"Mozart - Strauss - Geisselbrecht\" ist im Rahmen der Er\u00f6ffnungskonzerte 2014 des Allegro Vivo Kammermusikfestivals entstanden.","robots":{"index":"index","follow":"follow","max-snippet":"max-snippet:-1","max-image-preview":"max-image-preview:large","max-video-preview":"max-video-preview:-1"},"canonical":"https:\/\/www.allegro-vivo.at\/en\/produkt\/cd-w-a-mozart-r-strauss-f-geisselbrecht\/","og_locale":"en_US","og_type":"article","og_title":"CD \"Mozart - Strauss - Geisselbrecht\" - Shop - Allegro Vivo Festival","og_description":"Die CD \"Mozart - Strauss - Geisselbrecht\" ist im Rahmen der Er\u00f6ffnungskonzerte 2014 des Allegro Vivo Kammermusikfestivals entstanden.","og_url":"https:\/\/www.allegro-vivo.at\/en\/produkt\/cd-w-a-mozart-r-strauss-f-geisselbrecht\/","og_site_name":"Allegro Vivo Kammermusik Festival","article_publisher":"https:\/\/www.facebook.com\/allegro.vivo.festival.austria\/","article_modified_time":"2022-11-21T08:36:47+00:00","og_image":[{"width":800,"height":769,"url":"https:\/\/www.allegro-vivo.at\/wp-content\/uploads\/2018\/02\/geisselbrecht_mozart_strauss-e1519590571876.jpg","type":"image\/jpeg"}],"twitter_card":"summary_large_image","twitter_misc":{"Gesch\u00e4tzte Lesezeit":"1 minute"},"schema":{"@context":"https:\/\/schema.org","@graph":[{"@type":"WebPage","@id":"https:\/\/www.allegro-vivo.at\/en\/produkt\/cd-w-a-mozart-r-strauss-f-geisselbrecht\/","url":"https:\/\/www.allegro-vivo.at\/en\/produkt\/cd-w-a-mozart-r-strauss-f-geisselbrecht\/","name":"CD \"Mozart - Strauss - Geisselbrecht\" - Shop - Allegro Vivo Festival","isPartOf":{"@id":"https:\/\/www.allegro-vivo.at\/en\/#website"},"primaryImageOfPage":{"@id":"https:\/\/www.allegro-vivo.at\/en\/produkt\/cd-w-a-mozart-r-strauss-f-geisselbrecht\/#primaryimage"},"image":{"@id":"https:\/\/www.allegro-vivo.at\/produkt\/cd-w-a-mozart-r-strauss-f-geisselbrecht\/#primaryimage"},"thumbnailUrl":"https:\/\/www.allegro-vivo.at\/wp-content\/uploads\/2018\/02\/geisselbrecht_mozart_strauss-e1519590571876.jpg","datePublished":"2018-02-25T20:08:43+00:00","dateModified":"2022-11-21T08:36:47+00:00","description":"Die CD \"Mozart - Strauss - Geisselbrecht\" ist im Rahmen der Er\u00f6ffnungskonzerte 2014 des Allegro Vivo Kammermusikfestivals entstanden.","breadcrumb":{"@id":"https:\/\/www.allegro-vivo.at\/en\/produkt\/cd-w-a-mozart-r-strauss-f-geisselbrecht\/#breadcrumb"},"inLanguage":"en-US","potentialAction":[{"@type":"ReadAction","target":[["https:\/\/www.allegro-vivo.at\/en\/produkt\/cd-w-a-mozart-r-strauss-f-geisselbrecht\/"]]}]},{"@type":"ImageObject","inLanguage":"en-US","@id":"https:\/\/www.allegro-vivo.at\/en\/produkt\/cd-w-a-mozart-r-strauss-f-geisselbrecht\/#primaryimage","url":"https:\/\/www.allegro-vivo.at\/wp-content\/uploads\/2018\/02\/geisselbrecht_mozart_strauss-e1519590571876.jpg","contentUrl":"https:\/\/www.allegro-vivo.at\/wp-content\/uploads\/2018\/02\/geisselbrecht_mozart_strauss-e1519590571876.jpg","width":800,"height":769,"caption":"CD \"Mozart - Strauss - Geisselbrecht\""},{"@type":"BreadcrumbList","@id":"https:\/\/www.allegro-vivo.at\/en\/produkt\/cd-w-a-mozart-r-strauss-f-geisselbrecht\/#breadcrumb","itemListElement":[{"@type":"ListItem","position":1,"name":"Startseite","item":"https:\/\/www.allegro-vivo.at\/en\/"},{"@type":"ListItem","position":2,"name":"Shop","item":"https:\/\/www.allegro-vivo.at\/en\/service\/shop\/"},{"@type":"ListItem","position":3,"name":"CD &#8222;Mozart &#8211; Strauss &#8211; Geisselbrecht&#8220;"}]},{"@type":"WebSite","@id":"https:\/\/www.allegro-vivo.at\/en\/#website","url":"https:\/\/www.allegro-vivo.at\/en\/","name":"Allegro Vivo Kammermusik Festival","description":"Allegro Vivo Kammermusik Festival und Meisterkurse","publisher":{"@id":"https:\/\/www.allegro-vivo.at\/en\/#organization"},"potentialAction":[{"@type":"SearchAction","target":{"@type":"EntryPoint","urlTemplate":"https:\/\/www.allegro-vivo.at\/en\/?s={search_term_string}"},"query-input":{"@type":"PropertyValueSpecification","valueRequired":true,"valueName":"search_term_string"}}],"inLanguage":"en-US"},{"@type":"Organization","@id":"https:\/\/www.allegro-vivo.at\/en\/#organization","name":"Allegro Vivo","url":"https:\/\/www.allegro-vivo.at\/en\/","logo":{"@type":"ImageObject","inLanguage":"en-US","@id":"https:\/\/www.allegro-vivo.at\/en\/#\/schema\/logo\/image\/","url":"https:\/\/www.allegro-vivo.at\/wp-content\/uploads\/2017\/02\/allegro_vivo_logo_web.png","contentUrl":"https:\/\/www.allegro-vivo.at\/wp-content\/uploads\/2017\/02\/allegro_vivo_logo_web.png","width":400,"height":114,"caption":"Allegro Vivo"},"image":{"@id":"https:\/\/www.allegro-vivo.at\/en\/#\/schema\/logo\/image\/"},"sameAs":["https:\/\/www.facebook.com\/allegro.vivo.festival.austria\/","https:\/\/www.instagram.com\/allegro.vivo\/","https:\/\/www.youtube.com\/user\/allegrovivooo"]}]}},"_links":{"self":[{"href":"https:\/\/www.allegro-vivo.at\/en\/wp-json\/wp\/v2\/product\/7256","targetHints":{"allow":["GET"]}}],"collection":[{"href":"https:\/\/www.allegro-vivo.at\/en\/wp-json\/wp\/v2\/product"}],"about":[{"href":"https:\/\/www.allegro-vivo.at\/en\/wp-json\/wp\/v2\/types\/product"}],"wp:featuredmedia":[{"embeddable":true,"href":"https:\/\/www.allegro-vivo.at\/en\/wp-json\/wp\/v2\/media\/7263"}],"wp:attachment":[{"href":"https:\/\/www.allegro-vivo.at\/en\/wp-json\/wp\/v2\/media?parent=7256"}],"wp:term":[{"taxonomy":"product_brand","embeddable":true,"href":"https:\/\/www.allegro-vivo.at\/en\/wp-json\/wp\/v2\/product_brand?post=7256"},{"taxonomy":"product_cat","embeddable":true,"href":"https:\/\/www.allegro-vivo.at\/en\/wp-json\/wp\/v2\/product_cat?post=7256"},{"taxonomy":"product_tag","embeddable":true,"href":"https:\/\/www.allegro-vivo.at\/en\/wp-json\/wp\/v2\/product_tag?post=7256"}],"curies":[{"name":"wp","href":"https:\/\/api.w.org\/{rel}","templated":true}]}}