{"id":22309,"date":"2022-05-24T13:42:04","date_gmt":"2022-05-24T11:42:04","guid":{"rendered":"https:\/\/www.allegro-vivo.at\/?post_type=product&#038;p=22309"},"modified":"2022-07-30T20:17:54","modified_gmt":"2022-07-30T18:17:54","slug":"klang-verbindet","status":"publish","type":"product","link":"https:\/\/www.allegro-vivo.at\/en\/produkt\/klang-verbindet\/","title":{"rendered":"Klang verbindet"},"content":{"rendered":"<p class=\"qtranxs-available-languages-message qtranxs-available-languages-message-en\">Sorry, this entry is only available in <a href=\"https:\/\/www.allegro-vivo.at\/de\/wp-json\/wp\/v2\/product\/22309\" class=\"qtranxs-available-language-link qtranxs-available-language-link-de\" title=\"Deutsch\">Deutsch<\/a>.<\/p>ALLEGRO VIVO UND DAS WALDVIERTEL geh\u00f6ren\u00a0zusammen wie die klingende Saite und der Resonanzk\u00f6rper eines Instruments. Die vergangenen 40 Jahre haben eine musikalische Landkarte der Region gezeichnet, die ihresgleichen auf der Welt sucht. Die Begegnungen von Menschen aus vielen Jahrhunderten haben sichtbare Spuren hinterlassen: Prunkvolle Kl\u00f6ster mit gro\u00dfen S\u00e4len, m\u00e4chtige Burgen und kleine Schl\u00f6sser mit herrlichen Innenr\u00e4umen bilden gemeinsam mit vielen anderen Geb\u00e4uden ein historisches und damit menschliches Netzwerk im Waldviertel.<\/p>\n<p>Der Lebensraum Waldviertel wurde im Lauf der Zeit auch zu einer Spielwiese, auf der Visionen und Ideen einen idealen Raum zur Entfaltung fanden. Fortschritt und Wachstum waren aber keine rasante Achterbahnfahrt\u00a0und geschahen im Rhythmus der Menschen. Hier entstand Allegro Vivo, zu Beginn eine aufregende Unternehmung und heute unter Vahid Khadem-Missaghs Leitung Europas gr\u00f6\u00dftes Kammermusikfestival:<\/p>\n<p>Seit 40 Jahren klingt die Musik durch die alten Bauwerke und bringt im Rahmen des Festivals und seiner Sommerakademie Teilnehmer und Musikfreunde aus aller Welt zusammen.","protected":false},"excerpt":{"rendered":"<p>Sorry, this entry is only available in Deutsch.ALLEGRO VIVO UND DAS WALDVIERTEL geh\u00f6ren\u00a0zusammen wie die klingende Saite und der Resonanzk\u00f6rper eines Instruments. Die vergangenen 40 Jahre haben eine musikalische Landkarte der Region gezeichnet, die ihresgleichen auf der Welt sucht. Die Begegnungen von Menschen aus vielen Jahrhunderten haben sichtbare Spuren hinterlassen: Prunkvolle Kl\u00f6ster mit gro\u00dfen S\u00e4len,<a href=\"https:\/\/www.allegro-vivo.at\/en\/produkt\/klang-verbindet\/\">[&#8230;]<\/a><\/p>\n","protected":false},"featured_media":9487,"template":"","meta":[],"product_brand":[],"product_cat":[96],"product_tag":[119,108,118],"class_list":{"0":"post-22309","1":"product","2":"type-product","3":"status-publish","4":"has-post-thumbnail","6":"product_cat-buecher","7":"product_tag-40-jahre","8":"product_tag-allegro-vivo","9":"product_tag-buch","10":"product_shipping_class-cd","12":"first","13":"instock","14":"taxable","15":"shipping-taxable","16":"purchasable","17":"product-type-simple"},"yoast_head":"<!-- This site is optimized with the Yoast SEO plugin v27.5 - https:\/\/yoast.com\/product\/yoast-seo-wordpress\/ -->\n<title>Klang verbindet - Allegro Vivo Kammermusik Festival<\/title>\n<meta name=\"robots\" content=\"index, follow, max-snippet:-1, max-image-preview:large, max-video-preview:-1\" \/>\n<link rel=\"canonical\" href=\"https:\/\/www.allegro-vivo.at\/en\/produkt\/klang-verbindet\/\" \/>\n<meta property=\"og:locale\" content=\"en_US\" \/>\n<meta property=\"og:type\" content=\"article\" \/>\n<meta property=\"og:title\" content=\"Klang verbindet - Allegro Vivo Kammermusik Festival\" \/>\n<meta property=\"og:description\" content=\"Sorry, this entry is only available in Deutsch.ALLEGRO VIVO UND DAS WALDVIERTEL geh\u00f6ren\u00a0zusammen wie die klingende Saite und der Resonanzk\u00f6rper eines Instruments. Die vergangenen 40 Jahre haben eine musikalische Landkarte der Region gezeichnet, die ihresgleichen auf der Welt sucht. Die Begegnungen von Menschen aus vielen Jahrhunderten haben sichtbare Spuren hinterlassen: Prunkvolle Kl\u00f6ster mit gro\u00dfen S\u00e4len,[...]\" \/>\n<meta property=\"og:url\" content=\"https:\/\/www.allegro-vivo.at\/en\/produkt\/klang-verbindet\/\" \/>\n<meta property=\"og:site_name\" content=\"Allegro Vivo Kammermusik Festival\" \/>\n<meta property=\"article:publisher\" content=\"https:\/\/www.facebook.com\/allegro.vivo.festival.austria\/\" \/>\n<meta property=\"article:modified_time\" content=\"2022-07-30T18:17:54+00:00\" \/>\n<meta property=\"og:image\" content=\"https:\/\/www.allegro-vivo.at\/wp-content\/uploads\/2018\/08\/klang_verbindet_cover.png\" \/>\n\t<meta property=\"og:image:width\" content=\"867\" \/>\n\t<meta property=\"og:image:height\" content=\"830\" \/>\n\t<meta property=\"og:image:type\" content=\"image\/png\" \/>\n<meta name=\"twitter:card\" content=\"summary_large_image\" \/>\n<meta name=\"twitter:label1\" content=\"Gesch\u00e4tzte Lesezeit\" \/>\n\t<meta name=\"twitter:data1\" content=\"1 minute\" \/>\n<script type=\"application\/ld+json\" class=\"yoast-schema-graph\">{\"@context\":\"https:\\\/\\\/schema.org\",\"@graph\":[{\"@type\":\"WebPage\",\"@id\":\"https:\\\/\\\/www.allegro-vivo.at\\\/en\\\/produkt\\\/klang-verbindet\\\/\",\"url\":\"https:\\\/\\\/www.allegro-vivo.at\\\/en\\\/produkt\\\/klang-verbindet\\\/\",\"name\":\"Klang verbindet - Allegro Vivo Kammermusik Festival\",\"isPartOf\":{\"@id\":\"https:\\\/\\\/www.allegro-vivo.at\\\/en\\\/#website\"},\"primaryImageOfPage\":{\"@id\":\"https:\\\/\\\/www.allegro-vivo.at\\\/en\\\/produkt\\\/klang-verbindet\\\/#primaryimage\"},\"image\":{\"@id\":\"https:\\\/\\\/www.allegro-vivo.at\\\/produkt\\\/klang-verbindet\\\/#primaryimage\"},\"thumbnailUrl\":\"https:\\\/\\\/www.allegro-vivo.at\\\/wp-content\\\/uploads\\\/2018\\\/08\\\/klang_verbindet_cover.png\",\"datePublished\":\"2022-05-24T11:42:04+00:00\",\"dateModified\":\"2022-07-30T18:17:54+00:00\",\"breadcrumb\":{\"@id\":\"https:\\\/\\\/www.allegro-vivo.at\\\/en\\\/produkt\\\/klang-verbindet\\\/#breadcrumb\"},\"inLanguage\":\"en-US\",\"potentialAction\":[{\"@type\":\"ReadAction\",\"target\":[[\"https:\\\/\\\/www.allegro-vivo.at\\\/en\\\/produkt\\\/klang-verbindet\\\/\"]]}]},{\"@type\":\"ImageObject\",\"inLanguage\":\"en-US\",\"@id\":\"https:\\\/\\\/www.allegro-vivo.at\\\/en\\\/produkt\\\/klang-verbindet\\\/#primaryimage\",\"url\":\"https:\\\/\\\/www.allegro-vivo.at\\\/wp-content\\\/uploads\\\/2018\\\/08\\\/klang_verbindet_cover.png\",\"contentUrl\":\"https:\\\/\\\/www.allegro-vivo.at\\\/wp-content\\\/uploads\\\/2018\\\/08\\\/klang_verbindet_cover.png\",\"width\":867,\"height\":830,\"caption\":\"Schewig Fotodesign, Gestaltung Sheila Ehm\"},{\"@type\":\"BreadcrumbList\",\"@id\":\"https:\\\/\\\/www.allegro-vivo.at\\\/en\\\/produkt\\\/klang-verbindet\\\/#breadcrumb\",\"itemListElement\":[{\"@type\":\"ListItem\",\"position\":1,\"name\":\"Startseite\",\"item\":\"https:\\\/\\\/www.allegro-vivo.at\\\/en\\\/\"},{\"@type\":\"ListItem\",\"position\":2,\"name\":\"Shop\",\"item\":\"https:\\\/\\\/www.allegro-vivo.at\\\/en\\\/service\\\/shop\\\/\"},{\"@type\":\"ListItem\",\"position\":3,\"name\":\"Klang verbindet\"}]},{\"@type\":\"WebSite\",\"@id\":\"https:\\\/\\\/www.allegro-vivo.at\\\/en\\\/#website\",\"url\":\"https:\\\/\\\/www.allegro-vivo.at\\\/en\\\/\",\"name\":\"Allegro Vivo Kammermusik Festival\",\"description\":\"Allegro Vivo Kammermusik Festival und Meisterkurse\",\"publisher\":{\"@id\":\"https:\\\/\\\/www.allegro-vivo.at\\\/en\\\/#organization\"},\"potentialAction\":[{\"@type\":\"SearchAction\",\"target\":{\"@type\":\"EntryPoint\",\"urlTemplate\":\"https:\\\/\\\/www.allegro-vivo.at\\\/en\\\/?s={search_term_string}\"},\"query-input\":{\"@type\":\"PropertyValueSpecification\",\"valueRequired\":true,\"valueName\":\"search_term_string\"}}],\"inLanguage\":\"en-US\"},{\"@type\":\"Organization\",\"@id\":\"https:\\\/\\\/www.allegro-vivo.at\\\/en\\\/#organization\",\"name\":\"Allegro Vivo\",\"url\":\"https:\\\/\\\/www.allegro-vivo.at\\\/en\\\/\",\"logo\":{\"@type\":\"ImageObject\",\"inLanguage\":\"en-US\",\"@id\":\"https:\\\/\\\/www.allegro-vivo.at\\\/en\\\/#\\\/schema\\\/logo\\\/image\\\/\",\"url\":\"https:\\\/\\\/www.allegro-vivo.at\\\/wp-content\\\/uploads\\\/2017\\\/02\\\/allegro_vivo_logo_web.png\",\"contentUrl\":\"https:\\\/\\\/www.allegro-vivo.at\\\/wp-content\\\/uploads\\\/2017\\\/02\\\/allegro_vivo_logo_web.png\",\"width\":400,\"height\":114,\"caption\":\"Allegro Vivo\"},\"image\":{\"@id\":\"https:\\\/\\\/www.allegro-vivo.at\\\/en\\\/#\\\/schema\\\/logo\\\/image\\\/\"},\"sameAs\":[\"https:\\\/\\\/www.facebook.com\\\/allegro.vivo.festival.austria\\\/\",\"https:\\\/\\\/www.instagram.com\\\/allegro.vivo\\\/\",\"https:\\\/\\\/www.youtube.com\\\/user\\\/allegrovivooo\"]}]}<\/script>\n<!-- \/ Yoast SEO plugin. -->","yoast_head_json":{"title":"Klang verbindet - Allegro Vivo Kammermusik Festival","robots":{"index":"index","follow":"follow","max-snippet":"max-snippet:-1","max-image-preview":"max-image-preview:large","max-video-preview":"max-video-preview:-1"},"canonical":"https:\/\/www.allegro-vivo.at\/en\/produkt\/klang-verbindet\/","og_locale":"en_US","og_type":"article","og_title":"Klang verbindet - Allegro Vivo Kammermusik Festival","og_description":"Sorry, this entry is only available in Deutsch.ALLEGRO VIVO UND DAS WALDVIERTEL geh\u00f6ren\u00a0zusammen wie die klingende Saite und der Resonanzk\u00f6rper eines Instruments. Die vergangenen 40 Jahre haben eine musikalische Landkarte der Region gezeichnet, die ihresgleichen auf der Welt sucht. Die Begegnungen von Menschen aus vielen Jahrhunderten haben sichtbare Spuren hinterlassen: Prunkvolle Kl\u00f6ster mit gro\u00dfen S\u00e4len,[...]","og_url":"https:\/\/www.allegro-vivo.at\/en\/produkt\/klang-verbindet\/","og_site_name":"Allegro Vivo Kammermusik Festival","article_publisher":"https:\/\/www.facebook.com\/allegro.vivo.festival.austria\/","article_modified_time":"2022-07-30T18:17:54+00:00","og_image":[{"width":867,"height":830,"url":"https:\/\/www.allegro-vivo.at\/wp-content\/uploads\/2018\/08\/klang_verbindet_cover.png","type":"image\/png"}],"twitter_card":"summary_large_image","twitter_misc":{"Gesch\u00e4tzte Lesezeit":"1 minute"},"schema":{"@context":"https:\/\/schema.org","@graph":[{"@type":"WebPage","@id":"https:\/\/www.allegro-vivo.at\/en\/produkt\/klang-verbindet\/","url":"https:\/\/www.allegro-vivo.at\/en\/produkt\/klang-verbindet\/","name":"Klang verbindet - Allegro Vivo Kammermusik Festival","isPartOf":{"@id":"https:\/\/www.allegro-vivo.at\/en\/#website"},"primaryImageOfPage":{"@id":"https:\/\/www.allegro-vivo.at\/en\/produkt\/klang-verbindet\/#primaryimage"},"image":{"@id":"https:\/\/www.allegro-vivo.at\/produkt\/klang-verbindet\/#primaryimage"},"thumbnailUrl":"https:\/\/www.allegro-vivo.at\/wp-content\/uploads\/2018\/08\/klang_verbindet_cover.png","datePublished":"2022-05-24T11:42:04+00:00","dateModified":"2022-07-30T18:17:54+00:00","breadcrumb":{"@id":"https:\/\/www.allegro-vivo.at\/en\/produkt\/klang-verbindet\/#breadcrumb"},"inLanguage":"en-US","potentialAction":[{"@type":"ReadAction","target":[["https:\/\/www.allegro-vivo.at\/en\/produkt\/klang-verbindet\/"]]}]},{"@type":"ImageObject","inLanguage":"en-US","@id":"https:\/\/www.allegro-vivo.at\/en\/produkt\/klang-verbindet\/#primaryimage","url":"https:\/\/www.allegro-vivo.at\/wp-content\/uploads\/2018\/08\/klang_verbindet_cover.png","contentUrl":"https:\/\/www.allegro-vivo.at\/wp-content\/uploads\/2018\/08\/klang_verbindet_cover.png","width":867,"height":830,"caption":"Schewig Fotodesign, Gestaltung Sheila Ehm"},{"@type":"BreadcrumbList","@id":"https:\/\/www.allegro-vivo.at\/en\/produkt\/klang-verbindet\/#breadcrumb","itemListElement":[{"@type":"ListItem","position":1,"name":"Startseite","item":"https:\/\/www.allegro-vivo.at\/en\/"},{"@type":"ListItem","position":2,"name":"Shop","item":"https:\/\/www.allegro-vivo.at\/en\/service\/shop\/"},{"@type":"ListItem","position":3,"name":"Klang verbindet"}]},{"@type":"WebSite","@id":"https:\/\/www.allegro-vivo.at\/en\/#website","url":"https:\/\/www.allegro-vivo.at\/en\/","name":"Allegro Vivo Kammermusik Festival","description":"Allegro Vivo Kammermusik Festival und Meisterkurse","publisher":{"@id":"https:\/\/www.allegro-vivo.at\/en\/#organization"},"potentialAction":[{"@type":"SearchAction","target":{"@type":"EntryPoint","urlTemplate":"https:\/\/www.allegro-vivo.at\/en\/?s={search_term_string}"},"query-input":{"@type":"PropertyValueSpecification","valueRequired":true,"valueName":"search_term_string"}}],"inLanguage":"en-US"},{"@type":"Organization","@id":"https:\/\/www.allegro-vivo.at\/en\/#organization","name":"Allegro Vivo","url":"https:\/\/www.allegro-vivo.at\/en\/","logo":{"@type":"ImageObject","inLanguage":"en-US","@id":"https:\/\/www.allegro-vivo.at\/en\/#\/schema\/logo\/image\/","url":"https:\/\/www.allegro-vivo.at\/wp-content\/uploads\/2017\/02\/allegro_vivo_logo_web.png","contentUrl":"https:\/\/www.allegro-vivo.at\/wp-content\/uploads\/2017\/02\/allegro_vivo_logo_web.png","width":400,"height":114,"caption":"Allegro Vivo"},"image":{"@id":"https:\/\/www.allegro-vivo.at\/en\/#\/schema\/logo\/image\/"},"sameAs":["https:\/\/www.facebook.com\/allegro.vivo.festival.austria\/","https:\/\/www.instagram.com\/allegro.vivo\/","https:\/\/www.youtube.com\/user\/allegrovivooo"]}]}},"_links":{"self":[{"href":"https:\/\/www.allegro-vivo.at\/en\/wp-json\/wp\/v2\/product\/22309","targetHints":{"allow":["GET"]}}],"collection":[{"href":"https:\/\/www.allegro-vivo.at\/en\/wp-json\/wp\/v2\/product"}],"about":[{"href":"https:\/\/www.allegro-vivo.at\/en\/wp-json\/wp\/v2\/types\/product"}],"wp:featuredmedia":[{"embeddable":true,"href":"https:\/\/www.allegro-vivo.at\/en\/wp-json\/wp\/v2\/media\/9487"}],"wp:attachment":[{"href":"https:\/\/www.allegro-vivo.at\/en\/wp-json\/wp\/v2\/media?parent=22309"}],"wp:term":[{"taxonomy":"product_brand","embeddable":true,"href":"https:\/\/www.allegro-vivo.at\/en\/wp-json\/wp\/v2\/product_brand?post=22309"},{"taxonomy":"product_cat","embeddable":true,"href":"https:\/\/www.allegro-vivo.at\/en\/wp-json\/wp\/v2\/product_cat?post=22309"},{"taxonomy":"product_tag","embeddable":true,"href":"https:\/\/www.allegro-vivo.at\/en\/wp-json\/wp\/v2\/product_tag?post=22309"}],"curies":[{"name":"wp","href":"https:\/\/api.w.org\/{rel}","templated":true}]}}