{"id":21695,"date":"2022-05-16T11:05:27","date_gmt":"2022-05-16T09:05:27","guid":{"rendered":"https:\/\/www.allegro-vivo.at\/?post_type=product&#038;p=21695"},"modified":"2022-07-30T20:16:57","modified_gmt":"2022-07-30T18:16:57","slug":"cd-violin-reflections","status":"publish","type":"product","link":"https:\/\/www.allegro-vivo.at\/en\/produkt\/cd-violin-reflections\/","title":{"rendered":"CD &#8220;Violin Reflections&#8221;"},"content":{"rendered":"Was w\u00e4re Musik ohne Reflexion?<br \/>\nDiese Frage beantwortet Musikjournalist Dr. Joachim Reiber im Begleittext so: \u201eSie w\u00e4re kaum mehr als Schall und Rauch. Denn erst die Reflexion rundet den Klang und l\u00e4sst aus Schall Musik werden. Dass die Musik nicht ohne Reflexion auskommt, ist ein Ph\u00e4nomen der Akustik. Aber es ist, wohlgemerkt, auch ein Ph\u00e4nomen des Geistes.\u201c<\/p>\n<p>Jeder Ton der Musik sei \u201eein lebendiger, dahinstr\u00f6mender Gedanke\u201c, so der bedeutende Geiger Fritz Kreisler, der Dvo\u0159\u00e1ks \u201eSlawische Fantasie\u201c f\u00fcr die Violine setzte. Es folgen drei der ber\u00fchmten \u201eHumoresquen\u201c op. 101 ebenfalls von Dvo\u0159\u00e1k sowie seine Romanze op. 11 f\u00fcr Solovioline und Orchester.<\/p>\n<p>Im zweiten Teil der CD widmet sich Khadem-Missagh der virtuosen Violine mit einer packenden Interpretation von Ravels Konzert-Rhapsodie \u00ad\u201eTzigane\u201c. Zum 100. Geburtstag huldigte das Allegro Vivo Festival 2021 dem Tango-Komponisten Astor Piazzolla mit einer mitrei\u00dfenden Aufnahme seiner \u201eLas Cuatro Estaciones \u00adPorte\u00f1as\u201c.<\/p>\n<p>Academia Allegro VivoVahid Khadem-Missagh<\/p>\n<section id=\"content-section-467258562\" class=\"intense content-section \"2 style=\"  margin-bottom: 0; margin-top: 0; margin-left: 0; margin-right: 0;  padding-top: 25px; padding-bottom:25px; padding-left: 0; padding-right:0; \"><div class=\"intense container  \"><div  class='intense row ' style='padding-top: 30px; padding-bottom: 0; margin-top: 0; margin-bottom: 0; '><div class='intense col-lg-6 col-xs-12 col-sm-12 col-md-6 '>\n<p><span style=\"font-size: 14pt;\"><strong>&#8220;Violin Reflections&#8221;\u00a0<\/strong><\/span><\/p>\n<p><strong><span style=\"color: #990000;\">\u00a0Anton\u00edn Dvor\u00e1k ((1841\u20131904): <\/span><\/strong><\/p>\n<p><strong>01 Slawische Fantasie<br \/>\n<\/strong>arrangiert f\u00fcr Violine solo und Streichorchester von Fritz Kreisler und Ursula Erhart-Schwertmann<\/p>\n<p><strong>02 Romanze f-Moll op. 11 f\u00fcr Violine und Orchester<\/strong><\/p>\n<p><strong> Drei Humoresquen op. 101<br \/>\n<\/strong>arrangiert f\u00fcr Streichorchester von Ursula Erhart-Schwertmann<\/p>\n<p><strong>03<\/strong> Nr. 1 Vivace<br \/>\n<strong>04<\/strong> Nr. 5 Vivace<br \/>\n<strong>05<\/strong> Nr. 7 Poco lento e grazioso<\/p>\n<p><span style=\"color: #990000;\"><strong>Maurice Ravel (1875\u20131937)<\/strong><\/span><\/p>\n<p><strong>06 Tzigane \u2013 Rhapsodie de concert<br \/>\n<\/strong>arrangiert f\u00fcr Violine solo, Harfe und Streichorchestervon Ursula Erhart-Schwertmann<\/p>\n<p><span style=\"color: #990000;\"><strong>Astor Piazzolla (1921\u20131992)<\/strong><\/span><\/p>\n<p>Las Cuatro Estaciones Porte\u00f1as \u2013 Die vier Jahreszeiten<br \/>\narrangiert f\u00fcr Violine solo und Streichorchester von Leonid Desyatnikov<\/p>\n<p><strong>07<\/strong> Verano Porte\u00f1o<br \/>\n<strong>08<\/strong> Oto\u00f1o Porte\u00f1o<br \/>\n<strong>09<\/strong> Invierno Porte\u00f1o<br \/>\n<strong>10<\/strong> Primavera Porte\u00f1a<\/p>\n<p><strong>Academia Allegro Vivo<br \/>\n<\/strong><strong>Vahid Khadem-Missagh<\/strong> Solovioline und Leitung<\/p>\n<\/div><div class='intense col-lg-6 col-xs-12 col-sm-12 col-md-6 '>\n<\/div><\/div><\/div><\/section>\n<p>&nbsp;","protected":false},"excerpt":{"rendered":"<p>Die\u00a0 CD &#8220;Momentum&#8221; des Festivalorchesters Academia Allegro Vivo mit Werken von Beethoven, Bart\u00f3k und Jan\u00e1\u010dek, in Liveaufnahmen der Festivalkonzerte 2019 und 2020, unter der Leitung von Vahid Khadem-Missagh.<\/p>\n","protected":false},"featured_media":21696,"template":"","meta":[],"product_brand":[],"product_cat":[93],"product_tag":[117,109,116],"class_list":{"0":"post-21695","1":"product","2":"type-product","3":"status-publish","4":"has-post-thumbnail","6":"product_cat-cds","7":"product_tag-academia-allegro-vivo","8":"product_tag-cd","9":"product_tag-solovioline","10":"product_shipping_class-cd","12":"first","13":"instock","14":"taxable","15":"shipping-taxable","16":"purchasable","17":"product-type-simple"},"yoast_head":"<!-- This site is optimized with the Yoast SEO plugin v27.4 - https:\/\/yoast.com\/product\/yoast-seo-wordpress\/ -->\n<title>CD &quot;Violin Reflections&quot; - Shop - Allegro Vivo Festival<\/title>\n<meta name=\"description\" content=\"CD &quot;Violin Reflections&quot; die neueste CD-Produktion der Academia Allegro Vivo unter der Leitung von Vahid \u00adKhadem-Missagh mit Werken von Dvo\u0159\u00e1k, Ravel und Piazzolla, die allesamt die Solovioline ins Licht r\u00fccken und vom Streicherklang reflektiert werden. Sorgsam ausgew\u00e4hlte Livemitschnitte aus dem Festivalgeschehen werden vom Label AV-Records ver\u00f6ffentlicht.\" \/>\n<meta name=\"robots\" content=\"index, follow, max-snippet:-1, max-image-preview:large, max-video-preview:-1\" \/>\n<link rel=\"canonical\" href=\"https:\/\/www.allegro-vivo.at\/en\/produkt\/cd-violin-reflections\/\" \/>\n<meta property=\"og:locale\" content=\"en_US\" \/>\n<meta property=\"og:type\" content=\"article\" \/>\n<meta property=\"og:title\" content=\"CD &quot;Violin Reflections&quot; - Shop - Allegro Vivo Festival\" \/>\n<meta property=\"og:description\" content=\"CD &quot;Violin Reflections&quot; die neueste CD-Produktion der Academia Allegro Vivo unter der Leitung von Vahid \u00adKhadem-Missagh mit Werken von Dvo\u0159\u00e1k, Ravel und Piazzolla, die allesamt die Solovioline ins Licht r\u00fccken und vom Streicherklang reflektiert werden. Sorgsam ausgew\u00e4hlte Livemitschnitte aus dem Festivalgeschehen werden vom Label AV-Records ver\u00f6ffentlicht.\" \/>\n<meta property=\"og:url\" content=\"https:\/\/www.allegro-vivo.at\/en\/produkt\/cd-violin-reflections\/\" \/>\n<meta property=\"og:site_name\" content=\"Allegro Vivo Kammermusik Festival\" \/>\n<meta property=\"article:publisher\" content=\"https:\/\/www.facebook.com\/allegro.vivo.festival.austria\/\" \/>\n<meta property=\"article:modified_time\" content=\"2022-07-30T18:16:57+00:00\" \/>\n<meta property=\"og:image\" content=\"https:\/\/www.allegro-vivo.at\/wp-content\/uploads\/2022\/05\/avivo-cd22cover.jpg\" \/>\n\t<meta property=\"og:image:width\" content=\"1982\" \/>\n\t<meta property=\"og:image:height\" content=\"1782\" \/>\n\t<meta property=\"og:image:type\" content=\"image\/jpeg\" \/>\n<meta name=\"twitter:card\" content=\"summary_large_image\" \/>\n<meta name=\"twitter:label1\" content=\"Gesch\u00e4tzte Lesezeit\" \/>\n\t<meta name=\"twitter:data1\" content=\"2 minutes\" \/>\n<script type=\"application\/ld+json\" class=\"yoast-schema-graph\">{\"@context\":\"https:\\\/\\\/schema.org\",\"@graph\":[{\"@type\":\"WebPage\",\"@id\":\"https:\\\/\\\/www.allegro-vivo.at\\\/en\\\/produkt\\\/cd-violin-reflections\\\/\",\"url\":\"https:\\\/\\\/www.allegro-vivo.at\\\/en\\\/produkt\\\/cd-violin-reflections\\\/\",\"name\":\"CD \\\"Violin Reflections\\\" - Shop - Allegro Vivo Festival\",\"isPartOf\":{\"@id\":\"https:\\\/\\\/www.allegro-vivo.at\\\/en\\\/#website\"},\"primaryImageOfPage\":{\"@id\":\"https:\\\/\\\/www.allegro-vivo.at\\\/en\\\/produkt\\\/cd-violin-reflections\\\/#primaryimage\"},\"image\":{\"@id\":\"https:\\\/\\\/www.allegro-vivo.at\\\/produkt\\\/cd-violin-reflections\\\/#primaryimage\"},\"thumbnailUrl\":\"https:\\\/\\\/www.allegro-vivo.at\\\/wp-content\\\/uploads\\\/2022\\\/05\\\/avivo-cd22cover.jpg\",\"datePublished\":\"2022-05-16T09:05:27+00:00\",\"dateModified\":\"2022-07-30T18:16:57+00:00\",\"description\":\"CD \\\"Violin Reflections\\\" die neueste CD-Produktion der Academia Allegro Vivo unter der Leitung von Vahid \u00adKhadem-Missagh mit Werken von Dvo\u0159\u00e1k, Ravel und Piazzolla, die allesamt die Solovioline ins Licht r\u00fccken und vom Streicherklang reflektiert werden. Sorgsam ausgew\u00e4hlte Livemitschnitte aus dem Festivalgeschehen werden vom Label AV-Records ver\u00f6ffentlicht.\",\"breadcrumb\":{\"@id\":\"https:\\\/\\\/www.allegro-vivo.at\\\/en\\\/produkt\\\/cd-violin-reflections\\\/#breadcrumb\"},\"inLanguage\":\"en-US\",\"potentialAction\":[{\"@type\":\"ReadAction\",\"target\":[[\"https:\\\/\\\/www.allegro-vivo.at\\\/en\\\/produkt\\\/cd-violin-reflections\\\/\"]]}]},{\"@type\":\"ImageObject\",\"inLanguage\":\"en-US\",\"@id\":\"https:\\\/\\\/www.allegro-vivo.at\\\/en\\\/produkt\\\/cd-violin-reflections\\\/#primaryimage\",\"url\":\"https:\\\/\\\/www.allegro-vivo.at\\\/wp-content\\\/uploads\\\/2022\\\/05\\\/avivo-cd22cover.jpg\",\"contentUrl\":\"https:\\\/\\\/www.allegro-vivo.at\\\/wp-content\\\/uploads\\\/2022\\\/05\\\/avivo-cd22cover.jpg\",\"width\":1982,\"height\":1782,\"caption\":\"\u00a9 Julia Wesely\"},{\"@type\":\"BreadcrumbList\",\"@id\":\"https:\\\/\\\/www.allegro-vivo.at\\\/en\\\/produkt\\\/cd-violin-reflections\\\/#breadcrumb\",\"itemListElement\":[{\"@type\":\"ListItem\",\"position\":1,\"name\":\"Startseite\",\"item\":\"https:\\\/\\\/www.allegro-vivo.at\\\/en\\\/\"},{\"@type\":\"ListItem\",\"position\":2,\"name\":\"Shop\",\"item\":\"https:\\\/\\\/www.allegro-vivo.at\\\/en\\\/service\\\/shop\\\/\"},{\"@type\":\"ListItem\",\"position\":3,\"name\":\"CD &#8222;Violin Reflections&#8220;\"}]},{\"@type\":\"WebSite\",\"@id\":\"https:\\\/\\\/www.allegro-vivo.at\\\/en\\\/#website\",\"url\":\"https:\\\/\\\/www.allegro-vivo.at\\\/en\\\/\",\"name\":\"Allegro Vivo Kammermusik Festival\",\"description\":\"Allegro Vivo Kammermusik Festival und Meisterkurse\",\"publisher\":{\"@id\":\"https:\\\/\\\/www.allegro-vivo.at\\\/en\\\/#organization\"},\"potentialAction\":[{\"@type\":\"SearchAction\",\"target\":{\"@type\":\"EntryPoint\",\"urlTemplate\":\"https:\\\/\\\/www.allegro-vivo.at\\\/en\\\/?s={search_term_string}\"},\"query-input\":{\"@type\":\"PropertyValueSpecification\",\"valueRequired\":true,\"valueName\":\"search_term_string\"}}],\"inLanguage\":\"en-US\"},{\"@type\":\"Organization\",\"@id\":\"https:\\\/\\\/www.allegro-vivo.at\\\/en\\\/#organization\",\"name\":\"Allegro Vivo\",\"url\":\"https:\\\/\\\/www.allegro-vivo.at\\\/en\\\/\",\"logo\":{\"@type\":\"ImageObject\",\"inLanguage\":\"en-US\",\"@id\":\"https:\\\/\\\/www.allegro-vivo.at\\\/en\\\/#\\\/schema\\\/logo\\\/image\\\/\",\"url\":\"https:\\\/\\\/www.allegro-vivo.at\\\/wp-content\\\/uploads\\\/2017\\\/02\\\/allegro_vivo_logo_web.png\",\"contentUrl\":\"https:\\\/\\\/www.allegro-vivo.at\\\/wp-content\\\/uploads\\\/2017\\\/02\\\/allegro_vivo_logo_web.png\",\"width\":400,\"height\":114,\"caption\":\"Allegro Vivo\"},\"image\":{\"@id\":\"https:\\\/\\\/www.allegro-vivo.at\\\/en\\\/#\\\/schema\\\/logo\\\/image\\\/\"},\"sameAs\":[\"https:\\\/\\\/www.facebook.com\\\/allegro.vivo.festival.austria\\\/\",\"https:\\\/\\\/www.instagram.com\\\/allegro.vivo\\\/\",\"https:\\\/\\\/www.youtube.com\\\/user\\\/allegrovivooo\"]}]}<\/script>\n<!-- \/ Yoast SEO plugin. -->","yoast_head_json":{"title":"CD \"Violin Reflections\" - Shop - Allegro Vivo Festival","description":"CD \"Violin Reflections\" die neueste CD-Produktion der Academia Allegro Vivo unter der Leitung von Vahid \u00adKhadem-Missagh mit Werken von Dvo\u0159\u00e1k, Ravel und Piazzolla, die allesamt die Solovioline ins Licht r\u00fccken und vom Streicherklang reflektiert werden. Sorgsam ausgew\u00e4hlte Livemitschnitte aus dem Festivalgeschehen werden vom Label AV-Records ver\u00f6ffentlicht.","robots":{"index":"index","follow":"follow","max-snippet":"max-snippet:-1","max-image-preview":"max-image-preview:large","max-video-preview":"max-video-preview:-1"},"canonical":"https:\/\/www.allegro-vivo.at\/en\/produkt\/cd-violin-reflections\/","og_locale":"en_US","og_type":"article","og_title":"CD \"Violin Reflections\" - Shop - Allegro Vivo Festival","og_description":"CD \"Violin Reflections\" die neueste CD-Produktion der Academia Allegro Vivo unter der Leitung von Vahid \u00adKhadem-Missagh mit Werken von Dvo\u0159\u00e1k, Ravel und Piazzolla, die allesamt die Solovioline ins Licht r\u00fccken und vom Streicherklang reflektiert werden. Sorgsam ausgew\u00e4hlte Livemitschnitte aus dem Festivalgeschehen werden vom Label AV-Records ver\u00f6ffentlicht.","og_url":"https:\/\/www.allegro-vivo.at\/en\/produkt\/cd-violin-reflections\/","og_site_name":"Allegro Vivo Kammermusik Festival","article_publisher":"https:\/\/www.facebook.com\/allegro.vivo.festival.austria\/","article_modified_time":"2022-07-30T18:16:57+00:00","og_image":[{"width":1982,"height":1782,"url":"https:\/\/www.allegro-vivo.at\/wp-content\/uploads\/2022\/05\/avivo-cd22cover.jpg","type":"image\/jpeg"}],"twitter_card":"summary_large_image","twitter_misc":{"Gesch\u00e4tzte Lesezeit":"2 minutes"},"schema":{"@context":"https:\/\/schema.org","@graph":[{"@type":"WebPage","@id":"https:\/\/www.allegro-vivo.at\/en\/produkt\/cd-violin-reflections\/","url":"https:\/\/www.allegro-vivo.at\/en\/produkt\/cd-violin-reflections\/","name":"CD \"Violin Reflections\" - Shop - Allegro Vivo Festival","isPartOf":{"@id":"https:\/\/www.allegro-vivo.at\/en\/#website"},"primaryImageOfPage":{"@id":"https:\/\/www.allegro-vivo.at\/en\/produkt\/cd-violin-reflections\/#primaryimage"},"image":{"@id":"https:\/\/www.allegro-vivo.at\/produkt\/cd-violin-reflections\/#primaryimage"},"thumbnailUrl":"https:\/\/www.allegro-vivo.at\/wp-content\/uploads\/2022\/05\/avivo-cd22cover.jpg","datePublished":"2022-05-16T09:05:27+00:00","dateModified":"2022-07-30T18:16:57+00:00","description":"CD \"Violin Reflections\" die neueste CD-Produktion der Academia Allegro Vivo unter der Leitung von Vahid \u00adKhadem-Missagh mit Werken von Dvo\u0159\u00e1k, Ravel und Piazzolla, die allesamt die Solovioline ins Licht r\u00fccken und vom Streicherklang reflektiert werden. Sorgsam ausgew\u00e4hlte Livemitschnitte aus dem Festivalgeschehen werden vom Label AV-Records ver\u00f6ffentlicht.","breadcrumb":{"@id":"https:\/\/www.allegro-vivo.at\/en\/produkt\/cd-violin-reflections\/#breadcrumb"},"inLanguage":"en-US","potentialAction":[{"@type":"ReadAction","target":[["https:\/\/www.allegro-vivo.at\/en\/produkt\/cd-violin-reflections\/"]]}]},{"@type":"ImageObject","inLanguage":"en-US","@id":"https:\/\/www.allegro-vivo.at\/en\/produkt\/cd-violin-reflections\/#primaryimage","url":"https:\/\/www.allegro-vivo.at\/wp-content\/uploads\/2022\/05\/avivo-cd22cover.jpg","contentUrl":"https:\/\/www.allegro-vivo.at\/wp-content\/uploads\/2022\/05\/avivo-cd22cover.jpg","width":1982,"height":1782,"caption":"\u00a9 Julia Wesely"},{"@type":"BreadcrumbList","@id":"https:\/\/www.allegro-vivo.at\/en\/produkt\/cd-violin-reflections\/#breadcrumb","itemListElement":[{"@type":"ListItem","position":1,"name":"Startseite","item":"https:\/\/www.allegro-vivo.at\/en\/"},{"@type":"ListItem","position":2,"name":"Shop","item":"https:\/\/www.allegro-vivo.at\/en\/service\/shop\/"},{"@type":"ListItem","position":3,"name":"CD &#8222;Violin Reflections&#8220;"}]},{"@type":"WebSite","@id":"https:\/\/www.allegro-vivo.at\/en\/#website","url":"https:\/\/www.allegro-vivo.at\/en\/","name":"Allegro Vivo Kammermusik Festival","description":"Allegro Vivo Kammermusik Festival und Meisterkurse","publisher":{"@id":"https:\/\/www.allegro-vivo.at\/en\/#organization"},"potentialAction":[{"@type":"SearchAction","target":{"@type":"EntryPoint","urlTemplate":"https:\/\/www.allegro-vivo.at\/en\/?s={search_term_string}"},"query-input":{"@type":"PropertyValueSpecification","valueRequired":true,"valueName":"search_term_string"}}],"inLanguage":"en-US"},{"@type":"Organization","@id":"https:\/\/www.allegro-vivo.at\/en\/#organization","name":"Allegro Vivo","url":"https:\/\/www.allegro-vivo.at\/en\/","logo":{"@type":"ImageObject","inLanguage":"en-US","@id":"https:\/\/www.allegro-vivo.at\/en\/#\/schema\/logo\/image\/","url":"https:\/\/www.allegro-vivo.at\/wp-content\/uploads\/2017\/02\/allegro_vivo_logo_web.png","contentUrl":"https:\/\/www.allegro-vivo.at\/wp-content\/uploads\/2017\/02\/allegro_vivo_logo_web.png","width":400,"height":114,"caption":"Allegro Vivo"},"image":{"@id":"https:\/\/www.allegro-vivo.at\/en\/#\/schema\/logo\/image\/"},"sameAs":["https:\/\/www.facebook.com\/allegro.vivo.festival.austria\/","https:\/\/www.instagram.com\/allegro.vivo\/","https:\/\/www.youtube.com\/user\/allegrovivooo"]}]}},"_links":{"self":[{"href":"https:\/\/www.allegro-vivo.at\/en\/wp-json\/wp\/v2\/product\/21695","targetHints":{"allow":["GET"]}}],"collection":[{"href":"https:\/\/www.allegro-vivo.at\/en\/wp-json\/wp\/v2\/product"}],"about":[{"href":"https:\/\/www.allegro-vivo.at\/en\/wp-json\/wp\/v2\/types\/product"}],"wp:featuredmedia":[{"embeddable":true,"href":"https:\/\/www.allegro-vivo.at\/en\/wp-json\/wp\/v2\/media\/21696"}],"wp:attachment":[{"href":"https:\/\/www.allegro-vivo.at\/en\/wp-json\/wp\/v2\/media?parent=21695"}],"wp:term":[{"taxonomy":"product_brand","embeddable":true,"href":"https:\/\/www.allegro-vivo.at\/en\/wp-json\/wp\/v2\/product_brand?post=21695"},{"taxonomy":"product_cat","embeddable":true,"href":"https:\/\/www.allegro-vivo.at\/en\/wp-json\/wp\/v2\/product_cat?post=21695"},{"taxonomy":"product_tag","embeddable":true,"href":"https:\/\/www.allegro-vivo.at\/en\/wp-json\/wp\/v2\/product_tag?post=21695"}],"curies":[{"name":"wp","href":"https:\/\/api.w.org\/{rel}","templated":true}]}}