{"id":361,"date":"2016-10-13T15:37:23","date_gmt":"2016-10-13T13:37:23","guid":{"rendered":"http:\/\/www.allegro-vivo.at\/?page_id=361"},"modified":"2025-12-16T21:36:13","modified_gmt":"2025-12-16T20:36:13","slug":"meisterkurse","status":"publish","type":"page","link":"https:\/\/www.allegro-vivo.at\/en\/meisterkurse\/","title":{"rendered":"Master Classes"},"content":{"rendered":"<h2 id=\"violine\">Violin<\/h2>\n<style type=\"text\/css\">#team-846{\n\t\t\t\t\t\tbackground:  url() repeat scroll 0 0;\n\t\t\t\t\t\ttext-align:center;\n\t\t\t\t\t\t}\n\t\t\t\t\t\t#team-846 .item{\n\t\t\t\t\t\t\n\t\t\t\t\t\ttext-align:center;\n\t\t\t\t\t\tmargin:15px;\n\t\t\t\t\t\t}\n\t\t\t\t\t\t\n\t\t\t\t@media only screen and (min-width: 1024px ) {\n\t\t\t\t#team-846 .item{width:280px}\n\t\t\t\t\n\t\t\t\t}\n\t\t\t\t\n\t\t\t\t@media only screen and ( min-width: 768px ) and ( max-width: 1023px ) {\n\t\t\t\t#team-846 .item{width:45%}\n\t\t\t\t}\n\t\t\t\t\n\t\t\t\t@media only screen and ( min-width: 320px ) and ( max-width: 767px ) {\n\t\t\t\t#team-846 .item{width:90%}\n\t\t\t\t}\n\t\t\t\t@media only screen and (min-width: 1024px ) {\n\t\t\t\t#team-846 .item .layer-media .team-thumb{max-height:}\n\t\t\t\t\n\t\t\t\t}\n\t\t\t\t\n\t\t\t\t@media only screen and ( min-width: 768px ) and ( max-width: 1023px ) {\n\t\t\t\t#team-846 .item .layer-media .team-thumb{max-height:}\n\t\t\t\t}\n\t\t\t\t\n\t\t\t\t@media only screen and ( min-width: 0px ) and ( max-width: 767px ) {\n\t\t\t\t#team-846 .item .layer-media .team-thumb{max-height:}\n\t\t\t\t}#team-846 .team-social span {\n\t\t\t\t\t\t  width: 25px !important;\n\t\t\t\t\t\t  height:25px !important;\n\t\t\t\t\t\t}\n\t\t\t\t\t\t.team-container #team-606{} .team-container #team-606 .team-item{} .team-container #team-606 .team-thumb{} .team-container #team-606 .team-title{} .team-container #team-606 .team-content{} .layer-content { height: 24px; background: rgba(221, 221, 221, 0.7) none repeat scroll 0 0 !important; padding-top: 2px; !important}#team-846 .paginate .page-numbers, #team-846 .paginate .pager {\n\t\t\t\tbackground: none repeat scroll 0 0 #2eb3f8 !important;\n\t\t\t\t}\n\t\t\t\t#team-846 .paginate .current, #team-846 .paginate .page-numbers:hover,#team-846 .paginate .pager.active,#team-846 .paginate .pager:hover  {\n\t\t\t\tbackground: none repeat scroll 0 0 #249bd9 !important;\n\t\t\t\t}\n\t\t\t\t#team-846 .team-filter .filter{\n\t\t\t\tbackground: none repeat scroll 0 0 #d6d6d6 !important;\n\t\t\t\t}\n\t\t\t\t#team-846 .team-filter .filter.active{\n\t\t\t\tbackground: none repeat scroll 0 0 #adadad !important;\n\t\t\t\t}\n\t\t\t\t#team-846 .team-filter .filter{\n\t\t\t\tcolor: #666666 !important;\n\t\t\t\t}\n\t\t\t\t<\/style><div id=\"team-846\" class=\"team-container\"><div class=\"team-items \"><div class=\"item  skin artists-in-residence masterclass vergangene-dozenten violine  contentbottom\" ><div class=\"layer-media\"><div class=\"team-thumb\"><a href=\"https:\/\/www.allegro-vivo.at\/en\/artist\/christian-altenburger\/\"><img decoding=\"async\" src=\"https:\/\/www.allegro-vivo.at\/wp-content\/uploads\/2016\/10\/christian-altenburger-c-nancy-horowitz-500x500.jpg\" \/><\/a><\/div><\/div><div class=\"layer-content\"><a href=\"https:\/\/www.allegro-vivo.at\/en\/artist\/christian-altenburger\/\"><div class=\"team-title\" style=\"color:#333;font-size:14px\">Christian Altenburger\n\t\t\t<\/div><\/a><\/div><\/div><div class=\"item  skin artists-in-residence masterclass vergangene-dozenten vergangene-kuenstler violine  contentbottom\" ><div class=\"layer-media\"><div class=\"team-thumb\"><a href=\"https:\/\/www.allegro-vivo.at\/en\/artist\/tanja-becker-bender\/\"><img decoding=\"async\" src=\"https:\/\/www.allegro-vivo.at\/wp-content\/uploads\/2016\/12\/tanja-becker-bender_mg_1193-500x500.jpg\" \/><\/a><\/div><\/div><div class=\"layer-content\"><a href=\"https:\/\/www.allegro-vivo.at\/en\/artist\/tanja-becker-bender\/\"><div class=\"team-title\" style=\"color:#333;font-size:14px\">Tanja Becker-Bender\n\t\t\t<\/div><\/a><\/div><\/div><div class=\"item  skin artists-in-residence masterclass vergangene-dozenten vergangene-kuenstler violine  contentbottom\" ><div class=\"layer-media\"><div class=\"team-thumb\"><a href=\"https:\/\/www.allegro-vivo.at\/en\/artist\/thomas-fheodoroff\/\"><img decoding=\"async\" src=\"https:\/\/www.allegro-vivo.at\/wp-content\/uploads\/2016\/10\/01-thfh-rosa-frank_bearb-500x500.jpg\" \/><\/a><\/div><\/div><div class=\"layer-content\"><a href=\"https:\/\/www.allegro-vivo.at\/en\/artist\/thomas-fheodoroff\/\"><div class=\"team-title\" style=\"color:#333;font-size:14px\">Thomas Fheodoroff\n\t\t\t<\/div><\/a><\/div><\/div><div class=\"item  skin artists-in-residence ensembles-orchester masterclass vergangene-dozenten vergangene-kuenstler violine  contentbottom\" ><div class=\"layer-media\"><div class=\"team-thumb\"><a href=\"https:\/\/www.allegro-vivo.at\/en\/artist\/klara-flieder\/\"><img decoding=\"async\" src=\"https:\/\/www.allegro-vivo.at\/wp-content\/uploads\/2021\/03\/klara-flieder-c-nhorowitz-ohne-rand-500x500.jpg\" \/><\/a><\/div><\/div><div class=\"layer-content\"><a href=\"https:\/\/www.allegro-vivo.at\/en\/artist\/klara-flieder\/\"><div class=\"team-title\" style=\"color:#333;font-size:14px\">Klara Flieder\n\t\t\t<\/div><\/a><\/div><\/div><div class=\"item  skin artists-in-residence masterclass vergangene-dozenten vergangene-kuenstler violine  contentbottom\" ><div class=\"layer-media\"><div class=\"team-thumb\"><a href=\"https:\/\/www.allegro-vivo.at\/en\/artist\/sophia-jaffe\/\"><img decoding=\"async\" src=\"https:\/\/www.allegro-vivo.at\/wp-content\/uploads\/2016\/12\/img-0495-500x500.jpeg\" \/><\/a><\/div><\/div><div class=\"layer-content\"><a href=\"https:\/\/www.allegro-vivo.at\/en\/artist\/sophia-jaffe\/\"><div class=\"team-title\" style=\"color:#333;font-size:14px\">Sophia Jaff\u00e9\n\t\t\t<\/div><\/a><\/div><\/div><div class=\"item  skin artists-in-residence masterclass vergangene-dozenten vergangene-kuenstler violine  contentbottom\" ><div class=\"layer-media\"><div class=\"team-thumb\"><a href=\"https:\/\/www.allegro-vivo.at\/en\/artist\/andreas-janke\/\"><img decoding=\"async\" src=\"https:\/\/www.allegro-vivo.at\/wp-content\/uploads\/2018\/11\/janke_quer_la1c1218-500x500.jpg\" \/><\/a><\/div><\/div><div class=\"layer-content\"><a href=\"https:\/\/www.allegro-vivo.at\/en\/artist\/andreas-janke\/\"><div class=\"team-title\" style=\"color:#333;font-size:14px\">Andreas Janke\n\t\t\t<\/div><\/a><\/div><\/div><div class=\"item  skin kammermusik masterclass vergangene-dozenten vergangene-kuenstler violine  contentbottom\" ><div class=\"layer-media\"><div class=\"team-thumb\"><a href=\"https:\/\/www.allegro-vivo.at\/en\/artist\/bijan-khadem-missagh\/\"><img decoding=\"async\" src=\"https:\/\/www.allegro-vivo.at\/wp-content\/uploads\/2016\/12\/NEU_Bijan-Khadem-MissaghAlternative-Portrait-500x500.jpg\" \/><\/a><\/div><\/div><div class=\"layer-content\"><a href=\"https:\/\/www.allegro-vivo.at\/en\/artist\/bijan-khadem-missagh\/\"><div class=\"team-title\" style=\"color:#333;font-size:14px\">Bijan Khadem-Missagh\n\t\t\t<\/div><\/a><\/div><\/div><div class=\"item  skin artists-in-residence masterclass vergangene-dozenten violine  contentbottom\" ><div class=\"layer-media\"><div class=\"team-thumb\"><a href=\"https:\/\/www.allegro-vivo.at\/en\/artist\/vahid-khadem-missagh\/\"><img decoding=\"async\" src=\"https:\/\/www.allegro-vivo.at\/wp-content\/uploads\/2022\/05\/unbearbeitet-vahid-orchester-4445-500x500.jpg\" \/><\/a><\/div><\/div><div class=\"layer-content\"><a href=\"https:\/\/www.allegro-vivo.at\/en\/artist\/vahid-khadem-missagh\/\"><div class=\"team-title\" style=\"color:#333;font-size:14px\">Vahid Khadem-Missagh\n\t\t\t<\/div><\/a><\/div><\/div><div class=\"item  skin artists-in-residence masterclass vergangene-dozenten vergangene-kuenstler violine  contentbottom\" ><div class=\"layer-media\"><div class=\"team-thumb\"><a href=\"https:\/\/www.allegro-vivo.at\/en\/artist\/christian-ostertag\/\"><img decoding=\"async\" src=\"https:\/\/www.allegro-vivo.at\/wp-content\/uploads\/2016\/10\/20130816_ostertag_0007_mittel_cdieter-schewig-500x500.jpg\" \/><\/a><\/div><\/div><div class=\"layer-content\"><a href=\"https:\/\/www.allegro-vivo.at\/en\/artist\/christian-ostertag\/\"><div class=\"team-title\" style=\"color:#333;font-size:14px\">Christian Ostertag\n\t\t\t<\/div><\/a><\/div><\/div><div class=\"item  skin artists-in-residence masterclass vergangene-dozenten vergangene-kuenstler violine  contentbottom\" ><div class=\"layer-media\"><div class=\"team-thumb\"><a href=\"https:\/\/www.allegro-vivo.at\/en\/artist\/benjamin-schmid-2\/\"><img decoding=\"async\" src=\"https:\/\/www.allegro-vivo.at\/wp-content\/uploads\/2021\/11\/benjaminschmid-playsmile-by-lienbacher26-hp-500x500.jpg\" \/><\/a><\/div><\/div><div class=\"layer-content\"><a href=\"https:\/\/www.allegro-vivo.at\/en\/artist\/benjamin-schmid-2\/\"><div class=\"team-title\" style=\"color:#333;font-size:14px\">Benjamin Schmid\n\t\t\t<\/div><\/a><\/div><\/div><div class=\"item  skin masterclass vergangene-dozenten violine  contentbottom\" ><div class=\"layer-media\"><div class=\"team-thumb\"><a href=\"https:\/\/www.allegro-vivo.at\/en\/artist\/anton-sorokow\/\"><img decoding=\"async\" src=\"https:\/\/www.allegro-vivo.at\/wp-content\/uploads\/2023\/12\/portrait-sorokov-e1702299051678-500x500.jpg\" \/><\/a><\/div><\/div><div class=\"layer-content\"><a href=\"https:\/\/www.allegro-vivo.at\/en\/artist\/anton-sorokow\/\"><div class=\"team-title\" style=\"color:#333;font-size:14px\">Anton Sorokow\n\t\t\t<\/div><\/a><\/div><\/div><div class=\"item  skin artists-in-residence masterclass vergangene-dozenten vergangene-kuenstler violine  contentbottom\" ><div class=\"layer-media\"><div class=\"team-thumb\"><a href=\"https:\/\/www.allegro-vivo.at\/en\/artist\/reka-szilvay\/\"><img decoding=\"async\" src=\"https:\/\/www.allegro-vivo.at\/wp-content\/uploads\/2017\/10\/reka-szilvay-c-marika-kecskemeti-500x500.jpg\" \/><\/a><\/div><\/div><div class=\"layer-content\"><a href=\"https:\/\/www.allegro-vivo.at\/en\/artist\/reka-szilvay\/\"><div class=\"team-title\" style=\"color:#333;font-size:14px\">R\u00e9ka Szilvay\n\t\t\t<\/div><\/a><\/div><\/div><div class=\"item  skin artists-in-residence masterclass vergangene-dozenten vergangene-kuenstler violine  contentbottom\" ><div class=\"layer-media\"><div class=\"team-thumb\"><a href=\"https:\/\/www.allegro-vivo.at\/en\/artist\/ingolf-turban\/\"><img decoding=\"async\" src=\"https:\/\/www.allegro-vivo.at\/wp-content\/uploads\/2016\/10\/ingolf-turban_header_neu-500x500.jpg\" \/><\/a><\/div><\/div><div class=\"layer-content\"><a href=\"https:\/\/www.allegro-vivo.at\/en\/artist\/ingolf-turban\/\"><div class=\"team-title\" style=\"color:#333;font-size:14px\">Ingolf Turban\n\t\t\t<\/div><\/a><\/div><\/div><div class=\"item  skin artists-in-residence masterclass vergangene-dozenten vergangene-kuenstler violine  contentbottom\" ><div class=\"layer-media\"><div class=\"team-thumb\"><a href=\"https:\/\/www.allegro-vivo.at\/en\/artist\/ulf-wallin\/\"><img decoding=\"async\" src=\"https:\/\/www.allegro-vivo.at\/wp-content\/uploads\/2019\/10\/ulf-wallin-cannett-melzer-500x500.jpg\" \/><\/a><\/div><\/div><div class=\"layer-content\"><a href=\"https:\/\/www.allegro-vivo.at\/en\/artist\/ulf-wallin\/\"><div class=\"team-title\" style=\"color:#333;font-size:14px\">Ulf Wallin\n\t\t\t<\/div><\/a><\/div><\/div><\/div><script>\n\t\t\t\t\t\t\t\tjQuery(window).load(function(){   jQuery(\"#team-846 .team-items\").masonry({isFitWidth: true}); });\n\t\n\t\t\t\t\t<\/script><style type=\"text\/css\">\n\t\t\t\t\n\t\t\t\t\t\t#team-846.team-items {\n\t\t\t\t\t\t  margin: 0 auto !important;\n\t\t\t\t\t\t}\n\t\t\t\t\t\t<\/style>\n\t\t\t\t\t\t<\/div>\n<h2 id=\"viola\">Viola<\/h2>\n<style type=\"text\/css\">#team-850{\n\t\t\t\t\t\tbackground:  url() repeat scroll 0 0;\n\t\t\t\t\t\ttext-align:center;\n\t\t\t\t\t\t}\n\t\t\t\t\t\t#team-850 .item{\n\t\t\t\t\t\t\n\t\t\t\t\t\ttext-align:center;\n\t\t\t\t\t\tmargin:15px;\n\t\t\t\t\t\t}\n\t\t\t\t\t\t\n\t\t\t\t@media only screen and (min-width: 1024px ) {\n\t\t\t\t#team-850 .item{width:280px}\n\t\t\t\t\n\t\t\t\t}\n\t\t\t\t\n\t\t\t\t@media only screen and ( min-width: 768px ) and ( max-width: 1023px ) {\n\t\t\t\t#team-850 .item{width:45%}\n\t\t\t\t}\n\t\t\t\t\n\t\t\t\t@media only screen and ( min-width: 320px ) and ( max-width: 767px ) {\n\t\t\t\t#team-850 .item{width:90%}\n\t\t\t\t}\n\t\t\t\t@media only screen and (min-width: 1024px ) {\n\t\t\t\t#team-850 .item .layer-media .team-thumb{max-height:}\n\t\t\t\t\n\t\t\t\t}\n\t\t\t\t\n\t\t\t\t@media only screen and ( min-width: 768px ) and ( max-width: 1023px ) {\n\t\t\t\t#team-850 .item .layer-media .team-thumb{max-height:}\n\t\t\t\t}\n\t\t\t\t\n\t\t\t\t@media only screen and ( min-width: 0px ) and ( max-width: 767px ) {\n\t\t\t\t#team-850 .item .layer-media .team-thumb{max-height:}\n\t\t\t\t}#team-850 .team-social span {\n\t\t\t\t\t\t  width: 25px !important;\n\t\t\t\t\t\t  height:25px !important;\n\t\t\t\t\t\t}\n\t\t\t\t\t\t.team-container #team-850{} .team-container #team-850 .team-item{} .team-container #team-850 .team-thumb{} .team-container #team-850 .team-title{} .team-container #team-850 .team-content{} .layer-content { height: 24px; background: rgba(221, 221, 221, 0.7) none repeat scroll 0 0 !important; padding-top: 2px; !important}#team-850 .paginate .page-numbers, #team-850 .paginate .pager {\n\t\t\t\tbackground: none repeat scroll 0 0 #2eb3f8 !important;\n\t\t\t\t}\n\t\t\t\t#team-850 .paginate .current, #team-850 .paginate .page-numbers:hover,#team-850 .paginate .pager.active,#team-850 .paginate .pager:hover  {\n\t\t\t\tbackground: none repeat scroll 0 0 #249bd9 !important;\n\t\t\t\t}\n\t\t\t\t#team-850 .team-filter .filter{\n\t\t\t\tbackground: none repeat scroll 0 0 #d6d6d6 !important;\n\t\t\t\t}\n\t\t\t\t#team-850 .team-filter .filter.active{\n\t\t\t\tbackground: none repeat scroll 0 0 #adadad !important;\n\t\t\t\t}\n\t\t\t\t#team-850 .team-filter .filter{\n\t\t\t\tcolor: #666666 !important;\n\t\t\t\t}\n\t\t\t\t<\/style><div id=\"team-850\" class=\"team-container\"><div class=\"team-items \"><div class=\"item  skin artists-in-residence masterclass vergangene-dozenten viola  contentbottom\" ><div class=\"layer-media\"><div class=\"team-thumb\"><a href=\"https:\/\/www.allegro-vivo.at\/en\/artist\/roland-glassl\/\"><img decoding=\"async\" src=\"https:\/\/www.allegro-vivo.at\/wp-content\/uploads\/2016\/10\/roland-glassl3_cwildundleise_vorsaeule-500x500.jpg\" \/><\/a><\/div><\/div><div class=\"layer-content\"><a href=\"https:\/\/www.allegro-vivo.at\/en\/artist\/roland-glassl\/\"><div class=\"team-title\" style=\"color:#333;font-size:14px\">Roland Glassl\n\t\t\t<\/div><\/a><\/div><\/div><div class=\"item  skin artists-in-residence masterclass vergangene-dozenten vergangene-kuenstler viola  contentbottom\" ><div class=\"layer-media\"><div class=\"team-thumb\"><a href=\"https:\/\/www.allegro-vivo.at\/en\/artist\/veit-hertenstein\/\"><img decoding=\"async\" src=\"https:\/\/www.allegro-vivo.at\/wp-content\/uploads\/2016\/12\/veithertenstein032-500x500.jpg\" \/><\/a><\/div><\/div><div class=\"layer-content\"><a href=\"https:\/\/www.allegro-vivo.at\/en\/artist\/veit-hertenstein\/\"><div class=\"team-title\" style=\"color:#333;font-size:14px\">Veit Hertenstein\n\t\t\t<\/div><\/a><\/div><\/div><div class=\"item  skin artists-in-residence masterclass vergangene-dozenten vergangene-kuenstler viola  contentbottom\" ><div class=\"layer-media\"><div class=\"team-thumb\"><a href=\"https:\/\/www.allegro-vivo.at\/en\/artist\/hariolf-schlichtig\/\"><img decoding=\"async\" src=\"https:\/\/www.allegro-vivo.at\/wp-content\/uploads\/2018\/11\/hariolfschlichtigannehornemann-383-500x500.jpg\" \/><\/a><\/div><\/div><div class=\"layer-content\"><a href=\"https:\/\/www.allegro-vivo.at\/en\/artist\/hariolf-schlichtig\/\"><div class=\"team-title\" style=\"color:#333;font-size:14px\">Hariolf Schlichtig\n\t\t\t<\/div><\/a><\/div><\/div><div class=\"item  skin artists-in-residence kammermusik masterclass vergangene-dozenten vergangene-kuenstler viola  contentbottom\" ><div class=\"layer-media\"><div class=\"team-thumb\"><a href=\"https:\/\/www.allegro-vivo.at\/en\/artist\/thomas-selditz\/\"><img decoding=\"async\" src=\"https:\/\/www.allegro-vivo.at\/wp-content\/uploads\/2016\/10\/thomas-selditz-2021-500x500.jpg\" \/><\/a><\/div><\/div><div class=\"layer-content\"><a href=\"https:\/\/www.allegro-vivo.at\/en\/artist\/thomas-selditz\/\"><div class=\"team-title\" style=\"color:#333;font-size:14px\">Thomas Selditz\n\t\t\t<\/div><\/a><\/div><\/div><div class=\"item  skin artists-in-residence masterclass vergangene-dozenten vergangene-kuenstler viola  contentbottom\" ><div class=\"layer-media\"><div class=\"team-thumb\"><a href=\"https:\/\/www.allegro-vivo.at\/en\/artist\/lars-anders-tomter\/\"><img decoding=\"async\" src=\"https:\/\/www.allegro-vivo.at\/wp-content\/uploads\/2024\/11\/48-tomter-500x500.jpg\" \/><\/a><\/div><\/div><div class=\"layer-content\"><a href=\"https:\/\/www.allegro-vivo.at\/en\/artist\/lars-anders-tomter\/\"><div class=\"team-title\" style=\"color:#333;font-size:14px\">Lars Anders Tomter\n\t\t\t<\/div><\/a><\/div><\/div><div class=\"item  skin artists-in-residence masterclass vergangene-dozenten vergangene-kuenstler viola  contentbottom\" ><div class=\"layer-media\"><div class=\"team-thumb\"><a href=\"https:\/\/www.allegro-vivo.at\/en\/artist\/peijun-xu\/\"><img decoding=\"async\" src=\"https:\/\/www.allegro-vivo.at\/wp-content\/uploads\/2016\/10\/peijun-xu_-2-500x500.jpg\" \/><\/a><\/div><\/div><div class=\"layer-content\"><a href=\"https:\/\/www.allegro-vivo.at\/en\/artist\/peijun-xu\/\"><div class=\"team-title\" style=\"color:#333;font-size:14px\">Peijun Xu\n\t\t\t<\/div><\/a><\/div><\/div><\/div><script>\n\t\t\t\t\t\t\t\tjQuery(window).load(function(){   jQuery(\"#team-850 .team-items\").masonry({isFitWidth: true}); });\n\t\n\t\t\t\t\t<\/script><style type=\"text\/css\">\n\t\t\t\t\n\t\t\t\t\t\t#team-850.team-items {\n\t\t\t\t\t\t  margin: 0 auto !important;\n\t\t\t\t\t\t}\n\t\t\t\t\t\t<\/style>\n\t\t\t\t\t\t<\/div>\n<h2 id=\"violoncello\">Violoncello<\/h2>\n<style type=\"text\/css\">#team-852{\n\t\t\t\t\t\tbackground:  url() repeat scroll 0 0;\n\t\t\t\t\t\ttext-align:center;\n\t\t\t\t\t\t}\n\t\t\t\t\t\t#team-852 .item{\n\t\t\t\t\t\t\n\t\t\t\t\t\ttext-align:center;\n\t\t\t\t\t\tmargin:15px;\n\t\t\t\t\t\t}\n\t\t\t\t\t\t\n\t\t\t\t@media only screen and (min-width: 1024px ) {\n\t\t\t\t#team-852 .item{width:280px}\n\t\t\t\t\n\t\t\t\t}\n\t\t\t\t\n\t\t\t\t@media only screen and ( min-width: 768px ) and ( max-width: 1023px ) {\n\t\t\t\t#team-852 .item{width:45%}\n\t\t\t\t}\n\t\t\t\t\n\t\t\t\t@media only screen and ( min-width: 320px ) and ( max-width: 767px ) {\n\t\t\t\t#team-852 .item{width:90%}\n\t\t\t\t}\n\t\t\t\t@media only screen and (min-width: 1024px ) {\n\t\t\t\t#team-852 .item .layer-media .team-thumb{max-height:}\n\t\t\t\t\n\t\t\t\t}\n\t\t\t\t\n\t\t\t\t@media only screen and ( min-width: 768px ) and ( max-width: 1023px ) {\n\t\t\t\t#team-852 .item .layer-media .team-thumb{max-height:}\n\t\t\t\t}\n\t\t\t\t\n\t\t\t\t@media only screen and ( min-width: 0px ) and ( max-width: 767px ) {\n\t\t\t\t#team-852 .item .layer-media .team-thumb{max-height:}\n\t\t\t\t}#team-852 .team-social span {\n\t\t\t\t\t\t  width: 25px !important;\n\t\t\t\t\t\t  height:25px !important;\n\t\t\t\t\t\t}\n\t\t\t\t\t\t.team-container #team-852{} .team-container #team-852 .team-item{} .team-container #team-852 .team-thumb{} .team-container #team-852 .team-title{} .team-container #team-852 .team-content{} .layer-content { height: 24px; background: rgba(221, 221, 221, 0.7) none repeat scroll 0 0 !important; padding-top: 2px; !important}#team-852 .paginate .page-numbers, #team-852 .paginate .pager {\n\t\t\t\tbackground: none repeat scroll 0 0 #2eb3f8 !important;\n\t\t\t\t}\n\t\t\t\t#team-852 .paginate .current, #team-852 .paginate .page-numbers:hover,#team-852 .paginate .pager.active,#team-852 .paginate .pager:hover  {\n\t\t\t\tbackground: none repeat scroll 0 0 #249bd9 !important;\n\t\t\t\t}\n\t\t\t\t#team-852 .team-filter .filter{\n\t\t\t\tbackground: none repeat scroll 0 0 #d6d6d6 !important;\n\t\t\t\t}\n\t\t\t\t#team-852 .team-filter .filter.active{\n\t\t\t\tbackground: none repeat scroll 0 0 #adadad !important;\n\t\t\t\t}\n\t\t\t\t#team-852 .team-filter .filter{\n\t\t\t\tcolor: #666666 !important;\n\t\t\t\t}\n\t\t\t\t<\/style><div id=\"team-852\" class=\"team-container\"><div class=\"team-items \"><div class=\"item  skin artists-in-residence kammermusik masterclass vergangene-dozenten violoncello  contentbottom\" ><div class=\"layer-media\"><div class=\"team-thumb\"><a href=\"https:\/\/www.allegro-vivo.at\/en\/artist\/matthias-bartolomey\/\"><img decoding=\"async\" src=\"https:\/\/www.allegro-vivo.at\/wp-content\/uploads\/2022\/02\/matthias-bartolomey-1-color-nikola-milatovic-500x500.jpg\" \/><\/a><\/div><\/div><div class=\"layer-content\"><a href=\"https:\/\/www.allegro-vivo.at\/en\/artist\/matthias-bartolomey\/\"><div class=\"team-title\" style=\"color:#333;font-size:14px\">Matthias Bartolomey\n\t\t\t<\/div><\/a><\/div><\/div><div class=\"item  skin artists-in-residence masterclass vergangene-dozenten vergangene-kuenstler violoncello  contentbottom\" ><div class=\"layer-media\"><div class=\"team-thumb\"><a href=\"https:\/\/www.allegro-vivo.at\/en\/artist\/thomas-carroll\/\"><img decoding=\"async\" src=\"https:\/\/www.allegro-vivo.at\/wp-content\/uploads\/2024\/12\/81-carroll-1-500x500.jpg\" \/><\/a><\/div><\/div><div class=\"layer-content\"><a href=\"https:\/\/www.allegro-vivo.at\/en\/artist\/thomas-carroll\/\"><div class=\"team-title\" style=\"color:#333;font-size:14px\">Thomas Carroll\n\t\t\t<\/div><\/a><\/div><\/div><div class=\"item  skin kammermusik masterclass vergangene-dozenten vergangene-kuenstler violoncello  contentbottom\" ><div class=\"layer-media\"><div class=\"team-thumb\"><a href=\"https:\/\/www.allegro-vivo.at\/en\/artist\/florian-eggner\/\"><img decoding=\"async\" src=\"https:\/\/www.allegro-vivo.at\/wp-content\/uploads\/2016\/10\/florian-eggner-2-500x500.jpg\" \/><\/a><\/div><\/div><div class=\"layer-content\"><a href=\"https:\/\/www.allegro-vivo.at\/en\/artist\/florian-eggner\/\"><div class=\"team-title\" style=\"color:#333;font-size:14px\">Florian Eggner\n\t\t\t<\/div><\/a><\/div><\/div><div class=\"item  skin artists-in-residence masterclass vergangene-dozenten vergangene-kuenstler violoncello  contentbottom\" ><div class=\"layer-media\"><div class=\"team-thumb\"><a href=\"https:\/\/www.allegro-vivo.at\/en\/artist\/laszlo-fenyoe\/\"><img decoding=\"async\" src=\"https:\/\/www.allegro-vivo.at\/wp-content\/uploads\/2016\/10\/laszlo-fenyoe_2marco-borggreve-1-500x500.jpg\" \/><\/a><\/div><\/div><div class=\"layer-content\"><a href=\"https:\/\/www.allegro-vivo.at\/en\/artist\/laszlo-fenyoe\/\"><div class=\"team-title\" style=\"color:#333;font-size:14px\">L\u00e1szl\u00f3 Feny\u00f6\n\t\t\t<\/div><\/a><\/div><\/div><div class=\"item  skin artists-in-residence masterclass vergangene-dozenten vergangene-kuenstler violoncello  contentbottom\" ><div class=\"layer-media\"><div class=\"team-thumb\"><a href=\"https:\/\/www.allegro-vivo.at\/en\/artist\/maria-gruen\/\"><img decoding=\"async\" src=\"https:\/\/www.allegro-vivo.at\/wp-content\/uploads\/2016\/12\/maria-gruen_kl_c_lukas-beck-500x500.jpg\" \/><\/a><\/div><\/div><div class=\"layer-content\"><a href=\"https:\/\/www.allegro-vivo.at\/en\/artist\/maria-gruen\/\"><div class=\"team-title\" style=\"color:#333;font-size:14px\">Maria Gr\u00fcn\n\t\t\t<\/div><\/a><\/div><\/div><div class=\"item  skin artists-in-residence masterclass vergangene-dozenten violoncello  contentbottom\" ><div class=\"layer-media\"><div class=\"team-thumb\"><a href=\"https:\/\/www.allegro-vivo.at\/en\/artist\/maximilian-hornung\/\"><img decoding=\"async\" src=\"https:\/\/www.allegro-vivo.at\/wp-content\/uploads\/2023\/12\/maximilian-hornung023-500x500.jpg\" \/><\/a><\/div><\/div><div class=\"layer-content\"><a href=\"https:\/\/www.allegro-vivo.at\/en\/artist\/maximilian-hornung\/\"><div class=\"team-title\" style=\"color:#333;font-size:14px\">Maximilian Hornung\n\t\t\t<\/div><\/a><\/div><\/div><div class=\"item  skin artists-in-residence masterclass vergangene-dozenten vergangene-kuenstler violoncello  contentbottom\" ><div class=\"layer-media\"><div class=\"team-thumb\"><a href=\"https:\/\/www.allegro-vivo.at\/en\/artist\/gregor-horsch\/\"><img decoding=\"async\" src=\"https:\/\/www.allegro-vivo.at\/wp-content\/uploads\/2016\/12\/horsch-gregor-header_neu-500x500.jpg\" \/><\/a><\/div><\/div><div class=\"layer-content\"><a href=\"https:\/\/www.allegro-vivo.at\/en\/artist\/gregor-horsch\/\"><div class=\"team-title\" style=\"color:#333;font-size:14px\">Gregor Horsch\n\t\t\t<\/div><\/a><\/div><\/div><div class=\"item  skin artists-in-residence masterclass vergangene-dozenten violoncello  contentbottom\" ><div class=\"layer-media\"><div class=\"team-thumb\"><a href=\"https:\/\/www.allegro-vivo.at\/en\/artist\/wen-sinn-yang\/\"><img decoding=\"async\" src=\"https:\/\/www.allegro-vivo.at\/wp-content\/uploads\/2017\/10\/wensinnyangwildundleise2-500x500.jpg\" \/><\/a><\/div><\/div><div class=\"layer-content\"><a href=\"https:\/\/www.allegro-vivo.at\/en\/artist\/wen-sinn-yang\/\"><div class=\"team-title\" style=\"color:#333;font-size:14px\">Wen-Sinn Yang\n\t\t\t<\/div><\/a><\/div><\/div><\/div><script>\n\t\t\t\t\t\t\t\tjQuery(window).load(function(){   jQuery(\"#team-852 .team-items\").masonry({isFitWidth: true}); });\n\t\n\t\t\t\t\t<\/script><style type=\"text\/css\">\n\t\t\t\t\n\t\t\t\t\t\t#team-852.team-items {\n\t\t\t\t\t\t  margin: 0 auto !important;\n\t\t\t\t\t\t}\n\t\t\t\t\t\t<\/style>\n\t\t\t\t\t\t<\/div>\n<h2 id=\"kammermusik\">Chamber Music<\/h2>\n<style type=\"text\/css\">#team-853{\n\t\t\t\t\t\tbackground:  url() repeat scroll 0 0;\n\t\t\t\t\t\ttext-align:center;\n\t\t\t\t\t\t}\n\t\t\t\t\t\t#team-853 .item{\n\t\t\t\t\t\t\n\t\t\t\t\t\ttext-align:center;\n\t\t\t\t\t\tmargin:15px;\n\t\t\t\t\t\t}\n\t\t\t\t\t\t\n\t\t\t\t@media only screen and (min-width: 1024px ) {\n\t\t\t\t#team-853 .item{width:280px}\n\t\t\t\t\n\t\t\t\t}\n\t\t\t\t\n\t\t\t\t@media only screen and ( min-width: 768px ) and ( max-width: 1023px ) {\n\t\t\t\t#team-853 .item{width:45%}\n\t\t\t\t}\n\t\t\t\t\n\t\t\t\t@media only screen and ( min-width: 320px ) and ( max-width: 767px ) {\n\t\t\t\t#team-853 .item{width:90%}\n\t\t\t\t}\n\t\t\t\t@media only screen and (min-width: 1024px ) {\n\t\t\t\t#team-853 .item .layer-media .team-thumb{max-height:}\n\t\t\t\t\n\t\t\t\t}\n\t\t\t\t\n\t\t\t\t@media only screen and ( min-width: 768px ) and ( max-width: 1023px ) {\n\t\t\t\t#team-853 .item .layer-media .team-thumb{max-height:}\n\t\t\t\t}\n\t\t\t\t\n\t\t\t\t@media only screen and ( min-width: 0px ) and ( max-width: 767px ) {\n\t\t\t\t#team-853 .item .layer-media .team-thumb{max-height:}\n\t\t\t\t}#team-853 .team-social span {\n\t\t\t\t\t\t  width: 25px !important;\n\t\t\t\t\t\t  height:25px !important;\n\t\t\t\t\t\t}\n\t\t\t\t\t\t.team-container #team-853{} .team-container #team-853 .team-item{} .team-container #team-853 .team-thumb{} .team-container #team-853 .team-title{} .team-container #team-853 .team-content{} .layer-content { height: 24px; background: rgba(221, 221, 221, 0.7) none repeat scroll 0 0 !important; padding-top: 2px; !important}#team-853 .paginate .page-numbers, #team-853 .paginate .pager {\n\t\t\t\tbackground: none repeat scroll 0 0 #2eb3f8 !important;\n\t\t\t\t}\n\t\t\t\t#team-853 .paginate .current, #team-853 .paginate .page-numbers:hover,#team-853 .paginate .pager.active,#team-853 .paginate .pager:hover  {\n\t\t\t\tbackground: none repeat scroll 0 0 #249bd9 !important;\n\t\t\t\t}\n\t\t\t\t#team-853 .team-filter .filter{\n\t\t\t\tbackground: none repeat scroll 0 0 #d6d6d6 !important;\n\t\t\t\t}\n\t\t\t\t#team-853 .team-filter .filter.active{\n\t\t\t\tbackground: none repeat scroll 0 0 #adadad !important;\n\t\t\t\t}\n\t\t\t\t#team-853 .team-filter .filter{\n\t\t\t\tcolor: #666666 !important;\n\t\t\t\t}\n\t\t\t\t<\/style><div id=\"team-853\" class=\"team-container\"><div class=\"team-items \"><div class=\"item  skin artists-in-residence kammermusik masterclass vergangene-dozenten violoncello  contentbottom\" ><div class=\"layer-media\"><div class=\"team-thumb\"><a href=\"https:\/\/www.allegro-vivo.at\/en\/artist\/matthias-bartolomey\/\"><img decoding=\"async\" src=\"https:\/\/www.allegro-vivo.at\/wp-content\/uploads\/2022\/02\/matthias-bartolomey-1-color-nikola-milatovic-500x500.jpg\" \/><\/a><\/div><\/div><div class=\"layer-content\"><a href=\"https:\/\/www.allegro-vivo.at\/en\/artist\/matthias-bartolomey\/\"><div class=\"team-title\" style=\"color:#333;font-size:14px\">Matthias Bartolomey\n\t\t\t<\/div><\/a><\/div><\/div><div class=\"item  skin kammermusik masterclass vergangene-dozenten vergangene-kuenstler violoncello  contentbottom\" ><div class=\"layer-media\"><div class=\"team-thumb\"><a href=\"https:\/\/www.allegro-vivo.at\/en\/artist\/florian-eggner\/\"><img decoding=\"async\" src=\"https:\/\/www.allegro-vivo.at\/wp-content\/uploads\/2016\/10\/florian-eggner-2-500x500.jpg\" \/><\/a><\/div><\/div><div class=\"layer-content\"><a href=\"https:\/\/www.allegro-vivo.at\/en\/artist\/florian-eggner\/\"><div class=\"team-title\" style=\"color:#333;font-size:14px\">Florian Eggner\n\t\t\t<\/div><\/a><\/div><\/div><div class=\"item  skin kammermusik masterclass vergangene-dozenten vergangene-kuenstler violine  contentbottom\" ><div class=\"layer-media\"><div class=\"team-thumb\"><a href=\"https:\/\/www.allegro-vivo.at\/en\/artist\/bijan-khadem-missagh\/\"><img decoding=\"async\" src=\"https:\/\/www.allegro-vivo.at\/wp-content\/uploads\/2016\/12\/NEU_Bijan-Khadem-MissaghAlternative-Portrait-500x500.jpg\" \/><\/a><\/div><\/div><div class=\"layer-content\"><a href=\"https:\/\/www.allegro-vivo.at\/en\/artist\/bijan-khadem-missagh\/\"><div class=\"team-title\" style=\"color:#333;font-size:14px\">Bijan Khadem-Missagh\n\t\t\t<\/div><\/a><\/div><\/div><div class=\"item  skin artists-in-residence kammermusik masterclass vergangene-dozenten vergangene-kuenstler viola  contentbottom\" ><div class=\"layer-media\"><div class=\"team-thumb\"><a href=\"https:\/\/www.allegro-vivo.at\/en\/artist\/thomas-selditz\/\"><img decoding=\"async\" src=\"https:\/\/www.allegro-vivo.at\/wp-content\/uploads\/2016\/10\/thomas-selditz-2021-500x500.jpg\" \/><\/a><\/div><\/div><div class=\"layer-content\"><a href=\"https:\/\/www.allegro-vivo.at\/en\/artist\/thomas-selditz\/\"><div class=\"team-title\" style=\"color:#333;font-size:14px\">Thomas Selditz\n\t\t\t<\/div><\/a><\/div><\/div><\/div><script>\n\t\t\t\t\t\t\t\tjQuery(window).load(function(){   jQuery(\"#team-853 .team-items\").masonry({isFitWidth: true}); });\n\t\n\t\t\t\t\t<\/script><style type=\"text\/css\">\n\t\t\t\t\n\t\t\t\t\t\t#team-853.team-items {\n\t\t\t\t\t\t  margin: 0 auto !important;\n\t\t\t\t\t\t}\n\t\t\t\t\t\t<\/style>\n\t\t\t\t\t\t<\/div>\n<h2 id=\"gesang\">Vocal<\/h2>\n<style type=\"text\/css\">#team-856{\n\t\t\t\t\t\tbackground:  url() repeat scroll 0 0;\n\t\t\t\t\t\ttext-align:center;\n\t\t\t\t\t\t}\n\t\t\t\t\t\t#team-856 .item{\n\t\t\t\t\t\t\n\t\t\t\t\t\ttext-align:center;\n\t\t\t\t\t\tmargin:15px;\n\t\t\t\t\t\t}\n\t\t\t\t\t\t\n\t\t\t\t@media only screen and (min-width: 1024px ) {\n\t\t\t\t#team-856 .item{width:280px}\n\t\t\t\t\n\t\t\t\t}\n\t\t\t\t\n\t\t\t\t@media only screen and ( min-width: 768px ) and ( max-width: 1023px ) {\n\t\t\t\t#team-856 .item{width:45%}\n\t\t\t\t}\n\t\t\t\t\n\t\t\t\t@media only screen and ( min-width: 320px ) and ( max-width: 767px ) {\n\t\t\t\t#team-856 .item{width:90%}\n\t\t\t\t}\n\t\t\t\t@media only screen and (min-width: 1024px ) {\n\t\t\t\t#team-856 .item .layer-media .team-thumb{max-height:}\n\t\t\t\t\n\t\t\t\t}\n\t\t\t\t\n\t\t\t\t@media only screen and ( min-width: 768px ) and ( max-width: 1023px ) {\n\t\t\t\t#team-856 .item .layer-media .team-thumb{max-height:}\n\t\t\t\t}\n\t\t\t\t\n\t\t\t\t@media only screen and ( min-width: 0px ) and ( max-width: 767px ) {\n\t\t\t\t#team-856 .item .layer-media .team-thumb{max-height:}\n\t\t\t\t}#team-856 .team-social span {\n\t\t\t\t\t\t  width: 25px !important;\n\t\t\t\t\t\t  height:25px !important;\n\t\t\t\t\t\t}\n\t\t\t\t\t\t.team-container #team-856{} .team-container #team-856 .team-item{} .team-container #team-856 .team-thumb{} .team-container #team-856 .team-title{} .team-container #team-856 .team-content{} .layer-content { height: 24px; background: rgba(221, 221, 221, 0.7) none repeat scroll 0 0 !important; padding-top: 2px; !important}#team-856 .paginate .page-numbers, #team-856 .paginate .pager {\n\t\t\t\tbackground: none repeat scroll 0 0 #2eb3f8 !important;\n\t\t\t\t}\n\t\t\t\t#team-856 .paginate .current, #team-856 .paginate .page-numbers:hover,#team-856 .paginate .pager.active,#team-856 .paginate .pager:hover  {\n\t\t\t\tbackground: none repeat scroll 0 0 #249bd9 !important;\n\t\t\t\t}\n\t\t\t\t#team-856 .team-filter .filter{\n\t\t\t\tbackground: none repeat scroll 0 0 #d6d6d6 !important;\n\t\t\t\t}\n\t\t\t\t#team-856 .team-filter .filter.active{\n\t\t\t\tbackground: none repeat scroll 0 0 #adadad !important;\n\t\t\t\t}\n\t\t\t\t#team-856 .team-filter .filter{\n\t\t\t\tcolor: #666666 !important;\n\t\t\t\t}\n\t\t\t\t<\/style><div id=\"team-856\" class=\"team-container\"><div class=\"team-items \"><div class=\"item  skin artists-in-residence gesang masterclass vergangene-dozenten vergangene-kuenstler  contentbottom\" ><div class=\"layer-media\"><div class=\"team-thumb\"><a href=\"https:\/\/www.allegro-vivo.at\/en\/artist\/wolfgang-bankl\/\"><img decoding=\"async\" src=\"https:\/\/www.allegro-vivo.at\/wp-content\/uploads\/2016\/10\/wolfgang-bankl-cdieter-schewig-500x500.jpg\" \/><\/a><\/div><\/div><div class=\"layer-content\"><a href=\"https:\/\/www.allegro-vivo.at\/en\/artist\/wolfgang-bankl\/\"><div class=\"team-title\" style=\"color:#333;font-size:14px\">Wolfgang Bankl\n\t\t\t<\/div><\/a><\/div><\/div><div class=\"item  skin artists-in-residence gesang masterclass vergangene-dozenten  contentbottom\" ><div class=\"layer-media\"><div class=\"team-thumb\"><a href=\"https:\/\/www.allegro-vivo.at\/en\/artist\/malin-hartelius\/\"><img decoding=\"async\" src=\"https:\/\/www.allegro-vivo.at\/wp-content\/uploads\/2016\/12\/Malin-Hartelius_Credit_Alexander_Kenney_Portrait_kl-e1620206400560-500x500.jpg\" \/><\/a><\/div><\/div><div class=\"layer-content\"><a href=\"https:\/\/www.allegro-vivo.at\/en\/artist\/malin-hartelius\/\"><div class=\"team-title\" style=\"color:#333;font-size:14px\">Malin Hartelius\n\t\t\t<\/div><\/a><\/div><\/div><div class=\"item  skin gesang masterclass vergangene-dozenten  contentbottom\" ><div class=\"layer-media\"><div class=\"team-thumb\"><a href=\"https:\/\/www.allegro-vivo.at\/en\/artist\/claudia-visca\/\"><img decoding=\"async\" src=\"https:\/\/www.allegro-vivo.at\/wp-content\/uploads\/2016\/10\/profile-picture-cv-500x500.jpg\" \/><\/a><\/div><\/div><div class=\"layer-content\"><a href=\"https:\/\/www.allegro-vivo.at\/en\/artist\/claudia-visca\/\"><div class=\"team-title\" style=\"color:#333;font-size:14px\">Claudia Visca\n\t\t\t<\/div><\/a><\/div><\/div><\/div><script>\n\t\t\t\t\t\t\t\tjQuery(window).load(function(){   jQuery(\"#team-856 .team-items\").masonry({isFitWidth: true}); });\n\t\n\t\t\t\t\t<\/script><style type=\"text\/css\">\n\t\t\t\t\n\t\t\t\t\t\t#team-856.team-items {\n\t\t\t\t\t\t  margin: 0 auto !important;\n\t\t\t\t\t\t}\n\t\t\t\t\t\t<\/style>\n\t\t\t\t\t\t<\/div>\n<h2 id=\"klavier\">Piano<\/h2>\n<style type=\"text\/css\">#team-859{\n\t\t\t\t\t\tbackground:  url() repeat scroll 0 0;\n\t\t\t\t\t\ttext-align:center;\n\t\t\t\t\t\t}\n\t\t\t\t\t\t#team-859 .item{\n\t\t\t\t\t\t\n\t\t\t\t\t\ttext-align:center;\n\t\t\t\t\t\tmargin:15px;\n\t\t\t\t\t\t}\n\t\t\t\t\t\t\n\t\t\t\t@media only screen and (min-width: 1024px ) {\n\t\t\t\t#team-859 .item{width:280px}\n\t\t\t\t\n\t\t\t\t}\n\t\t\t\t\n\t\t\t\t@media only screen and ( min-width: 768px ) and ( max-width: 1023px ) {\n\t\t\t\t#team-859 .item{width:45%}\n\t\t\t\t}\n\t\t\t\t\n\t\t\t\t@media only screen and ( min-width: 320px ) and ( max-width: 767px ) {\n\t\t\t\t#team-859 .item{width:90%}\n\t\t\t\t}\n\t\t\t\t@media only screen and (min-width: 1024px ) {\n\t\t\t\t#team-859 .item .layer-media .team-thumb{max-height:}\n\t\t\t\t\n\t\t\t\t}\n\t\t\t\t\n\t\t\t\t@media only screen and ( min-width: 768px ) and ( max-width: 1023px ) {\n\t\t\t\t#team-859 .item .layer-media .team-thumb{max-height:}\n\t\t\t\t}\n\t\t\t\t\n\t\t\t\t@media only screen and ( min-width: 0px ) and ( max-width: 767px ) {\n\t\t\t\t#team-859 .item .layer-media .team-thumb{max-height:}\n\t\t\t\t}#team-859 .team-social span {\n\t\t\t\t\t\t  width: 25px !important;\n\t\t\t\t\t\t  height:25px !important;\n\t\t\t\t\t\t}\n\t\t\t\t\t\t.team-container #team-859{} .team-container #team-859 .team-item{} .team-container #team-859 .team-thumb{} .team-container #team-859 .team-title{} .team-container #team-859 .team-content{} .layer-content { height: 24px; background: rgba(221, 221, 221, 0.7) none repeat scroll 0 0 !important; padding-top: 2px; !important}#team-859 .paginate .page-numbers, #team-859 .paginate .pager {\n\t\t\t\tbackground: none repeat scroll 0 0 #2eb3f8 !important;\n\t\t\t\t}\n\t\t\t\t#team-859 .paginate .current, #team-859 .paginate .page-numbers:hover,#team-859 .paginate .pager.active,#team-859 .paginate .pager:hover  {\n\t\t\t\tbackground: none repeat scroll 0 0 #249bd9 !important;\n\t\t\t\t}\n\t\t\t\t#team-859 .team-filter .filter{\n\t\t\t\tbackground: none repeat scroll 0 0 #d6d6d6 !important;\n\t\t\t\t}\n\t\t\t\t#team-859 .team-filter .filter.active{\n\t\t\t\tbackground: none repeat scroll 0 0 #adadad !important;\n\t\t\t\t}\n\t\t\t\t#team-859 .team-filter .filter{\n\t\t\t\tcolor: #666666 !important;\n\t\t\t\t}\n\t\t\t\t<\/style><div id=\"team-859\" class=\"team-container\"><div class=\"team-items \"><div class=\"item  skin artists-in-residence klavier masterclass vergangene-dozenten vergangene-kuenstler  contentbottom\" ><div class=\"layer-media\"><div class=\"team-thumb\"><a href=\"https:\/\/www.allegro-vivo.at\/en\/artist\/elisabeth-leonskaja\/\"><img decoding=\"async\" src=\"https:\/\/www.allegro-vivo.at\/wp-content\/uploads\/2017\/12\/live289495_elisabethleonskaja08-c-marco-borgreve_1-500x500.jpg\" \/><\/a><\/div><\/div><div class=\"layer-content\"><a href=\"https:\/\/www.allegro-vivo.at\/en\/artist\/elisabeth-leonskaja\/\"><div class=\"team-title\" style=\"color:#333;font-size:14px\">Elisabeth Leonskaja\n\t\t\t<\/div><\/a><\/div><\/div><div class=\"item  skin artists-in-residence klavier masterclass vergangene-dozenten vergangene-kuenstler  contentbottom\" ><div class=\"layer-media\"><div class=\"team-thumb\"><a href=\"https:\/\/www.allegro-vivo.at\/en\/artist\/elisabeth-eschwe\/\"><img decoding=\"async\" src=\"https:\/\/www.allegro-vivo.at\/wp-content\/uploads\/2016\/12\/Eschwe-Elisabeth-500x500.jpg\" \/><\/a><\/div><\/div><div class=\"layer-content\"><a href=\"https:\/\/www.allegro-vivo.at\/en\/artist\/elisabeth-eschwe\/\"><div class=\"team-title\" style=\"color:#333;font-size:14px\">Elisabeth Eschw\u00e9\n\t\t\t<\/div><\/a><\/div><\/div><div class=\"item  skin artists-in-residence klavier masterclass vergangene-dozenten vergangene-kuenstler  contentbottom\" ><div class=\"layer-media\"><div class=\"team-thumb\"><a href=\"https:\/\/www.allegro-vivo.at\/en\/artist\/bjoern-lehmann\/\"><img decoding=\"async\" src=\"https:\/\/www.allegro-vivo.at\/wp-content\/uploads\/2017\/10\/lehmann_mg_6782_c_uwe-arens-500x500.jpg\" \/><\/a><\/div><\/div><div class=\"layer-content\"><a href=\"https:\/\/www.allegro-vivo.at\/en\/artist\/bjoern-lehmann\/\"><div class=\"team-title\" style=\"color:#333;font-size:14px\">Bj\u00f6rn Lehmann\n\t\t\t<\/div><\/a><\/div><\/div><div class=\"item  skin klavier masterclass vergangene-dozenten  contentbottom\" ><div class=\"layer-media\"><div class=\"team-thumb\"><a href=\"https:\/\/www.allegro-vivo.at\/en\/artist\/stanislaw-tichonow\/\"><img decoding=\"async\" src=\"https:\/\/www.allegro-vivo.at\/wp-content\/uploads\/2016\/10\/Tichonow_Ismayil-Zeynalov-500x500.jpg\" \/><\/a><\/div><\/div><div class=\"layer-content\"><a href=\"https:\/\/www.allegro-vivo.at\/en\/artist\/stanislaw-tichonow\/\"><div class=\"team-title\" style=\"color:#333;font-size:14px\">Stanislaw Tichonow\n\t\t\t<\/div><\/a><\/div><\/div><div class=\"item  skin artists-in-residence klavier masterclass vergangene-dozenten vergangene-kuenstler  contentbottom\" ><div class=\"layer-media\"><div class=\"team-thumb\"><a href=\"https:\/\/www.allegro-vivo.at\/en\/artist\/lilya-zilberstein\/\"><img decoding=\"async\" src=\"https:\/\/www.allegro-vivo.at\/wp-content\/uploads\/2019\/10\/lilya-zilberstein-2017-3-copyright-andrej-grilc-500x500.jpg\" \/><\/a><\/div><\/div><div class=\"layer-content\"><a href=\"https:\/\/www.allegro-vivo.at\/en\/artist\/lilya-zilberstein\/\"><div class=\"team-title\" style=\"color:#333;font-size:14px\">Lilya Zilberstein\n\t\t\t<\/div><\/a><\/div><\/div><\/div><script>\n\t\t\t\t\t\t\t\tjQuery(window).load(function(){   jQuery(\"#team-859 .team-items\").masonry({isFitWidth: true}); });\n\t\n\t\t\t\t\t<\/script><style type=\"text\/css\">\n\t\t\t\t\n\t\t\t\t\t\t#team-859.team-items {\n\t\t\t\t\t\t  margin: 0 auto !important;\n\t\t\t\t\t\t}\n\t\t\t\t\t\t<\/style>\n\t\t\t\t\t\t<\/div>\n<h2 id=\"querfloete\">Flute<\/h2>\n<style type=\"text\/css\">#team-861{\n\t\t\t\t\t\tbackground:  url() repeat scroll 0 0;\n\t\t\t\t\t\ttext-align:center;\n\t\t\t\t\t\t}\n\t\t\t\t\t\t#team-861 .item{\n\t\t\t\t\t\t\n\t\t\t\t\t\ttext-align:center;\n\t\t\t\t\t\tmargin:15px;\n\t\t\t\t\t\t}\n\t\t\t\t\t\t\n\t\t\t\t@media only screen and (min-width: 1024px ) {\n\t\t\t\t#team-861 .item{width:280px}\n\t\t\t\t\n\t\t\t\t}\n\t\t\t\t\n\t\t\t\t@media only screen and ( min-width: 768px ) and ( max-width: 1023px ) {\n\t\t\t\t#team-861 .item{width:45%}\n\t\t\t\t}\n\t\t\t\t\n\t\t\t\t@media only screen and ( min-width: 320px ) and ( max-width: 767px ) {\n\t\t\t\t#team-861 .item{width:90%}\n\t\t\t\t}\n\t\t\t\t@media only screen and (min-width: 1024px ) {\n\t\t\t\t#team-861 .item .layer-media .team-thumb{max-height:}\n\t\t\t\t\n\t\t\t\t}\n\t\t\t\t\n\t\t\t\t@media only screen and ( min-width: 768px ) and ( max-width: 1023px ) {\n\t\t\t\t#team-861 .item .layer-media .team-thumb{max-height:}\n\t\t\t\t}\n\t\t\t\t\n\t\t\t\t@media only screen and ( min-width: 0px ) and ( max-width: 767px ) {\n\t\t\t\t#team-861 .item .layer-media .team-thumb{max-height:}\n\t\t\t\t}#team-861 .team-social span {\n\t\t\t\t\t\t  width: 25px !important;\n\t\t\t\t\t\t  height:25px !important;\n\t\t\t\t\t\t}\n\t\t\t\t\t\t.team-container #team-861{} .team-container #team-861 .team-item{} .team-container #team-861 .team-thumb{} .team-container #team-861 .team-title{} .team-container #team-861 .team-content{} .layer-content { height: 24px; background: rgba(221, 221, 221, 0.7) none repeat scroll 0 0 !important; padding-top: 2px; !important}#team-861 .paginate .page-numbers, #team-861 .paginate .pager {\n\t\t\t\tbackground: none repeat scroll 0 0 #2eb3f8 !important;\n\t\t\t\t}\n\t\t\t\t#team-861 .paginate .current, #team-861 .paginate .page-numbers:hover,#team-861 .paginate .pager.active,#team-861 .paginate .pager:hover  {\n\t\t\t\tbackground: none repeat scroll 0 0 #249bd9 !important;\n\t\t\t\t}\n\t\t\t\t#team-861 .team-filter .filter{\n\t\t\t\tbackground: none repeat scroll 0 0 #d6d6d6 !important;\n\t\t\t\t}\n\t\t\t\t#team-861 .team-filter .filter.active{\n\t\t\t\tbackground: none repeat scroll 0 0 #adadad !important;\n\t\t\t\t}\n\t\t\t\t#team-861 .team-filter .filter{\n\t\t\t\tcolor: #666666 !important;\n\t\t\t\t}\n\t\t\t\t<\/style><div id=\"team-861\" class=\"team-container\"><div class=\"team-items \"><div class=\"item  skin artists-in-residence masterclass querfloete vergangene-dozenten vergangene-kuenstler  contentbottom\" ><div class=\"layer-media\"><div class=\"team-thumb\"><a href=\"https:\/\/www.allegro-vivo.at\/en\/artist\/mario-caroli\/\"><img decoding=\"async\" src=\"https:\/\/www.allegro-vivo.at\/wp-content\/uploads\/2024\/11\/mario-caroli-e1732530488951-500x500.jpg\" \/><\/a><\/div><\/div><div class=\"layer-content\"><a href=\"https:\/\/www.allegro-vivo.at\/en\/artist\/mario-caroli\/\"><div class=\"team-title\" style=\"color:#333;font-size:14px\">Mario Caroli\n\t\t\t<\/div><\/a><\/div><\/div><div class=\"item  skin masterclass querfloete vergangene-dozenten vergangene-kuenstler  contentbottom\" ><div class=\"layer-media\"><div class=\"team-thumb\"><a href=\"https:\/\/www.allegro-vivo.at\/en\/artist\/matthieu-gauci-ancelin\/\"><img decoding=\"async\" src=\"https:\/\/www.allegro-vivo.at\/wp-content\/uploads\/2019\/10\/matthieu-gauci-ancelin_quad-500x500.jpg\" \/><\/a><\/div><\/div><div class=\"layer-content\"><a href=\"https:\/\/www.allegro-vivo.at\/en\/artist\/matthieu-gauci-ancelin\/\"><div class=\"team-title\" style=\"color:#333;font-size:14px\">Matthieu Gauci-Ancelin\n\t\t\t<\/div><\/a><\/div><\/div><div class=\"item  skin masterclass querfloete vergangene-dozenten  contentbottom\" ><div class=\"layer-media\"><div class=\"team-thumb\"><a href=\"https:\/\/www.allegro-vivo.at\/en\/artist\/barbara-gisler-haase\/\"><img decoding=\"async\" src=\"https:\/\/www.allegro-vivo.at\/wp-content\/uploads\/2016\/10\/barbara-gisler-haase-c-sabine-hauswirth-e1643200770383-500x500.jpg\" \/><\/a><\/div><\/div><div class=\"layer-content\"><a href=\"https:\/\/www.allegro-vivo.at\/en\/artist\/barbara-gisler-haase\/\"><div class=\"team-title\" style=\"color:#333;font-size:14px\">Barbara Gisler-Haase\n\t\t\t<\/div><\/a><\/div><\/div><div class=\"item  skin artists-in-residence masterclass querfloete vergangene-dozenten vergangene-kuenstler  contentbottom\" ><div class=\"layer-media\"><div class=\"team-thumb\"><a href=\"https:\/\/www.allegro-vivo.at\/en\/artist\/wally-hase\/\"><img decoding=\"async\" src=\"https:\/\/www.allegro-vivo.at\/wp-content\/uploads\/2016\/10\/wally-hase-c-nancy-horowitz-e1612259967934-500x500.jpg\" \/><\/a><\/div><\/div><div class=\"layer-content\"><a href=\"https:\/\/www.allegro-vivo.at\/en\/artist\/wally-hase\/\"><div class=\"team-title\" style=\"color:#333;font-size:14px\">Wally Hase\n\t\t\t<\/div><\/a><\/div><\/div><div class=\"item  skin masterclass querfloete vergangene-dozenten  contentbottom\" ><div class=\"layer-media\"><div class=\"team-thumb\"><a href=\"https:\/\/www.allegro-vivo.at\/en\/artist\/sonja-korak\/\"><img decoding=\"async\" src=\"https:\/\/www.allegro-vivo.at\/wp-content\/uploads\/2017\/10\/korak_n-horowitz_dsc1453_klein-500x500.jpg\" \/><\/a><\/div><\/div><div class=\"layer-content\"><a href=\"https:\/\/www.allegro-vivo.at\/en\/artist\/sonja-korak\/\"><div class=\"team-title\" style=\"color:#333;font-size:14px\">Sonja Korak\n\t\t\t<\/div><\/a><\/div><\/div><div class=\"item  skin childrensclass kinderkurse masterclass querfloete querfloete-kinderkurse vergangene-dozenten  contentbottom\" ><div class=\"layer-media\"><div class=\"team-thumb\"><a href=\"https:\/\/www.allegro-vivo.at\/en\/artist\/fereshteh-rahbari\/\"><img decoding=\"async\" src=\"https:\/\/www.allegro-vivo.at\/wp-content\/uploads\/2016\/12\/Rahbari_Fereshteh-e1576054091455-500x500.jpg\" \/><\/a><\/div><\/div><div class=\"layer-content\"><a href=\"https:\/\/www.allegro-vivo.at\/en\/artist\/fereshteh-rahbari\/\"><div class=\"team-title\" style=\"color:#333;font-size:14px\">Fereshteh Rahbari\n\t\t\t<\/div><\/a><\/div><\/div><\/div><script>\n\t\t\t\t\t\t\t\tjQuery(window).load(function(){   jQuery(\"#team-861 .team-items\").masonry({isFitWidth: true}); });\n\t\n\t\t\t\t\t<\/script><style type=\"text\/css\">\n\t\t\t\t\n\t\t\t\t\t\t#team-861.team-items {\n\t\t\t\t\t\t  margin: 0 auto !important;\n\t\t\t\t\t\t}\n\t\t\t\t\t\t<\/style>\n\t\t\t\t\t\t<\/div>\n<h2 id=\"klarinette\">Clarinet<\/h2>\n<style type=\"text\/css\">#team-863{\n\t\t\t\t\t\tbackground:  url() repeat scroll 0 0;\n\t\t\t\t\t\ttext-align:center;\n\t\t\t\t\t\t}\n\t\t\t\t\t\t#team-863 .item{\n\t\t\t\t\t\t\n\t\t\t\t\t\ttext-align:center;\n\t\t\t\t\t\tmargin:15px;\n\t\t\t\t\t\t}\n\t\t\t\t\t\t\n\t\t\t\t@media only screen and (min-width: 1024px ) {\n\t\t\t\t#team-863 .item{width:280px}\n\t\t\t\t\n\t\t\t\t}\n\t\t\t\t\n\t\t\t\t@media only screen and ( min-width: 768px ) and ( max-width: 1023px ) {\n\t\t\t\t#team-863 .item{width:45%}\n\t\t\t\t}\n\t\t\t\t\n\t\t\t\t@media only screen and ( min-width: 320px ) and ( max-width: 767px ) {\n\t\t\t\t#team-863 .item{width:90%}\n\t\t\t\t}\n\t\t\t\t@media only screen and (min-width: 1024px ) {\n\t\t\t\t#team-863 .item .layer-media .team-thumb{max-height:}\n\t\t\t\t\n\t\t\t\t}\n\t\t\t\t\n\t\t\t\t@media only screen and ( min-width: 768px ) and ( max-width: 1023px ) {\n\t\t\t\t#team-863 .item .layer-media .team-thumb{max-height:}\n\t\t\t\t}\n\t\t\t\t\n\t\t\t\t@media only screen and ( min-width: 0px ) and ( max-width: 767px ) {\n\t\t\t\t#team-863 .item .layer-media .team-thumb{max-height:}\n\t\t\t\t}#team-863 .team-social span {\n\t\t\t\t\t\t  width: 25px !important;\n\t\t\t\t\t\t  height:25px !important;\n\t\t\t\t\t\t}\n\t\t\t\t\t\t.team-container #team-863{} .team-container #team-863 .team-item{} .team-container #team-863 .team-thumb{} .team-container #team-863 .team-title{} .team-container #team-863 .team-content{} .layer-content { height: 24px; background: rgba(221, 221, 221, 0.7) none repeat scroll 0 0 !important; padding-top: 2px; !important}#team-863 .paginate .page-numbers, #team-863 .paginate .pager {\n\t\t\t\tbackground: none repeat scroll 0 0 #2eb3f8 !important;\n\t\t\t\t}\n\t\t\t\t#team-863 .paginate .current, #team-863 .paginate .page-numbers:hover,#team-863 .paginate .pager.active,#team-863 .paginate .pager:hover  {\n\t\t\t\tbackground: none repeat scroll 0 0 #249bd9 !important;\n\t\t\t\t}\n\t\t\t\t#team-863 .team-filter .filter{\n\t\t\t\tbackground: none repeat scroll 0 0 #d6d6d6 !important;\n\t\t\t\t}\n\t\t\t\t#team-863 .team-filter .filter.active{\n\t\t\t\tbackground: none repeat scroll 0 0 #adadad !important;\n\t\t\t\t}\n\t\t\t\t#team-863 .team-filter .filter{\n\t\t\t\tcolor: #666666 !important;\n\t\t\t\t}\n\t\t\t\t<\/style><div id=\"team-863\" class=\"team-container\"><div class=\"team-items \"><div class=\"item  skin klarinette masterclass vergangene-dozenten vergangene-kuenstler  contentbottom\" ><div class=\"layer-media\"><div class=\"team-thumb\"><a href=\"https:\/\/www.allegro-vivo.at\/en\/artist\/christoph-moser\/\"><img decoding=\"async\" src=\"https:\/\/www.allegro-vivo.at\/wp-content\/uploads\/2018\/05\/moser-christoph-c-nancy-horowitz-e1769498328928-500x500.jpg\" \/><\/a><\/div><\/div><div class=\"layer-content\"><a href=\"https:\/\/www.allegro-vivo.at\/en\/artist\/christoph-moser\/\"><div class=\"team-title\" style=\"color:#333;font-size:14px\">Christoph Moser\n\t\t\t<\/div><\/a><\/div><\/div><div class=\"item  skin klarinette masterclass vergangene-dozenten vergangene-kuenstler  contentbottom\" ><div class=\"layer-media\"><div class=\"team-thumb\"><a href=\"https:\/\/www.allegro-vivo.at\/en\/artist\/martin-rainer-2\/\"><img decoding=\"async\" src=\"https:\/\/www.allegro-vivo.at\/wp-content\/uploads\/2025\/08\/martin-rainer-2513-500x500.jpg\" \/><\/a><\/div><\/div><div class=\"layer-content\"><a href=\"https:\/\/www.allegro-vivo.at\/en\/artist\/martin-rainer-2\/\"><div class=\"team-title\" style=\"color:#333;font-size:14px\">Martin Rainer\n\t\t\t<\/div><\/a><\/div><\/div><\/div><script>\n\t\t\t\t\t\t\t\tjQuery(window).load(function(){   jQuery(\"#team-863 .team-items\").masonry({isFitWidth: true}); });\n\t\n\t\t\t\t\t<\/script><style type=\"text\/css\">\n\t\t\t\t\n\t\t\t\t\t\t#team-863.team-items {\n\t\t\t\t\t\t  margin: 0 auto !important;\n\t\t\t\t\t\t}\n\t\t\t\t\t\t<\/style>\n\t\t\t\t\t\t<\/div>\n<h2>Accompaniment<\/h2>\n<style type=\"text\/css\">#team-845{\n\t\t\t\t\t\tbackground:  url() repeat scroll 0 0;\n\t\t\t\t\t\ttext-align:center;\n\t\t\t\t\t\t}\n\t\t\t\t\t\t#team-845 .item{\n\t\t\t\t\t\t\n\t\t\t\t\t\ttext-align:center;\n\t\t\t\t\t\tmargin:15px;\n\t\t\t\t\t\t}\n\t\t\t\t\t\t\n\t\t\t\t@media only screen and (min-width: 1024px ) {\n\t\t\t\t#team-845 .item{width:280px}\n\t\t\t\t\n\t\t\t\t}\n\t\t\t\t\n\t\t\t\t@media only screen and ( min-width: 768px ) and ( max-width: 1023px ) {\n\t\t\t\t#team-845 .item{width:45%}\n\t\t\t\t}\n\t\t\t\t\n\t\t\t\t@media only screen and ( min-width: 320px ) and ( max-width: 767px ) {\n\t\t\t\t#team-845 .item{width:90%}\n\t\t\t\t}\n\t\t\t\t@media only screen and (min-width: 1024px ) {\n\t\t\t\t#team-845 .item .layer-media .team-thumb{max-height:}\n\t\t\t\t\n\t\t\t\t}\n\t\t\t\t\n\t\t\t\t@media only screen and ( min-width: 768px ) and ( max-width: 1023px ) {\n\t\t\t\t#team-845 .item .layer-media .team-thumb{max-height:}\n\t\t\t\t}\n\t\t\t\t\n\t\t\t\t@media only screen and ( min-width: 0px ) and ( max-width: 767px ) {\n\t\t\t\t#team-845 .item .layer-media .team-thumb{max-height:}\n\t\t\t\t}#team-845 .team-social span {\n\t\t\t\t\t\t  width: 25px !important;\n\t\t\t\t\t\t  height:25px !important;\n\t\t\t\t\t\t}\n\t\t\t\t\t\t.team-container #team-845{} .team-container #team-845 .team-item{} .team-container #team-845 .team-thumb{} .team-container #team-845 .team-title{} .team-container #team-845 .team-content{} .layer-content { height: 24px; background: rgba(221, 221, 221, 0.7) none repeat scroll 0 0 !important; padding-top: 2px; !important}#team-845 .paginate .page-numbers, #team-845 .paginate .pager {\n\t\t\t\tbackground: none repeat scroll 0 0 #2eb3f8 !important;\n\t\t\t\t}\n\t\t\t\t#team-845 .paginate .current, #team-845 .paginate .page-numbers:hover,#team-845 .paginate .pager.active,#team-845 .paginate .pager:hover  {\n\t\t\t\tbackground: none repeat scroll 0 0 #249bd9 !important;\n\t\t\t\t}\n\t\t\t\t#team-845 .team-filter .filter{\n\t\t\t\tbackground: none repeat scroll 0 0 #d6d6d6 !important;\n\t\t\t\t}\n\t\t\t\t#team-845 .team-filter .filter.active{\n\t\t\t\tbackground: none repeat scroll 0 0 #adadad !important;\n\t\t\t\t}\n\t\t\t\t#team-845 .team-filter .filter{\n\t\t\t\tcolor: #666666 !important;\n\t\t\t\t}\n\t\t\t\t<\/style><div id=\"team-845\" class=\"team-container\"><div class=\"team-items \"><div class=\"item  skin korrepetition masterclass vergangene-dozenten  contentbottom\" ><div class=\"layer-media\"><div class=\"team-thumb\"><a href=\"https:\/\/www.allegro-vivo.at\/en\/artist\/vanda-albota\/\"><img decoding=\"async\" src=\"https:\/\/www.allegro-vivo.at\/wp-content\/uploads\/2017\/04\/vanda_albota-4-500x500.jpg\" \/><\/a><\/div><\/div><div class=\"layer-content\"><a href=\"https:\/\/www.allegro-vivo.at\/en\/artist\/vanda-albota\/\"><div class=\"team-title\" style=\"color:#333;font-size:14px\">Vanda Albota\n\t\t\t<\/div><\/a><\/div><\/div><div class=\"item  skin korrepetition masterclass  contentbottom\" ><div class=\"layer-media\"><div class=\"team-thumb\"><a href=\"https:\/\/www.allegro-vivo.at\/en\/artist\/titel-2\/\"><img decoding=\"async\" src=\"https:\/\/www.allegro-vivo.at\/wp-content\/uploads\/2026\/03\/edda-graf-500x500.jpeg\" \/><\/a><\/div><\/div><div class=\"layer-content\"><a href=\"https:\/\/www.allegro-vivo.at\/en\/artist\/titel-2\/\"><div class=\"team-title\" style=\"color:#333;font-size:14px\">Edda Andrea Graf\n\t\t\t<\/div><\/a><\/div><\/div><div class=\"item  skin korrepetition masterclass vergangene-dozenten  contentbottom\" ><div class=\"layer-media\"><div class=\"team-thumb\"><a href=\"https:\/\/www.allegro-vivo.at\/en\/artist\/andrei-banciu\/\"><img decoding=\"async\" src=\"https:\/\/www.allegro-vivo.at\/wp-content\/uploads\/2024\/03\/banciu-simonabednarek-b-500x500.jpg\" \/><\/a><\/div><\/div><div class=\"layer-content\"><a href=\"https:\/\/www.allegro-vivo.at\/en\/artist\/andrei-banciu\/\"><div class=\"team-title\" style=\"color:#333;font-size:14px\">Andrei Banciu\n\t\t\t<\/div><\/a><\/div><\/div><div class=\"item  skin artists-in-residence korrepetition masterclass vergangene-dozenten  contentbottom\" ><div class=\"layer-media\"><div class=\"team-thumb\"><a href=\"https:\/\/www.allegro-vivo.at\/en\/artist\/luca-ferrini\/\"><img decoding=\"async\" src=\"https:\/\/www.allegro-vivo.at\/wp-content\/uploads\/2016\/10\/luca_ferrini_photo_darja_stravs_tisu-500x500.jpg\" \/><\/a><\/div><\/div><div class=\"layer-content\"><a href=\"https:\/\/www.allegro-vivo.at\/en\/artist\/luca-ferrini\/\"><div class=\"team-title\" style=\"color:#333;font-size:14px\">Luca Ferrini\n\t\t\t<\/div><\/a><\/div><\/div><div class=\"item  skin korrepetition vergangene-dozenten  contentbottom\" ><div class=\"layer-media\"><div class=\"team-thumb\"><a href=\"https:\/\/www.allegro-vivo.at\/en\/artist\/yuna-hotozuka\/\"><img decoding=\"async\" src=\"https:\/\/www.allegro-vivo.at\/wp-content\/uploads\/2023\/07\/img-2472-500x500.jpeg\" \/><\/a><\/div><\/div><div class=\"layer-content\"><a href=\"https:\/\/www.allegro-vivo.at\/en\/artist\/yuna-hotozuka\/\"><div class=\"team-title\" style=\"color:#333;font-size:14px\">Yuna Hotozuka\n\t\t\t<\/div><\/a><\/div><\/div><div class=\"item  skin korrepetition masterclass vergangene-dozenten vergangene-kuenstler  contentbottom\" ><div class=\"layer-media\"><div class=\"team-thumb\"><a href=\"https:\/\/www.allegro-vivo.at\/en\/artist\/sandra-jost\/\"><img decoding=\"async\" src=\"https:\/\/www.allegro-vivo.at\/wp-content\/uploads\/2016\/10\/20190820_sandrajost_0120_klein-500x500.jpg\" \/><\/a><\/div><\/div><div class=\"layer-content\"><a href=\"https:\/\/www.allegro-vivo.at\/en\/artist\/sandra-jost\/\"><div class=\"team-title\" style=\"color:#333;font-size:14px\">Sandra Jost\n\t\t\t<\/div><\/a><\/div><\/div><div class=\"item  skin korrepetition masterclass vergangene-dozenten  contentbottom\" ><div class=\"layer-media\"><div class=\"team-thumb\"><a href=\"https:\/\/www.allegro-vivo.at\/en\/artist\/yoko-kuwahara-2\/\"><img decoding=\"async\" src=\"https:\/\/www.allegro-vivo.at\/wp-content\/uploads\/2023\/07\/yoku-kuwahara-500x500.png\" \/><\/a><\/div><\/div><div class=\"layer-content\"><a href=\"https:\/\/www.allegro-vivo.at\/en\/artist\/yoko-kuwahara-2\/\"><div class=\"team-title\" style=\"color:#333;font-size:14px\">Yoko Kuwahara\n\t\t\t<\/div><\/a><\/div><\/div><div class=\"item  skin korrepetition masterclass vergangene-dozenten  contentbottom\" ><div class=\"layer-media\"><div class=\"team-thumb\"><a href=\"https:\/\/www.allegro-vivo.at\/en\/artist\/sieglinde-michalko\/\"><img decoding=\"async\" src=\"https:\/\/www.allegro-vivo.at\/wp-content\/uploads\/2016\/10\/Michalko-Sieglinde-e1644220214354-500x500.jpg\" \/><\/a><\/div><\/div><div class=\"layer-content\"><a href=\"https:\/\/www.allegro-vivo.at\/en\/artist\/sieglinde-michalko\/\"><div class=\"team-title\" style=\"color:#333;font-size:14px\">Sieglinde Michalko\n\t\t\t<\/div><\/a><\/div><\/div><div class=\"item  skin korrepetition masterclass vergangene-dozenten  contentbottom\" ><div class=\"layer-media\"><div class=\"team-thumb\"><a href=\"https:\/\/www.allegro-vivo.at\/en\/artist\/tomoko-nishikawa\/\"><img decoding=\"async\" src=\"https:\/\/www.allegro-vivo.at\/wp-content\/uploads\/2022\/08\/tomoko-nishikawa-500x500.jpg\" \/><\/a><\/div><\/div><div class=\"layer-content\"><a href=\"https:\/\/www.allegro-vivo.at\/en\/artist\/tomoko-nishikawa\/\"><div class=\"team-title\" style=\"color:#333;font-size:14px\">Tomoko Nishikawa\n\t\t\t<\/div><\/a><\/div><\/div><div class=\"item  skin korrepetition masterclass vergangene-dozenten  contentbottom\" ><div class=\"layer-media\"><div class=\"team-thumb\"><a href=\"https:\/\/www.allegro-vivo.at\/en\/artist\/baiba-osina\/\"><img decoding=\"async\" src=\"https:\/\/www.allegro-vivo.at\/wp-content\/uploads\/2017\/10\/baiba-osina_1-500x500.jpg\" \/><\/a><\/div><\/div><div class=\"layer-content\"><a href=\"https:\/\/www.allegro-vivo.at\/en\/artist\/baiba-osina\/\"><div class=\"team-title\" style=\"color:#333;font-size:14px\">Baiba Osina\n\t\t\t<\/div><\/a><\/div><\/div><div class=\"item  skin korrepetition masterclass vergangene-dozenten  contentbottom\" ><div class=\"layer-media\"><div class=\"team-thumb\"><a href=\"https:\/\/www.allegro-vivo.at\/en\/artist\/sergio-posada\/\"><img decoding=\"async\" src=\"https:\/\/www.allegro-vivo.at\/wp-content\/uploads\/2016\/10\/sergio-posada2-500x500.jpg\" \/><\/a><\/div><\/div><div class=\"layer-content\"><a href=\"https:\/\/www.allegro-vivo.at\/en\/artist\/sergio-posada\/\"><div class=\"team-title\" style=\"color:#333;font-size:14px\">Sergio Posada\n\t\t\t<\/div><\/a><\/div><\/div><div class=\"item  skin korrepetition masterclass vergangene-dozenten  contentbottom\" ><div class=\"layer-media\"><div class=\"team-thumb\"><a href=\"https:\/\/www.allegro-vivo.at\/en\/artist\/mari-sato\/\"><img decoding=\"async\" src=\"https:\/\/www.allegro-vivo.at\/wp-content\/uploads\/2019\/04\/mari-sato_5_dsc1116-500x500.jpg\" \/><\/a><\/div><\/div><div class=\"layer-content\"><a href=\"https:\/\/www.allegro-vivo.at\/en\/artist\/mari-sato\/\"><div class=\"team-title\" style=\"color:#333;font-size:14px\">Mari Sato\n\t\t\t<\/div><\/a><\/div><\/div><div class=\"item  skin korrepetition masterclass vergangene-dozenten vergangene-kuenstler  contentbottom\" ><div class=\"layer-media\"><div class=\"team-thumb\"><a href=\"https:\/\/www.allegro-vivo.at\/en\/artist\/tomoko-sawallisch\/\"><img decoding=\"async\" src=\"https:\/\/www.allegro-vivo.at\/wp-content\/uploads\/2022\/11\/tomoko-sawallisch-c-wildundleise-500x500.jpg\" \/><\/a><\/div><\/div><div class=\"layer-content\"><a href=\"https:\/\/www.allegro-vivo.at\/en\/artist\/tomoko-sawallisch\/\"><div class=\"team-title\" style=\"color:#333;font-size:14px\">Tomoko Sawallisch\n\t\t\t<\/div><\/a><\/div><\/div><div class=\"item  skin korrepetition masterclass vergangene-dozenten  contentbottom\" ><div class=\"layer-media\"><div class=\"team-thumb\"><a href=\"https:\/\/www.allegro-vivo.at\/en\/artist\/noriko-shima\/\"><img decoding=\"async\" src=\"https:\/\/www.allegro-vivo.at\/wp-content\/uploads\/2022\/08\/img-20210602-wa0000-500x500.jpg\" \/><\/a><\/div><\/div><div class=\"layer-content\"><a href=\"https:\/\/www.allegro-vivo.at\/en\/artist\/noriko-shima\/\"><div class=\"team-title\" style=\"color:#333;font-size:14px\">Noriko Shima\n\t\t\t<\/div><\/a><\/div><\/div><div class=\"item  skin korrepetition masterclass vergangene-dozenten  contentbottom\" ><div class=\"layer-media\"><div class=\"team-thumb\"><a href=\"https:\/\/www.allegro-vivo.at\/en\/artist\/noriko-ushioda\/\"><img decoding=\"async\" src=\"https:\/\/www.allegro-vivo.at\/wp-content\/uploads\/2016\/12\/Ushioda-Noriko-e1576051654934-500x500.jpg\" \/><\/a><\/div><\/div><div class=\"layer-content\"><a href=\"https:\/\/www.allegro-vivo.at\/en\/artist\/noriko-ushioda\/\"><div class=\"team-title\" style=\"color:#333;font-size:14px\">Noriko Ushioda\n\t\t\t<\/div><\/a><\/div><\/div><\/div><script>\n\t\t\t\t\t\t\t\tjQuery(window).load(function(){   jQuery(\"#team-845 .team-items\").masonry({isFitWidth: true}); });\n\t\n\t\t\t\t\t<\/script><style type=\"text\/css\">\n\t\t\t\t\n\t\t\t\t\t\t#team-845.team-items {\n\t\t\t\t\t\t  margin: 0 auto !important;\n\t\t\t\t\t\t}\n\t\t\t\t\t\t<\/style>\n\t\t\t\t\t\t<\/div>\n<h2>Workshops<\/h2>\n<style type=\"text\/css\">#team-17939{\n\t\t\t\t\t\tbackground:  url() repeat scroll 0 0;\n\t\t\t\t\t\ttext-align:center;\n\t\t\t\t\t\t}\n\t\t\t\t\t\t#team-17939 .item{\n\t\t\t\t\t\t\n\t\t\t\t\t\ttext-align:center;\n\t\t\t\t\t\tmargin:15px;\n\t\t\t\t\t\t}\n\t\t\t\t\t\t\n\t\t\t\t@media only screen and (min-width: 1024px ) {\n\t\t\t\t#team-17939 .item{width:280px}\n\t\t\t\t\n\t\t\t\t}\n\t\t\t\t\n\t\t\t\t@media only screen and ( min-width: 768px ) and ( max-width: 1023px ) {\n\t\t\t\t#team-17939 .item{width:45%}\n\t\t\t\t}\n\t\t\t\t\n\t\t\t\t@media only screen and ( min-width: 320px ) and ( max-width: 767px ) {\n\t\t\t\t#team-17939 .item{width:90%}\n\t\t\t\t}\n\t\t\t\t@media only screen and (min-width: 1024px ) {\n\t\t\t\t#team-17939 .item .layer-media .team-thumb{max-height:}\n\t\t\t\t\n\t\t\t\t}\n\t\t\t\t\n\t\t\t\t@media only screen and ( min-width: 768px ) and ( max-width: 1023px ) {\n\t\t\t\t#team-17939 .item .layer-media .team-thumb{max-height:}\n\t\t\t\t}\n\t\t\t\t\n\t\t\t\t@media only screen and ( min-width: 0px ) and ( max-width: 767px ) {\n\t\t\t\t#team-17939 .item .layer-media .team-thumb{max-height:}\n\t\t\t\t}#team-17939 .team-social span {\n\t\t\t\t\t\t  width: 25px !important;\n\t\t\t\t\t\t  height:25px !important;\n\t\t\t\t\t\t}\n\t\t\t\t\t\t.team-container #team-17939{} .team-container #team-17939 .team-item{} .team-container #team-17939 .team-thumb{} .team-container #team-17939 .team-title{} .team-container #team-17939 .team-content{} .layer-content { height: 24px; background: rgba(221, 221, 221, 0.7) none repeat scroll 0 0 !important; padding-top: 2px; !important}#team-17939 .paginate .page-numbers, #team-17939 .paginate .pager {\n\t\t\t\tbackground: none repeat scroll 0 0 #2eb3f8 !important;\n\t\t\t\t}\n\t\t\t\t#team-17939 .paginate .current, #team-17939 .paginate .page-numbers:hover,#team-17939 .paginate .pager.active,#team-17939 .paginate .pager:hover  {\n\t\t\t\tbackground: none repeat scroll 0 0 #249bd9 !important;\n\t\t\t\t}\n\t\t\t\t#team-17939 .team-filter .filter{\n\t\t\t\tbackground: none repeat scroll 0 0 #d6d6d6 !important;\n\t\t\t\t}\n\t\t\t\t#team-17939 .team-filter .filter.active{\n\t\t\t\tbackground: none repeat scroll 0 0 #adadad !important;\n\t\t\t\t}\n\t\t\t\t#team-17939 .team-filter .filter{\n\t\t\t\tcolor: #666666 !important;\n\t\t\t\t}\n\t\t\t\t<\/style><div id=\"team-17939\" class=\"team-container\"><div class=\"team-items \"><div class=\"item  skin masterclass vergangene-dozenten workshop  contentbottom\" ><div class=\"layer-media\"><div class=\"team-thumb\"><a href=\"https:\/\/www.allegro-vivo.at\/en\/artist\/heilmasseurin\/\"><img decoding=\"async\" src=\"https:\/\/www.allegro-vivo.at\/wp-content\/uploads\/2023\/07\/151005-jak-silkedewath-portrait-0045-prvw-e1690197118993-350x350.jpg\" \/><\/a><\/div><\/div><div class=\"layer-content\"><a href=\"https:\/\/www.allegro-vivo.at\/en\/artist\/heilmasseurin\/\"><div class=\"team-title\" style=\"color:#333;font-size:14px\">Silke Dewath\n\t\t\t<\/div><\/a><\/div><\/div><div class=\"item  skin masterclass vergangene-dozenten workshop  contentbottom\" ><div class=\"layer-media\"><div class=\"team-thumb\"><a href=\"https:\/\/www.allegro-vivo.at\/en\/artist\/lilian-genn\/\"><img decoding=\"async\" src=\"https:\/\/www.allegro-vivo.at\/wp-content\/uploads\/2016\/12\/lilian-genn-1-norbert-brunner-350x350.jpg\" \/><\/a><\/div><\/div><div class=\"layer-content\"><a href=\"https:\/\/www.allegro-vivo.at\/en\/artist\/lilian-genn\/\"><div class=\"team-title\" style=\"color:#333;font-size:14px\">Lilian Genn\n\t\t\t<\/div><\/a><\/div><\/div><div class=\"item  skin masterclass vergangene-dozenten workshop  contentbottom\" ><div class=\"layer-media\"><div class=\"team-thumb\"><a href=\"https:\/\/www.allegro-vivo.at\/en\/artist\/coretta-kurth\/\"><img decoding=\"async\" src=\"https:\/\/www.allegro-vivo.at\/wp-content\/uploads\/2019\/11\/cleale-1210565-2-350x350.jpg\" \/><\/a><\/div><\/div><div class=\"layer-content\"><a href=\"https:\/\/www.allegro-vivo.at\/en\/artist\/coretta-kurth\/\"><div class=\"team-title\" style=\"color:#333;font-size:14px\">Coretta Kurth\n\t\t\t<\/div><\/a><\/div><\/div><div class=\"item  skin masterclass vergangene-dozenten workshop  contentbottom\" ><div class=\"layer-media\"><div class=\"team-thumb\"><a href=\"https:\/\/www.allegro-vivo.at\/en\/artist\/veronika-morscher\/\"><img decoding=\"async\" src=\"https:\/\/www.allegro-vivo.at\/wp-content\/uploads\/2023\/12\/veronika1-nadine-targiel-photography-2014-2-350x350.jpg\" \/><\/a><\/div><\/div><div class=\"layer-content\"><a href=\"https:\/\/www.allegro-vivo.at\/en\/artist\/veronika-morscher\/\"><div class=\"team-title\" style=\"color:#333;font-size:14px\">Veronika Morscher\n\t\t\t<\/div><\/a><\/div><\/div><\/div><script>\n\t\t\t\t\t\t\t\tjQuery(window).load(function(){   jQuery(\"#team-17939 .team-items\").masonry({isFitWidth: true}); });\n\t\n\t\t\t\t\t<\/script><style type=\"text\/css\">\n\t\t\t\t\n\t\t\t\t\t\t#team-17939.team-items {\n\t\t\t\t\t\t  margin: 0 auto !important;\n\t\t\t\t\t\t}\n\t\t\t\t\t\t<\/style>\n\t\t\t\t\t\t<\/div>\n","protected":false},"excerpt":{"rendered":"<p>Violin Viola Violoncello Chamber Music Vocal Piano Flute Clarinet Accompaniment Workshops<\/p>\n","protected":false},"author":2,"featured_media":27870,"parent":0,"menu_order":0,"comment_status":"closed","ping_status":"closed","template":"","meta":{"footnotes":""},"class_list":["post-361","page","type-page","status-publish","has-post-thumbnail","hentry"],"yoast_head":"<!-- This site is optimized with the Yoast SEO plugin v27.5 - https:\/\/yoast.com\/product\/yoast-seo-wordpress\/ -->\n<title>Master Classes - Allegro Vivo Kammermusik Festival<\/title>\n<meta name=\"description\" content=\"Allegro Vivo Meisterkurse - Die Allegro Vivo Sommerakademie bietet Kammermusik-Meisterkurse mit namhaften internationalen Dozenten.\" \/>\n<meta name=\"robots\" content=\"index, follow, max-snippet:-1, max-image-preview:large, max-video-preview:-1\" \/>\n<link rel=\"canonical\" href=\"https:\/\/www.allegro-vivo.at\/en\/meisterkurse\/\" \/>\n<meta property=\"og:locale\" content=\"en_US\" \/>\n<meta property=\"og:type\" content=\"article\" \/>\n<meta property=\"og:title\" content=\"Master Classes - Allegro Vivo Kammermusik Festival\" \/>\n<meta property=\"og:description\" content=\"Allegro Vivo Meisterkurse - Die Allegro Vivo Sommerakademie bietet Kammermusik-Meisterkurse mit namhaften internationalen Dozenten.\" \/>\n<meta property=\"og:url\" content=\"https:\/\/www.allegro-vivo.at\/en\/meisterkurse\/\" \/>\n<meta property=\"og:site_name\" content=\"Allegro Vivo Kammermusik Festival\" \/>\n<meta property=\"article:publisher\" content=\"https:\/\/www.facebook.com\/allegro.vivo.festival.austria\/\" \/>\n<meta property=\"article:modified_time\" content=\"2025-12-16T20:36:13+00:00\" \/>\n<meta property=\"og:image\" content=\"https:\/\/www.allegro-vivo.at\/wp-content\/uploads\/2023\/09\/galakonzert-horner-kunsthaus-c-schewig-fotodesign.jpg\" \/>\n\t<meta property=\"og:image:width\" content=\"2648\" \/>\n\t<meta property=\"og:image:height\" content=\"1917\" \/>\n\t<meta property=\"og:image:type\" content=\"image\/jpeg\" \/>\n<meta name=\"twitter:card\" content=\"summary_large_image\" \/>\n<meta name=\"twitter:label1\" content=\"Gesch\u00e4tzte Lesezeit\" \/>\n\t<meta name=\"twitter:data1\" content=\"1 minute\" \/>\n<script type=\"application\/ld+json\" class=\"yoast-schema-graph\">{\"@context\":\"https:\\\/\\\/schema.org\",\"@graph\":[{\"@type\":\"WebPage\",\"@id\":\"https:\\\/\\\/www.allegro-vivo.at\\\/en\\\/meisterkurse\\\/\",\"url\":\"https:\\\/\\\/www.allegro-vivo.at\\\/en\\\/meisterkurse\\\/\",\"name\":\"Master Classes - Allegro Vivo Kammermusik Festival\",\"isPartOf\":{\"@id\":\"https:\\\/\\\/www.allegro-vivo.at\\\/en\\\/#website\"},\"primaryImageOfPage\":{\"@id\":\"https:\\\/\\\/www.allegro-vivo.at\\\/en\\\/meisterkurse\\\/#primaryimage\"},\"image\":{\"@id\":\"https:\\\/\\\/www.allegro-vivo.at\\\/meisterkurse\\\/#primaryimage\"},\"thumbnailUrl\":\"https:\\\/\\\/www.allegro-vivo.at\\\/wp-content\\\/uploads\\\/2023\\\/09\\\/galakonzert-horner-kunsthaus-c-schewig-fotodesign.jpg\",\"datePublished\":\"2016-10-13T13:37:23+00:00\",\"dateModified\":\"2025-12-16T20:36:13+00:00\",\"description\":\"Allegro Vivo Meisterkurse - Die Allegro Vivo Sommerakademie bietet Kammermusik-Meisterkurse mit namhaften internationalen Dozenten.\",\"breadcrumb\":{\"@id\":\"https:\\\/\\\/www.allegro-vivo.at\\\/en\\\/meisterkurse\\\/#breadcrumb\"},\"inLanguage\":\"en-US\",\"potentialAction\":[{\"@type\":\"ReadAction\",\"target\":[[\"https:\\\/\\\/www.allegro-vivo.at\\\/en\\\/meisterkurse\\\/\"]]}]},{\"@type\":\"ImageObject\",\"inLanguage\":\"en-US\",\"@id\":\"https:\\\/\\\/www.allegro-vivo.at\\\/en\\\/meisterkurse\\\/#primaryimage\",\"url\":\"https:\\\/\\\/www.allegro-vivo.at\\\/wp-content\\\/uploads\\\/2023\\\/09\\\/galakonzert-horner-kunsthaus-c-schewig-fotodesign.jpg\",\"contentUrl\":\"https:\\\/\\\/www.allegro-vivo.at\\\/wp-content\\\/uploads\\\/2023\\\/09\\\/galakonzert-horner-kunsthaus-c-schewig-fotodesign.jpg\",\"width\":2648,\"height\":1917,\"caption\":\"OLYMPUS DIGITAL CAMERA\"},{\"@type\":\"BreadcrumbList\",\"@id\":\"https:\\\/\\\/www.allegro-vivo.at\\\/en\\\/meisterkurse\\\/#breadcrumb\",\"itemListElement\":[{\"@type\":\"ListItem\",\"position\":1,\"name\":\"Startseite\",\"item\":\"https:\\\/\\\/www.allegro-vivo.at\\\/en\\\/\"},{\"@type\":\"ListItem\",\"position\":2,\"name\":\"Meisterkurse\"}]},{\"@type\":\"WebSite\",\"@id\":\"https:\\\/\\\/www.allegro-vivo.at\\\/en\\\/#website\",\"url\":\"https:\\\/\\\/www.allegro-vivo.at\\\/en\\\/\",\"name\":\"Allegro Vivo Kammermusik Festival\",\"description\":\"Allegro Vivo Kammermusik Festival und Meisterkurse\",\"publisher\":{\"@id\":\"https:\\\/\\\/www.allegro-vivo.at\\\/en\\\/#organization\"},\"potentialAction\":[{\"@type\":\"SearchAction\",\"target\":{\"@type\":\"EntryPoint\",\"urlTemplate\":\"https:\\\/\\\/www.allegro-vivo.at\\\/en\\\/?s={search_term_string}\"},\"query-input\":{\"@type\":\"PropertyValueSpecification\",\"valueRequired\":true,\"valueName\":\"search_term_string\"}}],\"inLanguage\":\"en-US\"},{\"@type\":\"Organization\",\"@id\":\"https:\\\/\\\/www.allegro-vivo.at\\\/en\\\/#organization\",\"name\":\"Allegro Vivo\",\"url\":\"https:\\\/\\\/www.allegro-vivo.at\\\/en\\\/\",\"logo\":{\"@type\":\"ImageObject\",\"inLanguage\":\"en-US\",\"@id\":\"https:\\\/\\\/www.allegro-vivo.at\\\/en\\\/#\\\/schema\\\/logo\\\/image\\\/\",\"url\":\"https:\\\/\\\/www.allegro-vivo.at\\\/wp-content\\\/uploads\\\/2017\\\/02\\\/allegro_vivo_logo_web.png\",\"contentUrl\":\"https:\\\/\\\/www.allegro-vivo.at\\\/wp-content\\\/uploads\\\/2017\\\/02\\\/allegro_vivo_logo_web.png\",\"width\":400,\"height\":114,\"caption\":\"Allegro Vivo\"},\"image\":{\"@id\":\"https:\\\/\\\/www.allegro-vivo.at\\\/en\\\/#\\\/schema\\\/logo\\\/image\\\/\"},\"sameAs\":[\"https:\\\/\\\/www.facebook.com\\\/allegro.vivo.festival.austria\\\/\",\"https:\\\/\\\/www.instagram.com\\\/allegro.vivo\\\/\",\"https:\\\/\\\/www.youtube.com\\\/user\\\/allegrovivooo\"]}]}<\/script>\n<!-- \/ Yoast SEO plugin. -->","yoast_head_json":{"title":"Master Classes - Allegro Vivo Kammermusik Festival","description":"Allegro Vivo Meisterkurse - Die Allegro Vivo Sommerakademie bietet Kammermusik-Meisterkurse mit namhaften internationalen Dozenten.","robots":{"index":"index","follow":"follow","max-snippet":"max-snippet:-1","max-image-preview":"max-image-preview:large","max-video-preview":"max-video-preview:-1"},"canonical":"https:\/\/www.allegro-vivo.at\/en\/meisterkurse\/","og_locale":"en_US","og_type":"article","og_title":"Master Classes - Allegro Vivo Kammermusik Festival","og_description":"Allegro Vivo Meisterkurse - Die Allegro Vivo Sommerakademie bietet Kammermusik-Meisterkurse mit namhaften internationalen Dozenten.","og_url":"https:\/\/www.allegro-vivo.at\/en\/meisterkurse\/","og_site_name":"Allegro Vivo Kammermusik Festival","article_publisher":"https:\/\/www.facebook.com\/allegro.vivo.festival.austria\/","article_modified_time":"2025-12-16T20:36:13+00:00","og_image":[{"width":2648,"height":1917,"url":"https:\/\/www.allegro-vivo.at\/wp-content\/uploads\/2023\/09\/galakonzert-horner-kunsthaus-c-schewig-fotodesign.jpg","type":"image\/jpeg"}],"twitter_card":"summary_large_image","twitter_misc":{"Gesch\u00e4tzte Lesezeit":"1 minute"},"schema":{"@context":"https:\/\/schema.org","@graph":[{"@type":"WebPage","@id":"https:\/\/www.allegro-vivo.at\/en\/meisterkurse\/","url":"https:\/\/www.allegro-vivo.at\/en\/meisterkurse\/","name":"Master Classes - Allegro Vivo Kammermusik Festival","isPartOf":{"@id":"https:\/\/www.allegro-vivo.at\/en\/#website"},"primaryImageOfPage":{"@id":"https:\/\/www.allegro-vivo.at\/en\/meisterkurse\/#primaryimage"},"image":{"@id":"https:\/\/www.allegro-vivo.at\/meisterkurse\/#primaryimage"},"thumbnailUrl":"https:\/\/www.allegro-vivo.at\/wp-content\/uploads\/2023\/09\/galakonzert-horner-kunsthaus-c-schewig-fotodesign.jpg","datePublished":"2016-10-13T13:37:23+00:00","dateModified":"2025-12-16T20:36:13+00:00","description":"Allegro Vivo Meisterkurse - Die Allegro Vivo Sommerakademie bietet Kammermusik-Meisterkurse mit namhaften internationalen Dozenten.","breadcrumb":{"@id":"https:\/\/www.allegro-vivo.at\/en\/meisterkurse\/#breadcrumb"},"inLanguage":"en-US","potentialAction":[{"@type":"ReadAction","target":[["https:\/\/www.allegro-vivo.at\/en\/meisterkurse\/"]]}]},{"@type":"ImageObject","inLanguage":"en-US","@id":"https:\/\/www.allegro-vivo.at\/en\/meisterkurse\/#primaryimage","url":"https:\/\/www.allegro-vivo.at\/wp-content\/uploads\/2023\/09\/galakonzert-horner-kunsthaus-c-schewig-fotodesign.jpg","contentUrl":"https:\/\/www.allegro-vivo.at\/wp-content\/uploads\/2023\/09\/galakonzert-horner-kunsthaus-c-schewig-fotodesign.jpg","width":2648,"height":1917,"caption":"OLYMPUS DIGITAL CAMERA"},{"@type":"BreadcrumbList","@id":"https:\/\/www.allegro-vivo.at\/en\/meisterkurse\/#breadcrumb","itemListElement":[{"@type":"ListItem","position":1,"name":"Startseite","item":"https:\/\/www.allegro-vivo.at\/en\/"},{"@type":"ListItem","position":2,"name":"Meisterkurse"}]},{"@type":"WebSite","@id":"https:\/\/www.allegro-vivo.at\/en\/#website","url":"https:\/\/www.allegro-vivo.at\/en\/","name":"Allegro Vivo Kammermusik Festival","description":"Allegro Vivo Kammermusik Festival und Meisterkurse","publisher":{"@id":"https:\/\/www.allegro-vivo.at\/en\/#organization"},"potentialAction":[{"@type":"SearchAction","target":{"@type":"EntryPoint","urlTemplate":"https:\/\/www.allegro-vivo.at\/en\/?s={search_term_string}"},"query-input":{"@type":"PropertyValueSpecification","valueRequired":true,"valueName":"search_term_string"}}],"inLanguage":"en-US"},{"@type":"Organization","@id":"https:\/\/www.allegro-vivo.at\/en\/#organization","name":"Allegro Vivo","url":"https:\/\/www.allegro-vivo.at\/en\/","logo":{"@type":"ImageObject","inLanguage":"en-US","@id":"https:\/\/www.allegro-vivo.at\/en\/#\/schema\/logo\/image\/","url":"https:\/\/www.allegro-vivo.at\/wp-content\/uploads\/2017\/02\/allegro_vivo_logo_web.png","contentUrl":"https:\/\/www.allegro-vivo.at\/wp-content\/uploads\/2017\/02\/allegro_vivo_logo_web.png","width":400,"height":114,"caption":"Allegro Vivo"},"image":{"@id":"https:\/\/www.allegro-vivo.at\/en\/#\/schema\/logo\/image\/"},"sameAs":["https:\/\/www.facebook.com\/allegro.vivo.festival.austria\/","https:\/\/www.instagram.com\/allegro.vivo\/","https:\/\/www.youtube.com\/user\/allegrovivooo"]}]}},"_links":{"self":[{"href":"https:\/\/www.allegro-vivo.at\/en\/wp-json\/wp\/v2\/pages\/361","targetHints":{"allow":["GET"]}}],"collection":[{"href":"https:\/\/www.allegro-vivo.at\/en\/wp-json\/wp\/v2\/pages"}],"about":[{"href":"https:\/\/www.allegro-vivo.at\/en\/wp-json\/wp\/v2\/types\/page"}],"author":[{"embeddable":true,"href":"https:\/\/www.allegro-vivo.at\/en\/wp-json\/wp\/v2\/users\/2"}],"replies":[{"embeddable":true,"href":"https:\/\/www.allegro-vivo.at\/en\/wp-json\/wp\/v2\/comments?post=361"}],"version-history":[{"count":49,"href":"https:\/\/www.allegro-vivo.at\/en\/wp-json\/wp\/v2\/pages\/361\/revisions"}],"predecessor-version":[{"id":32800,"href":"https:\/\/www.allegro-vivo.at\/en\/wp-json\/wp\/v2\/pages\/361\/revisions\/32800"}],"wp:featuredmedia":[{"embeddable":true,"href":"https:\/\/www.allegro-vivo.at\/en\/wp-json\/wp\/v2\/media\/27870"}],"wp:attachment":[{"href":"https:\/\/www.allegro-vivo.at\/en\/wp-json\/wp\/v2\/media?parent=361"}],"curies":[{"name":"wp","href":"https:\/\/api.w.org\/{rel}","templated":true}]}}