{"id":342,"date":"2016-10-13T15:31:25","date_gmt":"2016-10-13T13:31:25","guid":{"rendered":"http:\/\/www.allegro-vivo.at\/?page_id=342"},"modified":"2025-08-14T22:28:41","modified_gmt":"2025-08-14T20:28:41","slug":"concerts","status":"publish","type":"page","link":"https:\/\/www.allegro-vivo.at\/en\/concerts\/","title":{"rendered":"Concerts &#038; Tickets"},"content":{"rendered":"<div  class='intense row ' style='padding-top: 30px; padding-bottom: 0; margin-top: 0; margin-bottom: 0; '><div class='intense col-lg-3 col-xs-12 col-sm-3 col-md-3 '><a href=\"https:\/\/www.allegro-vivo.at\/en\/events\/orchesterkonzert-19\/\"><img loading=\"lazy\" decoding=\"async\" width=\"350\" height=\"350\" src=\"https:\/\/www.allegro-vivo.at\/wp-content\/uploads\/2018\/03\/dsc7986-350x350.jpg\" class=\"eme_event_image\" alt=\"\" srcset=\"https:\/\/www.allegro-vivo.at\/wp-content\/uploads\/2018\/03\/dsc7986-350x350.jpg 350w, https:\/\/www.allegro-vivo.at\/wp-content\/uploads\/2018\/03\/dsc7986-300x300.jpg 300w, https:\/\/www.allegro-vivo.at\/wp-content\/uploads\/2018\/03\/dsc7986-165x165.jpg 165w, https:\/\/www.allegro-vivo.at\/wp-content\/uploads\/2018\/03\/dsc7986-500x500.jpg 500w, https:\/\/www.allegro-vivo.at\/wp-content\/uploads\/2018\/03\/dsc7986-400x400.jpg 400w, https:\/\/www.allegro-vivo.at\/wp-content\/uploads\/2018\/03\/dsc7986-73x73.jpg 73w, https:\/\/www.allegro-vivo.at\/wp-content\/uploads\/2018\/03\/dsc7986-150x150.jpg 150w, https:\/\/www.allegro-vivo.at\/wp-content\/uploads\/2018\/03\/dsc7986-174x174.jpg 174w, https:\/\/www.allegro-vivo.at\/wp-content\/uploads\/2018\/03\/dsc7986-250x250.jpg 250w\" sizes=\"auto, (max-width: 350px) 100vw, 350px\" \/><\/a><\/div><div class='intense col-lg-9 col-xs-12 col-sm-9 col-md-9 '><script>jQuery(window).load(function() { jQuery('#heading-402835694').fitText(1, { maxFontSize: \"20px\" }); });<\/script><h3 id=\"heading-402835694\" class=\"intense heading\" style=\" font-size: 20px; line-height: normal; text-align: left; font-weight: 700; margin-top: 10px; text-transform: none; -webkit-font-smoothing: antialiased;\"><a href=\"https:\/\/www.allegro-vivo.at\/en\/events\/orchesterkonzert-19\/\">&quot;Orchesterkonzert&quot; Mahler Festival Jihlava<\/a><\/h3><script>jQuery(window).load(function() { jQuery('#heading-1653472330').fitText(1, { maxFontSize: \"17px\" }); });<\/script><h3 id=\"heading-1653472330\" class=\"intense heading\" style=\" font-size: 17px; line-height: normal; text-align: left; font-weight: 700; margin-top: 10px; text-transform: none; -webkit-font-smoothing: antialiased;\">Sunday, 31. May 2026 at 18:00<\/h3><script>jQuery(window).load(function() { jQuery('#heading-882078528').fitText(1, { maxFontSize: \"17px\" }); });<\/script><h4 id=\"heading-882078528\" class=\"intense heading\" style=\" font-size: 17px; line-height: normal; text-align: left; font-weight: 400; margin-top: 10px; text-transform: none; -webkit-font-smoothing: antialiased;\">Jihlava, Gotisches Rathaus - TIC<\/h4><script>jQuery(window).load(function() { jQuery('#heading-1614111749').fitText(1, { maxFontSize: \"14px\" }); });<\/script><h4 id=\"heading-1614111749\" class=\"intense heading\" style=\" font-size: 14px; line-height: normal; text-align: left; font-weight: 400; margin-top: 10px; text-transform: none; -webkit-font-smoothing: antialiased;\">Mozart, Tschaikowsky<\/h4><\/div><br>\n<\/div><div  class='intense row ' style='padding-top: 30px; padding-bottom: 0; margin-top: 0; margin-bottom: 0; '><div class='intense col-lg-3 col-xs-12 col-sm-3 col-md-3 '><a href=\"https:\/\/www.allegro-vivo.at\/en\/events\/c2-bbwien-bleibt-krk-c2-ab-orchesterkonzert\/\"><img loading=\"lazy\" decoding=\"async\" width=\"350\" height=\"350\" src=\"https:\/\/www.allegro-vivo.at\/wp-content\/uploads\/2024\/02\/20230915-av-goettweig-0043-e1707733903519-350x350.jpg\" class=\"eme_event_image\" alt=\"\" srcset=\"https:\/\/www.allegro-vivo.at\/wp-content\/uploads\/2024\/02\/20230915-av-goettweig-0043-e1707733903519-350x350.jpg 350w, https:\/\/www.allegro-vivo.at\/wp-content\/uploads\/2024\/02\/20230915-av-goettweig-0043-e1707733903519-500x500.jpg 500w, https:\/\/www.allegro-vivo.at\/wp-content\/uploads\/2024\/02\/20230915-av-goettweig-0043-e1707733903519-400x400.jpg 400w, https:\/\/www.allegro-vivo.at\/wp-content\/uploads\/2024\/02\/20230915-av-goettweig-0043-e1707733903519-73x73.jpg 73w, https:\/\/www.allegro-vivo.at\/wp-content\/uploads\/2024\/02\/20230915-av-goettweig-0043-e1707733903519-150x150.jpg 150w, https:\/\/www.allegro-vivo.at\/wp-content\/uploads\/2024\/02\/20230915-av-goettweig-0043-e1707733903519-174x174.jpg 174w, https:\/\/www.allegro-vivo.at\/wp-content\/uploads\/2024\/02\/20230915-av-goettweig-0043-e1707733903519-250x250.jpg 250w, https:\/\/www.allegro-vivo.at\/wp-content\/uploads\/2024\/02\/20230915-av-goettweig-0043-e1707733903519-300x300.jpg 300w, https:\/\/www.allegro-vivo.at\/wp-content\/uploads\/2024\/02\/20230915-av-goettweig-0043-e1707733903519-165x165.jpg 165w\" sizes=\"auto, (max-width: 350px) 100vw, 350px\" \/><\/a><\/div><div class='intense col-lg-9 col-xs-12 col-sm-9 col-md-9 '><script>jQuery(window).load(function() { jQuery('#heading-19911105').fitText(1, { maxFontSize: \"20px\" }); });<\/script><h3 id=\"heading-19911105\" class=\"intense heading\" style=\" font-size: 20px; line-height: normal; text-align: left; font-weight: 700; margin-top: 10px; text-transform: none; -webkit-font-smoothing: antialiased;\"><a href=\"https:\/\/www.allegro-vivo.at\/en\/events\/c2-bbwien-bleibt-krk-c2-ab-orchesterkonzert\/\">\u00bbWien bleibt Krk\u00ab Orchesterkonzert<\/a><\/h3><script>jQuery(window).load(function() { jQuery('#heading-1657833426').fitText(1, { maxFontSize: \"17px\" }); });<\/script><h3 id=\"heading-1657833426\" class=\"intense heading\" style=\" font-size: 17px; line-height: normal; text-align: left; font-weight: 700; margin-top: 10px; text-transform: none; -webkit-font-smoothing: antialiased;\">Saturday, 13. June 2026 at 18:30<\/h3><script>jQuery(window).load(function() { jQuery('#heading-496413814').fitText(1, { maxFontSize: \"17px\" }); });<\/script><h4 id=\"heading-496413814\" class=\"intense heading\" style=\" font-size: 17px; line-height: normal; text-align: left; font-weight: 400; margin-top: 10px; text-transform: none; -webkit-font-smoothing: antialiased;\">Liszt-Festival Raiding - Liszt-Zentrum Raiding<\/h4><script>jQuery(window).load(function() { jQuery('#heading-1940263221').fitText(1, { maxFontSize: \"14px\" }); });<\/script><h4 id=\"heading-1940263221\" class=\"intense heading\" style=\" font-size: 14px; line-height: normal; text-align: left; font-weight: 400; margin-top: 10px; text-transform: none; -webkit-font-smoothing: antialiased;\">Dvo\u0159\u00e1k, Breinschmid, Kreisler, Bart\u00f3k, Jan\u00e1cek<\/h4><\/div><br>\n<\/div><div  class='intense row ' style='padding-top: 30px; padding-bottom: 0; margin-top: 0; margin-bottom: 0; '><div class='intense col-lg-3 col-xs-12 col-sm-3 col-md-3 '><a href=\"https:\/\/www.allegro-vivo.at\/en\/events\/c2-bbwien-bleibt-krk-c2-ab\/\"><img loading=\"lazy\" decoding=\"async\" width=\"350\" height=\"350\" src=\"https:\/\/www.allegro-vivo.at\/wp-content\/uploads\/2025\/07\/academia-350x350.jpg\" class=\"eme_event_image\" alt=\"\" srcset=\"https:\/\/www.allegro-vivo.at\/wp-content\/uploads\/2025\/07\/academia-350x350.jpg 350w, https:\/\/www.allegro-vivo.at\/wp-content\/uploads\/2025\/07\/academia-500x500.jpg 500w, https:\/\/www.allegro-vivo.at\/wp-content\/uploads\/2025\/07\/academia-400x400.jpg 400w, https:\/\/www.allegro-vivo.at\/wp-content\/uploads\/2025\/07\/academia-73x73.jpg 73w, https:\/\/www.allegro-vivo.at\/wp-content\/uploads\/2025\/07\/academia-150x150.jpg 150w, https:\/\/www.allegro-vivo.at\/wp-content\/uploads\/2025\/07\/academia-174x174.jpg 174w, https:\/\/www.allegro-vivo.at\/wp-content\/uploads\/2025\/07\/academia-250x250.jpg 250w, https:\/\/www.allegro-vivo.at\/wp-content\/uploads\/2025\/07\/academia-300x300.jpg 300w, https:\/\/www.allegro-vivo.at\/wp-content\/uploads\/2025\/07\/academia-165x165.jpg 165w\" sizes=\"auto, (max-width: 350px) 100vw, 350px\" \/><\/a><\/div><div class='intense col-lg-9 col-xs-12 col-sm-9 col-md-9 '><script>jQuery(window).load(function() { jQuery('#heading-1718987591').fitText(1, { maxFontSize: \"20px\" }); });<\/script><h3 id=\"heading-1718987591\" class=\"intense heading\" style=\" font-size: 20px; line-height: normal; text-align: left; font-weight: 700; margin-top: 10px; text-transform: none; -webkit-font-smoothing: antialiased;\"><a href=\"https:\/\/www.allegro-vivo.at\/en\/events\/c2-bbwien-bleibt-krk-c2-ab\/\">\u00bbWien bleibt Krk\u00ab Orchesterkonzert<\/a><\/h3><script>jQuery(window).load(function() { jQuery('#heading-1189454732').fitText(1, { maxFontSize: \"17px\" }); });<\/script><h3 id=\"heading-1189454732\" class=\"intense heading\" style=\" font-size: 17px; line-height: normal; text-align: left; font-weight: 700; margin-top: 10px; text-transform: none; -webkit-font-smoothing: antialiased;\">Sunday, 14. June 2026 at 19:30<\/h3><script>jQuery(window).load(function() { jQuery('#heading-1713814453').fitText(1, { maxFontSize: \"17px\" }); });<\/script><h4 id=\"heading-1713814453\" class=\"intense heading\" style=\" font-size: 17px; line-height: normal; text-align: left; font-weight: 400; margin-top: 10px; text-transform: none; -webkit-font-smoothing: antialiased;\">Stadtsaal Kufstein - Georg Pirmoserstra\u00dfe 8<\/h4><script>jQuery(window).load(function() { jQuery('#heading-26347601').fitText(1, { maxFontSize: \"14px\" }); });<\/script><h4 id=\"heading-26347601\" class=\"intense heading\" style=\" font-size: 14px; line-height: normal; text-align: left; font-weight: 400; margin-top: 10px; text-transform: none; -webkit-font-smoothing: antialiased;\">Dvo\u0159\u00e1k, Breinschmid, Kreisler, Bart\u00f3k, Jan\u00e1cek<\/h4><\/div><br>\n<\/div><div  class='intense row ' style='padding-top: 30px; padding-bottom: 0; margin-top: 0; margin-bottom: 0; '><div class='intense col-lg-3 col-xs-12 col-sm-3 col-md-3 '><a href=\"https:\/\/www.allegro-vivo.at\/en\/events\/orchesterkonzert-attergauer-kultursommer\/\"><img loading=\"lazy\" decoding=\"async\" width=\"350\" height=\"350\" src=\"https:\/\/www.allegro-vivo.at\/wp-content\/uploads\/2025\/09\/unbearbeitet-allegrovivojuliawesely-1037-350x350.jpg\" class=\"eme_event_image\" alt=\"\" srcset=\"https:\/\/www.allegro-vivo.at\/wp-content\/uploads\/2025\/09\/unbearbeitet-allegrovivojuliawesely-1037-350x350.jpg 350w, https:\/\/www.allegro-vivo.at\/wp-content\/uploads\/2025\/09\/unbearbeitet-allegrovivojuliawesely-1037-500x500.jpg 500w, https:\/\/www.allegro-vivo.at\/wp-content\/uploads\/2025\/09\/unbearbeitet-allegrovivojuliawesely-1037-400x400.jpg 400w, https:\/\/www.allegro-vivo.at\/wp-content\/uploads\/2025\/09\/unbearbeitet-allegrovivojuliawesely-1037-73x73.jpg 73w, https:\/\/www.allegro-vivo.at\/wp-content\/uploads\/2025\/09\/unbearbeitet-allegrovivojuliawesely-1037-150x150.jpg 150w, https:\/\/www.allegro-vivo.at\/wp-content\/uploads\/2025\/09\/unbearbeitet-allegrovivojuliawesely-1037-174x174.jpg 174w, https:\/\/www.allegro-vivo.at\/wp-content\/uploads\/2025\/09\/unbearbeitet-allegrovivojuliawesely-1037-250x250.jpg 250w, https:\/\/www.allegro-vivo.at\/wp-content\/uploads\/2025\/09\/unbearbeitet-allegrovivojuliawesely-1037-300x300.jpg 300w, https:\/\/www.allegro-vivo.at\/wp-content\/uploads\/2025\/09\/unbearbeitet-allegrovivojuliawesely-1037-165x165.jpg 165w\" sizes=\"auto, (max-width: 350px) 100vw, 350px\" \/><\/a><\/div><div class='intense col-lg-9 col-xs-12 col-sm-9 col-md-9 '><script>jQuery(window).load(function() { jQuery('#heading-1795868929').fitText(1, { maxFontSize: \"20px\" }); });<\/script><h3 id=\"heading-1795868929\" class=\"intense heading\" style=\" font-size: 20px; line-height: normal; text-align: left; font-weight: 700; margin-top: 10px; text-transform: none; -webkit-font-smoothing: antialiased;\"><a href=\"https:\/\/www.allegro-vivo.at\/en\/events\/orchesterkonzert-attergauer-kultursommer\/\">&quot;Orchesterkonzert&quot; Attergauer Kultursommer<\/a><\/h3><script>jQuery(window).load(function() { jQuery('#heading-1304281568').fitText(1, { maxFontSize: \"17px\" }); });<\/script><h3 id=\"heading-1304281568\" class=\"intense heading\" style=\" font-size: 17px; line-height: normal; text-align: left; font-weight: 700; margin-top: 10px; text-transform: none; -webkit-font-smoothing: antialiased;\">Wednesday, 5. August 2026 at 19:00<\/h3><script>jQuery(window).load(function() { jQuery('#heading-1309389588').fitText(1, { maxFontSize: \"17px\" }); });<\/script><h4 id=\"heading-1309389588\" class=\"intense heading\" style=\" font-size: 17px; line-height: normal; text-align: left; font-weight: 400; margin-top: 10px; text-transform: none; -webkit-font-smoothing: antialiased;\">Pfarrkirche V\u00f6cklamarkt - Marktstra\u00dfe 5<\/h4><script>jQuery(window).load(function() { jQuery('#heading-877494432').fitText(1, { maxFontSize: \"14px\" }); });<\/script><h4 id=\"heading-877494432\" class=\"intense heading\" style=\" font-size: 14px; line-height: normal; text-align: left; font-weight: 400; margin-top: 10px; text-transform: none; -webkit-font-smoothing: antialiased;\">Respighi, Haydn, Tschaikowsky<\/h4><\/div><br>\n<\/div><div  class='intense row ' style='padding-top: 30px; padding-bottom: 0; margin-top: 0; margin-bottom: 0; '><div class='intense col-lg-3 col-xs-12 col-sm-3 col-md-3 '><a href=\"https:\/\/www.allegro-vivo.at\/en\/events\/orchesterkonzert-musiksommer-st-leonhard\/\"><img loading=\"lazy\" decoding=\"async\" width=\"350\" height=\"350\" src=\"https:\/\/www.allegro-vivo.at\/wp-content\/uploads\/2025\/11\/unbearbeitet-allegrovivojuliawesely-1037-350x350.jpg\" class=\"eme_event_image\" alt=\"\" srcset=\"https:\/\/www.allegro-vivo.at\/wp-content\/uploads\/2025\/11\/unbearbeitet-allegrovivojuliawesely-1037-350x350.jpg 350w, https:\/\/www.allegro-vivo.at\/wp-content\/uploads\/2025\/11\/unbearbeitet-allegrovivojuliawesely-1037-500x500.jpg 500w, https:\/\/www.allegro-vivo.at\/wp-content\/uploads\/2025\/11\/unbearbeitet-allegrovivojuliawesely-1037-400x400.jpg 400w, https:\/\/www.allegro-vivo.at\/wp-content\/uploads\/2025\/11\/unbearbeitet-allegrovivojuliawesely-1037-73x73.jpg 73w, https:\/\/www.allegro-vivo.at\/wp-content\/uploads\/2025\/11\/unbearbeitet-allegrovivojuliawesely-1037-150x150.jpg 150w, https:\/\/www.allegro-vivo.at\/wp-content\/uploads\/2025\/11\/unbearbeitet-allegrovivojuliawesely-1037-174x174.jpg 174w, https:\/\/www.allegro-vivo.at\/wp-content\/uploads\/2025\/11\/unbearbeitet-allegrovivojuliawesely-1037-250x250.jpg 250w, https:\/\/www.allegro-vivo.at\/wp-content\/uploads\/2025\/11\/unbearbeitet-allegrovivojuliawesely-1037-300x300.jpg 300w, https:\/\/www.allegro-vivo.at\/wp-content\/uploads\/2025\/11\/unbearbeitet-allegrovivojuliawesely-1037-165x165.jpg 165w\" sizes=\"auto, (max-width: 350px) 100vw, 350px\" \/><\/a><\/div><div class='intense col-lg-9 col-xs-12 col-sm-9 col-md-9 '><script>jQuery(window).load(function() { jQuery('#heading-1893843357').fitText(1, { maxFontSize: \"20px\" }); });<\/script><h3 id=\"heading-1893843357\" class=\"intense heading\" style=\" font-size: 20px; line-height: normal; text-align: left; font-weight: 700; margin-top: 10px; text-transform: none; -webkit-font-smoothing: antialiased;\"><a href=\"https:\/\/www.allegro-vivo.at\/en\/events\/orchesterkonzert-musiksommer-st-leonhard\/\">&quot;Orchesterkonzert&quot; Musiksommer St. Leonhard<\/a><\/h3><script>jQuery(window).load(function() { jQuery('#heading-1685876110').fitText(1, { maxFontSize: \"17px\" }); });<\/script><h3 id=\"heading-1685876110\" class=\"intense heading\" style=\" font-size: 17px; line-height: normal; text-align: left; font-weight: 700; margin-top: 10px; text-transform: none; -webkit-font-smoothing: antialiased;\">Thursday, 6. August 2026 at 20:00<\/h3><script>jQuery(window).load(function() { jQuery('#heading-1110936058').fitText(1, { maxFontSize: \"17px\" }); });<\/script><h4 id=\"heading-1110936058\" class=\"intense heading\" style=\" font-size: 17px; line-height: normal; text-align: left; font-weight: 400; margin-top: 10px; text-transform: none; -webkit-font-smoothing: antialiased;\">Wallfahrtskirche St. Leonhard ob Tamsweg - Am Leonhardsberg 1<\/h4><script>jQuery(window).load(function() { jQuery('#heading-1515489537').fitText(1, { maxFontSize: \"14px\" }); });<\/script><h4 id=\"heading-1515489537\" class=\"intense heading\" style=\" font-size: 14px; line-height: normal; text-align: left; font-weight: 400; margin-top: 10px; text-transform: none; -webkit-font-smoothing: antialiased;\">Haydn, Tschaikowsky<\/h4><\/div><br>\n<\/div><div  class='intense row ' style='padding-top: 30px; padding-bottom: 0; margin-top: 0; margin-bottom: 0; '><div class='intense col-lg-3 col-xs-12 col-sm-3 col-md-3 '><a href=\"https:\/\/www.allegro-vivo.at\/en\/events\/auftakt-8\/\"><img loading=\"lazy\" decoding=\"async\" width=\"350\" height=\"350\" src=\"https:\/\/www.allegro-vivo.at\/wp-content\/uploads\/2025\/11\/20250801-av-gmuend-auftakt-0213-350x350.jpg\" class=\"eme_event_image\" alt=\"\" srcset=\"https:\/\/www.allegro-vivo.at\/wp-content\/uploads\/2025\/11\/20250801-av-gmuend-auftakt-0213-350x350.jpg 350w, https:\/\/www.allegro-vivo.at\/wp-content\/uploads\/2025\/11\/20250801-av-gmuend-auftakt-0213-500x500.jpg 500w, https:\/\/www.allegro-vivo.at\/wp-content\/uploads\/2025\/11\/20250801-av-gmuend-auftakt-0213-400x400.jpg 400w, https:\/\/www.allegro-vivo.at\/wp-content\/uploads\/2025\/11\/20250801-av-gmuend-auftakt-0213-73x73.jpg 73w, https:\/\/www.allegro-vivo.at\/wp-content\/uploads\/2025\/11\/20250801-av-gmuend-auftakt-0213-150x150.jpg 150w, https:\/\/www.allegro-vivo.at\/wp-content\/uploads\/2025\/11\/20250801-av-gmuend-auftakt-0213-174x174.jpg 174w, https:\/\/www.allegro-vivo.at\/wp-content\/uploads\/2025\/11\/20250801-av-gmuend-auftakt-0213-250x250.jpg 250w, https:\/\/www.allegro-vivo.at\/wp-content\/uploads\/2025\/11\/20250801-av-gmuend-auftakt-0213-300x300.jpg 300w, https:\/\/www.allegro-vivo.at\/wp-content\/uploads\/2025\/11\/20250801-av-gmuend-auftakt-0213-165x165.jpg 165w\" sizes=\"auto, (max-width: 350px) 100vw, 350px\" \/><\/a><\/div><div class='intense col-lg-9 col-xs-12 col-sm-9 col-md-9 '><script>jQuery(window).load(function() { jQuery('#heading-1227165008').fitText(1, { maxFontSize: \"20px\" }); });<\/script><h3 id=\"heading-1227165008\" class=\"intense heading\" style=\" font-size: 20px; line-height: normal; text-align: left; font-weight: 700; margin-top: 10px; text-transform: none; -webkit-font-smoothing: antialiased;\"><a href=\"https:\/\/www.allegro-vivo.at\/en\/events\/auftakt-8\/\">&quot;Auftakt&quot;<\/a><\/h3><script>jQuery(window).load(function() { jQuery('#heading-1034072765').fitText(1, { maxFontSize: \"17px\" }); });<\/script><h3 id=\"heading-1034072765\" class=\"intense heading\" style=\" font-size: 17px; line-height: normal; text-align: left; font-weight: 700; margin-top: 10px; text-transform: none; -webkit-font-smoothing: antialiased;\">Friday, 7. August 2026 at 19:00<\/h3><script>jQuery(window).load(function() { jQuery('#heading-1994886351').fitText(1, { maxFontSize: \"17px\" }); });<\/script><h4 id=\"heading-1994886351\" class=\"intense heading\" style=\" font-size: 17px; line-height: normal; text-align: left; font-weight: 400; margin-top: 10px; text-transform: none; -webkit-font-smoothing: antialiased;\">Gm\u00fcnd Neustadt, Herz-Jesu-Kirche - Lagerstr. 61<\/h4><script>jQuery(window).load(function() { jQuery('#heading-1900231535').fitText(1, { maxFontSize: \"14px\" }); });<\/script><h4 id=\"heading-1900231535\" class=\"intense heading\" style=\" font-size: 14px; line-height: normal; text-align: left; font-weight: 400; margin-top: 10px; text-transform: none; -webkit-font-smoothing: antialiased;\">Respighi, Schulze, Tschaikowsky<\/h4><\/div><br>\n<\/div><div  class='intense row ' style='padding-top: 30px; padding-bottom: 0; margin-top: 0; margin-bottom: 0; '><div class='intense col-lg-3 col-xs-12 col-sm-3 col-md-3 '><a href=\"https:\/\/www.allegro-vivo.at\/en\/events\/praeludium-3\/\"><img loading=\"lazy\" decoding=\"async\" width=\"350\" height=\"350\" src=\"https:\/\/www.allegro-vivo.at\/wp-content\/uploads\/2025\/11\/20250803-av-eroeffnung-altenburg-0313-1-350x350.jpg\" class=\"eme_event_image\" alt=\"\" srcset=\"https:\/\/www.allegro-vivo.at\/wp-content\/uploads\/2025\/11\/20250803-av-eroeffnung-altenburg-0313-1-350x350.jpg 350w, https:\/\/www.allegro-vivo.at\/wp-content\/uploads\/2025\/11\/20250803-av-eroeffnung-altenburg-0313-1-500x500.jpg 500w, https:\/\/www.allegro-vivo.at\/wp-content\/uploads\/2025\/11\/20250803-av-eroeffnung-altenburg-0313-1-400x400.jpg 400w, https:\/\/www.allegro-vivo.at\/wp-content\/uploads\/2025\/11\/20250803-av-eroeffnung-altenburg-0313-1-73x73.jpg 73w, https:\/\/www.allegro-vivo.at\/wp-content\/uploads\/2025\/11\/20250803-av-eroeffnung-altenburg-0313-1-150x150.jpg 150w, https:\/\/www.allegro-vivo.at\/wp-content\/uploads\/2025\/11\/20250803-av-eroeffnung-altenburg-0313-1-174x174.jpg 174w, https:\/\/www.allegro-vivo.at\/wp-content\/uploads\/2025\/11\/20250803-av-eroeffnung-altenburg-0313-1-250x250.jpg 250w, https:\/\/www.allegro-vivo.at\/wp-content\/uploads\/2025\/11\/20250803-av-eroeffnung-altenburg-0313-1-300x300.jpg 300w, https:\/\/www.allegro-vivo.at\/wp-content\/uploads\/2025\/11\/20250803-av-eroeffnung-altenburg-0313-1-165x165.jpg 165w\" sizes=\"auto, (max-width: 350px) 100vw, 350px\" \/><\/a><\/div><div class='intense col-lg-9 col-xs-12 col-sm-9 col-md-9 '><script>jQuery(window).load(function() { jQuery('#heading-758010129').fitText(1, { maxFontSize: \"20px\" }); });<\/script><h3 id=\"heading-758010129\" class=\"intense heading\" style=\" font-size: 20px; line-height: normal; text-align: left; font-weight: 700; margin-top: 10px; text-transform: none; -webkit-font-smoothing: antialiased;\"><a href=\"https:\/\/www.allegro-vivo.at\/en\/events\/praeludium-3\/\">&quot;Pr\u00e4ludium&quot;<\/a><\/h3><script>jQuery(window).load(function() { jQuery('#heading-317301573').fitText(1, { maxFontSize: \"17px\" }); });<\/script><h3 id=\"heading-317301573\" class=\"intense heading\" style=\" font-size: 17px; line-height: normal; text-align: left; font-weight: 700; margin-top: 10px; text-transform: none; -webkit-font-smoothing: antialiased;\">Saturday, 8. August 2026 at 19:00<\/h3><script>jQuery(window).load(function() { jQuery('#heading-63805965').fitText(1, { maxFontSize: \"17px\" }); });<\/script><h4 id=\"heading-63805965\" class=\"intense heading\" style=\" font-size: 17px; line-height: normal; text-align: left; font-weight: 400; margin-top: 10px; text-transform: none; -webkit-font-smoothing: antialiased;\">Stift Altenburg, Bibliothek - Abt-Placidus-Much-Stra\u00dfe 1<\/h4><script>jQuery(window).load(function() { jQuery('#heading-2108328027').fitText(1, { maxFontSize: \"14px\" }); });<\/script><h4 id=\"heading-2108328027\" class=\"intense heading\" style=\" font-size: 14px; line-height: normal; text-align: left; font-weight: 400; margin-top: 10px; text-transform: none; -webkit-font-smoothing: antialiased;\">Respighi, Schulze, Tschaikowsky<\/h4><\/div><br>\n<\/div><div  class='intense row ' style='padding-top: 30px; padding-bottom: 0; margin-top: 0; margin-bottom: 0; '><div class='intense col-lg-3 col-xs-12 col-sm-3 col-md-3 '><a href=\"https:\/\/www.allegro-vivo.at\/en\/events\/on-stage-eroeffnungskonzert\/\"><img loading=\"lazy\" decoding=\"async\" width=\"350\" height=\"350\" src=\"https:\/\/www.allegro-vivo.at\/wp-content\/uploads\/2024\/11\/20240804-av-eroeffnung-0488-e1731574463858-350x350.jpg\" class=\"eme_event_image\" alt=\"Er\u00f6ffnung Academia C Schewig Fotodesign\" srcset=\"https:\/\/www.allegro-vivo.at\/wp-content\/uploads\/2024\/11\/20240804-av-eroeffnung-0488-e1731574463858-350x350.jpg 350w, https:\/\/www.allegro-vivo.at\/wp-content\/uploads\/2024\/11\/20240804-av-eroeffnung-0488-e1731574463858-500x500.jpg 500w, https:\/\/www.allegro-vivo.at\/wp-content\/uploads\/2024\/11\/20240804-av-eroeffnung-0488-e1731574463858-400x400.jpg 400w, https:\/\/www.allegro-vivo.at\/wp-content\/uploads\/2024\/11\/20240804-av-eroeffnung-0488-e1731574463858-73x73.jpg 73w, https:\/\/www.allegro-vivo.at\/wp-content\/uploads\/2024\/11\/20240804-av-eroeffnung-0488-e1731574463858-150x150.jpg 150w, https:\/\/www.allegro-vivo.at\/wp-content\/uploads\/2024\/11\/20240804-av-eroeffnung-0488-e1731574463858-174x174.jpg 174w, https:\/\/www.allegro-vivo.at\/wp-content\/uploads\/2024\/11\/20240804-av-eroeffnung-0488-e1731574463858-250x250.jpg 250w, https:\/\/www.allegro-vivo.at\/wp-content\/uploads\/2024\/11\/20240804-av-eroeffnung-0488-e1731574463858-300x300.jpg 300w, https:\/\/www.allegro-vivo.at\/wp-content\/uploads\/2024\/11\/20240804-av-eroeffnung-0488-e1731574463858-165x165.jpg 165w\" sizes=\"auto, (max-width: 350px) 100vw, 350px\" \/><\/a><\/div><div class='intense col-lg-9 col-xs-12 col-sm-9 col-md-9 '><script>jQuery(window).load(function() { jQuery('#heading-710625816').fitText(1, { maxFontSize: \"20px\" }); });<\/script><h3 id=\"heading-710625816\" class=\"intense heading\" style=\" font-size: 20px; line-height: normal; text-align: left; font-weight: 700; margin-top: 10px; text-transform: none; -webkit-font-smoothing: antialiased;\"><a href=\"https:\/\/www.allegro-vivo.at\/en\/events\/on-stage-eroeffnungskonzert\/\">&quot;On Stage&quot; Er\u00f6ffnungskonzert<\/a><\/h3><script>jQuery(window).load(function() { jQuery('#heading-1108018755').fitText(1, { maxFontSize: \"17px\" }); });<\/script><h3 id=\"heading-1108018755\" class=\"intense heading\" style=\" font-size: 17px; line-height: normal; text-align: left; font-weight: 700; margin-top: 10px; text-transform: none; -webkit-font-smoothing: antialiased;\">Sunday, 9. August 2026 at 16:00<\/h3><script>jQuery(window).load(function() { jQuery('#heading-2109511881').fitText(1, { maxFontSize: \"17px\" }); });<\/script><h4 id=\"heading-2109511881\" class=\"intense heading\" style=\" font-size: 17px; line-height: normal; text-align: left; font-weight: 400; margin-top: 10px; text-transform: none; -webkit-font-smoothing: antialiased;\">Stift Altenburg, Bibliothek - Abt-Placidus-Much-Stra\u00dfe 1<\/h4><script>jQuery(window).load(function() { jQuery('#heading-1601023834').fitText(1, { maxFontSize: \"14px\" }); });<\/script><h4 id=\"heading-1601023834\" class=\"intense heading\" style=\" font-size: 14px; line-height: normal; text-align: left; font-weight: 400; margin-top: 10px; text-transform: none; -webkit-font-smoothing: antialiased;\">Respighi, Schulze, Tschaikowsky<\/h4><\/div><br>\n<\/div><div  class='intense row ' style='padding-top: 30px; padding-bottom: 0; margin-top: 0; margin-bottom: 0; '><div class='intense col-lg-3 col-xs-12 col-sm-3 col-md-3 '><a href=\"https:\/\/www.allegro-vivo.at\/en\/events\/musik-und-wort-3\/\"><img loading=\"lazy\" decoding=\"async\" width=\"350\" height=\"350\" src=\"https:\/\/www.allegro-vivo.at\/wp-content\/uploads\/2025\/11\/20240806-av-harmannsdorf-0050-1-e1762943470521-350x350.jpg\" class=\"eme_event_image\" alt=\"\" srcset=\"https:\/\/www.allegro-vivo.at\/wp-content\/uploads\/2025\/11\/20240806-av-harmannsdorf-0050-1-e1762943470521-350x350.jpg 350w, https:\/\/www.allegro-vivo.at\/wp-content\/uploads\/2025\/11\/20240806-av-harmannsdorf-0050-1-e1762943470521-500x500.jpg 500w, https:\/\/www.allegro-vivo.at\/wp-content\/uploads\/2025\/11\/20240806-av-harmannsdorf-0050-1-e1762943470521-400x400.jpg 400w, https:\/\/www.allegro-vivo.at\/wp-content\/uploads\/2025\/11\/20240806-av-harmannsdorf-0050-1-e1762943470521-73x73.jpg 73w, https:\/\/www.allegro-vivo.at\/wp-content\/uploads\/2025\/11\/20240806-av-harmannsdorf-0050-1-e1762943470521-150x150.jpg 150w, https:\/\/www.allegro-vivo.at\/wp-content\/uploads\/2025\/11\/20240806-av-harmannsdorf-0050-1-e1762943470521-174x174.jpg 174w, https:\/\/www.allegro-vivo.at\/wp-content\/uploads\/2025\/11\/20240806-av-harmannsdorf-0050-1-e1762943470521-250x250.jpg 250w, https:\/\/www.allegro-vivo.at\/wp-content\/uploads\/2025\/11\/20240806-av-harmannsdorf-0050-1-e1762943470521-300x300.jpg 300w, https:\/\/www.allegro-vivo.at\/wp-content\/uploads\/2025\/11\/20240806-av-harmannsdorf-0050-1-e1762943470521-165x165.jpg 165w, https:\/\/www.allegro-vivo.at\/wp-content\/uploads\/2025\/11\/20240806-av-harmannsdorf-0050-1-e1762943470521-600x600.jpg 600w\" sizes=\"auto, (max-width: 350px) 100vw, 350px\" \/><\/a><\/div><div class='intense col-lg-9 col-xs-12 col-sm-9 col-md-9 '><script>jQuery(window).load(function() { jQuery('#heading-1675513596').fitText(1, { maxFontSize: \"20px\" }); });<\/script><h3 id=\"heading-1675513596\" class=\"intense heading\" style=\" font-size: 20px; line-height: normal; text-align: left; font-weight: 700; margin-top: 10px; text-transform: none; -webkit-font-smoothing: antialiased;\"><a href=\"https:\/\/www.allegro-vivo.at\/en\/events\/musik-und-wort-3\/\">&quot;Musik und Wort&quot;<\/a><\/h3><script>jQuery(window).load(function() { jQuery('#heading-1230079756').fitText(1, { maxFontSize: \"17px\" }); });<\/script><h3 id=\"heading-1230079756\" class=\"intense heading\" style=\" font-size: 17px; line-height: normal; text-align: left; font-weight: 700; margin-top: 10px; text-transform: none; -webkit-font-smoothing: antialiased;\">Tuesday, 11. August 2026 at 19:00<\/h3><script>jQuery(window).load(function() { jQuery('#heading-859259104').fitText(1, { maxFontSize: \"17px\" }); });<\/script><h4 id=\"heading-859259104\" class=\"intense heading\" style=\" font-size: 17px; line-height: normal; text-align: left; font-weight: 400; margin-top: 10px; text-transform: none; -webkit-font-smoothing: antialiased;\">Schloss Harmannsdorf - Harmannsdorf 1<\/h4><script>jQuery(window).load(function() { jQuery('#heading-1097707115').fitText(1, { maxFontSize: \"14px\" }); });<\/script><h4 id=\"heading-1097707115\" class=\"intense heading\" style=\" font-size: 14px; line-height: normal; text-align: left; font-weight: 400; margin-top: 10px; text-transform: none; -webkit-font-smoothing: antialiased;\">Tartini, Stratico, Lotti<\/h4><\/div><br>\n<\/div><div  class='intense row ' style='padding-top: 30px; padding-bottom: 0; margin-top: 0; margin-bottom: 0; '><div class='intense col-lg-3 col-xs-12 col-sm-3 col-md-3 '><a href=\"https:\/\/www.allegro-vivo.at\/en\/events\/moonlight-serenade-5\/\"><img loading=\"lazy\" decoding=\"async\" width=\"350\" height=\"350\" src=\"https:\/\/www.allegro-vivo.at\/wp-content\/uploads\/2025\/11\/20250805-av-moonlightserenade-0026-350x350.jpg\" class=\"eme_event_image\" alt=\"\" srcset=\"https:\/\/www.allegro-vivo.at\/wp-content\/uploads\/2025\/11\/20250805-av-moonlightserenade-0026-350x350.jpg 350w, https:\/\/www.allegro-vivo.at\/wp-content\/uploads\/2025\/11\/20250805-av-moonlightserenade-0026-500x500.jpg 500w, https:\/\/www.allegro-vivo.at\/wp-content\/uploads\/2025\/11\/20250805-av-moonlightserenade-0026-400x400.jpg 400w, https:\/\/www.allegro-vivo.at\/wp-content\/uploads\/2025\/11\/20250805-av-moonlightserenade-0026-73x73.jpg 73w, https:\/\/www.allegro-vivo.at\/wp-content\/uploads\/2025\/11\/20250805-av-moonlightserenade-0026-150x150.jpg 150w, https:\/\/www.allegro-vivo.at\/wp-content\/uploads\/2025\/11\/20250805-av-moonlightserenade-0026-174x174.jpg 174w, https:\/\/www.allegro-vivo.at\/wp-content\/uploads\/2025\/11\/20250805-av-moonlightserenade-0026-250x250.jpg 250w, https:\/\/www.allegro-vivo.at\/wp-content\/uploads\/2025\/11\/20250805-av-moonlightserenade-0026-300x300.jpg 300w, https:\/\/www.allegro-vivo.at\/wp-content\/uploads\/2025\/11\/20250805-av-moonlightserenade-0026-165x165.jpg 165w\" sizes=\"auto, (max-width: 350px) 100vw, 350px\" \/><\/a><\/div><div class='intense col-lg-9 col-xs-12 col-sm-9 col-md-9 '><script>jQuery(window).load(function() { jQuery('#heading-1754879591').fitText(1, { maxFontSize: \"20px\" }); });<\/script><h3 id=\"heading-1754879591\" class=\"intense heading\" style=\" font-size: 20px; line-height: normal; text-align: left; font-weight: 700; margin-top: 10px; text-transform: none; -webkit-font-smoothing: antialiased;\"><a href=\"https:\/\/www.allegro-vivo.at\/en\/events\/moonlight-serenade-5\/\">&quot;Moonlight Serenade&quot;<\/a><\/h3><script>jQuery(window).load(function() { jQuery('#heading-797043941').fitText(1, { maxFontSize: \"17px\" }); });<\/script><h3 id=\"heading-797043941\" class=\"intense heading\" style=\" font-size: 17px; line-height: normal; text-align: left; font-weight: 700; margin-top: 10px; text-transform: none; -webkit-font-smoothing: antialiased;\">Tuesday, 11. August 2026 at 21:00<\/h3><script>jQuery(window).load(function() { jQuery('#heading-120369618').fitText(1, { maxFontSize: \"17px\" }); });<\/script><h4 id=\"heading-120369618\" class=\"intense heading\" style=\" font-size: 17px; line-height: normal; text-align: left; font-weight: 400; margin-top: 10px; text-transform: none; -webkit-font-smoothing: antialiased;\">Horn, Stadtsee - Ferdinand Kurz Gasse<\/h4><script>jQuery(window).load(function() { jQuery('#heading-508433262').fitText(1, { maxFontSize: \"14px\" }); });<\/script><h4 id=\"heading-508433262\" class=\"intense heading\" style=\" font-size: 14px; line-height: normal; text-align: left; font-weight: 400; margin-top: 10px; text-transform: none; -webkit-font-smoothing: antialiased;\">Konzert der Meisterkurse<\/h4><\/div><br>\n<\/div><div  class='intense row ' style='padding-top: 30px; padding-bottom: 0; margin-top: 0; margin-bottom: 0; '><div class='intense col-lg-3 col-xs-12 col-sm-3 col-md-3 '><a href=\"https:\/\/www.allegro-vivo.at\/en\/events\/con-passione\/\"><img loading=\"lazy\" decoding=\"async\" width=\"350\" height=\"350\" src=\"https:\/\/www.allegro-vivo.at\/wp-content\/uploads\/2025\/11\/20250820-av-moonlightserenade-0219-350x350.jpg\" class=\"eme_event_image\" alt=\"\" srcset=\"https:\/\/www.allegro-vivo.at\/wp-content\/uploads\/2025\/11\/20250820-av-moonlightserenade-0219-350x350.jpg 350w, https:\/\/www.allegro-vivo.at\/wp-content\/uploads\/2025\/11\/20250820-av-moonlightserenade-0219-500x500.jpg 500w, https:\/\/www.allegro-vivo.at\/wp-content\/uploads\/2025\/11\/20250820-av-moonlightserenade-0219-400x400.jpg 400w, https:\/\/www.allegro-vivo.at\/wp-content\/uploads\/2025\/11\/20250820-av-moonlightserenade-0219-73x73.jpg 73w, https:\/\/www.allegro-vivo.at\/wp-content\/uploads\/2025\/11\/20250820-av-moonlightserenade-0219-150x150.jpg 150w, https:\/\/www.allegro-vivo.at\/wp-content\/uploads\/2025\/11\/20250820-av-moonlightserenade-0219-174x174.jpg 174w, https:\/\/www.allegro-vivo.at\/wp-content\/uploads\/2025\/11\/20250820-av-moonlightserenade-0219-250x250.jpg 250w, https:\/\/www.allegro-vivo.at\/wp-content\/uploads\/2025\/11\/20250820-av-moonlightserenade-0219-300x300.jpg 300w, https:\/\/www.allegro-vivo.at\/wp-content\/uploads\/2025\/11\/20250820-av-moonlightserenade-0219-165x165.jpg 165w\" sizes=\"auto, (max-width: 350px) 100vw, 350px\" \/><\/a><\/div><div class='intense col-lg-9 col-xs-12 col-sm-9 col-md-9 '><script>jQuery(window).load(function() { jQuery('#heading-1207160294').fitText(1, { maxFontSize: \"20px\" }); });<\/script><h3 id=\"heading-1207160294\" class=\"intense heading\" style=\" font-size: 20px; line-height: normal; text-align: left; font-weight: 700; margin-top: 10px; text-transform: none; -webkit-font-smoothing: antialiased;\"><a href=\"https:\/\/www.allegro-vivo.at\/en\/events\/con-passione\/\">&quot;Con passione&quot;<\/a><\/h3><script>jQuery(window).load(function() { jQuery('#heading-1076166876').fitText(1, { maxFontSize: \"17px\" }); });<\/script><h3 id=\"heading-1076166876\" class=\"intense heading\" style=\" font-size: 17px; line-height: normal; text-align: left; font-weight: 700; margin-top: 10px; text-transform: none; -webkit-font-smoothing: antialiased;\">Wednesday, 12. August 2026 at 19:00<\/h3><script>jQuery(window).load(function() { jQuery('#heading-581429000').fitText(1, { maxFontSize: \"17px\" }); });<\/script><h4 id=\"heading-581429000\" class=\"intense heading\" style=\" font-size: 17px; line-height: normal; text-align: left; font-weight: 400; margin-top: 10px; text-transform: none; -webkit-font-smoothing: antialiased;\">Stift Altenburg, Bibliothek - Abt-Placidus-Much-Stra\u00dfe 1<\/h4><script>jQuery(window).load(function() { jQuery('#heading-41335431').fitText(1, { maxFontSize: \"14px\" }); });<\/script><h4 id=\"heading-41335431\" class=\"intense heading\" style=\" font-size: 14px; line-height: normal; text-align: left; font-weight: 400; margin-top: 10px; text-transform: none; -webkit-font-smoothing: antialiased;\">Schubert, Brahms<\/h4><\/div><br>\n<\/div><div  class='intense row ' style='padding-top: 30px; padding-bottom: 0; margin-top: 0; margin-bottom: 0; '><div class='intense col-lg-3 col-xs-12 col-sm-3 col-md-3 '><a href=\"https:\/\/www.allegro-vivo.at\/en\/events\/klangsteg\/\"><img loading=\"lazy\" decoding=\"async\" width=\"350\" height=\"350\" src=\"https:\/\/www.allegro-vivo.at\/wp-content\/uploads\/2025\/11\/20230810-av-brunn-am-wald-0454-e1762945005388-350x350.jpg\" class=\"eme_event_image\" alt=\"\" srcset=\"https:\/\/www.allegro-vivo.at\/wp-content\/uploads\/2025\/11\/20230810-av-brunn-am-wald-0454-e1762945005388-350x350.jpg 350w, https:\/\/www.allegro-vivo.at\/wp-content\/uploads\/2025\/11\/20230810-av-brunn-am-wald-0454-e1762945005388-500x500.jpg 500w, https:\/\/www.allegro-vivo.at\/wp-content\/uploads\/2025\/11\/20230810-av-brunn-am-wald-0454-e1762945005388-400x400.jpg 400w, https:\/\/www.allegro-vivo.at\/wp-content\/uploads\/2025\/11\/20230810-av-brunn-am-wald-0454-e1762945005388-73x73.jpg 73w, https:\/\/www.allegro-vivo.at\/wp-content\/uploads\/2025\/11\/20230810-av-brunn-am-wald-0454-e1762945005388-150x150.jpg 150w, https:\/\/www.allegro-vivo.at\/wp-content\/uploads\/2025\/11\/20230810-av-brunn-am-wald-0454-e1762945005388-174x174.jpg 174w, https:\/\/www.allegro-vivo.at\/wp-content\/uploads\/2025\/11\/20230810-av-brunn-am-wald-0454-e1762945005388-250x250.jpg 250w, https:\/\/www.allegro-vivo.at\/wp-content\/uploads\/2025\/11\/20230810-av-brunn-am-wald-0454-e1762945005388-300x300.jpg 300w, https:\/\/www.allegro-vivo.at\/wp-content\/uploads\/2025\/11\/20230810-av-brunn-am-wald-0454-e1762945005388-165x165.jpg 165w, https:\/\/www.allegro-vivo.at\/wp-content\/uploads\/2025\/11\/20230810-av-brunn-am-wald-0454-e1762945005388-600x600.jpg 600w\" sizes=\"auto, (max-width: 350px) 100vw, 350px\" \/><\/a><\/div><div class='intense col-lg-9 col-xs-12 col-sm-9 col-md-9 '><script>jQuery(window).load(function() { jQuery('#heading-1566999929').fitText(1, { maxFontSize: \"20px\" }); });<\/script><h3 id=\"heading-1566999929\" class=\"intense heading\" style=\" font-size: 20px; line-height: normal; text-align: left; font-weight: 700; margin-top: 10px; text-transform: none; -webkit-font-smoothing: antialiased;\"><a href=\"https:\/\/www.allegro-vivo.at\/en\/events\/klangsteg\/\">&quot;Klangsteg&quot;<\/a><\/h3><script>jQuery(window).load(function() { jQuery('#heading-1066418781').fitText(1, { maxFontSize: \"17px\" }); });<\/script><h3 id=\"heading-1066418781\" class=\"intense heading\" style=\" font-size: 17px; line-height: normal; text-align: left; font-weight: 700; margin-top: 10px; text-transform: none; -webkit-font-smoothing: antialiased;\">Thursday, 13. August 2026 at 19:00<\/h3><script>jQuery(window).load(function() { jQuery('#heading-1391379597').fitText(1, { maxFontSize: \"17px\" }); });<\/script><h4 id=\"heading-1391379597\" class=\"intense heading\" style=\" font-size: 17px; line-height: normal; text-align: left; font-weight: 400; margin-top: 10px; text-transform: none; -webkit-font-smoothing: antialiased;\">Wasserschloss Brunn am Wald - Brunn am Wald 1<\/h4><script>jQuery(window).load(function() { jQuery('#heading-453566916').fitText(1, { maxFontSize: \"14px\" }); });<\/script><h4 id=\"heading-453566916\" class=\"intense heading\" style=\" font-size: 14px; line-height: normal; text-align: left; font-weight: 400; margin-top: 10px; text-transform: none; -webkit-font-smoothing: antialiased;\">Konzert der Meisterkurse<\/h4><\/div><br>\n<\/div><div  class='intense row ' style='padding-top: 30px; padding-bottom: 0; margin-top: 0; margin-bottom: 0; '><div class='intense col-lg-3 col-xs-12 col-sm-3 col-md-3 '><a href=\"https:\/\/www.allegro-vivo.at\/en\/events\/matineen-der-sommerakademie-26\/\"><img loading=\"lazy\" decoding=\"async\" width=\"350\" height=\"350\" src=\"https:\/\/www.allegro-vivo.at\/wp-content\/uploads\/2025\/11\/20250814-av-probejugendorchester-0193-350x350.jpg\" class=\"eme_event_image\" alt=\"\" srcset=\"https:\/\/www.allegro-vivo.at\/wp-content\/uploads\/2025\/11\/20250814-av-probejugendorchester-0193-350x350.jpg 350w, https:\/\/www.allegro-vivo.at\/wp-content\/uploads\/2025\/11\/20250814-av-probejugendorchester-0193-500x500.jpg 500w, https:\/\/www.allegro-vivo.at\/wp-content\/uploads\/2025\/11\/20250814-av-probejugendorchester-0193-400x400.jpg 400w, https:\/\/www.allegro-vivo.at\/wp-content\/uploads\/2025\/11\/20250814-av-probejugendorchester-0193-73x73.jpg 73w, https:\/\/www.allegro-vivo.at\/wp-content\/uploads\/2025\/11\/20250814-av-probejugendorchester-0193-150x150.jpg 150w, https:\/\/www.allegro-vivo.at\/wp-content\/uploads\/2025\/11\/20250814-av-probejugendorchester-0193-174x174.jpg 174w, https:\/\/www.allegro-vivo.at\/wp-content\/uploads\/2025\/11\/20250814-av-probejugendorchester-0193-250x250.jpg 250w, https:\/\/www.allegro-vivo.at\/wp-content\/uploads\/2025\/11\/20250814-av-probejugendorchester-0193-300x300.jpg 300w, https:\/\/www.allegro-vivo.at\/wp-content\/uploads\/2025\/11\/20250814-av-probejugendorchester-0193-165x165.jpg 165w\" sizes=\"auto, (max-width: 350px) 100vw, 350px\" \/><\/a><\/div><div class='intense col-lg-9 col-xs-12 col-sm-9 col-md-9 '><script>jQuery(window).load(function() { jQuery('#heading-1990845099').fitText(1, { maxFontSize: \"20px\" }); });<\/script><h3 id=\"heading-1990845099\" class=\"intense heading\" style=\" font-size: 20px; line-height: normal; text-align: left; font-weight: 700; margin-top: 10px; text-transform: none; -webkit-font-smoothing: antialiased;\"><a href=\"https:\/\/www.allegro-vivo.at\/en\/events\/matineen-der-sommerakademie-26\/\">Matin\u00e9en der Sommerakademie<\/a><\/h3><script>jQuery(window).load(function() { jQuery('#heading-1008478755').fitText(1, { maxFontSize: \"17px\" }); });<\/script><h3 id=\"heading-1008478755\" class=\"intense heading\" style=\" font-size: 17px; line-height: normal; text-align: left; font-weight: 700; margin-top: 10px; text-transform: none; -webkit-font-smoothing: antialiased;\">Friday, 14. August 2026 at 11:00<\/h3><script>jQuery(window).load(function() { jQuery('#heading-385284602').fitText(1, { maxFontSize: \"17px\" }); });<\/script><h4 id=\"heading-385284602\" class=\"intense heading\" style=\" font-size: 17px; line-height: normal; text-align: left; font-weight: 400; margin-top: 10px; text-transform: none; -webkit-font-smoothing: antialiased;\">Horn, Kunsthaus - Wiener Stra\u00dfe 2<\/h4><script>jQuery(window).load(function() { jQuery('#heading-224111752').fitText(1, { maxFontSize: \"14px\" }); });<\/script><h4 id=\"heading-224111752\" class=\"intense heading\" style=\" font-size: 14px; line-height: normal; text-align: left; font-weight: 400; margin-top: 10px; text-transform: none; -webkit-font-smoothing: antialiased;\"><\/h4><\/div><br>\n<\/div><div  class='intense row ' style='padding-top: 30px; padding-bottom: 0; margin-top: 0; margin-bottom: 0; '><div class='intense col-lg-3 col-xs-12 col-sm-3 col-md-3 '><a href=\"https:\/\/www.allegro-vivo.at\/en\/events\/tonangebend\/\"><img loading=\"lazy\" decoding=\"async\" width=\"350\" height=\"350\" src=\"https:\/\/www.allegro-vivo.at\/wp-content\/uploads\/2025\/11\/20250822-av-geras-0197-e1762951830747-350x350.jpg\" class=\"eme_event_image\" alt=\"\" srcset=\"https:\/\/www.allegro-vivo.at\/wp-content\/uploads\/2025\/11\/20250822-av-geras-0197-e1762951830747-350x350.jpg 350w, https:\/\/www.allegro-vivo.at\/wp-content\/uploads\/2025\/11\/20250822-av-geras-0197-e1762951830747-500x500.jpg 500w, https:\/\/www.allegro-vivo.at\/wp-content\/uploads\/2025\/11\/20250822-av-geras-0197-e1762951830747-400x400.jpg 400w, https:\/\/www.allegro-vivo.at\/wp-content\/uploads\/2025\/11\/20250822-av-geras-0197-e1762951830747-73x73.jpg 73w, https:\/\/www.allegro-vivo.at\/wp-content\/uploads\/2025\/11\/20250822-av-geras-0197-e1762951830747-150x150.jpg 150w, https:\/\/www.allegro-vivo.at\/wp-content\/uploads\/2025\/11\/20250822-av-geras-0197-e1762951830747-174x174.jpg 174w, https:\/\/www.allegro-vivo.at\/wp-content\/uploads\/2025\/11\/20250822-av-geras-0197-e1762951830747-250x250.jpg 250w, https:\/\/www.allegro-vivo.at\/wp-content\/uploads\/2025\/11\/20250822-av-geras-0197-e1762951830747-300x300.jpg 300w, https:\/\/www.allegro-vivo.at\/wp-content\/uploads\/2025\/11\/20250822-av-geras-0197-e1762951830747-165x165.jpg 165w, https:\/\/www.allegro-vivo.at\/wp-content\/uploads\/2025\/11\/20250822-av-geras-0197-e1762951830747-600x600.jpg 600w\" sizes=\"auto, (max-width: 350px) 100vw, 350px\" \/><\/a><\/div><div class='intense col-lg-9 col-xs-12 col-sm-9 col-md-9 '><script>jQuery(window).load(function() { jQuery('#heading-1318703657').fitText(1, { maxFontSize: \"20px\" }); });<\/script><h3 id=\"heading-1318703657\" class=\"intense heading\" style=\" font-size: 20px; line-height: normal; text-align: left; font-weight: 700; margin-top: 10px; text-transform: none; -webkit-font-smoothing: antialiased;\"><a href=\"https:\/\/www.allegro-vivo.at\/en\/events\/tonangebend\/\">&quot;Tonangebend&quot;<\/a><\/h3><script>jQuery(window).load(function() { jQuery('#heading-1922703603').fitText(1, { maxFontSize: \"17px\" }); });<\/script><h3 id=\"heading-1922703603\" class=\"intense heading\" style=\" font-size: 17px; line-height: normal; text-align: left; font-weight: 700; margin-top: 10px; text-transform: none; -webkit-font-smoothing: antialiased;\">Friday, 14. August 2026 at 19:00<\/h3><script>jQuery(window).load(function() { jQuery('#heading-1035794585').fitText(1, { maxFontSize: \"17px\" }); });<\/script><h4 id=\"heading-1035794585\" class=\"intense heading\" style=\" font-size: 17px; line-height: normal; text-align: left; font-weight: 400; margin-top: 10px; text-transform: none; -webkit-font-smoothing: antialiased;\">Stift Geras, Marmorsaal - Hauptstra\u00dfe 1<\/h4><script>jQuery(window).load(function() { jQuery('#heading-650028283').fitText(1, { maxFontSize: \"14px\" }); });<\/script><h4 id=\"heading-650028283\" class=\"intense heading\" style=\" font-size: 14px; line-height: normal; text-align: left; font-weight: 400; margin-top: 10px; text-transform: none; -webkit-font-smoothing: antialiased;\">Konzert der Meisterkurse<\/h4><\/div><br>\n<\/div><div  class='intense row ' style='padding-top: 30px; padding-bottom: 0; margin-top: 0; margin-bottom: 0; '><div class='intense col-lg-3 col-xs-12 col-sm-3 col-md-3 '><a href=\"https:\/\/www.allegro-vivo.at\/en\/events\/classic-goes-balkan\/\"><img loading=\"lazy\" decoding=\"async\" width=\"350\" height=\"350\" src=\"https:\/\/www.allegro-vivo.at\/wp-content\/uploads\/2025\/11\/20250809-av-bartolomeybittmann-0240-350x350.jpg\" class=\"eme_event_image\" alt=\"\" srcset=\"https:\/\/www.allegro-vivo.at\/wp-content\/uploads\/2025\/11\/20250809-av-bartolomeybittmann-0240-350x350.jpg 350w, https:\/\/www.allegro-vivo.at\/wp-content\/uploads\/2025\/11\/20250809-av-bartolomeybittmann-0240-500x500.jpg 500w, https:\/\/www.allegro-vivo.at\/wp-content\/uploads\/2025\/11\/20250809-av-bartolomeybittmann-0240-400x400.jpg 400w, https:\/\/www.allegro-vivo.at\/wp-content\/uploads\/2025\/11\/20250809-av-bartolomeybittmann-0240-73x73.jpg 73w, https:\/\/www.allegro-vivo.at\/wp-content\/uploads\/2025\/11\/20250809-av-bartolomeybittmann-0240-150x150.jpg 150w, https:\/\/www.allegro-vivo.at\/wp-content\/uploads\/2025\/11\/20250809-av-bartolomeybittmann-0240-174x174.jpg 174w, https:\/\/www.allegro-vivo.at\/wp-content\/uploads\/2025\/11\/20250809-av-bartolomeybittmann-0240-250x250.jpg 250w, https:\/\/www.allegro-vivo.at\/wp-content\/uploads\/2025\/11\/20250809-av-bartolomeybittmann-0240-300x300.jpg 300w, https:\/\/www.allegro-vivo.at\/wp-content\/uploads\/2025\/11\/20250809-av-bartolomeybittmann-0240-165x165.jpg 165w\" sizes=\"auto, (max-width: 350px) 100vw, 350px\" \/><\/a><\/div><div class='intense col-lg-9 col-xs-12 col-sm-9 col-md-9 '><script>jQuery(window).load(function() { jQuery('#heading-92611968').fitText(1, { maxFontSize: \"20px\" }); });<\/script><h3 id=\"heading-92611968\" class=\"intense heading\" style=\" font-size: 20px; line-height: normal; text-align: left; font-weight: 700; margin-top: 10px; text-transform: none; -webkit-font-smoothing: antialiased;\"><a href=\"https:\/\/www.allegro-vivo.at\/en\/events\/classic-goes-balkan\/\">&quot;Classic goes Balkan&quot;<\/a><\/h3><script>jQuery(window).load(function() { jQuery('#heading-783617605').fitText(1, { maxFontSize: \"17px\" }); });<\/script><h3 id=\"heading-783617605\" class=\"intense heading\" style=\" font-size: 17px; line-height: normal; text-align: left; font-weight: 700; margin-top: 10px; text-transform: none; -webkit-font-smoothing: antialiased;\">Saturday, 15. August 2026 at 20:00<\/h3><script>jQuery(window).load(function() { jQuery('#heading-1935414470').fitText(1, { maxFontSize: \"17px\" }); });<\/script><h4 id=\"heading-1935414470\" class=\"intense heading\" style=\" font-size: 17px; line-height: normal; text-align: left; font-weight: 400; margin-top: 10px; text-transform: none; -webkit-font-smoothing: antialiased;\">Horn, Arkadenhof - Wiener Str. 2<\/h4><script>jQuery(window).load(function() { jQuery('#heading-626610517').fitText(1, { maxFontSize: \"14px\" }); });<\/script><h4 id=\"heading-626610517\" class=\"intense heading\" style=\" font-size: 14px; line-height: normal; text-align: left; font-weight: 400; margin-top: 10px; text-transform: none; -webkit-font-smoothing: antialiased;\"><\/h4><\/div><br>\n<\/div><div  class='intense row ' style='padding-top: 30px; padding-bottom: 0; margin-top: 0; margin-bottom: 0; '><div class='intense col-lg-3 col-xs-12 col-sm-3 col-md-3 '><a href=\"https:\/\/www.allegro-vivo.at\/en\/events\/paganini\/\"><img loading=\"lazy\" decoding=\"async\" width=\"350\" height=\"350\" src=\"https:\/\/www.allegro-vivo.at\/wp-content\/uploads\/2024\/11\/20230813-av-gars-thunau-0058-e1731577542628-350x350.jpg\" class=\"eme_event_image\" alt=\"\" srcset=\"https:\/\/www.allegro-vivo.at\/wp-content\/uploads\/2024\/11\/20230813-av-gars-thunau-0058-e1731577542628-350x350.jpg 350w, https:\/\/www.allegro-vivo.at\/wp-content\/uploads\/2024\/11\/20230813-av-gars-thunau-0058-e1731577542628-500x500.jpg 500w, https:\/\/www.allegro-vivo.at\/wp-content\/uploads\/2024\/11\/20230813-av-gars-thunau-0058-e1731577542628-400x400.jpg 400w, https:\/\/www.allegro-vivo.at\/wp-content\/uploads\/2024\/11\/20230813-av-gars-thunau-0058-e1731577542628-73x73.jpg 73w, https:\/\/www.allegro-vivo.at\/wp-content\/uploads\/2024\/11\/20230813-av-gars-thunau-0058-e1731577542628-150x150.jpg 150w, https:\/\/www.allegro-vivo.at\/wp-content\/uploads\/2024\/11\/20230813-av-gars-thunau-0058-e1731577542628-174x174.jpg 174w, https:\/\/www.allegro-vivo.at\/wp-content\/uploads\/2024\/11\/20230813-av-gars-thunau-0058-e1731577542628-250x250.jpg 250w, https:\/\/www.allegro-vivo.at\/wp-content\/uploads\/2024\/11\/20230813-av-gars-thunau-0058-e1731577542628-300x300.jpg 300w, https:\/\/www.allegro-vivo.at\/wp-content\/uploads\/2024\/11\/20230813-av-gars-thunau-0058-e1731577542628-165x165.jpg 165w\" sizes=\"auto, (max-width: 350px) 100vw, 350px\" \/><\/a><\/div><div class='intense col-lg-9 col-xs-12 col-sm-9 col-md-9 '><script>jQuery(window).load(function() { jQuery('#heading-138775438').fitText(1, { maxFontSize: \"20px\" }); });<\/script><h3 id=\"heading-138775438\" class=\"intense heading\" style=\" font-size: 20px; line-height: normal; text-align: left; font-weight: 700; margin-top: 10px; text-transform: none; -webkit-font-smoothing: antialiased;\"><a href=\"https:\/\/www.allegro-vivo.at\/en\/events\/paganini\/\">&quot;Paganini&quot;<\/a><\/h3><script>jQuery(window).load(function() { jQuery('#heading-971897889').fitText(1, { maxFontSize: \"17px\" }); });<\/script><h3 id=\"heading-971897889\" class=\"intense heading\" style=\" font-size: 17px; line-height: normal; text-align: left; font-weight: 700; margin-top: 10px; text-transform: none; -webkit-font-smoothing: antialiased;\">Sunday, 16. August 2026 at 16:00<\/h3><script>jQuery(window).load(function() { jQuery('#heading-1478919661').fitText(1, { maxFontSize: \"17px\" }); });<\/script><h4 id=\"heading-1478919661\" class=\"intense heading\" style=\" font-size: 17px; line-height: normal; text-align: left; font-weight: 400; margin-top: 10px; text-transform: none; -webkit-font-smoothing: antialiased;\">Gertrudskirche Gars am Kamp - Am Schlossberg<\/h4><script>jQuery(window).load(function() { jQuery('#heading-1799402855').fitText(1, { maxFontSize: \"14px\" }); });<\/script><h4 id=\"heading-1799402855\" class=\"intense heading\" style=\" font-size: 14px; line-height: normal; text-align: left; font-weight: 400; margin-top: 10px; text-transform: none; -webkit-font-smoothing: antialiased;\"><\/h4><\/div><br>\n<\/div><div  class='intense row ' style='padding-top: 30px; padding-bottom: 0; margin-top: 0; margin-bottom: 0; '><div class='intense col-lg-3 col-xs-12 col-sm-3 col-md-3 '><a href=\"https:\/\/www.allegro-vivo.at\/en\/events\/bella-ciao\/\"><img loading=\"lazy\" decoding=\"async\" width=\"350\" height=\"350\" src=\"https:\/\/www.allegro-vivo.at\/wp-content\/uploads\/2025\/11\/20220816-av-langenlois-0077-e1762947246678-350x350.jpg\" class=\"eme_event_image\" alt=\"\" srcset=\"https:\/\/www.allegro-vivo.at\/wp-content\/uploads\/2025\/11\/20220816-av-langenlois-0077-e1762947246678-350x350.jpg 350w, https:\/\/www.allegro-vivo.at\/wp-content\/uploads\/2025\/11\/20220816-av-langenlois-0077-e1762947246678-500x500.jpg 500w, https:\/\/www.allegro-vivo.at\/wp-content\/uploads\/2025\/11\/20220816-av-langenlois-0077-e1762947246678-400x400.jpg 400w, https:\/\/www.allegro-vivo.at\/wp-content\/uploads\/2025\/11\/20220816-av-langenlois-0077-e1762947246678-73x73.jpg 73w, https:\/\/www.allegro-vivo.at\/wp-content\/uploads\/2025\/11\/20220816-av-langenlois-0077-e1762947246678-150x150.jpg 150w, https:\/\/www.allegro-vivo.at\/wp-content\/uploads\/2025\/11\/20220816-av-langenlois-0077-e1762947246678-174x174.jpg 174w, https:\/\/www.allegro-vivo.at\/wp-content\/uploads\/2025\/11\/20220816-av-langenlois-0077-e1762947246678-250x250.jpg 250w, https:\/\/www.allegro-vivo.at\/wp-content\/uploads\/2025\/11\/20220816-av-langenlois-0077-e1762947246678-300x300.jpg 300w, https:\/\/www.allegro-vivo.at\/wp-content\/uploads\/2025\/11\/20220816-av-langenlois-0077-e1762947246678-165x165.jpg 165w, https:\/\/www.allegro-vivo.at\/wp-content\/uploads\/2025\/11\/20220816-av-langenlois-0077-e1762947246678-600x600.jpg 600w\" sizes=\"auto, (max-width: 350px) 100vw, 350px\" \/><\/a><\/div><div class='intense col-lg-9 col-xs-12 col-sm-9 col-md-9 '><script>jQuery(window).load(function() { jQuery('#heading-1304294772').fitText(1, { maxFontSize: \"20px\" }); });<\/script><h3 id=\"heading-1304294772\" class=\"intense heading\" style=\" font-size: 20px; line-height: normal; text-align: left; font-weight: 700; margin-top: 10px; text-transform: none; -webkit-font-smoothing: antialiased;\"><a href=\"https:\/\/www.allegro-vivo.at\/en\/events\/bella-ciao\/\">&quot;Bella ciao!&quot;<\/a><\/h3><script>jQuery(window).load(function() { jQuery('#heading-600273752').fitText(1, { maxFontSize: \"17px\" }); });<\/script><h3 id=\"heading-600273752\" class=\"intense heading\" style=\" font-size: 17px; line-height: normal; text-align: left; font-weight: 700; margin-top: 10px; text-transform: none; -webkit-font-smoothing: antialiased;\">Tuesday, 18. August 2026 at 19:00<\/h3><script>jQuery(window).load(function() { jQuery('#heading-2080996744').fitText(1, { maxFontSize: \"17px\" }); });<\/script><h4 id=\"heading-2080996744\" class=\"intense heading\" style=\" font-size: 17px; line-height: normal; text-align: left; font-weight: 400; margin-top: 10px; text-transform: none; -webkit-font-smoothing: antialiased;\">Loisium - Loisium Allee 1<\/h4><script>jQuery(window).load(function() { jQuery('#heading-2051396121').fitText(1, { maxFontSize: \"14px\" }); });<\/script><h4 id=\"heading-2051396121\" class=\"intense heading\" style=\" font-size: 14px; line-height: normal; text-align: left; font-weight: 400; margin-top: 10px; text-transform: none; -webkit-font-smoothing: antialiased;\">Strauss, Puccini, Lehar<\/h4><\/div><br>\n<\/div><div  class='intense row ' style='padding-top: 30px; padding-bottom: 0; margin-top: 0; margin-bottom: 0; '><div class='intense col-lg-3 col-xs-12 col-sm-3 col-md-3 '><a href=\"https:\/\/www.allegro-vivo.at\/en\/events\/open-space-7\/\"><img loading=\"lazy\" decoding=\"async\" width=\"350\" height=\"350\" src=\"https:\/\/www.allegro-vivo.at\/wp-content\/uploads\/2025\/11\/20250813-av-openspacepfarrgasse-0165-e1762947607576-350x350.jpg\" class=\"eme_event_image\" alt=\"\" srcset=\"https:\/\/www.allegro-vivo.at\/wp-content\/uploads\/2025\/11\/20250813-av-openspacepfarrgasse-0165-e1762947607576-350x350.jpg 350w, https:\/\/www.allegro-vivo.at\/wp-content\/uploads\/2025\/11\/20250813-av-openspacepfarrgasse-0165-e1762947607576-500x500.jpg 500w, https:\/\/www.allegro-vivo.at\/wp-content\/uploads\/2025\/11\/20250813-av-openspacepfarrgasse-0165-e1762947607576-400x400.jpg 400w, https:\/\/www.allegro-vivo.at\/wp-content\/uploads\/2025\/11\/20250813-av-openspacepfarrgasse-0165-e1762947607576-73x73.jpg 73w, https:\/\/www.allegro-vivo.at\/wp-content\/uploads\/2025\/11\/20250813-av-openspacepfarrgasse-0165-e1762947607576-150x150.jpg 150w, https:\/\/www.allegro-vivo.at\/wp-content\/uploads\/2025\/11\/20250813-av-openspacepfarrgasse-0165-e1762947607576-174x174.jpg 174w, https:\/\/www.allegro-vivo.at\/wp-content\/uploads\/2025\/11\/20250813-av-openspacepfarrgasse-0165-e1762947607576-250x250.jpg 250w, https:\/\/www.allegro-vivo.at\/wp-content\/uploads\/2025\/11\/20250813-av-openspacepfarrgasse-0165-e1762947607576-300x300.jpg 300w, https:\/\/www.allegro-vivo.at\/wp-content\/uploads\/2025\/11\/20250813-av-openspacepfarrgasse-0165-e1762947607576-165x165.jpg 165w, https:\/\/www.allegro-vivo.at\/wp-content\/uploads\/2025\/11\/20250813-av-openspacepfarrgasse-0165-e1762947607576-600x600.jpg 600w\" sizes=\"auto, (max-width: 350px) 100vw, 350px\" \/><\/a><\/div><div class='intense col-lg-9 col-xs-12 col-sm-9 col-md-9 '><script>jQuery(window).load(function() { jQuery('#heading-1690197429').fitText(1, { maxFontSize: \"20px\" }); });<\/script><h3 id=\"heading-1690197429\" class=\"intense heading\" style=\" font-size: 20px; line-height: normal; text-align: left; font-weight: 700; margin-top: 10px; text-transform: none; -webkit-font-smoothing: antialiased;\"><a href=\"https:\/\/www.allegro-vivo.at\/en\/events\/open-space-7\/\">&quot;Open Space&quot;<\/a><\/h3><script>jQuery(window).load(function() { jQuery('#heading-484087775').fitText(1, { maxFontSize: \"17px\" }); });<\/script><h3 id=\"heading-484087775\" class=\"intense heading\" style=\" font-size: 17px; line-height: normal; text-align: left; font-weight: 700; margin-top: 10px; text-transform: none; -webkit-font-smoothing: antialiased;\">Wednesday, 19. August 2026 at 10:30<\/h3><script>jQuery(window).load(function() { jQuery('#heading-2049481284').fitText(1, { maxFontSize: \"17px\" }); });<\/script><h4 id=\"heading-2049481284\" class=\"intense heading\" style=\" font-size: 17px; line-height: normal; text-align: left; font-weight: 400; margin-top: 10px; text-transform: none; -webkit-font-smoothing: antialiased;\">Horn, Pfarrgasse - Pfarrgasse 1<\/h4><script>jQuery(window).load(function() { jQuery('#heading-48050058').fitText(1, { maxFontSize: \"14px\" }); });<\/script><h4 id=\"heading-48050058\" class=\"intense heading\" style=\" font-size: 14px; line-height: normal; text-align: left; font-weight: 400; margin-top: 10px; text-transform: none; -webkit-font-smoothing: antialiased;\">Konzert der Meisterkurse<\/h4><\/div><br>\n<\/div><div  class='intense row ' style='padding-top: 30px; padding-bottom: 0; margin-top: 0; margin-bottom: 0; '><div class='intense col-lg-3 col-xs-12 col-sm-3 col-md-3 '><a href=\"https:\/\/www.allegro-vivo.at\/en\/events\/gestaltungskraft\/\"><img loading=\"lazy\" decoding=\"async\" width=\"350\" height=\"350\" src=\"https:\/\/www.allegro-vivo.at\/wp-content\/uploads\/2025\/11\/20250914-av-abschluss-altenburg-0145-350x350.jpg\" class=\"eme_event_image\" alt=\"\" srcset=\"https:\/\/www.allegro-vivo.at\/wp-content\/uploads\/2025\/11\/20250914-av-abschluss-altenburg-0145-350x350.jpg 350w, https:\/\/www.allegro-vivo.at\/wp-content\/uploads\/2025\/11\/20250914-av-abschluss-altenburg-0145-500x500.jpg 500w, https:\/\/www.allegro-vivo.at\/wp-content\/uploads\/2025\/11\/20250914-av-abschluss-altenburg-0145-400x400.jpg 400w, https:\/\/www.allegro-vivo.at\/wp-content\/uploads\/2025\/11\/20250914-av-abschluss-altenburg-0145-73x73.jpg 73w, https:\/\/www.allegro-vivo.at\/wp-content\/uploads\/2025\/11\/20250914-av-abschluss-altenburg-0145-150x150.jpg 150w, https:\/\/www.allegro-vivo.at\/wp-content\/uploads\/2025\/11\/20250914-av-abschluss-altenburg-0145-174x174.jpg 174w, https:\/\/www.allegro-vivo.at\/wp-content\/uploads\/2025\/11\/20250914-av-abschluss-altenburg-0145-250x250.jpg 250w, https:\/\/www.allegro-vivo.at\/wp-content\/uploads\/2025\/11\/20250914-av-abschluss-altenburg-0145-300x300.jpg 300w, https:\/\/www.allegro-vivo.at\/wp-content\/uploads\/2025\/11\/20250914-av-abschluss-altenburg-0145-165x165.jpg 165w\" sizes=\"auto, (max-width: 350px) 100vw, 350px\" \/><\/a><\/div><div class='intense col-lg-9 col-xs-12 col-sm-9 col-md-9 '><script>jQuery(window).load(function() { jQuery('#heading-695877143').fitText(1, { maxFontSize: \"20px\" }); });<\/script><h3 id=\"heading-695877143\" class=\"intense heading\" style=\" font-size: 20px; line-height: normal; text-align: left; font-weight: 700; margin-top: 10px; text-transform: none; -webkit-font-smoothing: antialiased;\"><a href=\"https:\/\/www.allegro-vivo.at\/en\/events\/gestaltungskraft\/\">&quot;B\u00fchnenmenschen&quot;<\/a><\/h3><script>jQuery(window).load(function() { jQuery('#heading-1867506674').fitText(1, { maxFontSize: \"17px\" }); });<\/script><h3 id=\"heading-1867506674\" class=\"intense heading\" style=\" font-size: 17px; line-height: normal; text-align: left; font-weight: 700; margin-top: 10px; text-transform: none; -webkit-font-smoothing: antialiased;\">Wednesday, 19. August 2026 at 19:00<\/h3><script>jQuery(window).load(function() { jQuery('#heading-1564928013').fitText(1, { maxFontSize: \"17px\" }); });<\/script><h4 id=\"heading-1564928013\" class=\"intense heading\" style=\" font-size: 17px; line-height: normal; text-align: left; font-weight: 400; margin-top: 10px; text-transform: none; -webkit-font-smoothing: antialiased;\">Stift Altenburg, Bibliothek - Abt-Placidus-Much-Stra\u00dfe 1<\/h4><script>jQuery(window).load(function() { jQuery('#heading-1680408142').fitText(1, { maxFontSize: \"14px\" }); });<\/script><h4 id=\"heading-1680408142\" class=\"intense heading\" style=\" font-size: 14px; line-height: normal; text-align: left; font-weight: 400; margin-top: 10px; text-transform: none; -webkit-font-smoothing: antialiased;\">Tartini,\u00a0Beethoven, Mahler, Geminiani, Peja\u010devi\u0107<\/h4><\/div><br>\n<\/div><div  class='intense row ' style='padding-top: 30px; padding-bottom: 0; margin-top: 0; margin-bottom: 0; '><div class='intense col-lg-3 col-xs-12 col-sm-3 col-md-3 '><a href=\"https:\/\/www.allegro-vivo.at\/en\/events\/con-anima\/\"><img loading=\"lazy\" decoding=\"async\" width=\"350\" height=\"350\" src=\"https:\/\/www.allegro-vivo.at\/wp-content\/uploads\/2024\/11\/20240815-av-waldreichs-0049-e1731578741110-350x350.jpg\" class=\"eme_event_image\" alt=\"Waldreichs SAK\" srcset=\"https:\/\/www.allegro-vivo.at\/wp-content\/uploads\/2024\/11\/20240815-av-waldreichs-0049-e1731578741110-350x350.jpg 350w, https:\/\/www.allegro-vivo.at\/wp-content\/uploads\/2024\/11\/20240815-av-waldreichs-0049-e1731578741110-500x500.jpg 500w, https:\/\/www.allegro-vivo.at\/wp-content\/uploads\/2024\/11\/20240815-av-waldreichs-0049-e1731578741110-400x400.jpg 400w, https:\/\/www.allegro-vivo.at\/wp-content\/uploads\/2024\/11\/20240815-av-waldreichs-0049-e1731578741110-73x73.jpg 73w, https:\/\/www.allegro-vivo.at\/wp-content\/uploads\/2024\/11\/20240815-av-waldreichs-0049-e1731578741110-150x150.jpg 150w, https:\/\/www.allegro-vivo.at\/wp-content\/uploads\/2024\/11\/20240815-av-waldreichs-0049-e1731578741110-174x174.jpg 174w, https:\/\/www.allegro-vivo.at\/wp-content\/uploads\/2024\/11\/20240815-av-waldreichs-0049-e1731578741110-250x250.jpg 250w, https:\/\/www.allegro-vivo.at\/wp-content\/uploads\/2024\/11\/20240815-av-waldreichs-0049-e1731578741110-300x300.jpg 300w, https:\/\/www.allegro-vivo.at\/wp-content\/uploads\/2024\/11\/20240815-av-waldreichs-0049-e1731578741110-165x165.jpg 165w\" sizes=\"auto, (max-width: 350px) 100vw, 350px\" \/><\/a><\/div><div class='intense col-lg-9 col-xs-12 col-sm-9 col-md-9 '><script>jQuery(window).load(function() { jQuery('#heading-1875515141').fitText(1, { maxFontSize: \"20px\" }); });<\/script><h3 id=\"heading-1875515141\" class=\"intense heading\" style=\" font-size: 20px; line-height: normal; text-align: left; font-weight: 700; margin-top: 10px; text-transform: none; -webkit-font-smoothing: antialiased;\"><a href=\"https:\/\/www.allegro-vivo.at\/en\/events\/con-anima\/\">&quot;Con anima&quot;<\/a><\/h3><script>jQuery(window).load(function() { jQuery('#heading-1845763925').fitText(1, { maxFontSize: \"17px\" }); });<\/script><h3 id=\"heading-1845763925\" class=\"intense heading\" style=\" font-size: 17px; line-height: normal; text-align: left; font-weight: 700; margin-top: 10px; text-transform: none; -webkit-font-smoothing: antialiased;\">Thursday, 20. August 2026 at 19:00<\/h3><script>jQuery(window).load(function() { jQuery('#heading-1026119503').fitText(1, { maxFontSize: \"17px\" }); });<\/script><h4 id=\"heading-1026119503\" class=\"intense heading\" style=\" font-size: 17px; line-height: normal; text-align: left; font-weight: 400; margin-top: 10px; text-transform: none; -webkit-font-smoothing: antialiased;\">Alte Kapelle, Schloss Waldreichs - Schloss Waldreichs 1<\/h4><script>jQuery(window).load(function() { jQuery('#heading-361459751').fitText(1, { maxFontSize: \"14px\" }); });<\/script><h4 id=\"heading-361459751\" class=\"intense heading\" style=\" font-size: 14px; line-height: normal; text-align: left; font-weight: 400; margin-top: 10px; text-transform: none; -webkit-font-smoothing: antialiased;\">Konzert der Meisterkurse<\/h4><\/div><br>\n<\/div><div  class='intense row ' style='padding-top: 30px; padding-bottom: 0; margin-top: 0; margin-bottom: 0; '><div class='intense col-lg-3 col-xs-12 col-sm-3 col-md-3 '><a href=\"https:\/\/www.allegro-vivo.at\/en\/events\/matineen-der-sommerakademie-27\/\"><img loading=\"lazy\" decoding=\"async\" width=\"350\" height=\"350\" src=\"https:\/\/www.allegro-vivo.at\/wp-content\/uploads\/2021\/02\/20140814-av-matinee-0002-e1612364594937-350x350.jpg\" class=\"eme_event_image\" alt=\"Matinee der Meisterkuser\" srcset=\"https:\/\/www.allegro-vivo.at\/wp-content\/uploads\/2021\/02\/20140814-av-matinee-0002-e1612364594937-350x350.jpg 350w, https:\/\/www.allegro-vivo.at\/wp-content\/uploads\/2021\/02\/20140814-av-matinee-0002-e1612364594937-500x500.jpg 500w, https:\/\/www.allegro-vivo.at\/wp-content\/uploads\/2021\/02\/20140814-av-matinee-0002-e1612364594937-400x400.jpg 400w, https:\/\/www.allegro-vivo.at\/wp-content\/uploads\/2021\/02\/20140814-av-matinee-0002-e1612364594937-73x73.jpg 73w, https:\/\/www.allegro-vivo.at\/wp-content\/uploads\/2021\/02\/20140814-av-matinee-0002-e1612364594937-150x150.jpg 150w, https:\/\/www.allegro-vivo.at\/wp-content\/uploads\/2021\/02\/20140814-av-matinee-0002-e1612364594937-174x174.jpg 174w, https:\/\/www.allegro-vivo.at\/wp-content\/uploads\/2021\/02\/20140814-av-matinee-0002-e1612364594937-250x250.jpg 250w, https:\/\/www.allegro-vivo.at\/wp-content\/uploads\/2021\/02\/20140814-av-matinee-0002-e1612364594937-300x300.jpg 300w, https:\/\/www.allegro-vivo.at\/wp-content\/uploads\/2021\/02\/20140814-av-matinee-0002-e1612364594937-165x165.jpg 165w\" sizes=\"auto, (max-width: 350px) 100vw, 350px\" \/><\/a><\/div><div class='intense col-lg-9 col-xs-12 col-sm-9 col-md-9 '><script>jQuery(window).load(function() { jQuery('#heading-1714717330').fitText(1, { maxFontSize: \"20px\" }); });<\/script><h3 id=\"heading-1714717330\" class=\"intense heading\" style=\" font-size: 20px; line-height: normal; text-align: left; font-weight: 700; margin-top: 10px; text-transform: none; -webkit-font-smoothing: antialiased;\"><a href=\"https:\/\/www.allegro-vivo.at\/en\/events\/matineen-der-sommerakademie-27\/\">Matin\u00e9en der Sommerakademie<\/a><\/h3><script>jQuery(window).load(function() { jQuery('#heading-1448879528').fitText(1, { maxFontSize: \"17px\" }); });<\/script><h3 id=\"heading-1448879528\" class=\"intense heading\" style=\" font-size: 17px; line-height: normal; text-align: left; font-weight: 700; margin-top: 10px; text-transform: none; -webkit-font-smoothing: antialiased;\">Friday, 21. August 2026 at 11:00<\/h3><script>jQuery(window).load(function() { jQuery('#heading-1391492465').fitText(1, { maxFontSize: \"17px\" }); });<\/script><h4 id=\"heading-1391492465\" class=\"intense heading\" style=\" font-size: 17px; line-height: normal; text-align: left; font-weight: 400; margin-top: 10px; text-transform: none; -webkit-font-smoothing: antialiased;\">Horn, Kunsthaus - Wiener Stra\u00dfe 2<\/h4><script>jQuery(window).load(function() { jQuery('#heading-1900467996').fitText(1, { maxFontSize: \"14px\" }); });<\/script><h4 id=\"heading-1900467996\" class=\"intense heading\" style=\" font-size: 14px; line-height: normal; text-align: left; font-weight: 400; margin-top: 10px; text-transform: none; -webkit-font-smoothing: antialiased;\"><\/h4><\/div><br>\n<\/div><div  class='intense row ' style='padding-top: 30px; padding-bottom: 0; margin-top: 0; margin-bottom: 0; '><div class='intense col-lg-3 col-xs-12 col-sm-3 col-md-3 '><a href=\"https:\/\/www.allegro-vivo.at\/en\/events\/ausstrahlung\/\"><img loading=\"lazy\" decoding=\"async\" width=\"350\" height=\"350\" src=\"https:\/\/www.allegro-vivo.at\/wp-content\/uploads\/2025\/11\/20250815-av-altpoella-0360-e1762946345461-350x350.jpg\" class=\"eme_event_image\" alt=\"\" srcset=\"https:\/\/www.allegro-vivo.at\/wp-content\/uploads\/2025\/11\/20250815-av-altpoella-0360-e1762946345461-350x350.jpg 350w, https:\/\/www.allegro-vivo.at\/wp-content\/uploads\/2025\/11\/20250815-av-altpoella-0360-e1762946345461-500x500.jpg 500w, https:\/\/www.allegro-vivo.at\/wp-content\/uploads\/2025\/11\/20250815-av-altpoella-0360-e1762946345461-400x400.jpg 400w, https:\/\/www.allegro-vivo.at\/wp-content\/uploads\/2025\/11\/20250815-av-altpoella-0360-e1762946345461-73x73.jpg 73w, https:\/\/www.allegro-vivo.at\/wp-content\/uploads\/2025\/11\/20250815-av-altpoella-0360-e1762946345461-150x150.jpg 150w, https:\/\/www.allegro-vivo.at\/wp-content\/uploads\/2025\/11\/20250815-av-altpoella-0360-e1762946345461-174x174.jpg 174w, https:\/\/www.allegro-vivo.at\/wp-content\/uploads\/2025\/11\/20250815-av-altpoella-0360-e1762946345461-250x250.jpg 250w, https:\/\/www.allegro-vivo.at\/wp-content\/uploads\/2025\/11\/20250815-av-altpoella-0360-e1762946345461-300x300.jpg 300w, https:\/\/www.allegro-vivo.at\/wp-content\/uploads\/2025\/11\/20250815-av-altpoella-0360-e1762946345461-165x165.jpg 165w, https:\/\/www.allegro-vivo.at\/wp-content\/uploads\/2025\/11\/20250815-av-altpoella-0360-e1762946345461-600x600.jpg 600w\" sizes=\"auto, (max-width: 350px) 100vw, 350px\" \/><\/a><\/div><div class='intense col-lg-9 col-xs-12 col-sm-9 col-md-9 '><script>jQuery(window).load(function() { jQuery('#heading-241316175').fitText(1, { maxFontSize: \"20px\" }); });<\/script><h3 id=\"heading-241316175\" class=\"intense heading\" style=\" font-size: 20px; line-height: normal; text-align: left; font-weight: 700; margin-top: 10px; text-transform: none; -webkit-font-smoothing: antialiased;\"><a href=\"https:\/\/www.allegro-vivo.at\/en\/events\/ausstrahlung\/\">&quot;Ausstrahlung&quot;<\/a><\/h3><script>jQuery(window).load(function() { jQuery('#heading-486480178').fitText(1, { maxFontSize: \"17px\" }); });<\/script><h3 id=\"heading-486480178\" class=\"intense heading\" style=\" font-size: 17px; line-height: normal; text-align: left; font-weight: 700; margin-top: 10px; text-transform: none; -webkit-font-smoothing: antialiased;\">Friday, 21. August 2026 at 19:00<\/h3><script>jQuery(window).load(function() { jQuery('#heading-3328059').fitText(1, { maxFontSize: \"17px\" }); });<\/script><h4 id=\"heading-3328059\" class=\"intense heading\" style=\" font-size: 17px; line-height: normal; text-align: left; font-weight: 400; margin-top: 10px; text-transform: none; -webkit-font-smoothing: antialiased;\">Altp\u00f6lla - Altp\u00f6lla Nr. 1, Pfarrkirche<\/h4><script>jQuery(window).load(function() { jQuery('#heading-1898693681').fitText(1, { maxFontSize: \"14px\" }); });<\/script><h4 id=\"heading-1898693681\" class=\"intense heading\" style=\" font-size: 14px; line-height: normal; text-align: left; font-weight: 400; margin-top: 10px; text-transform: none; -webkit-font-smoothing: antialiased;\">Konzert der Meisterkurse<\/h4><\/div><br>\n<\/div><div  class='intense row ' style='padding-top: 30px; padding-bottom: 0; margin-top: 0; margin-bottom: 0; '><div class='intense col-lg-3 col-xs-12 col-sm-3 col-md-3 '><a href=\"https:\/\/www.allegro-vivo.at\/en\/events\/abschlusskonzert-der-kinderkurse-1-woche\/\"><img loading=\"lazy\" decoding=\"async\" width=\"350\" height=\"350\" src=\"https:\/\/www.allegro-vivo.at\/wp-content\/uploads\/2025\/12\/20250823-av-abschluss-kinder-jungedkurse-0091-350x350.jpg\" class=\"eme_event_image\" alt=\"\" srcset=\"https:\/\/www.allegro-vivo.at\/wp-content\/uploads\/2025\/12\/20250823-av-abschluss-kinder-jungedkurse-0091-350x350.jpg 350w, https:\/\/www.allegro-vivo.at\/wp-content\/uploads\/2025\/12\/20250823-av-abschluss-kinder-jungedkurse-0091-500x500.jpg 500w, https:\/\/www.allegro-vivo.at\/wp-content\/uploads\/2025\/12\/20250823-av-abschluss-kinder-jungedkurse-0091-400x400.jpg 400w, https:\/\/www.allegro-vivo.at\/wp-content\/uploads\/2025\/12\/20250823-av-abschluss-kinder-jungedkurse-0091-73x73.jpg 73w, https:\/\/www.allegro-vivo.at\/wp-content\/uploads\/2025\/12\/20250823-av-abschluss-kinder-jungedkurse-0091-150x150.jpg 150w, https:\/\/www.allegro-vivo.at\/wp-content\/uploads\/2025\/12\/20250823-av-abschluss-kinder-jungedkurse-0091-174x174.jpg 174w, https:\/\/www.allegro-vivo.at\/wp-content\/uploads\/2025\/12\/20250823-av-abschluss-kinder-jungedkurse-0091-250x250.jpg 250w, https:\/\/www.allegro-vivo.at\/wp-content\/uploads\/2025\/12\/20250823-av-abschluss-kinder-jungedkurse-0091-300x300.jpg 300w, https:\/\/www.allegro-vivo.at\/wp-content\/uploads\/2025\/12\/20250823-av-abschluss-kinder-jungedkurse-0091-165x165.jpg 165w\" sizes=\"auto, (max-width: 350px) 100vw, 350px\" \/><\/a><\/div><div class='intense col-lg-9 col-xs-12 col-sm-9 col-md-9 '><script>jQuery(window).load(function() { jQuery('#heading-1640486055').fitText(1, { maxFontSize: \"20px\" }); });<\/script><h3 id=\"heading-1640486055\" class=\"intense heading\" style=\" font-size: 20px; line-height: normal; text-align: left; font-weight: 700; margin-top: 10px; text-transform: none; -webkit-font-smoothing: antialiased;\"><a href=\"https:\/\/www.allegro-vivo.at\/en\/events\/abschlusskonzert-der-kinderkurse-1-woche\/\">Abschlusskonzert der Kinderkurse 1. Woche<\/a><\/h3><script>jQuery(window).load(function() { jQuery('#heading-746715606').fitText(1, { maxFontSize: \"17px\" }); });<\/script><h3 id=\"heading-746715606\" class=\"intense heading\" style=\" font-size: 17px; line-height: normal; text-align: left; font-weight: 700; margin-top: 10px; text-transform: none; -webkit-font-smoothing: antialiased;\">Saturday, 22. August 2026 at 10:30<\/h3><script>jQuery(window).load(function() { jQuery('#heading-1970351121').fitText(1, { maxFontSize: \"17px\" }); });<\/script><h4 id=\"heading-1970351121\" class=\"intense heading\" style=\" font-size: 17px; line-height: normal; text-align: left; font-weight: 400; margin-top: 10px; text-transform: none; -webkit-font-smoothing: antialiased;\">Campus Horn, Weitblick - Canisiusgasse 1<\/h4><script>jQuery(window).load(function() { jQuery('#heading-1324618912').fitText(1, { maxFontSize: \"14px\" }); });<\/script><h4 id=\"heading-1324618912\" class=\"intense heading\" style=\" font-size: 14px; line-height: normal; text-align: left; font-weight: 400; margin-top: 10px; text-transform: none; -webkit-font-smoothing: antialiased;\"><\/h4><\/div><br>\n<\/div><div  class='intense row ' style='padding-top: 30px; padding-bottom: 0; margin-top: 0; margin-bottom: 0; '><div class='intense col-lg-3 col-xs-12 col-sm-3 col-md-3 '><a href=\"https:\/\/www.allegro-vivo.at\/en\/events\/galakonzert-3\/\"><img loading=\"lazy\" decoding=\"async\" width=\"350\" height=\"350\" src=\"https:\/\/www.allegro-vivo.at\/wp-content\/uploads\/2025\/11\/20230819-av-galakonzert-0122-350x350.jpg\" class=\"eme_event_image\" alt=\"\" srcset=\"https:\/\/www.allegro-vivo.at\/wp-content\/uploads\/2025\/11\/20230819-av-galakonzert-0122-350x350.jpg 350w, https:\/\/www.allegro-vivo.at\/wp-content\/uploads\/2025\/11\/20230819-av-galakonzert-0122-500x500.jpg 500w, https:\/\/www.allegro-vivo.at\/wp-content\/uploads\/2025\/11\/20230819-av-galakonzert-0122-400x400.jpg 400w, https:\/\/www.allegro-vivo.at\/wp-content\/uploads\/2025\/11\/20230819-av-galakonzert-0122-73x73.jpg 73w, https:\/\/www.allegro-vivo.at\/wp-content\/uploads\/2025\/11\/20230819-av-galakonzert-0122-150x150.jpg 150w, https:\/\/www.allegro-vivo.at\/wp-content\/uploads\/2025\/11\/20230819-av-galakonzert-0122-174x174.jpg 174w, https:\/\/www.allegro-vivo.at\/wp-content\/uploads\/2025\/11\/20230819-av-galakonzert-0122-250x250.jpg 250w, https:\/\/www.allegro-vivo.at\/wp-content\/uploads\/2025\/11\/20230819-av-galakonzert-0122-300x300.jpg 300w, https:\/\/www.allegro-vivo.at\/wp-content\/uploads\/2025\/11\/20230819-av-galakonzert-0122-165x165.jpg 165w\" sizes=\"auto, (max-width: 350px) 100vw, 350px\" \/><\/a><\/div><div class='intense col-lg-9 col-xs-12 col-sm-9 col-md-9 '><script>jQuery(window).load(function() { jQuery('#heading-227970818').fitText(1, { maxFontSize: \"20px\" }); });<\/script><h3 id=\"heading-227970818\" class=\"intense heading\" style=\" font-size: 20px; line-height: normal; text-align: left; font-weight: 700; margin-top: 10px; text-transform: none; -webkit-font-smoothing: antialiased;\"><a href=\"https:\/\/www.allegro-vivo.at\/en\/events\/galakonzert-3\/\">Galakonzert &quot;La Notte Italiana\u201c<\/a><\/h3><script>jQuery(window).load(function() { jQuery('#heading-282281823').fitText(1, { maxFontSize: \"17px\" }); });<\/script><h3 id=\"heading-282281823\" class=\"intense heading\" style=\" font-size: 17px; line-height: normal; text-align: left; font-weight: 700; margin-top: 10px; text-transform: none; -webkit-font-smoothing: antialiased;\">Saturday, 22. August 2026 at 20:00<\/h3><script>jQuery(window).load(function() { jQuery('#heading-1827119285').fitText(1, { maxFontSize: \"17px\" }); });<\/script><h4 id=\"heading-1827119285\" class=\"intense heading\" style=\" font-size: 17px; line-height: normal; text-align: left; font-weight: 400; margin-top: 10px; text-transform: none; -webkit-font-smoothing: antialiased;\">Horn, Arkadenhof - Wiener Str. 2<\/h4><script>jQuery(window).load(function() { jQuery('#heading-564260898').fitText(1, { maxFontSize: \"14px\" }); });<\/script><h4 id=\"heading-564260898\" class=\"intense heading\" style=\" font-size: 14px; line-height: normal; text-align: left; font-weight: 400; margin-top: 10px; text-transform: none; -webkit-font-smoothing: antialiased;\">Rossini, Paganini, Mascagni, Pugnani-Kreisler, Rota, Puccini, Genin, Veracini, Verdi, Strauss<\/h4><\/div><br>\n<\/div><div  class='intense row ' style='padding-top: 30px; padding-bottom: 0; margin-top: 0; margin-bottom: 0; '><div class='intense col-lg-3 col-xs-12 col-sm-3 col-md-3 '><a href=\"https:\/\/www.allegro-vivo.at\/en\/events\/on-stage-ausstellungseroeffnung\/\"><img loading=\"lazy\" decoding=\"async\" width=\"350\" height=\"350\" src=\"https:\/\/www.allegro-vivo.at\/wp-content\/uploads\/2025\/11\/20250817-av-kv-vernissagetemperamenti-0014-e1765281034555-350x350.jpg\" class=\"eme_event_image\" alt=\"\" srcset=\"https:\/\/www.allegro-vivo.at\/wp-content\/uploads\/2025\/11\/20250817-av-kv-vernissagetemperamenti-0014-e1765281034555-350x350.jpg 350w, https:\/\/www.allegro-vivo.at\/wp-content\/uploads\/2025\/11\/20250817-av-kv-vernissagetemperamenti-0014-e1765281034555-500x500.jpg 500w, https:\/\/www.allegro-vivo.at\/wp-content\/uploads\/2025\/11\/20250817-av-kv-vernissagetemperamenti-0014-e1765281034555-400x400.jpg 400w, https:\/\/www.allegro-vivo.at\/wp-content\/uploads\/2025\/11\/20250817-av-kv-vernissagetemperamenti-0014-e1765281034555-73x73.jpg 73w, https:\/\/www.allegro-vivo.at\/wp-content\/uploads\/2025\/11\/20250817-av-kv-vernissagetemperamenti-0014-e1765281034555-150x150.jpg 150w, https:\/\/www.allegro-vivo.at\/wp-content\/uploads\/2025\/11\/20250817-av-kv-vernissagetemperamenti-0014-e1765281034555-174x174.jpg 174w, https:\/\/www.allegro-vivo.at\/wp-content\/uploads\/2025\/11\/20250817-av-kv-vernissagetemperamenti-0014-e1765281034555-250x250.jpg 250w, https:\/\/www.allegro-vivo.at\/wp-content\/uploads\/2025\/11\/20250817-av-kv-vernissagetemperamenti-0014-e1765281034555-300x300.jpg 300w, https:\/\/www.allegro-vivo.at\/wp-content\/uploads\/2025\/11\/20250817-av-kv-vernissagetemperamenti-0014-e1765281034555-165x165.jpg 165w, https:\/\/www.allegro-vivo.at\/wp-content\/uploads\/2025\/11\/20250817-av-kv-vernissagetemperamenti-0014-e1765281034555-600x600.jpg 600w\" sizes=\"auto, (max-width: 350px) 100vw, 350px\" \/><\/a><\/div><div class='intense col-lg-9 col-xs-12 col-sm-9 col-md-9 '><script>jQuery(window).load(function() { jQuery('#heading-166939696').fitText(1, { maxFontSize: \"20px\" }); });<\/script><h3 id=\"heading-166939696\" class=\"intense heading\" style=\" font-size: 20px; line-height: normal; text-align: left; font-weight: 700; margin-top: 10px; text-transform: none; -webkit-font-smoothing: antialiased;\"><a href=\"https:\/\/www.allegro-vivo.at\/en\/events\/on-stage-ausstellungseroeffnung\/\">&quot;On Stage&quot; Ausstellungser\u00f6ffnung<\/a><\/h3><script>jQuery(window).load(function() { jQuery('#heading-850415367').fitText(1, { maxFontSize: \"17px\" }); });<\/script><h3 id=\"heading-850415367\" class=\"intense heading\" style=\" font-size: 17px; line-height: normal; text-align: left; font-weight: 700; margin-top: 10px; text-transform: none; -webkit-font-smoothing: antialiased;\">Sunday, 23. August 2026 at 11:00<\/h3><script>jQuery(window).load(function() { jQuery('#heading-1774735383').fitText(1, { maxFontSize: \"17px\" }); });<\/script><h4 id=\"heading-1774735383\" class=\"intense heading\" style=\" font-size: 17px; line-height: normal; text-align: left; font-weight: 400; margin-top: 10px; text-transform: none; -webkit-font-smoothing: antialiased;\">Horn, Kunsthaus - Wiener Stra\u00dfe 2<\/h4><script>jQuery(window).load(function() { jQuery('#heading-2034120547').fitText(1, { maxFontSize: \"14px\" }); });<\/script><h4 id=\"heading-2034120547\" class=\"intense heading\" style=\" font-size: 14px; line-height: normal; text-align: left; font-weight: 400; margin-top: 10px; text-transform: none; -webkit-font-smoothing: antialiased;\"><\/h4><\/div><br>\n<\/div><div  class='intense row ' style='padding-top: 30px; padding-bottom: 0; margin-top: 0; margin-bottom: 0; '><div class='intense col-lg-3 col-xs-12 col-sm-3 col-md-3 '><a href=\"https:\/\/www.allegro-vivo.at\/en\/events\/buehne-frei-familiennachmittag\/\"><img loading=\"lazy\" decoding=\"async\" width=\"350\" height=\"350\" src=\"https:\/\/www.allegro-vivo.at\/wp-content\/uploads\/2025\/11\/20250817-av-familiennachmittag-0352-1-e1762951666579-350x350.jpg\" class=\"eme_event_image\" alt=\"\" srcset=\"https:\/\/www.allegro-vivo.at\/wp-content\/uploads\/2025\/11\/20250817-av-familiennachmittag-0352-1-e1762951666579-350x350.jpg 350w, https:\/\/www.allegro-vivo.at\/wp-content\/uploads\/2025\/11\/20250817-av-familiennachmittag-0352-1-e1762951666579-500x500.jpg 500w, https:\/\/www.allegro-vivo.at\/wp-content\/uploads\/2025\/11\/20250817-av-familiennachmittag-0352-1-e1762951666579-400x400.jpg 400w, https:\/\/www.allegro-vivo.at\/wp-content\/uploads\/2025\/11\/20250817-av-familiennachmittag-0352-1-e1762951666579-73x73.jpg 73w, https:\/\/www.allegro-vivo.at\/wp-content\/uploads\/2025\/11\/20250817-av-familiennachmittag-0352-1-e1762951666579-150x150.jpg 150w, https:\/\/www.allegro-vivo.at\/wp-content\/uploads\/2025\/11\/20250817-av-familiennachmittag-0352-1-e1762951666579-174x174.jpg 174w, https:\/\/www.allegro-vivo.at\/wp-content\/uploads\/2025\/11\/20250817-av-familiennachmittag-0352-1-e1762951666579-250x250.jpg 250w, https:\/\/www.allegro-vivo.at\/wp-content\/uploads\/2025\/11\/20250817-av-familiennachmittag-0352-1-e1762951666579-300x300.jpg 300w, https:\/\/www.allegro-vivo.at\/wp-content\/uploads\/2025\/11\/20250817-av-familiennachmittag-0352-1-e1762951666579-165x165.jpg 165w, https:\/\/www.allegro-vivo.at\/wp-content\/uploads\/2025\/11\/20250817-av-familiennachmittag-0352-1-e1762951666579-600x600.jpg 600w\" sizes=\"auto, (max-width: 350px) 100vw, 350px\" \/><\/a><\/div><div class='intense col-lg-9 col-xs-12 col-sm-9 col-md-9 '><script>jQuery(window).load(function() { jQuery('#heading-585804580').fitText(1, { maxFontSize: \"20px\" }); });<\/script><h3 id=\"heading-585804580\" class=\"intense heading\" style=\" font-size: 20px; line-height: normal; text-align: left; font-weight: 700; margin-top: 10px; text-transform: none; -webkit-font-smoothing: antialiased;\"><a href=\"https:\/\/www.allegro-vivo.at\/en\/events\/buehne-frei-familiennachmittag\/\">&quot;B\u00fchne frei!&quot; Familiennachmittag<\/a><\/h3><script>jQuery(window).load(function() { jQuery('#heading-572639228').fitText(1, { maxFontSize: \"17px\" }); });<\/script><h3 id=\"heading-572639228\" class=\"intense heading\" style=\" font-size: 17px; line-height: normal; text-align: left; font-weight: 700; margin-top: 10px; text-transform: none; -webkit-font-smoothing: antialiased;\">Sunday, 23. August 2026 at 16:00<\/h3><script>jQuery(window).load(function() { jQuery('#heading-2127732161').fitText(1, { maxFontSize: \"17px\" }); });<\/script><h4 id=\"heading-2127732161\" class=\"intense heading\" style=\" font-size: 17px; line-height: normal; text-align: left; font-weight: 400; margin-top: 10px; text-transform: none; -webkit-font-smoothing: antialiased;\">Horn, Arkadenhof - Wiener Str. 2<\/h4><script>jQuery(window).load(function() { jQuery('#heading-1464563841').fitText(1, { maxFontSize: \"14px\" }); });<\/script><h4 id=\"heading-1464563841\" class=\"intense heading\" style=\" font-size: 14px; line-height: normal; text-align: left; font-weight: 400; margin-top: 10px; text-transform: none; -webkit-font-smoothing: antialiased;\">Konzert der Kinder- und Jugendkurse<\/h4><\/div><br>\n<\/div><div  class='intense row ' style='padding-top: 30px; padding-bottom: 0; margin-top: 0; margin-bottom: 0; '><div class='intense col-lg-3 col-xs-12 col-sm-3 col-md-3 '><a href=\"https:\/\/www.allegro-vivo.at\/en\/events\/moonlight-serenade-6\/\"><img loading=\"lazy\" decoding=\"async\" width=\"350\" height=\"350\" src=\"https:\/\/www.allegro-vivo.at\/wp-content\/uploads\/2025\/11\/20250819-av-moonlightserenade-0169-350x350.jpg\" class=\"eme_event_image\" alt=\"\" srcset=\"https:\/\/www.allegro-vivo.at\/wp-content\/uploads\/2025\/11\/20250819-av-moonlightserenade-0169-350x350.jpg 350w, https:\/\/www.allegro-vivo.at\/wp-content\/uploads\/2025\/11\/20250819-av-moonlightserenade-0169-500x500.jpg 500w, https:\/\/www.allegro-vivo.at\/wp-content\/uploads\/2025\/11\/20250819-av-moonlightserenade-0169-400x400.jpg 400w, https:\/\/www.allegro-vivo.at\/wp-content\/uploads\/2025\/11\/20250819-av-moonlightserenade-0169-73x73.jpg 73w, https:\/\/www.allegro-vivo.at\/wp-content\/uploads\/2025\/11\/20250819-av-moonlightserenade-0169-150x150.jpg 150w, https:\/\/www.allegro-vivo.at\/wp-content\/uploads\/2025\/11\/20250819-av-moonlightserenade-0169-174x174.jpg 174w, https:\/\/www.allegro-vivo.at\/wp-content\/uploads\/2025\/11\/20250819-av-moonlightserenade-0169-250x250.jpg 250w, https:\/\/www.allegro-vivo.at\/wp-content\/uploads\/2025\/11\/20250819-av-moonlightserenade-0169-300x300.jpg 300w, https:\/\/www.allegro-vivo.at\/wp-content\/uploads\/2025\/11\/20250819-av-moonlightserenade-0169-165x165.jpg 165w\" sizes=\"auto, (max-width: 350px) 100vw, 350px\" \/><\/a><\/div><div class='intense col-lg-9 col-xs-12 col-sm-9 col-md-9 '><script>jQuery(window).load(function() { jQuery('#heading-1023843262').fitText(1, { maxFontSize: \"20px\" }); });<\/script><h3 id=\"heading-1023843262\" class=\"intense heading\" style=\" font-size: 20px; line-height: normal; text-align: left; font-weight: 700; margin-top: 10px; text-transform: none; -webkit-font-smoothing: antialiased;\"><a href=\"https:\/\/www.allegro-vivo.at\/en\/events\/moonlight-serenade-6\/\">&quot;Moonlight Serenade&quot;<\/a><\/h3><script>jQuery(window).load(function() { jQuery('#heading-1178275400').fitText(1, { maxFontSize: \"17px\" }); });<\/script><h3 id=\"heading-1178275400\" class=\"intense heading\" style=\" font-size: 17px; line-height: normal; text-align: left; font-weight: 700; margin-top: 10px; text-transform: none; -webkit-font-smoothing: antialiased;\">Tuesday, 25. August 2026 at 21:00<\/h3><script>jQuery(window).load(function() { jQuery('#heading-138620769').fitText(1, { maxFontSize: \"17px\" }); });<\/script><h4 id=\"heading-138620769\" class=\"intense heading\" style=\" font-size: 17px; line-height: normal; text-align: left; font-weight: 400; margin-top: 10px; text-transform: none; -webkit-font-smoothing: antialiased;\">Horn, Stadtsee - Ferdinand Kurz Gasse<\/h4><script>jQuery(window).load(function() { jQuery('#heading-1922167355').fitText(1, { maxFontSize: \"14px\" }); });<\/script><h4 id=\"heading-1922167355\" class=\"intense heading\" style=\" font-size: 14px; line-height: normal; text-align: left; font-weight: 400; margin-top: 10px; text-transform: none; -webkit-font-smoothing: antialiased;\">Konzert der Meisterkurse<\/h4><\/div><br>\n<\/div><div  class='intense row ' style='padding-top: 30px; padding-bottom: 0; margin-top: 0; margin-bottom: 0; '><div class='intense col-lg-3 col-xs-12 col-sm-3 col-md-3 '><a href=\"https:\/\/www.allegro-vivo.at\/en\/events\/auserlesenes-4\/\"><img loading=\"lazy\" decoding=\"async\" width=\"350\" height=\"350\" src=\"https:\/\/www.allegro-vivo.at\/wp-content\/uploads\/2019\/10\/20210901-av-mithumor-0258-e1731918352633-350x350.jpg\" class=\"eme_event_image\" alt=\"\" srcset=\"https:\/\/www.allegro-vivo.at\/wp-content\/uploads\/2019\/10\/20210901-av-mithumor-0258-e1731918352633-350x350.jpg 350w, https:\/\/www.allegro-vivo.at\/wp-content\/uploads\/2019\/10\/20210901-av-mithumor-0258-e1731918352633-500x500.jpg 500w, https:\/\/www.allegro-vivo.at\/wp-content\/uploads\/2019\/10\/20210901-av-mithumor-0258-e1731918352633-400x400.jpg 400w, https:\/\/www.allegro-vivo.at\/wp-content\/uploads\/2019\/10\/20210901-av-mithumor-0258-e1731918352633-73x73.jpg 73w, https:\/\/www.allegro-vivo.at\/wp-content\/uploads\/2019\/10\/20210901-av-mithumor-0258-e1731918352633-150x150.jpg 150w, https:\/\/www.allegro-vivo.at\/wp-content\/uploads\/2019\/10\/20210901-av-mithumor-0258-e1731918352633-174x174.jpg 174w, https:\/\/www.allegro-vivo.at\/wp-content\/uploads\/2019\/10\/20210901-av-mithumor-0258-e1731918352633-250x250.jpg 250w, https:\/\/www.allegro-vivo.at\/wp-content\/uploads\/2019\/10\/20210901-av-mithumor-0258-e1731918352633-300x300.jpg 300w, https:\/\/www.allegro-vivo.at\/wp-content\/uploads\/2019\/10\/20210901-av-mithumor-0258-e1731918352633-165x165.jpg 165w\" sizes=\"auto, (max-width: 350px) 100vw, 350px\" \/><\/a><\/div><div class='intense col-lg-9 col-xs-12 col-sm-9 col-md-9 '><script>jQuery(window).load(function() { jQuery('#heading-944304484').fitText(1, { maxFontSize: \"20px\" }); });<\/script><h3 id=\"heading-944304484\" class=\"intense heading\" style=\" font-size: 20px; line-height: normal; text-align: left; font-weight: 700; margin-top: 10px; text-transform: none; -webkit-font-smoothing: antialiased;\"><a href=\"https:\/\/www.allegro-vivo.at\/en\/events\/auserlesenes-4\/\">&quot;Il tramonto&quot;<\/a><\/h3><script>jQuery(window).load(function() { jQuery('#heading-375951823').fitText(1, { maxFontSize: \"17px\" }); });<\/script><h3 id=\"heading-375951823\" class=\"intense heading\" style=\" font-size: 17px; line-height: normal; text-align: left; font-weight: 700; margin-top: 10px; text-transform: none; -webkit-font-smoothing: antialiased;\">Wednesday, 26. August 2026 at 19:00<\/h3><script>jQuery(window).load(function() { jQuery('#heading-38155720').fitText(1, { maxFontSize: \"17px\" }); });<\/script><h4 id=\"heading-38155720\" class=\"intense heading\" style=\" font-size: 17px; line-height: normal; text-align: left; font-weight: 400; margin-top: 10px; text-transform: none; -webkit-font-smoothing: antialiased;\">Stift Altenburg, Bibliothek - Abt-Placidus-Much-Stra\u00dfe 1<\/h4><script>jQuery(window).load(function() { jQuery('#heading-183215914').fitText(1, { maxFontSize: \"14px\" }); });<\/script><h4 id=\"heading-183215914\" class=\"intense heading\" style=\" font-size: 14px; line-height: normal; text-align: left; font-weight: 400; margin-top: 10px; text-transform: none; -webkit-font-smoothing: antialiased;\">Brahms, Respighi<\/h4><\/div><br>\n<\/div><div  class='intense row ' style='padding-top: 30px; padding-bottom: 0; margin-top: 0; margin-bottom: 0; '><div class='intense col-lg-3 col-xs-12 col-sm-3 col-md-3 '><a href=\"https:\/\/www.allegro-vivo.at\/en\/events\/fuereinander\/\"><img loading=\"lazy\" decoding=\"async\" width=\"350\" height=\"350\" src=\"https:\/\/www.allegro-vivo.at\/wp-content\/uploads\/2024\/11\/20230824-av-zwettl-0053-350x350.jpg\" class=\"eme_event_image\" alt=\"\" srcset=\"https:\/\/www.allegro-vivo.at\/wp-content\/uploads\/2024\/11\/20230824-av-zwettl-0053-350x350.jpg 350w, https:\/\/www.allegro-vivo.at\/wp-content\/uploads\/2024\/11\/20230824-av-zwettl-0053-500x500.jpg 500w, https:\/\/www.allegro-vivo.at\/wp-content\/uploads\/2024\/11\/20230824-av-zwettl-0053-400x400.jpg 400w, https:\/\/www.allegro-vivo.at\/wp-content\/uploads\/2024\/11\/20230824-av-zwettl-0053-73x73.jpg 73w, https:\/\/www.allegro-vivo.at\/wp-content\/uploads\/2024\/11\/20230824-av-zwettl-0053-150x150.jpg 150w, https:\/\/www.allegro-vivo.at\/wp-content\/uploads\/2024\/11\/20230824-av-zwettl-0053-174x174.jpg 174w, https:\/\/www.allegro-vivo.at\/wp-content\/uploads\/2024\/11\/20230824-av-zwettl-0053-250x250.jpg 250w, https:\/\/www.allegro-vivo.at\/wp-content\/uploads\/2024\/11\/20230824-av-zwettl-0053-300x300.jpg 300w, https:\/\/www.allegro-vivo.at\/wp-content\/uploads\/2024\/11\/20230824-av-zwettl-0053-165x165.jpg 165w\" sizes=\"auto, (max-width: 350px) 100vw, 350px\" \/><\/a><\/div><div class='intense col-lg-9 col-xs-12 col-sm-9 col-md-9 '><script>jQuery(window).load(function() { jQuery('#heading-398361676').fitText(1, { maxFontSize: \"20px\" }); });<\/script><h3 id=\"heading-398361676\" class=\"intense heading\" style=\" font-size: 20px; line-height: normal; text-align: left; font-weight: 700; margin-top: 10px; text-transform: none; -webkit-font-smoothing: antialiased;\"><a href=\"https:\/\/www.allegro-vivo.at\/en\/events\/fuereinander\/\">&quot;F\u00fcreinander&quot;<\/a><\/h3><script>jQuery(window).load(function() { jQuery('#heading-537057672').fitText(1, { maxFontSize: \"17px\" }); });<\/script><h3 id=\"heading-537057672\" class=\"intense heading\" style=\" font-size: 17px; line-height: normal; text-align: left; font-weight: 700; margin-top: 10px; text-transform: none; -webkit-font-smoothing: antialiased;\">Thursday, 27. August 2026 at 19:00<\/h3><script>jQuery(window).load(function() { jQuery('#heading-722590289').fitText(1, { maxFontSize: \"17px\" }); });<\/script><h4 id=\"heading-722590289\" class=\"intense heading\" style=\" font-size: 17px; line-height: normal; text-align: left; font-weight: 400; margin-top: 10px; text-transform: none; -webkit-font-smoothing: antialiased;\">Stift Zwettl - Stift Zwettl 1<\/h4><script>jQuery(window).load(function() { jQuery('#heading-989562255').fitText(1, { maxFontSize: \"14px\" }); });<\/script><h4 id=\"heading-989562255\" class=\"intense heading\" style=\" font-size: 14px; line-height: normal; text-align: left; font-weight: 400; margin-top: 10px; text-transform: none; -webkit-font-smoothing: antialiased;\">Konzert der Meisterkurse<\/h4><\/div><br>\n<\/div><div  class='intense row ' style='padding-top: 30px; padding-bottom: 0; margin-top: 0; margin-bottom: 0; '><div class='intense col-lg-3 col-xs-12 col-sm-3 col-md-3 '><a href=\"https:\/\/www.allegro-vivo.at\/en\/events\/klangkulisse-2\/\"><img loading=\"lazy\" decoding=\"async\" width=\"350\" height=\"350\" src=\"https:\/\/www.allegro-vivo.at\/wp-content\/uploads\/2025\/11\/20250823-av-abschluss-kinder-jungedkurse-0135-350x350.jpg\" class=\"eme_event_image\" alt=\"\" srcset=\"https:\/\/www.allegro-vivo.at\/wp-content\/uploads\/2025\/11\/20250823-av-abschluss-kinder-jungedkurse-0135-350x350.jpg 350w, https:\/\/www.allegro-vivo.at\/wp-content\/uploads\/2025\/11\/20250823-av-abschluss-kinder-jungedkurse-0135-500x500.jpg 500w, https:\/\/www.allegro-vivo.at\/wp-content\/uploads\/2025\/11\/20250823-av-abschluss-kinder-jungedkurse-0135-400x400.jpg 400w, https:\/\/www.allegro-vivo.at\/wp-content\/uploads\/2025\/11\/20250823-av-abschluss-kinder-jungedkurse-0135-73x73.jpg 73w, https:\/\/www.allegro-vivo.at\/wp-content\/uploads\/2025\/11\/20250823-av-abschluss-kinder-jungedkurse-0135-150x150.jpg 150w, https:\/\/www.allegro-vivo.at\/wp-content\/uploads\/2025\/11\/20250823-av-abschluss-kinder-jungedkurse-0135-174x174.jpg 174w, https:\/\/www.allegro-vivo.at\/wp-content\/uploads\/2025\/11\/20250823-av-abschluss-kinder-jungedkurse-0135-250x250.jpg 250w, https:\/\/www.allegro-vivo.at\/wp-content\/uploads\/2025\/11\/20250823-av-abschluss-kinder-jungedkurse-0135-300x300.jpg 300w, https:\/\/www.allegro-vivo.at\/wp-content\/uploads\/2025\/11\/20250823-av-abschluss-kinder-jungedkurse-0135-165x165.jpg 165w\" sizes=\"auto, (max-width: 350px) 100vw, 350px\" \/><\/a><\/div><div class='intense col-lg-9 col-xs-12 col-sm-9 col-md-9 '><script>jQuery(window).load(function() { jQuery('#heading-870319906').fitText(1, { maxFontSize: \"20px\" }); });<\/script><h3 id=\"heading-870319906\" class=\"intense heading\" style=\" font-size: 20px; line-height: normal; text-align: left; font-weight: 700; margin-top: 10px; text-transform: none; -webkit-font-smoothing: antialiased;\"><a href=\"https:\/\/www.allegro-vivo.at\/en\/events\/klangkulisse-2\/\">&quot;Klangkulisse&quot;<\/a><\/h3><script>jQuery(window).load(function() { jQuery('#heading-157100781').fitText(1, { maxFontSize: \"17px\" }); });<\/script><h3 id=\"heading-157100781\" class=\"intense heading\" style=\" font-size: 17px; line-height: normal; text-align: left; font-weight: 700; margin-top: 10px; text-transform: none; -webkit-font-smoothing: antialiased;\">Thursday, 27. August 2026 at 19:00<\/h3><script>jQuery(window).load(function() { jQuery('#heading-1305984143').fitText(1, { maxFontSize: \"17px\" }); });<\/script><h4 id=\"heading-1305984143\" class=\"intense heading\" style=\" font-size: 17px; line-height: normal; text-align: left; font-weight: 400; margin-top: 10px; text-transform: none; -webkit-font-smoothing: antialiased;\">Campus Horn, Kulisse - Canisiusgasse 1<\/h4><script>jQuery(window).load(function() { jQuery('#heading-990327182').fitText(1, { maxFontSize: \"14px\" }); });<\/script><h4 id=\"heading-990327182\" class=\"intense heading\" style=\" font-size: 14px; line-height: normal; text-align: left; font-weight: 400; margin-top: 10px; text-transform: none; -webkit-font-smoothing: antialiased;\">Konzert der Kinder- und Jugendkurse<\/h4><\/div><br>\n<\/div><div  class='intense row ' style='padding-top: 30px; padding-bottom: 0; margin-top: 0; margin-bottom: 0; '><div class='intense col-lg-3 col-xs-12 col-sm-3 col-md-3 '><a href=\"https:\/\/www.allegro-vivo.at\/en\/events\/da-capo\/\"><img loading=\"lazy\" decoding=\"async\" width=\"350\" height=\"350\" src=\"https:\/\/www.allegro-vivo.at\/wp-content\/uploads\/2025\/11\/20250823-av-abschluss-kinder-jungedkurse-0095-350x350.jpg\" class=\"eme_event_image\" alt=\"\" srcset=\"https:\/\/www.allegro-vivo.at\/wp-content\/uploads\/2025\/11\/20250823-av-abschluss-kinder-jungedkurse-0095-350x350.jpg 350w, https:\/\/www.allegro-vivo.at\/wp-content\/uploads\/2025\/11\/20250823-av-abschluss-kinder-jungedkurse-0095-500x500.jpg 500w, https:\/\/www.allegro-vivo.at\/wp-content\/uploads\/2025\/11\/20250823-av-abschluss-kinder-jungedkurse-0095-400x400.jpg 400w, https:\/\/www.allegro-vivo.at\/wp-content\/uploads\/2025\/11\/20250823-av-abschluss-kinder-jungedkurse-0095-73x73.jpg 73w, https:\/\/www.allegro-vivo.at\/wp-content\/uploads\/2025\/11\/20250823-av-abschluss-kinder-jungedkurse-0095-150x150.jpg 150w, https:\/\/www.allegro-vivo.at\/wp-content\/uploads\/2025\/11\/20250823-av-abschluss-kinder-jungedkurse-0095-174x174.jpg 174w, https:\/\/www.allegro-vivo.at\/wp-content\/uploads\/2025\/11\/20250823-av-abschluss-kinder-jungedkurse-0095-250x250.jpg 250w, https:\/\/www.allegro-vivo.at\/wp-content\/uploads\/2025\/11\/20250823-av-abschluss-kinder-jungedkurse-0095-300x300.jpg 300w, https:\/\/www.allegro-vivo.at\/wp-content\/uploads\/2025\/11\/20250823-av-abschluss-kinder-jungedkurse-0095-165x165.jpg 165w\" sizes=\"auto, (max-width: 350px) 100vw, 350px\" \/><\/a><\/div><div class='intense col-lg-9 col-xs-12 col-sm-9 col-md-9 '><script>jQuery(window).load(function() { jQuery('#heading-1668486167').fitText(1, { maxFontSize: \"20px\" }); });<\/script><h3 id=\"heading-1668486167\" class=\"intense heading\" style=\" font-size: 20px; line-height: normal; text-align: left; font-weight: 700; margin-top: 10px; text-transform: none; -webkit-font-smoothing: antialiased;\"><a href=\"https:\/\/www.allegro-vivo.at\/en\/events\/da-capo\/\">&quot;Da capo&quot;<\/a><\/h3><script>jQuery(window).load(function() { jQuery('#heading-924799691').fitText(1, { maxFontSize: \"17px\" }); });<\/script><h3 id=\"heading-924799691\" class=\"intense heading\" style=\" font-size: 17px; line-height: normal; text-align: left; font-weight: 700; margin-top: 10px; text-transform: none; -webkit-font-smoothing: antialiased;\">Friday, 28. August 2026 at 10:30<\/h3><script>jQuery(window).load(function() { jQuery('#heading-1788176789').fitText(1, { maxFontSize: \"17px\" }); });<\/script><h4 id=\"heading-1788176789\" class=\"intense heading\" style=\" font-size: 17px; line-height: normal; text-align: left; font-weight: 400; margin-top: 10px; text-transform: none; -webkit-font-smoothing: antialiased;\">Campus Horn, Weitblick - Canisiusgasse 1<\/h4><script>jQuery(window).load(function() { jQuery('#heading-2102737700').fitText(1, { maxFontSize: \"14px\" }); });<\/script><h4 id=\"heading-2102737700\" class=\"intense heading\" style=\" font-size: 14px; line-height: normal; text-align: left; font-weight: 400; margin-top: 10px; text-transform: none; -webkit-font-smoothing: antialiased;\">Konzert der Kinder- und Jugendkurse<\/h4><\/div><br>\n<\/div><div  class='intense row ' style='padding-top: 30px; padding-bottom: 0; margin-top: 0; margin-bottom: 0; '><div class='intense col-lg-3 col-xs-12 col-sm-3 col-md-3 '><a href=\"https:\/\/www.allegro-vivo.at\/en\/events\/matineen-der-sommerakademie-28\/\"><img loading=\"lazy\" decoding=\"async\" width=\"350\" height=\"350\" src=\"https:\/\/www.allegro-vivo.at\/wp-content\/uploads\/2025\/11\/20250814-av-probejugendorchester-0127-350x350.jpg\" class=\"eme_event_image\" alt=\"\" srcset=\"https:\/\/www.allegro-vivo.at\/wp-content\/uploads\/2025\/11\/20250814-av-probejugendorchester-0127-350x350.jpg 350w, https:\/\/www.allegro-vivo.at\/wp-content\/uploads\/2025\/11\/20250814-av-probejugendorchester-0127-500x500.jpg 500w, https:\/\/www.allegro-vivo.at\/wp-content\/uploads\/2025\/11\/20250814-av-probejugendorchester-0127-400x400.jpg 400w, https:\/\/www.allegro-vivo.at\/wp-content\/uploads\/2025\/11\/20250814-av-probejugendorchester-0127-73x73.jpg 73w, https:\/\/www.allegro-vivo.at\/wp-content\/uploads\/2025\/11\/20250814-av-probejugendorchester-0127-150x150.jpg 150w, https:\/\/www.allegro-vivo.at\/wp-content\/uploads\/2025\/11\/20250814-av-probejugendorchester-0127-174x174.jpg 174w, https:\/\/www.allegro-vivo.at\/wp-content\/uploads\/2025\/11\/20250814-av-probejugendorchester-0127-250x250.jpg 250w, https:\/\/www.allegro-vivo.at\/wp-content\/uploads\/2025\/11\/20250814-av-probejugendorchester-0127-300x300.jpg 300w, https:\/\/www.allegro-vivo.at\/wp-content\/uploads\/2025\/11\/20250814-av-probejugendorchester-0127-165x165.jpg 165w\" sizes=\"auto, (max-width: 350px) 100vw, 350px\" \/><\/a><\/div><div class='intense col-lg-9 col-xs-12 col-sm-9 col-md-9 '><script>jQuery(window).load(function() { jQuery('#heading-1209699058').fitText(1, { maxFontSize: \"20px\" }); });<\/script><h3 id=\"heading-1209699058\" class=\"intense heading\" style=\" font-size: 20px; line-height: normal; text-align: left; font-weight: 700; margin-top: 10px; text-transform: none; -webkit-font-smoothing: antialiased;\"><a href=\"https:\/\/www.allegro-vivo.at\/en\/events\/matineen-der-sommerakademie-28\/\">Matin\u00e9en der Sommerakademie<\/a><\/h3><script>jQuery(window).load(function() { jQuery('#heading-396106969').fitText(1, { maxFontSize: \"17px\" }); });<\/script><h3 id=\"heading-396106969\" class=\"intense heading\" style=\" font-size: 17px; line-height: normal; text-align: left; font-weight: 700; margin-top: 10px; text-transform: none; -webkit-font-smoothing: antialiased;\">Friday, 28. August 2026 at 11:00<\/h3><script>jQuery(window).load(function() { jQuery('#heading-27108213').fitText(1, { maxFontSize: \"17px\" }); });<\/script><h4 id=\"heading-27108213\" class=\"intense heading\" style=\" font-size: 17px; line-height: normal; text-align: left; font-weight: 400; margin-top: 10px; text-transform: none; -webkit-font-smoothing: antialiased;\">Horn, Kunsthaus - Wiener Stra\u00dfe 2<\/h4><script>jQuery(window).load(function() { jQuery('#heading-89060257').fitText(1, { maxFontSize: \"14px\" }); });<\/script><h4 id=\"heading-89060257\" class=\"intense heading\" style=\" font-size: 14px; line-height: normal; text-align: left; font-weight: 400; margin-top: 10px; text-transform: none; -webkit-font-smoothing: antialiased;\"><\/h4><\/div><br>\n<\/div><div  class='intense row ' style='padding-top: 30px; padding-bottom: 0; margin-top: 0; margin-bottom: 0; '><div class='intense col-lg-3 col-xs-12 col-sm-3 col-md-3 '><a href=\"https:\/\/www.allegro-vivo.at\/en\/events\/himmlisch\/\"><img loading=\"lazy\" decoding=\"async\" width=\"350\" height=\"350\" src=\"https:\/\/www.allegro-vivo.at\/wp-content\/uploads\/2025\/11\/20250822-av-mariadreieichen-0321-e1763020372568-350x350.jpg\" class=\"eme_event_image\" alt=\"\" srcset=\"https:\/\/www.allegro-vivo.at\/wp-content\/uploads\/2025\/11\/20250822-av-mariadreieichen-0321-e1763020372568-350x350.jpg 350w, https:\/\/www.allegro-vivo.at\/wp-content\/uploads\/2025\/11\/20250822-av-mariadreieichen-0321-e1763020372568-500x500.jpg 500w, https:\/\/www.allegro-vivo.at\/wp-content\/uploads\/2025\/11\/20250822-av-mariadreieichen-0321-e1763020372568-400x400.jpg 400w, https:\/\/www.allegro-vivo.at\/wp-content\/uploads\/2025\/11\/20250822-av-mariadreieichen-0321-e1763020372568-73x73.jpg 73w, https:\/\/www.allegro-vivo.at\/wp-content\/uploads\/2025\/11\/20250822-av-mariadreieichen-0321-e1763020372568-150x150.jpg 150w, https:\/\/www.allegro-vivo.at\/wp-content\/uploads\/2025\/11\/20250822-av-mariadreieichen-0321-e1763020372568-174x174.jpg 174w, https:\/\/www.allegro-vivo.at\/wp-content\/uploads\/2025\/11\/20250822-av-mariadreieichen-0321-e1763020372568-250x250.jpg 250w, https:\/\/www.allegro-vivo.at\/wp-content\/uploads\/2025\/11\/20250822-av-mariadreieichen-0321-e1763020372568-300x300.jpg 300w, https:\/\/www.allegro-vivo.at\/wp-content\/uploads\/2025\/11\/20250822-av-mariadreieichen-0321-e1763020372568-165x165.jpg 165w, https:\/\/www.allegro-vivo.at\/wp-content\/uploads\/2025\/11\/20250822-av-mariadreieichen-0321-e1763020372568-600x600.jpg 600w\" sizes=\"auto, (max-width: 350px) 100vw, 350px\" \/><\/a><\/div><div class='intense col-lg-9 col-xs-12 col-sm-9 col-md-9 '><script>jQuery(window).load(function() { jQuery('#heading-805291122').fitText(1, { maxFontSize: \"20px\" }); });<\/script><h3 id=\"heading-805291122\" class=\"intense heading\" style=\" font-size: 20px; line-height: normal; text-align: left; font-weight: 700; margin-top: 10px; text-transform: none; -webkit-font-smoothing: antialiased;\"><a href=\"https:\/\/www.allegro-vivo.at\/en\/events\/himmlisch\/\">&quot;Himmlisch&quot;<\/a><\/h3><script>jQuery(window).load(function() { jQuery('#heading-460719728').fitText(1, { maxFontSize: \"17px\" }); });<\/script><h3 id=\"heading-460719728\" class=\"intense heading\" style=\" font-size: 17px; line-height: normal; text-align: left; font-weight: 700; margin-top: 10px; text-transform: none; -webkit-font-smoothing: antialiased;\">Friday, 28. August 2026 at 16:00<\/h3><script>jQuery(window).load(function() { jQuery('#heading-1745575778').fitText(1, { maxFontSize: \"17px\" }); });<\/script><h4 id=\"heading-1745575778\" class=\"intense heading\" style=\" font-size: 17px; line-height: normal; text-align: left; font-weight: 400; margin-top: 10px; text-transform: none; -webkit-font-smoothing: antialiased;\">Basilika Maria Dreieichen - Maria Dreieichen 79<\/h4><script>jQuery(window).load(function() { jQuery('#heading-2047736718').fitText(1, { maxFontSize: \"14px\" }); });<\/script><h4 id=\"heading-2047736718\" class=\"intense heading\" style=\" font-size: 14px; line-height: normal; text-align: left; font-weight: 400; margin-top: 10px; text-transform: none; -webkit-font-smoothing: antialiased;\">Konzert der Kinder- und Jugendkurse<\/h4><\/div><br>\n<\/div><div  class='intense row ' style='padding-top: 30px; padding-bottom: 0; margin-top: 0; margin-bottom: 0; '><div class='intense col-lg-3 col-xs-12 col-sm-3 col-md-3 '><a href=\"https:\/\/www.allegro-vivo.at\/en\/events\/im-flow\/\"><img loading=\"lazy\" decoding=\"async\" width=\"350\" height=\"350\" src=\"https:\/\/www.allegro-vivo.at\/wp-content\/uploads\/2024\/11\/20240809-av-schlossgreillenstein-0015-e1731576688725-350x350.jpg\" class=\"eme_event_image\" alt=\"Allegro Vivo 2024: Greillenstein c Schewig Fotodesign\" srcset=\"https:\/\/www.allegro-vivo.at\/wp-content\/uploads\/2024\/11\/20240809-av-schlossgreillenstein-0015-e1731576688725-350x350.jpg 350w, https:\/\/www.allegro-vivo.at\/wp-content\/uploads\/2024\/11\/20240809-av-schlossgreillenstein-0015-e1731576688725-500x500.jpg 500w, https:\/\/www.allegro-vivo.at\/wp-content\/uploads\/2024\/11\/20240809-av-schlossgreillenstein-0015-e1731576688725-400x400.jpg 400w, https:\/\/www.allegro-vivo.at\/wp-content\/uploads\/2024\/11\/20240809-av-schlossgreillenstein-0015-e1731576688725-73x73.jpg 73w, https:\/\/www.allegro-vivo.at\/wp-content\/uploads\/2024\/11\/20240809-av-schlossgreillenstein-0015-e1731576688725-150x150.jpg 150w, https:\/\/www.allegro-vivo.at\/wp-content\/uploads\/2024\/11\/20240809-av-schlossgreillenstein-0015-e1731576688725-174x174.jpg 174w, https:\/\/www.allegro-vivo.at\/wp-content\/uploads\/2024\/11\/20240809-av-schlossgreillenstein-0015-e1731576688725-250x250.jpg 250w, https:\/\/www.allegro-vivo.at\/wp-content\/uploads\/2024\/11\/20240809-av-schlossgreillenstein-0015-e1731576688725-300x300.jpg 300w, https:\/\/www.allegro-vivo.at\/wp-content\/uploads\/2024\/11\/20240809-av-schlossgreillenstein-0015-e1731576688725-165x165.jpg 165w\" sizes=\"auto, (max-width: 350px) 100vw, 350px\" \/><\/a><\/div><div class='intense col-lg-9 col-xs-12 col-sm-9 col-md-9 '><script>jQuery(window).load(function() { jQuery('#heading-1996686557').fitText(1, { maxFontSize: \"20px\" }); });<\/script><h3 id=\"heading-1996686557\" class=\"intense heading\" style=\" font-size: 20px; line-height: normal; text-align: left; font-weight: 700; margin-top: 10px; text-transform: none; -webkit-font-smoothing: antialiased;\"><a href=\"https:\/\/www.allegro-vivo.at\/en\/events\/im-flow\/\">&quot;Im Flow&quot;<\/a><\/h3><script>jQuery(window).load(function() { jQuery('#heading-1812910323').fitText(1, { maxFontSize: \"17px\" }); });<\/script><h3 id=\"heading-1812910323\" class=\"intense heading\" style=\" font-size: 17px; line-height: normal; text-align: left; font-weight: 700; margin-top: 10px; text-transform: none; -webkit-font-smoothing: antialiased;\">Friday, 28. August 2026 at 19:00<\/h3><script>jQuery(window).load(function() { jQuery('#heading-1373261467').fitText(1, { maxFontSize: \"17px\" }); });<\/script><h4 id=\"heading-1373261467\" class=\"intense heading\" style=\" font-size: 17px; line-height: normal; text-align: left; font-weight: 400; margin-top: 10px; text-transform: none; -webkit-font-smoothing: antialiased;\">Schloss Greillenstein - Greillenstein 1<\/h4><script>jQuery(window).load(function() { jQuery('#heading-1863266334').fitText(1, { maxFontSize: \"14px\" }); });<\/script><h4 id=\"heading-1863266334\" class=\"intense heading\" style=\" font-size: 14px; line-height: normal; text-align: left; font-weight: 400; margin-top: 10px; text-transform: none; -webkit-font-smoothing: antialiased;\">Konzert der Meisterkurse<\/h4><\/div><br>\n<\/div><div  class='intense row ' style='padding-top: 30px; padding-bottom: 0; margin-top: 0; margin-bottom: 0; '><div class='intense col-lg-3 col-xs-12 col-sm-3 col-md-3 '><a href=\"https:\/\/www.allegro-vivo.at\/en\/events\/visionen\/\"><img loading=\"lazy\" decoding=\"async\" width=\"350\" height=\"350\" src=\"https:\/\/www.allegro-vivo.at\/wp-content\/uploads\/2025\/11\/20250823-av-abschluss-kinder-jungedkurse-0308-350x350.jpg\" class=\"eme_event_image\" alt=\"\" srcset=\"https:\/\/www.allegro-vivo.at\/wp-content\/uploads\/2025\/11\/20250823-av-abschluss-kinder-jungedkurse-0308-350x350.jpg 350w, https:\/\/www.allegro-vivo.at\/wp-content\/uploads\/2025\/11\/20250823-av-abschluss-kinder-jungedkurse-0308-500x500.jpg 500w, https:\/\/www.allegro-vivo.at\/wp-content\/uploads\/2025\/11\/20250823-av-abschluss-kinder-jungedkurse-0308-400x400.jpg 400w, https:\/\/www.allegro-vivo.at\/wp-content\/uploads\/2025\/11\/20250823-av-abschluss-kinder-jungedkurse-0308-73x73.jpg 73w, https:\/\/www.allegro-vivo.at\/wp-content\/uploads\/2025\/11\/20250823-av-abschluss-kinder-jungedkurse-0308-150x150.jpg 150w, https:\/\/www.allegro-vivo.at\/wp-content\/uploads\/2025\/11\/20250823-av-abschluss-kinder-jungedkurse-0308-174x174.jpg 174w, https:\/\/www.allegro-vivo.at\/wp-content\/uploads\/2025\/11\/20250823-av-abschluss-kinder-jungedkurse-0308-250x250.jpg 250w, https:\/\/www.allegro-vivo.at\/wp-content\/uploads\/2025\/11\/20250823-av-abschluss-kinder-jungedkurse-0308-300x300.jpg 300w, https:\/\/www.allegro-vivo.at\/wp-content\/uploads\/2025\/11\/20250823-av-abschluss-kinder-jungedkurse-0308-165x165.jpg 165w\" sizes=\"auto, (max-width: 350px) 100vw, 350px\" \/><\/a><\/div><div class='intense col-lg-9 col-xs-12 col-sm-9 col-md-9 '><script>jQuery(window).load(function() { jQuery('#heading-374871815').fitText(1, { maxFontSize: \"20px\" }); });<\/script><h3 id=\"heading-374871815\" class=\"intense heading\" style=\" font-size: 20px; line-height: normal; text-align: left; font-weight: 700; margin-top: 10px; text-transform: none; -webkit-font-smoothing: antialiased;\"><a href=\"https:\/\/www.allegro-vivo.at\/en\/events\/visionen\/\">&quot;Visionen&quot;<\/a><\/h3><script>jQuery(window).load(function() { jQuery('#heading-66371633').fitText(1, { maxFontSize: \"17px\" }); });<\/script><h3 id=\"heading-66371633\" class=\"intense heading\" style=\" font-size: 17px; line-height: normal; text-align: left; font-weight: 700; margin-top: 10px; text-transform: none; -webkit-font-smoothing: antialiased;\">Saturday, 29. August 2026 at 10:30<\/h3><script>jQuery(window).load(function() { jQuery('#heading-1582207639').fitText(1, { maxFontSize: \"17px\" }); });<\/script><h4 id=\"heading-1582207639\" class=\"intense heading\" style=\" font-size: 17px; line-height: normal; text-align: left; font-weight: 400; margin-top: 10px; text-transform: none; -webkit-font-smoothing: antialiased;\">Campus Horn, Weitblick - Canisiusgasse 1<\/h4><script>jQuery(window).load(function() { jQuery('#heading-567714230').fitText(1, { maxFontSize: \"14px\" }); });<\/script><h4 id=\"heading-567714230\" class=\"intense heading\" style=\" font-size: 14px; line-height: normal; text-align: left; font-weight: 400; margin-top: 10px; text-transform: none; -webkit-font-smoothing: antialiased;\">Abschlussmatin\u00e9e der Kinder- und Jugendkurse<\/h4><\/div><br>\n<\/div><div  class='intense row ' style='padding-top: 30px; padding-bottom: 0; margin-top: 0; margin-bottom: 0; '><div class='intense col-lg-3 col-xs-12 col-sm-3 col-md-3 '><a href=\"https:\/\/www.allegro-vivo.at\/en\/events\/hymnusandensueden\/\"><img loading=\"lazy\" decoding=\"async\" width=\"350\" height=\"350\" src=\"https:\/\/www.allegro-vivo.at\/wp-content\/uploads\/2020\/06\/Header-Pianisten-wenn-sonst-kein-Foto-350x350.jpg\" class=\"eme_event_image\" alt=\"\" srcset=\"https:\/\/www.allegro-vivo.at\/wp-content\/uploads\/2020\/06\/Header-Pianisten-wenn-sonst-kein-Foto-350x350.jpg 350w, https:\/\/www.allegro-vivo.at\/wp-content\/uploads\/2020\/06\/Header-Pianisten-wenn-sonst-kein-Foto-300x300.jpg 300w, https:\/\/www.allegro-vivo.at\/wp-content\/uploads\/2020\/06\/Header-Pianisten-wenn-sonst-kein-Foto-165x165.jpg 165w, https:\/\/www.allegro-vivo.at\/wp-content\/uploads\/2020\/06\/Header-Pianisten-wenn-sonst-kein-Foto-500x500.jpg 500w, https:\/\/www.allegro-vivo.at\/wp-content\/uploads\/2020\/06\/Header-Pianisten-wenn-sonst-kein-Foto-400x400.jpg 400w, https:\/\/www.allegro-vivo.at\/wp-content\/uploads\/2020\/06\/Header-Pianisten-wenn-sonst-kein-Foto-600x600.jpg 600w, https:\/\/www.allegro-vivo.at\/wp-content\/uploads\/2020\/06\/Header-Pianisten-wenn-sonst-kein-Foto-73x73.jpg 73w, https:\/\/www.allegro-vivo.at\/wp-content\/uploads\/2020\/06\/Header-Pianisten-wenn-sonst-kein-Foto-150x150.jpg 150w, https:\/\/www.allegro-vivo.at\/wp-content\/uploads\/2020\/06\/Header-Pianisten-wenn-sonst-kein-Foto-174x174.jpg 174w, https:\/\/www.allegro-vivo.at\/wp-content\/uploads\/2020\/06\/Header-Pianisten-wenn-sonst-kein-Foto-250x250.jpg 250w\" sizes=\"auto, (max-width: 350px) 100vw, 350px\" \/><\/a><\/div><div class='intense col-lg-9 col-xs-12 col-sm-9 col-md-9 '><script>jQuery(window).load(function() { jQuery('#heading-1180517767').fitText(1, { maxFontSize: \"20px\" }); });<\/script><h3 id=\"heading-1180517767\" class=\"intense heading\" style=\" font-size: 20px; line-height: normal; text-align: left; font-weight: 700; margin-top: 10px; text-transform: none; -webkit-font-smoothing: antialiased;\"><a href=\"https:\/\/www.allegro-vivo.at\/en\/events\/hymnusandensueden\/\">&quot;Hymnus an den S\u00fcden&quot;<\/a><\/h3><script>jQuery(window).load(function() { jQuery('#heading-445796714').fitText(1, { maxFontSize: \"17px\" }); });<\/script><h3 id=\"heading-445796714\" class=\"intense heading\" style=\" font-size: 17px; line-height: normal; text-align: left; font-weight: 700; margin-top: 10px; text-transform: none; -webkit-font-smoothing: antialiased;\">Saturday, 29. August 2026 at 19:00<\/h3><script>jQuery(window).load(function() { jQuery('#heading-1044195201').fitText(1, { maxFontSize: \"17px\" }); });<\/script><h4 id=\"heading-1044195201\" class=\"intense heading\" style=\" font-size: 17px; line-height: normal; text-align: left; font-weight: 400; margin-top: 10px; text-transform: none; -webkit-font-smoothing: antialiased;\">Kulturstadl G\u00f6pfritz\/Wild - Hauptstra\u00dfe 72<\/h4><script>jQuery(window).load(function() { jQuery('#heading-2029568122').fitText(1, { maxFontSize: \"14px\" }); });<\/script><h4 id=\"heading-2029568122\" class=\"intense heading\" style=\" font-size: 14px; line-height: normal; text-align: left; font-weight: 400; margin-top: 10px; text-transform: none; -webkit-font-smoothing: antialiased;\">Strauss, Scarlatti, Brahms, Rachmaninov, u. a. <\/h4><\/div><br>\n<\/div><div  class='intense row ' style='padding-top: 30px; padding-bottom: 0; margin-top: 0; margin-bottom: 0; '><div class='intense col-lg-3 col-xs-12 col-sm-3 col-md-3 '><a href=\"https:\/\/www.allegro-vivo.at\/en\/events\/italienische-serenade\/\"><img loading=\"lazy\" decoding=\"async\" width=\"350\" height=\"350\" src=\"https:\/\/www.allegro-vivo.at\/wp-content\/uploads\/2024\/11\/20240825-av-raabs-0268-e1731921724379-350x350.jpg\" class=\"eme_event_image\" alt=\"\" srcset=\"https:\/\/www.allegro-vivo.at\/wp-content\/uploads\/2024\/11\/20240825-av-raabs-0268-e1731921724379-350x350.jpg 350w, https:\/\/www.allegro-vivo.at\/wp-content\/uploads\/2024\/11\/20240825-av-raabs-0268-e1731921724379-500x500.jpg 500w, https:\/\/www.allegro-vivo.at\/wp-content\/uploads\/2024\/11\/20240825-av-raabs-0268-e1731921724379-400x400.jpg 400w, https:\/\/www.allegro-vivo.at\/wp-content\/uploads\/2024\/11\/20240825-av-raabs-0268-e1731921724379-73x73.jpg 73w, https:\/\/www.allegro-vivo.at\/wp-content\/uploads\/2024\/11\/20240825-av-raabs-0268-e1731921724379-150x150.jpg 150w, https:\/\/www.allegro-vivo.at\/wp-content\/uploads\/2024\/11\/20240825-av-raabs-0268-e1731921724379-174x174.jpg 174w, https:\/\/www.allegro-vivo.at\/wp-content\/uploads\/2024\/11\/20240825-av-raabs-0268-e1731921724379-250x250.jpg 250w, https:\/\/www.allegro-vivo.at\/wp-content\/uploads\/2024\/11\/20240825-av-raabs-0268-e1731921724379-300x300.jpg 300w, https:\/\/www.allegro-vivo.at\/wp-content\/uploads\/2024\/11\/20240825-av-raabs-0268-e1731921724379-165x165.jpg 165w\" sizes=\"auto, (max-width: 350px) 100vw, 350px\" \/><\/a><\/div><div class='intense col-lg-9 col-xs-12 col-sm-9 col-md-9 '><script>jQuery(window).load(function() { jQuery('#heading-997903492').fitText(1, { maxFontSize: \"20px\" }); });<\/script><h3 id=\"heading-997903492\" class=\"intense heading\" style=\" font-size: 20px; line-height: normal; text-align: left; font-weight: 700; margin-top: 10px; text-transform: none; -webkit-font-smoothing: antialiased;\"><a href=\"https:\/\/www.allegro-vivo.at\/en\/events\/italienische-serenade\/\">&quot;Italienische Serenade&quot;<\/a><\/h3><script>jQuery(window).load(function() { jQuery('#heading-2049550678').fitText(1, { maxFontSize: \"17px\" }); });<\/script><h3 id=\"heading-2049550678\" class=\"intense heading\" style=\" font-size: 17px; line-height: normal; text-align: left; font-weight: 700; margin-top: 10px; text-transform: none; -webkit-font-smoothing: antialiased;\">Sunday, 30. August 2026 at 16:00<\/h3><script>jQuery(window).load(function() { jQuery('#heading-1754908966').fitText(1, { maxFontSize: \"17px\" }); });<\/script><h4 id=\"heading-1754908966\" class=\"intense heading\" style=\" font-size: 17px; line-height: normal; text-align: left; font-weight: 400; margin-top: 10px; text-transform: none; -webkit-font-smoothing: antialiased;\">Burg Raabs an der Thaya - Burg Raabs, Oberndorf 1<\/h4><script>jQuery(window).load(function() { jQuery('#heading-1782844798').fitText(1, { maxFontSize: \"14px\" }); });<\/script><h4 id=\"heading-1782844798\" class=\"intense heading\" style=\" font-size: 14px; line-height: normal; text-align: left; font-weight: 400; margin-top: 10px; text-transform: none; -webkit-font-smoothing: antialiased;\">Wolf, Schubert, Rota, Puccini\u00a0<\/h4><\/div><br>\n<\/div><div  class='intense row ' style='padding-top: 30px; padding-bottom: 0; margin-top: 0; margin-bottom: 0; '><div class='intense col-lg-3 col-xs-12 col-sm-3 col-md-3 '><a href=\"https:\/\/www.allegro-vivo.at\/en\/events\/musiksalon\/\"><img loading=\"lazy\" decoding=\"async\" width=\"350\" height=\"350\" src=\"https:\/\/www.allegro-vivo.at\/wp-content\/uploads\/2025\/11\/20250828-av-schickenhof-0211-e1763021099540-350x350.jpg\" class=\"eme_event_image\" alt=\"\" srcset=\"https:\/\/www.allegro-vivo.at\/wp-content\/uploads\/2025\/11\/20250828-av-schickenhof-0211-e1763021099540-350x350.jpg 350w, https:\/\/www.allegro-vivo.at\/wp-content\/uploads\/2025\/11\/20250828-av-schickenhof-0211-e1763021099540-500x500.jpg 500w, https:\/\/www.allegro-vivo.at\/wp-content\/uploads\/2025\/11\/20250828-av-schickenhof-0211-e1763021099540-400x400.jpg 400w, https:\/\/www.allegro-vivo.at\/wp-content\/uploads\/2025\/11\/20250828-av-schickenhof-0211-e1763021099540-73x73.jpg 73w, https:\/\/www.allegro-vivo.at\/wp-content\/uploads\/2025\/11\/20250828-av-schickenhof-0211-e1763021099540-150x150.jpg 150w, https:\/\/www.allegro-vivo.at\/wp-content\/uploads\/2025\/11\/20250828-av-schickenhof-0211-e1763021099540-174x174.jpg 174w, https:\/\/www.allegro-vivo.at\/wp-content\/uploads\/2025\/11\/20250828-av-schickenhof-0211-e1763021099540-250x250.jpg 250w, https:\/\/www.allegro-vivo.at\/wp-content\/uploads\/2025\/11\/20250828-av-schickenhof-0211-e1763021099540-300x300.jpg 300w, https:\/\/www.allegro-vivo.at\/wp-content\/uploads\/2025\/11\/20250828-av-schickenhof-0211-e1763021099540-165x165.jpg 165w, https:\/\/www.allegro-vivo.at\/wp-content\/uploads\/2025\/11\/20250828-av-schickenhof-0211-e1763021099540-600x600.jpg 600w\" sizes=\"auto, (max-width: 350px) 100vw, 350px\" \/><\/a><\/div><div class='intense col-lg-9 col-xs-12 col-sm-9 col-md-9 '><script>jQuery(window).load(function() { jQuery('#heading-821568183').fitText(1, { maxFontSize: \"20px\" }); });<\/script><h3 id=\"heading-821568183\" class=\"intense heading\" style=\" font-size: 20px; line-height: normal; text-align: left; font-weight: 700; margin-top: 10px; text-transform: none; -webkit-font-smoothing: antialiased;\"><a href=\"https:\/\/www.allegro-vivo.at\/en\/events\/musiksalon\/\">&quot;New Impressions&quot;<\/a><\/h3><script>jQuery(window).load(function() { jQuery('#heading-225097113').fitText(1, { maxFontSize: \"17px\" }); });<\/script><h3 id=\"heading-225097113\" class=\"intense heading\" style=\" font-size: 17px; line-height: normal; text-align: left; font-weight: 700; margin-top: 10px; text-transform: none; -webkit-font-smoothing: antialiased;\">Tuesday, 1. September 2026 at 19:00<\/h3><script>jQuery(window).load(function() { jQuery('#heading-949215887').fitText(1, { maxFontSize: \"17px\" }); });<\/script><h4 id=\"heading-949215887\" class=\"intense heading\" style=\" font-size: 17px; line-height: normal; text-align: left; font-weight: 400; margin-top: 10px; text-transform: none; -webkit-font-smoothing: antialiased;\">Gut Schickenhof - Schickenhof 5<\/h4><script>jQuery(window).load(function() { jQuery('#heading-1688395745').fitText(1, { maxFontSize: \"14px\" }); });<\/script><h4 id=\"heading-1688395745\" class=\"intense heading\" style=\" font-size: 14px; line-height: normal; text-align: left; font-weight: 400; margin-top: 10px; text-transform: none; -webkit-font-smoothing: antialiased;\">Bach, Batik, Davis, Gulda, Brubeck<\/h4><\/div><br>\n<\/div><div  class='intense row ' style='padding-top: 30px; padding-bottom: 0; margin-top: 0; margin-bottom: 0; '><div class='intense col-lg-3 col-xs-12 col-sm-3 col-md-3 '><a href=\"https:\/\/www.allegro-vivo.at\/en\/events\/open-space-8\/\"><img loading=\"lazy\" decoding=\"async\" width=\"350\" height=\"350\" src=\"https:\/\/www.allegro-vivo.at\/wp-content\/uploads\/2025\/11\/20250813-av-openspacepfarrgasse-0062-350x350.jpg\" class=\"eme_event_image\" alt=\"\" srcset=\"https:\/\/www.allegro-vivo.at\/wp-content\/uploads\/2025\/11\/20250813-av-openspacepfarrgasse-0062-350x350.jpg 350w, https:\/\/www.allegro-vivo.at\/wp-content\/uploads\/2025\/11\/20250813-av-openspacepfarrgasse-0062-500x500.jpg 500w, https:\/\/www.allegro-vivo.at\/wp-content\/uploads\/2025\/11\/20250813-av-openspacepfarrgasse-0062-400x400.jpg 400w, https:\/\/www.allegro-vivo.at\/wp-content\/uploads\/2025\/11\/20250813-av-openspacepfarrgasse-0062-73x73.jpg 73w, https:\/\/www.allegro-vivo.at\/wp-content\/uploads\/2025\/11\/20250813-av-openspacepfarrgasse-0062-150x150.jpg 150w, https:\/\/www.allegro-vivo.at\/wp-content\/uploads\/2025\/11\/20250813-av-openspacepfarrgasse-0062-174x174.jpg 174w, https:\/\/www.allegro-vivo.at\/wp-content\/uploads\/2025\/11\/20250813-av-openspacepfarrgasse-0062-250x250.jpg 250w, https:\/\/www.allegro-vivo.at\/wp-content\/uploads\/2025\/11\/20250813-av-openspacepfarrgasse-0062-300x300.jpg 300w, https:\/\/www.allegro-vivo.at\/wp-content\/uploads\/2025\/11\/20250813-av-openspacepfarrgasse-0062-165x165.jpg 165w\" sizes=\"auto, (max-width: 350px) 100vw, 350px\" \/><\/a><\/div><div class='intense col-lg-9 col-xs-12 col-sm-9 col-md-9 '><script>jQuery(window).load(function() { jQuery('#heading-1599200083').fitText(1, { maxFontSize: \"20px\" }); });<\/script><h3 id=\"heading-1599200083\" class=\"intense heading\" style=\" font-size: 20px; line-height: normal; text-align: left; font-weight: 700; margin-top: 10px; text-transform: none; -webkit-font-smoothing: antialiased;\"><a href=\"https:\/\/www.allegro-vivo.at\/en\/events\/open-space-8\/\">&quot;Open Space&quot;<\/a><\/h3><script>jQuery(window).load(function() { jQuery('#heading-1126559456').fitText(1, { maxFontSize: \"17px\" }); });<\/script><h3 id=\"heading-1126559456\" class=\"intense heading\" style=\" font-size: 17px; line-height: normal; text-align: left; font-weight: 700; margin-top: 10px; text-transform: none; -webkit-font-smoothing: antialiased;\">Wednesday, 2. September 2026 at 10:30<\/h3><script>jQuery(window).load(function() { jQuery('#heading-824999937').fitText(1, { maxFontSize: \"17px\" }); });<\/script><h4 id=\"heading-824999937\" class=\"intense heading\" style=\" font-size: 17px; line-height: normal; text-align: left; font-weight: 400; margin-top: 10px; text-transform: none; -webkit-font-smoothing: antialiased;\">Horn, Pfarrgasse - Pfarrgasse 1<\/h4><script>jQuery(window).load(function() { jQuery('#heading-620955351').fitText(1, { maxFontSize: \"14px\" }); });<\/script><h4 id=\"heading-620955351\" class=\"intense heading\" style=\" font-size: 14px; line-height: normal; text-align: left; font-weight: 400; margin-top: 10px; text-transform: none; -webkit-font-smoothing: antialiased;\">Konzert der Meisterkurse<\/h4><\/div><br>\n<\/div><div  class='intense row ' style='padding-top: 30px; padding-bottom: 0; margin-top: 0; margin-bottom: 0; '><div class='intense col-lg-3 col-xs-12 col-sm-3 col-md-3 '><a href=\"https:\/\/www.allegro-vivo.at\/en\/events\/auserlesenes-5\/\"><img loading=\"lazy\" decoding=\"async\" width=\"350\" height=\"350\" src=\"https:\/\/www.allegro-vivo.at\/wp-content\/uploads\/2025\/11\/20250820-av-moonlightserenade-0219-350x350.jpg\" class=\"eme_event_image\" alt=\"\" srcset=\"https:\/\/www.allegro-vivo.at\/wp-content\/uploads\/2025\/11\/20250820-av-moonlightserenade-0219-350x350.jpg 350w, https:\/\/www.allegro-vivo.at\/wp-content\/uploads\/2025\/11\/20250820-av-moonlightserenade-0219-500x500.jpg 500w, https:\/\/www.allegro-vivo.at\/wp-content\/uploads\/2025\/11\/20250820-av-moonlightserenade-0219-400x400.jpg 400w, https:\/\/www.allegro-vivo.at\/wp-content\/uploads\/2025\/11\/20250820-av-moonlightserenade-0219-73x73.jpg 73w, https:\/\/www.allegro-vivo.at\/wp-content\/uploads\/2025\/11\/20250820-av-moonlightserenade-0219-150x150.jpg 150w, https:\/\/www.allegro-vivo.at\/wp-content\/uploads\/2025\/11\/20250820-av-moonlightserenade-0219-174x174.jpg 174w, https:\/\/www.allegro-vivo.at\/wp-content\/uploads\/2025\/11\/20250820-av-moonlightserenade-0219-250x250.jpg 250w, https:\/\/www.allegro-vivo.at\/wp-content\/uploads\/2025\/11\/20250820-av-moonlightserenade-0219-300x300.jpg 300w, https:\/\/www.allegro-vivo.at\/wp-content\/uploads\/2025\/11\/20250820-av-moonlightserenade-0219-165x165.jpg 165w\" sizes=\"auto, (max-width: 350px) 100vw, 350px\" \/><\/a><\/div><div class='intense col-lg-9 col-xs-12 col-sm-9 col-md-9 '><script>jQuery(window).load(function() { jQuery('#heading-672766814').fitText(1, { maxFontSize: \"20px\" }); });<\/script><h3 id=\"heading-672766814\" class=\"intense heading\" style=\" font-size: 20px; line-height: normal; text-align: left; font-weight: 700; margin-top: 10px; text-transform: none; -webkit-font-smoothing: antialiased;\"><a href=\"https:\/\/www.allegro-vivo.at\/en\/events\/auserlesenes-5\/\">&quot;Auserlesenes&quot;<\/a><\/h3><script>jQuery(window).load(function() { jQuery('#heading-1567547062').fitText(1, { maxFontSize: \"17px\" }); });<\/script><h3 id=\"heading-1567547062\" class=\"intense heading\" style=\" font-size: 17px; line-height: normal; text-align: left; font-weight: 700; margin-top: 10px; text-transform: none; -webkit-font-smoothing: antialiased;\">Wednesday, 2. September 2026 at 19:00<\/h3><script>jQuery(window).load(function() { jQuery('#heading-1832183730').fitText(1, { maxFontSize: \"17px\" }); });<\/script><h4 id=\"heading-1832183730\" class=\"intense heading\" style=\" font-size: 17px; line-height: normal; text-align: left; font-weight: 400; margin-top: 10px; text-transform: none; -webkit-font-smoothing: antialiased;\">Stift Altenburg, Bibliothek - Abt-Placidus-Much-Stra\u00dfe 1<\/h4><script>jQuery(window).load(function() { jQuery('#heading-30684541').fitText(1, { maxFontSize: \"14px\" }); });<\/script><h4 id=\"heading-30684541\" class=\"intense heading\" style=\" font-size: 14px; line-height: normal; text-align: left; font-weight: 400; margin-top: 10px; text-transform: none; -webkit-font-smoothing: antialiased;\">Wolf-Ferrari, Mozart, Dvo\u0159\u00e1k<\/h4><\/div><br>\n<\/div><div  class='intense row ' style='padding-top: 30px; padding-bottom: 0; margin-top: 0; margin-bottom: 0; '><div class='intense col-lg-3 col-xs-12 col-sm-3 col-md-3 '><a href=\"https:\/\/www.allegro-vivo.at\/en\/events\/meisterstueck\/\"><img loading=\"lazy\" decoding=\"async\" width=\"350\" height=\"350\" src=\"https:\/\/www.allegro-vivo.at\/wp-content\/uploads\/2025\/11\/20240830-av-drosiedl-0299-350x350.jpg\" class=\"eme_event_image\" alt=\"\" srcset=\"https:\/\/www.allegro-vivo.at\/wp-content\/uploads\/2025\/11\/20240830-av-drosiedl-0299-350x350.jpg 350w, https:\/\/www.allegro-vivo.at\/wp-content\/uploads\/2025\/11\/20240830-av-drosiedl-0299-500x500.jpg 500w, https:\/\/www.allegro-vivo.at\/wp-content\/uploads\/2025\/11\/20240830-av-drosiedl-0299-400x400.jpg 400w, https:\/\/www.allegro-vivo.at\/wp-content\/uploads\/2025\/11\/20240830-av-drosiedl-0299-73x73.jpg 73w, https:\/\/www.allegro-vivo.at\/wp-content\/uploads\/2025\/11\/20240830-av-drosiedl-0299-150x150.jpg 150w, https:\/\/www.allegro-vivo.at\/wp-content\/uploads\/2025\/11\/20240830-av-drosiedl-0299-174x174.jpg 174w, https:\/\/www.allegro-vivo.at\/wp-content\/uploads\/2025\/11\/20240830-av-drosiedl-0299-250x250.jpg 250w, https:\/\/www.allegro-vivo.at\/wp-content\/uploads\/2025\/11\/20240830-av-drosiedl-0299-300x300.jpg 300w, https:\/\/www.allegro-vivo.at\/wp-content\/uploads\/2025\/11\/20240830-av-drosiedl-0299-165x165.jpg 165w\" sizes=\"auto, (max-width: 350px) 100vw, 350px\" \/><\/a><\/div><div class='intense col-lg-9 col-xs-12 col-sm-9 col-md-9 '><script>jQuery(window).load(function() { jQuery('#heading-1361452796').fitText(1, { maxFontSize: \"20px\" }); });<\/script><h3 id=\"heading-1361452796\" class=\"intense heading\" style=\" font-size: 20px; line-height: normal; text-align: left; font-weight: 700; margin-top: 10px; text-transform: none; -webkit-font-smoothing: antialiased;\"><a href=\"https:\/\/www.allegro-vivo.at\/en\/events\/meisterstueck\/\">&quot;Meisterst\u00fcck&quot;<\/a><\/h3><script>jQuery(window).load(function() { jQuery('#heading-125762115').fitText(1, { maxFontSize: \"17px\" }); });<\/script><h3 id=\"heading-125762115\" class=\"intense heading\" style=\" font-size: 17px; line-height: normal; text-align: left; font-weight: 700; margin-top: 10px; text-transform: none; -webkit-font-smoothing: antialiased;\">Thursday, 3. September 2026 at 19:00<\/h3><script>jQuery(window).load(function() { jQuery('#heading-552079978').fitText(1, { maxFontSize: \"17px\" }); });<\/script><h4 id=\"heading-552079978\" class=\"intense heading\" style=\" font-size: 17px; line-height: normal; text-align: left; font-weight: 400; margin-top: 10px; text-transform: none; -webkit-font-smoothing: antialiased;\">Schloss Dr\u00f6siedl - Dr\u00f6siedl 1<\/h4><script>jQuery(window).load(function() { jQuery('#heading-868543046').fitText(1, { maxFontSize: \"14px\" }); });<\/script><h4 id=\"heading-868543046\" class=\"intense heading\" style=\" font-size: 14px; line-height: normal; text-align: left; font-weight: 400; margin-top: 10px; text-transform: none; -webkit-font-smoothing: antialiased;\">Konzert der Meisterkurse<\/h4><\/div><br>\n<\/div><div  class='intense row ' style='padding-top: 30px; padding-bottom: 0; margin-top: 0; margin-bottom: 0; '><div class='intense col-lg-3 col-xs-12 col-sm-3 col-md-3 '><a href=\"https:\/\/www.allegro-vivo.at\/en\/events\/matineen-der-sommerakademie-29\/\"><img loading=\"lazy\" decoding=\"async\" width=\"350\" height=\"350\" src=\"https:\/\/www.allegro-vivo.at\/wp-content\/uploads\/2019\/12\/20190818_av-kinderjugendorchester_0031-350x350.jpg\" class=\"eme_event_image\" alt=\"Konzert der Meisterkurse\" srcset=\"https:\/\/www.allegro-vivo.at\/wp-content\/uploads\/2019\/12\/20190818_av-kinderjugendorchester_0031-350x350.jpg 350w, https:\/\/www.allegro-vivo.at\/wp-content\/uploads\/2019\/12\/20190818_av-kinderjugendorchester_0031-300x300.jpg 300w, https:\/\/www.allegro-vivo.at\/wp-content\/uploads\/2019\/12\/20190818_av-kinderjugendorchester_0031-165x165.jpg 165w, https:\/\/www.allegro-vivo.at\/wp-content\/uploads\/2019\/12\/20190818_av-kinderjugendorchester_0031-500x500.jpg 500w, https:\/\/www.allegro-vivo.at\/wp-content\/uploads\/2019\/12\/20190818_av-kinderjugendorchester_0031-400x400.jpg 400w, https:\/\/www.allegro-vivo.at\/wp-content\/uploads\/2019\/12\/20190818_av-kinderjugendorchester_0031-73x73.jpg 73w, https:\/\/www.allegro-vivo.at\/wp-content\/uploads\/2019\/12\/20190818_av-kinderjugendorchester_0031-150x150.jpg 150w, https:\/\/www.allegro-vivo.at\/wp-content\/uploads\/2019\/12\/20190818_av-kinderjugendorchester_0031-174x174.jpg 174w, https:\/\/www.allegro-vivo.at\/wp-content\/uploads\/2019\/12\/20190818_av-kinderjugendorchester_0031-250x250.jpg 250w\" sizes=\"auto, (max-width: 350px) 100vw, 350px\" \/><\/a><\/div><div class='intense col-lg-9 col-xs-12 col-sm-9 col-md-9 '><script>jQuery(window).load(function() { jQuery('#heading-562367825').fitText(1, { maxFontSize: \"20px\" }); });<\/script><h3 id=\"heading-562367825\" class=\"intense heading\" style=\" font-size: 20px; line-height: normal; text-align: left; font-weight: 700; margin-top: 10px; text-transform: none; -webkit-font-smoothing: antialiased;\"><a href=\"https:\/\/www.allegro-vivo.at\/en\/events\/matineen-der-sommerakademie-29\/\">Matin\u00e9en der Sommerakademie<\/a><\/h3><script>jQuery(window).load(function() { jQuery('#heading-773974575').fitText(1, { maxFontSize: \"17px\" }); });<\/script><h3 id=\"heading-773974575\" class=\"intense heading\" style=\" font-size: 17px; line-height: normal; text-align: left; font-weight: 700; margin-top: 10px; text-transform: none; -webkit-font-smoothing: antialiased;\">Friday, 4. September 2026 at 11:00<\/h3><script>jQuery(window).load(function() { jQuery('#heading-577487822').fitText(1, { maxFontSize: \"17px\" }); });<\/script><h4 id=\"heading-577487822\" class=\"intense heading\" style=\" font-size: 17px; line-height: normal; text-align: left; font-weight: 400; margin-top: 10px; text-transform: none; -webkit-font-smoothing: antialiased;\">Horn, Kunsthaus - Wiener Stra\u00dfe 2<\/h4><script>jQuery(window).load(function() { jQuery('#heading-600205545').fitText(1, { maxFontSize: \"14px\" }); });<\/script><h4 id=\"heading-600205545\" class=\"intense heading\" style=\" font-size: 14px; line-height: normal; text-align: left; font-weight: 400; margin-top: 10px; text-transform: none; -webkit-font-smoothing: antialiased;\"><\/h4><\/div><br>\n<\/div><div  class='intense row ' style='padding-top: 30px; padding-bottom: 0; margin-top: 0; margin-bottom: 0; '><div class='intense col-lg-3 col-xs-12 col-sm-3 col-md-3 '><a href=\"https:\/\/www.allegro-vivo.at\/en\/events\/im-rampenlicht\/\"><img loading=\"lazy\" decoding=\"async\" width=\"350\" height=\"350\" src=\"https:\/\/www.allegro-vivo.at\/wp-content\/uploads\/2025\/11\/20250829-av-rosenburg-0073-350x350.jpg\" class=\"eme_event_image\" alt=\"\" srcset=\"https:\/\/www.allegro-vivo.at\/wp-content\/uploads\/2025\/11\/20250829-av-rosenburg-0073-350x350.jpg 350w, https:\/\/www.allegro-vivo.at\/wp-content\/uploads\/2025\/11\/20250829-av-rosenburg-0073-500x500.jpg 500w, https:\/\/www.allegro-vivo.at\/wp-content\/uploads\/2025\/11\/20250829-av-rosenburg-0073-400x400.jpg 400w, https:\/\/www.allegro-vivo.at\/wp-content\/uploads\/2025\/11\/20250829-av-rosenburg-0073-73x73.jpg 73w, https:\/\/www.allegro-vivo.at\/wp-content\/uploads\/2025\/11\/20250829-av-rosenburg-0073-150x150.jpg 150w, https:\/\/www.allegro-vivo.at\/wp-content\/uploads\/2025\/11\/20250829-av-rosenburg-0073-174x174.jpg 174w, https:\/\/www.allegro-vivo.at\/wp-content\/uploads\/2025\/11\/20250829-av-rosenburg-0073-250x250.jpg 250w, https:\/\/www.allegro-vivo.at\/wp-content\/uploads\/2025\/11\/20250829-av-rosenburg-0073-300x300.jpg 300w, https:\/\/www.allegro-vivo.at\/wp-content\/uploads\/2025\/11\/20250829-av-rosenburg-0073-165x165.jpg 165w\" sizes=\"auto, (max-width: 350px) 100vw, 350px\" \/><\/a><\/div><div class='intense col-lg-9 col-xs-12 col-sm-9 col-md-9 '><script>jQuery(window).load(function() { jQuery('#heading-1211479543').fitText(1, { maxFontSize: \"20px\" }); });<\/script><h3 id=\"heading-1211479543\" class=\"intense heading\" style=\" font-size: 20px; line-height: normal; text-align: left; font-weight: 700; margin-top: 10px; text-transform: none; -webkit-font-smoothing: antialiased;\"><a href=\"https:\/\/www.allegro-vivo.at\/en\/events\/im-rampenlicht\/\">&quot;Im Rampenlicht&quot;<\/a><\/h3><script>jQuery(window).load(function() { jQuery('#heading-1890264579').fitText(1, { maxFontSize: \"17px\" }); });<\/script><h3 id=\"heading-1890264579\" class=\"intense heading\" style=\" font-size: 17px; line-height: normal; text-align: left; font-weight: 700; margin-top: 10px; text-transform: none; -webkit-font-smoothing: antialiased;\">Friday, 4. September 2026 at 19:00<\/h3><script>jQuery(window).load(function() { jQuery('#heading-387528227').fitText(1, { maxFontSize: \"17px\" }); });<\/script><h4 id=\"heading-387528227\" class=\"intense heading\" style=\" font-size: 17px; line-height: normal; text-align: left; font-weight: 400; margin-top: 10px; text-transform: none; -webkit-font-smoothing: antialiased;\">Schloss Rosenburg, Bibliothek - Rosenburg 1<\/h4><script>jQuery(window).load(function() { jQuery('#heading-579025596').fitText(1, { maxFontSize: \"14px\" }); });<\/script><h4 id=\"heading-579025596\" class=\"intense heading\" style=\" font-size: 14px; line-height: normal; text-align: left; font-weight: 400; margin-top: 10px; text-transform: none; -webkit-font-smoothing: antialiased;\">Konzert der Meisterkurse<\/h4><\/div><br>\n<\/div><div  class='intense row ' style='padding-top: 30px; padding-bottom: 0; margin-top: 0; margin-bottom: 0; '><div class='intense col-lg-3 col-xs-12 col-sm-3 col-md-3 '><a href=\"https:\/\/www.allegro-vivo.at\/en\/events\/la-folia\/\"><img loading=\"lazy\" decoding=\"async\" width=\"350\" height=\"350\" src=\"https:\/\/www.allegro-vivo.at\/wp-content\/uploads\/2021\/02\/20190821-av-schoenberg-0115-350x350.jpg\" class=\"eme_event_image\" alt=\"Konzert, Alte Schmiede, Sch\u00f6nberg am Kamp\" srcset=\"https:\/\/www.allegro-vivo.at\/wp-content\/uploads\/2021\/02\/20190821-av-schoenberg-0115-350x350.jpg 350w, https:\/\/www.allegro-vivo.at\/wp-content\/uploads\/2021\/02\/20190821-av-schoenberg-0115-500x500.jpg 500w, https:\/\/www.allegro-vivo.at\/wp-content\/uploads\/2021\/02\/20190821-av-schoenberg-0115-400x400.jpg 400w, https:\/\/www.allegro-vivo.at\/wp-content\/uploads\/2021\/02\/20190821-av-schoenberg-0115-73x73.jpg 73w, https:\/\/www.allegro-vivo.at\/wp-content\/uploads\/2021\/02\/20190821-av-schoenberg-0115-150x150.jpg 150w, https:\/\/www.allegro-vivo.at\/wp-content\/uploads\/2021\/02\/20190821-av-schoenberg-0115-174x174.jpg 174w, https:\/\/www.allegro-vivo.at\/wp-content\/uploads\/2021\/02\/20190821-av-schoenberg-0115-250x250.jpg 250w, https:\/\/www.allegro-vivo.at\/wp-content\/uploads\/2021\/02\/20190821-av-schoenberg-0115-300x300.jpg 300w, https:\/\/www.allegro-vivo.at\/wp-content\/uploads\/2021\/02\/20190821-av-schoenberg-0115-165x165.jpg 165w\" sizes=\"auto, (max-width: 350px) 100vw, 350px\" \/><\/a><\/div><div class='intense col-lg-9 col-xs-12 col-sm-9 col-md-9 '><script>jQuery(window).load(function() { jQuery('#heading-1282587779').fitText(1, { maxFontSize: \"20px\" }); });<\/script><h3 id=\"heading-1282587779\" class=\"intense heading\" style=\" font-size: 20px; line-height: normal; text-align: left; font-weight: 700; margin-top: 10px; text-transform: none; -webkit-font-smoothing: antialiased;\"><a href=\"https:\/\/www.allegro-vivo.at\/en\/events\/la-folia\/\">&quot;La folia&quot;<\/a><\/h3><script>jQuery(window).load(function() { jQuery('#heading-1987785230').fitText(1, { maxFontSize: \"17px\" }); });<\/script><h3 id=\"heading-1987785230\" class=\"intense heading\" style=\" font-size: 17px; line-height: normal; text-align: left; font-weight: 700; margin-top: 10px; text-transform: none; -webkit-font-smoothing: antialiased;\">Saturday, 5. September 2026 at 18:00<\/h3><script>jQuery(window).load(function() { jQuery('#heading-538307256').fitText(1, { maxFontSize: \"17px\" }); });<\/script><h4 id=\"heading-538307256\" class=\"intense heading\" style=\" font-size: 17px; line-height: normal; text-align: left; font-weight: 400; margin-top: 10px; text-transform: none; -webkit-font-smoothing: antialiased;\">Alte Schmiede Sch\u00f6nberg - Hauptstra\u00dfe 36<\/h4><script>jQuery(window).load(function() { jQuery('#heading-1105690736').fitText(1, { maxFontSize: \"14px\" }); });<\/script><h4 id=\"heading-1105690736\" class=\"intense heading\" style=\" font-size: 14px; line-height: normal; text-align: left; font-weight: 400; margin-top: 10px; text-transform: none; -webkit-font-smoothing: antialiased;\"><\/h4><\/div><br>\n<\/div><div  class='intense row ' style='padding-top: 30px; padding-bottom: 0; margin-top: 0; margin-bottom: 0; '><div class='intense col-lg-3 col-xs-12 col-sm-3 col-md-3 '><a href=\"https:\/\/www.allegro-vivo.at\/en\/events\/soiree-musicale\/\"><img loading=\"lazy\" decoding=\"async\" width=\"350\" height=\"350\" src=\"https:\/\/www.allegro-vivo.at\/wp-content\/uploads\/2025\/11\/20240901-av-oberdurnbach-0041-350x350.jpg\" class=\"eme_event_image\" alt=\"\" srcset=\"https:\/\/www.allegro-vivo.at\/wp-content\/uploads\/2025\/11\/20240901-av-oberdurnbach-0041-350x350.jpg 350w, https:\/\/www.allegro-vivo.at\/wp-content\/uploads\/2025\/11\/20240901-av-oberdurnbach-0041-500x500.jpg 500w, https:\/\/www.allegro-vivo.at\/wp-content\/uploads\/2025\/11\/20240901-av-oberdurnbach-0041-400x400.jpg 400w, https:\/\/www.allegro-vivo.at\/wp-content\/uploads\/2025\/11\/20240901-av-oberdurnbach-0041-73x73.jpg 73w, https:\/\/www.allegro-vivo.at\/wp-content\/uploads\/2025\/11\/20240901-av-oberdurnbach-0041-150x150.jpg 150w, https:\/\/www.allegro-vivo.at\/wp-content\/uploads\/2025\/11\/20240901-av-oberdurnbach-0041-174x174.jpg 174w, https:\/\/www.allegro-vivo.at\/wp-content\/uploads\/2025\/11\/20240901-av-oberdurnbach-0041-250x250.jpg 250w, https:\/\/www.allegro-vivo.at\/wp-content\/uploads\/2025\/11\/20240901-av-oberdurnbach-0041-300x300.jpg 300w, https:\/\/www.allegro-vivo.at\/wp-content\/uploads\/2025\/11\/20240901-av-oberdurnbach-0041-165x165.jpg 165w\" sizes=\"auto, (max-width: 350px) 100vw, 350px\" \/><\/a><\/div><div class='intense col-lg-9 col-xs-12 col-sm-9 col-md-9 '><script>jQuery(window).load(function() { jQuery('#heading-293776701').fitText(1, { maxFontSize: \"20px\" }); });<\/script><h3 id=\"heading-293776701\" class=\"intense heading\" style=\" font-size: 20px; line-height: normal; text-align: left; font-weight: 700; margin-top: 10px; text-transform: none; -webkit-font-smoothing: antialiased;\"><a href=\"https:\/\/www.allegro-vivo.at\/en\/events\/soiree-musicale\/\">&quot;Soir\u00e9e musicale&quot;<\/a><\/h3><script>jQuery(window).load(function() { jQuery('#heading-594404059').fitText(1, { maxFontSize: \"17px\" }); });<\/script><h3 id=\"heading-594404059\" class=\"intense heading\" style=\" font-size: 17px; line-height: normal; text-align: left; font-weight: 700; margin-top: 10px; text-transform: none; -webkit-font-smoothing: antialiased;\">Sunday, 6. September 2026 at 16:00<\/h3><script>jQuery(window).load(function() { jQuery('#heading-1756395232').fitText(1, { maxFontSize: \"17px\" }); });<\/script><h4 id=\"heading-1756395232\" class=\"intense heading\" style=\" font-size: 17px; line-height: normal; text-align: left; font-weight: 400; margin-top: 10px; text-transform: none; -webkit-font-smoothing: antialiased;\">Filialkirche St. Katharina - Oberd\u00fcrnbach 1<\/h4><script>jQuery(window).load(function() { jQuery('#heading-1083570027').fitText(1, { maxFontSize: \"14px\" }); });<\/script><h4 id=\"heading-1083570027\" class=\"intense heading\" style=\" font-size: 14px; line-height: normal; text-align: left; font-weight: 400; margin-top: 10px; text-transform: none; -webkit-font-smoothing: antialiased;\">Haydn, Shaw, Verdi<\/h4><\/div><br>\n<\/div><div  class='intense row ' style='padding-top: 30px; padding-bottom: 0; margin-top: 0; margin-bottom: 0; '><div class='intense col-lg-3 col-xs-12 col-sm-3 col-md-3 '><a href=\"https:\/\/www.allegro-vivo.at\/en\/events\/in-cielo\/\"><img loading=\"lazy\" decoding=\"async\" width=\"350\" height=\"350\" src=\"https:\/\/www.allegro-vivo.at\/wp-content\/uploads\/2025\/11\/20220908-av-waidhofen-0221-e1763024026794-350x350.jpg\" class=\"eme_event_image\" alt=\"\" srcset=\"https:\/\/www.allegro-vivo.at\/wp-content\/uploads\/2025\/11\/20220908-av-waidhofen-0221-e1763024026794-350x350.jpg 350w, https:\/\/www.allegro-vivo.at\/wp-content\/uploads\/2025\/11\/20220908-av-waidhofen-0221-e1763024026794-500x500.jpg 500w, https:\/\/www.allegro-vivo.at\/wp-content\/uploads\/2025\/11\/20220908-av-waidhofen-0221-e1763024026794-400x400.jpg 400w, https:\/\/www.allegro-vivo.at\/wp-content\/uploads\/2025\/11\/20220908-av-waidhofen-0221-e1763024026794-73x73.jpg 73w, https:\/\/www.allegro-vivo.at\/wp-content\/uploads\/2025\/11\/20220908-av-waidhofen-0221-e1763024026794-150x150.jpg 150w, https:\/\/www.allegro-vivo.at\/wp-content\/uploads\/2025\/11\/20220908-av-waidhofen-0221-e1763024026794-174x174.jpg 174w, https:\/\/www.allegro-vivo.at\/wp-content\/uploads\/2025\/11\/20220908-av-waidhofen-0221-e1763024026794-250x250.jpg 250w, https:\/\/www.allegro-vivo.at\/wp-content\/uploads\/2025\/11\/20220908-av-waidhofen-0221-e1763024026794-300x300.jpg 300w, https:\/\/www.allegro-vivo.at\/wp-content\/uploads\/2025\/11\/20220908-av-waidhofen-0221-e1763024026794-165x165.jpg 165w, https:\/\/www.allegro-vivo.at\/wp-content\/uploads\/2025\/11\/20220908-av-waidhofen-0221-e1763024026794-600x600.jpg 600w\" sizes=\"auto, (max-width: 350px) 100vw, 350px\" \/><\/a><\/div><div class='intense col-lg-9 col-xs-12 col-sm-9 col-md-9 '><script>jQuery(window).load(function() { jQuery('#heading-72212218').fitText(1, { maxFontSize: \"20px\" }); });<\/script><h3 id=\"heading-72212218\" class=\"intense heading\" style=\" font-size: 20px; line-height: normal; text-align: left; font-weight: 700; margin-top: 10px; text-transform: none; -webkit-font-smoothing: antialiased;\"><a href=\"https:\/\/www.allegro-vivo.at\/en\/events\/in-cielo\/\">&quot;In cielo&quot;<\/a><\/h3><script>jQuery(window).load(function() { jQuery('#heading-1313762763').fitText(1, { maxFontSize: \"17px\" }); });<\/script><h3 id=\"heading-1313762763\" class=\"intense heading\" style=\" font-size: 17px; line-height: normal; text-align: left; font-weight: 700; margin-top: 10px; text-transform: none; -webkit-font-smoothing: antialiased;\">Thursday, 10. September 2026 at 19:00<\/h3><script>jQuery(window).load(function() { jQuery('#heading-733803741').fitText(1, { maxFontSize: \"17px\" }); });<\/script><h4 id=\"heading-733803741\" class=\"intense heading\" style=\" font-size: 17px; line-height: normal; text-align: left; font-weight: 400; margin-top: 10px; text-transform: none; -webkit-font-smoothing: antialiased;\">Waidhofen\/Thaya, Stadtpfarrkirche - Pfarrhofplatz 1<\/h4><script>jQuery(window).load(function() { jQuery('#heading-642656192').fitText(1, { maxFontSize: \"14px\" }); });<\/script><h4 id=\"heading-642656192\" class=\"intense heading\" style=\" font-size: 14px; line-height: normal; text-align: left; font-weight: 400; margin-top: 10px; text-transform: none; -webkit-font-smoothing: antialiased;\">Vivaldi, Hofmann<\/h4><\/div><br>\n<\/div><div  class='intense row ' style='padding-top: 30px; padding-bottom: 0; margin-top: 0; margin-bottom: 0; '><div class='intense col-lg-3 col-xs-12 col-sm-3 col-md-3 '><a href=\"https:\/\/www.allegro-vivo.at\/en\/events\/avanti-avanti\/\"><img loading=\"lazy\" decoding=\"async\" width=\"350\" height=\"350\" src=\"https:\/\/www.allegro-vivo.at\/wp-content\/uploads\/2026\/01\/avanti-avanti2-c-julia-wesely-e1768215446820-350x350.jpg\" class=\"eme_event_image\" alt=\"\" srcset=\"https:\/\/www.allegro-vivo.at\/wp-content\/uploads\/2026\/01\/avanti-avanti2-c-julia-wesely-e1768215446820-350x350.jpg 350w, https:\/\/www.allegro-vivo.at\/wp-content\/uploads\/2026\/01\/avanti-avanti2-c-julia-wesely-e1768215446820-500x500.jpg 500w, https:\/\/www.allegro-vivo.at\/wp-content\/uploads\/2026\/01\/avanti-avanti2-c-julia-wesely-e1768215446820-400x400.jpg 400w, https:\/\/www.allegro-vivo.at\/wp-content\/uploads\/2026\/01\/avanti-avanti2-c-julia-wesely-e1768215446820-73x73.jpg 73w, https:\/\/www.allegro-vivo.at\/wp-content\/uploads\/2026\/01\/avanti-avanti2-c-julia-wesely-e1768215446820-150x150.jpg 150w, https:\/\/www.allegro-vivo.at\/wp-content\/uploads\/2026\/01\/avanti-avanti2-c-julia-wesely-e1768215446820-174x174.jpg 174w, https:\/\/www.allegro-vivo.at\/wp-content\/uploads\/2026\/01\/avanti-avanti2-c-julia-wesely-e1768215446820-250x250.jpg 250w, https:\/\/www.allegro-vivo.at\/wp-content\/uploads\/2026\/01\/avanti-avanti2-c-julia-wesely-e1768215446820-300x300.jpg 300w, https:\/\/www.allegro-vivo.at\/wp-content\/uploads\/2026\/01\/avanti-avanti2-c-julia-wesely-e1768215446820-600x600.jpg 600w, https:\/\/www.allegro-vivo.at\/wp-content\/uploads\/2026\/01\/avanti-avanti2-c-julia-wesely-e1768215446820-165x165.jpg 165w\" sizes=\"auto, (max-width: 350px) 100vw, 350px\" \/><\/a><\/div><div class='intense col-lg-9 col-xs-12 col-sm-9 col-md-9 '><script>jQuery(window).load(function() { jQuery('#heading-604215939').fitText(1, { maxFontSize: \"20px\" }); });<\/script><h3 id=\"heading-604215939\" class=\"intense heading\" style=\" font-size: 20px; line-height: normal; text-align: left; font-weight: 700; margin-top: 10px; text-transform: none; -webkit-font-smoothing: antialiased;\"><a href=\"https:\/\/www.allegro-vivo.at\/en\/events\/avanti-avanti\/\">&quot;Avanti, avanti&quot;<\/a><\/h3><script>jQuery(window).load(function() { jQuery('#heading-343897250').fitText(1, { maxFontSize: \"17px\" }); });<\/script><h3 id=\"heading-343897250\" class=\"intense heading\" style=\" font-size: 17px; line-height: normal; text-align: left; font-weight: 700; margin-top: 10px; text-transform: none; -webkit-font-smoothing: antialiased;\">Friday, 11. September 2026 at 19:30<\/h3><script>jQuery(window).load(function() { jQuery('#heading-894358736').fitText(1, { maxFontSize: \"17px\" }); });<\/script><h4 id=\"heading-894358736\" class=\"intense heading\" style=\" font-size: 17px; line-height: normal; text-align: left; font-weight: 400; margin-top: 10px; text-transform: none; -webkit-font-smoothing: antialiased;\">Konzerthaus Weinviertel, Ziersdorf - Horner Stra\u00dfe 7<\/h4><script>jQuery(window).load(function() { jQuery('#heading-224883390').fitText(1, { maxFontSize: \"14px\" }); });<\/script><h4 id=\"heading-224883390\" class=\"intense heading\" style=\" font-size: 14px; line-height: normal; text-align: left; font-weight: 400; margin-top: 10px; text-transform: none; -webkit-font-smoothing: antialiased;\"><\/h4><\/div><br>\n<\/div><div  class='intense row ' style='padding-top: 30px; padding-bottom: 0; margin-top: 0; margin-bottom: 0; '><div class='intense col-lg-3 col-xs-12 col-sm-3 col-md-3 '><a href=\"https:\/\/www.allegro-vivo.at\/en\/events\/klangbruecke\/\"><img loading=\"lazy\" decoding=\"async\" width=\"350\" height=\"350\" src=\"https:\/\/www.allegro-vivo.at\/wp-content\/uploads\/2025\/11\/20240908-av-burgschleinitz-0019-350x350.jpg\" class=\"eme_event_image\" alt=\"\" srcset=\"https:\/\/www.allegro-vivo.at\/wp-content\/uploads\/2025\/11\/20240908-av-burgschleinitz-0019-350x350.jpg 350w, https:\/\/www.allegro-vivo.at\/wp-content\/uploads\/2025\/11\/20240908-av-burgschleinitz-0019-500x500.jpg 500w, https:\/\/www.allegro-vivo.at\/wp-content\/uploads\/2025\/11\/20240908-av-burgschleinitz-0019-400x400.jpg 400w, https:\/\/www.allegro-vivo.at\/wp-content\/uploads\/2025\/11\/20240908-av-burgschleinitz-0019-73x73.jpg 73w, https:\/\/www.allegro-vivo.at\/wp-content\/uploads\/2025\/11\/20240908-av-burgschleinitz-0019-150x150.jpg 150w, https:\/\/www.allegro-vivo.at\/wp-content\/uploads\/2025\/11\/20240908-av-burgschleinitz-0019-174x174.jpg 174w, https:\/\/www.allegro-vivo.at\/wp-content\/uploads\/2025\/11\/20240908-av-burgschleinitz-0019-250x250.jpg 250w, https:\/\/www.allegro-vivo.at\/wp-content\/uploads\/2025\/11\/20240908-av-burgschleinitz-0019-300x300.jpg 300w, https:\/\/www.allegro-vivo.at\/wp-content\/uploads\/2025\/11\/20240908-av-burgschleinitz-0019-165x165.jpg 165w\" sizes=\"auto, (max-width: 350px) 100vw, 350px\" \/><\/a><\/div><div class='intense col-lg-9 col-xs-12 col-sm-9 col-md-9 '><script>jQuery(window).load(function() { jQuery('#heading-35889688').fitText(1, { maxFontSize: \"20px\" }); });<\/script><h3 id=\"heading-35889688\" class=\"intense heading\" style=\" font-size: 20px; line-height: normal; text-align: left; font-weight: 700; margin-top: 10px; text-transform: none; -webkit-font-smoothing: antialiased;\"><a href=\"https:\/\/www.allegro-vivo.at\/en\/events\/klangbruecke\/\">&quot;Klangbr\u00fccke&quot;<\/a><\/h3><script>jQuery(window).load(function() { jQuery('#heading-184288207').fitText(1, { maxFontSize: \"17px\" }); });<\/script><h3 id=\"heading-184288207\" class=\"intense heading\" style=\" font-size: 17px; line-height: normal; text-align: left; font-weight: 700; margin-top: 10px; text-transform: none; -webkit-font-smoothing: antialiased;\">Saturday, 12. September 2026 at 18:00<\/h3><script>jQuery(window).load(function() { jQuery('#heading-80996563').fitText(1, { maxFontSize: \"17px\" }); });<\/script><h4 id=\"heading-80996563\" class=\"intense heading\" style=\" font-size: 17px; line-height: normal; text-align: left; font-weight: 400; margin-top: 10px; text-transform: none; -webkit-font-smoothing: antialiased;\">Burg Schleinitz - <\/h4><script>jQuery(window).load(function() { jQuery('#heading-1453518133').fitText(1, { maxFontSize: \"14px\" }); });<\/script><h4 id=\"heading-1453518133\" class=\"intense heading\" style=\" font-size: 14px; line-height: normal; text-align: left; font-weight: 400; margin-top: 10px; text-transform: none; -webkit-font-smoothing: antialiased;\"><\/h4><\/div><br>\n<\/div><div  class='intense row ' style='padding-top: 30px; padding-bottom: 0; margin-top: 0; margin-bottom: 0; '><div class='intense col-lg-3 col-xs-12 col-sm-3 col-md-3 '><a href=\"https:\/\/www.allegro-vivo.at\/en\/events\/tea-time\/\"><img loading=\"lazy\" decoding=\"async\" width=\"350\" height=\"350\" src=\"https:\/\/www.allegro-vivo.at\/wp-content\/uploads\/2022\/05\/20220910-av-burgschleinitz-0096-e1702383756114-350x350.jpg\" class=\"eme_event_image\" alt=\"\" srcset=\"https:\/\/www.allegro-vivo.at\/wp-content\/uploads\/2022\/05\/20220910-av-burgschleinitz-0096-e1702383756114-350x350.jpg 350w, https:\/\/www.allegro-vivo.at\/wp-content\/uploads\/2022\/05\/20220910-av-burgschleinitz-0096-e1702383756114-500x500.jpg 500w, https:\/\/www.allegro-vivo.at\/wp-content\/uploads\/2022\/05\/20220910-av-burgschleinitz-0096-e1702383756114-400x400.jpg 400w, https:\/\/www.allegro-vivo.at\/wp-content\/uploads\/2022\/05\/20220910-av-burgschleinitz-0096-e1702383756114-73x73.jpg 73w, https:\/\/www.allegro-vivo.at\/wp-content\/uploads\/2022\/05\/20220910-av-burgschleinitz-0096-e1702383756114-150x150.jpg 150w, https:\/\/www.allegro-vivo.at\/wp-content\/uploads\/2022\/05\/20220910-av-burgschleinitz-0096-e1702383756114-174x174.jpg 174w, https:\/\/www.allegro-vivo.at\/wp-content\/uploads\/2022\/05\/20220910-av-burgschleinitz-0096-e1702383756114-250x250.jpg 250w, https:\/\/www.allegro-vivo.at\/wp-content\/uploads\/2022\/05\/20220910-av-burgschleinitz-0096-e1702383756114-300x300.jpg 300w, https:\/\/www.allegro-vivo.at\/wp-content\/uploads\/2022\/05\/20220910-av-burgschleinitz-0096-e1702383756114-165x165.jpg 165w\" sizes=\"auto, (max-width: 350px) 100vw, 350px\" \/><\/a><\/div><div class='intense col-lg-9 col-xs-12 col-sm-9 col-md-9 '><script>jQuery(window).load(function() { jQuery('#heading-1482407601').fitText(1, { maxFontSize: \"20px\" }); });<\/script><h3 id=\"heading-1482407601\" class=\"intense heading\" style=\" font-size: 20px; line-height: normal; text-align: left; font-weight: 700; margin-top: 10px; text-transform: none; -webkit-font-smoothing: antialiased;\"><a href=\"https:\/\/www.allegro-vivo.at\/en\/events\/tea-time\/\">&quot;Teatime&quot;<\/a><\/h3><script>jQuery(window).load(function() { jQuery('#heading-157346786').fitText(1, { maxFontSize: \"17px\" }); });<\/script><h3 id=\"heading-157346786\" class=\"intense heading\" style=\" font-size: 17px; line-height: normal; text-align: left; font-weight: 700; margin-top: 10px; text-transform: none; -webkit-font-smoothing: antialiased;\">Sunday, 13. September 2026 at 16:00<\/h3><script>jQuery(window).load(function() { jQuery('#heading-1649266246').fitText(1, { maxFontSize: \"17px\" }); });<\/script><h4 id=\"heading-1649266246\" class=\"intense heading\" style=\" font-size: 17px; line-height: normal; text-align: left; font-weight: 400; margin-top: 10px; text-transform: none; -webkit-font-smoothing: antialiased;\">Burg Schleinitz - <\/h4><script>jQuery(window).load(function() { jQuery('#heading-386706820').fitText(1, { maxFontSize: \"14px\" }); });<\/script><h4 id=\"heading-386706820\" class=\"intense heading\" style=\" font-size: 14px; line-height: normal; text-align: left; font-weight: 400; margin-top: 10px; text-transform: none; -webkit-font-smoothing: antialiased;\">Mozart, Martin\u016f, Honegger<\/h4><\/div><br>\n<\/div><div  class='intense row ' style='padding-top: 30px; padding-bottom: 0; margin-top: 0; margin-bottom: 0; '><div class='intense col-lg-3 col-xs-12 col-sm-3 col-md-3 '><a href=\"https:\/\/www.allegro-vivo.at\/en\/events\/klangschloss\/\"><img loading=\"lazy\" decoding=\"async\" width=\"350\" height=\"350\" src=\"https:\/\/www.allegro-vivo.at\/wp-content\/uploads\/2025\/11\/20250911-av-weitra-0250-350x350.jpg\" class=\"eme_event_image\" alt=\"\" srcset=\"https:\/\/www.allegro-vivo.at\/wp-content\/uploads\/2025\/11\/20250911-av-weitra-0250-350x350.jpg 350w, https:\/\/www.allegro-vivo.at\/wp-content\/uploads\/2025\/11\/20250911-av-weitra-0250-500x500.jpg 500w, https:\/\/www.allegro-vivo.at\/wp-content\/uploads\/2025\/11\/20250911-av-weitra-0250-400x400.jpg 400w, https:\/\/www.allegro-vivo.at\/wp-content\/uploads\/2025\/11\/20250911-av-weitra-0250-73x73.jpg 73w, https:\/\/www.allegro-vivo.at\/wp-content\/uploads\/2025\/11\/20250911-av-weitra-0250-150x150.jpg 150w, https:\/\/www.allegro-vivo.at\/wp-content\/uploads\/2025\/11\/20250911-av-weitra-0250-174x174.jpg 174w, https:\/\/www.allegro-vivo.at\/wp-content\/uploads\/2025\/11\/20250911-av-weitra-0250-250x250.jpg 250w, https:\/\/www.allegro-vivo.at\/wp-content\/uploads\/2025\/11\/20250911-av-weitra-0250-300x300.jpg 300w, https:\/\/www.allegro-vivo.at\/wp-content\/uploads\/2025\/11\/20250911-av-weitra-0250-165x165.jpg 165w\" sizes=\"auto, (max-width: 350px) 100vw, 350px\" \/><\/a><\/div><div class='intense col-lg-9 col-xs-12 col-sm-9 col-md-9 '><script>jQuery(window).load(function() { jQuery('#heading-726871703').fitText(1, { maxFontSize: \"20px\" }); });<\/script><h3 id=\"heading-726871703\" class=\"intense heading\" style=\" font-size: 20px; line-height: normal; text-align: left; font-weight: 700; margin-top: 10px; text-transform: none; -webkit-font-smoothing: antialiased;\"><a href=\"https:\/\/www.allegro-vivo.at\/en\/events\/klangschloss\/\">&quot;Klangschloss&quot;<\/a><\/h3><script>jQuery(window).load(function() { jQuery('#heading-1414565034').fitText(1, { maxFontSize: \"17px\" }); });<\/script><h3 id=\"heading-1414565034\" class=\"intense heading\" style=\" font-size: 17px; line-height: normal; text-align: left; font-weight: 700; margin-top: 10px; text-transform: none; -webkit-font-smoothing: antialiased;\">Thursday, 17. September 2026 at 19:00<\/h3><script>jQuery(window).load(function() { jQuery('#heading-1119070414').fitText(1, { maxFontSize: \"17px\" }); });<\/script><h4 id=\"heading-1119070414\" class=\"intense heading\" style=\" font-size: 17px; line-height: normal; text-align: left; font-weight: 400; margin-top: 10px; text-transform: none; -webkit-font-smoothing: antialiased;\">Schloss Weitra - Schloss Weitra 71<\/h4><script>jQuery(window).load(function() { jQuery('#heading-1650350934').fitText(1, { maxFontSize: \"14px\" }); });<\/script><h4 id=\"heading-1650350934\" class=\"intense heading\" style=\" font-size: 14px; line-height: normal; text-align: left; font-weight: 400; margin-top: 10px; text-transform: none; -webkit-font-smoothing: antialiased;\">P\u00e4rt, Mozart, Mendelssohn-Bartholdy<\/h4><\/div><br>\n<\/div><div  class='intense row ' style='padding-top: 30px; padding-bottom: 0; margin-top: 0; margin-bottom: 0; '><div class='intense col-lg-3 col-xs-12 col-sm-3 col-md-3 '><a href=\"https:\/\/www.allegro-vivo.at\/en\/events\/die-himmel-erzaehlen\/\"><img loading=\"lazy\" decoding=\"async\" width=\"350\" height=\"350\" src=\"https:\/\/www.allegro-vivo.at\/wp-content\/uploads\/2025\/11\/20230915-av-goettweig-0224-e1763024968646-350x350.jpg\" class=\"eme_event_image\" alt=\"\" srcset=\"https:\/\/www.allegro-vivo.at\/wp-content\/uploads\/2025\/11\/20230915-av-goettweig-0224-e1763024968646-350x350.jpg 350w, https:\/\/www.allegro-vivo.at\/wp-content\/uploads\/2025\/11\/20230915-av-goettweig-0224-e1763024968646-500x500.jpg 500w, https:\/\/www.allegro-vivo.at\/wp-content\/uploads\/2025\/11\/20230915-av-goettweig-0224-e1763024968646-400x400.jpg 400w, https:\/\/www.allegro-vivo.at\/wp-content\/uploads\/2025\/11\/20230915-av-goettweig-0224-e1763024968646-73x73.jpg 73w, https:\/\/www.allegro-vivo.at\/wp-content\/uploads\/2025\/11\/20230915-av-goettweig-0224-e1763024968646-150x150.jpg 150w, https:\/\/www.allegro-vivo.at\/wp-content\/uploads\/2025\/11\/20230915-av-goettweig-0224-e1763024968646-174x174.jpg 174w, https:\/\/www.allegro-vivo.at\/wp-content\/uploads\/2025\/11\/20230915-av-goettweig-0224-e1763024968646-250x250.jpg 250w, https:\/\/www.allegro-vivo.at\/wp-content\/uploads\/2025\/11\/20230915-av-goettweig-0224-e1763024968646-300x300.jpg 300w, https:\/\/www.allegro-vivo.at\/wp-content\/uploads\/2025\/11\/20230915-av-goettweig-0224-e1763024968646-165x165.jpg 165w, https:\/\/www.allegro-vivo.at\/wp-content\/uploads\/2025\/11\/20230915-av-goettweig-0224-e1763024968646-600x600.jpg 600w\" sizes=\"auto, (max-width: 350px) 100vw, 350px\" \/><\/a><\/div><div class='intense col-lg-9 col-xs-12 col-sm-9 col-md-9 '><script>jQuery(window).load(function() { jQuery('#heading-160159353').fitText(1, { maxFontSize: \"20px\" }); });<\/script><h3 id=\"heading-160159353\" class=\"intense heading\" style=\" font-size: 20px; line-height: normal; text-align: left; font-weight: 700; margin-top: 10px; text-transform: none; -webkit-font-smoothing: antialiased;\"><a href=\"https:\/\/www.allegro-vivo.at\/en\/events\/die-himmel-erzaehlen\/\">&quot;Die Himmel erz\u00e4hlen&#8230;&quot;<\/a><\/h3><script>jQuery(window).load(function() { jQuery('#heading-1062893938').fitText(1, { maxFontSize: \"17px\" }); });<\/script><h3 id=\"heading-1062893938\" class=\"intense heading\" style=\" font-size: 17px; line-height: normal; text-align: left; font-weight: 700; margin-top: 10px; text-transform: none; -webkit-font-smoothing: antialiased;\">Friday, 18. September 2026 at 19:00<\/h3><script>jQuery(window).load(function() { jQuery('#heading-249657711').fitText(1, { maxFontSize: \"17px\" }); });<\/script><h4 id=\"heading-249657711\" class=\"intense heading\" style=\" font-size: 17px; line-height: normal; text-align: left; font-weight: 400; margin-top: 10px; text-transform: none; -webkit-font-smoothing: antialiased;\">Stift G\u00f6ttweig - Stift G\u00f6ttweig<\/h4><script>jQuery(window).load(function() { jQuery('#heading-239817559').fitText(1, { maxFontSize: \"14px\" }); });<\/script><h4 id=\"heading-239817559\" class=\"intense heading\" style=\" font-size: 14px; line-height: normal; text-align: left; font-weight: 400; margin-top: 10px; text-transform: none; -webkit-font-smoothing: antialiased;\">P\u00e4rt, Mozart, Mendelssohn-Bartholdy<\/h4><\/div><br>\n<\/div><div  class='intense row ' style='padding-top: 30px; padding-bottom: 0; margin-top: 0; margin-bottom: 0; '><div class='intense col-lg-3 col-xs-12 col-sm-3 col-md-3 '><a href=\"https:\/\/www.allegro-vivo.at\/en\/events\/italienische-symphonie\/\"><img loading=\"lazy\" decoding=\"async\" width=\"350\" height=\"350\" src=\"https:\/\/www.allegro-vivo.at\/wp-content\/uploads\/2025\/11\/20250914-av-abschluss-altenburg-0313-1-e1763025202153-350x350.jpg\" class=\"eme_event_image\" alt=\"\" srcset=\"https:\/\/www.allegro-vivo.at\/wp-content\/uploads\/2025\/11\/20250914-av-abschluss-altenburg-0313-1-e1763025202153-350x350.jpg 350w, https:\/\/www.allegro-vivo.at\/wp-content\/uploads\/2025\/11\/20250914-av-abschluss-altenburg-0313-1-e1763025202153-500x500.jpg 500w, https:\/\/www.allegro-vivo.at\/wp-content\/uploads\/2025\/11\/20250914-av-abschluss-altenburg-0313-1-e1763025202153-400x400.jpg 400w, https:\/\/www.allegro-vivo.at\/wp-content\/uploads\/2025\/11\/20250914-av-abschluss-altenburg-0313-1-e1763025202153-73x73.jpg 73w, https:\/\/www.allegro-vivo.at\/wp-content\/uploads\/2025\/11\/20250914-av-abschluss-altenburg-0313-1-e1763025202153-150x150.jpg 150w, https:\/\/www.allegro-vivo.at\/wp-content\/uploads\/2025\/11\/20250914-av-abschluss-altenburg-0313-1-e1763025202153-174x174.jpg 174w, https:\/\/www.allegro-vivo.at\/wp-content\/uploads\/2025\/11\/20250914-av-abschluss-altenburg-0313-1-e1763025202153-250x250.jpg 250w, https:\/\/www.allegro-vivo.at\/wp-content\/uploads\/2025\/11\/20250914-av-abschluss-altenburg-0313-1-e1763025202153-300x300.jpg 300w, https:\/\/www.allegro-vivo.at\/wp-content\/uploads\/2025\/11\/20250914-av-abschluss-altenburg-0313-1-e1763025202153-165x165.jpg 165w, https:\/\/www.allegro-vivo.at\/wp-content\/uploads\/2025\/11\/20250914-av-abschluss-altenburg-0313-1-e1763025202153-600x600.jpg 600w\" sizes=\"auto, (max-width: 350px) 100vw, 350px\" \/><\/a><\/div><div class='intense col-lg-9 col-xs-12 col-sm-9 col-md-9 '><script>jQuery(window).load(function() { jQuery('#heading-1872990553').fitText(1, { maxFontSize: \"20px\" }); });<\/script><h3 id=\"heading-1872990553\" class=\"intense heading\" style=\" font-size: 20px; line-height: normal; text-align: left; font-weight: 700; margin-top: 10px; text-transform: none; -webkit-font-smoothing: antialiased;\"><a href=\"https:\/\/www.allegro-vivo.at\/en\/events\/italienische-symphonie\/\">&quot;Italienische Symphonie&quot;<\/a><\/h3><script>jQuery(window).load(function() { jQuery('#heading-623680458').fitText(1, { maxFontSize: \"17px\" }); });<\/script><h3 id=\"heading-623680458\" class=\"intense heading\" style=\" font-size: 17px; line-height: normal; text-align: left; font-weight: 700; margin-top: 10px; text-transform: none; -webkit-font-smoothing: antialiased;\">Saturday, 19. September 2026 at 18:00<\/h3><script>jQuery(window).load(function() { jQuery('#heading-652441739').fitText(1, { maxFontSize: \"17px\" }); });<\/script><h4 id=\"heading-652441739\" class=\"intense heading\" style=\" font-size: 17px; line-height: normal; text-align: left; font-weight: 400; margin-top: 10px; text-transform: none; -webkit-font-smoothing: antialiased;\">Stift Altenburg, Bibliothek - Abt-Placidus-Much-Stra\u00dfe 1<\/h4><script>jQuery(window).load(function() { jQuery('#heading-2053070057').fitText(1, { maxFontSize: \"14px\" }); });<\/script><h4 id=\"heading-2053070057\" class=\"intense heading\" style=\" font-size: 14px; line-height: normal; text-align: left; font-weight: 400; margin-top: 10px; text-transform: none; -webkit-font-smoothing: antialiased;\">P\u00e4rt, Mozart, Mendelssohn-Bartholdy<\/h4><\/div><br>\n<\/div><div  class='intense row ' style='padding-top: 30px; padding-bottom: 0; margin-top: 0; margin-bottom: 0; '><div class='intense col-lg-3 col-xs-12 col-sm-3 col-md-3 '><a href=\"https:\/\/www.allegro-vivo.at\/en\/events\/festivalabschlusskonzert-6\/\"><img loading=\"lazy\" decoding=\"async\" width=\"350\" height=\"350\" src=\"https:\/\/www.allegro-vivo.at\/wp-content\/uploads\/2025\/11\/20250914-av-abschluss-altenburg-0126-e1763025376873-350x350.jpg\" class=\"eme_event_image\" alt=\"\" srcset=\"https:\/\/www.allegro-vivo.at\/wp-content\/uploads\/2025\/11\/20250914-av-abschluss-altenburg-0126-e1763025376873-350x350.jpg 350w, https:\/\/www.allegro-vivo.at\/wp-content\/uploads\/2025\/11\/20250914-av-abschluss-altenburg-0126-e1763025376873-500x500.jpg 500w, https:\/\/www.allegro-vivo.at\/wp-content\/uploads\/2025\/11\/20250914-av-abschluss-altenburg-0126-e1763025376873-400x400.jpg 400w, https:\/\/www.allegro-vivo.at\/wp-content\/uploads\/2025\/11\/20250914-av-abschluss-altenburg-0126-e1763025376873-73x73.jpg 73w, https:\/\/www.allegro-vivo.at\/wp-content\/uploads\/2025\/11\/20250914-av-abschluss-altenburg-0126-e1763025376873-150x150.jpg 150w, https:\/\/www.allegro-vivo.at\/wp-content\/uploads\/2025\/11\/20250914-av-abschluss-altenburg-0126-e1763025376873-174x174.jpg 174w, https:\/\/www.allegro-vivo.at\/wp-content\/uploads\/2025\/11\/20250914-av-abschluss-altenburg-0126-e1763025376873-250x250.jpg 250w, https:\/\/www.allegro-vivo.at\/wp-content\/uploads\/2025\/11\/20250914-av-abschluss-altenburg-0126-e1763025376873-300x300.jpg 300w, https:\/\/www.allegro-vivo.at\/wp-content\/uploads\/2025\/11\/20250914-av-abschluss-altenburg-0126-e1763025376873-165x165.jpg 165w, https:\/\/www.allegro-vivo.at\/wp-content\/uploads\/2025\/11\/20250914-av-abschluss-altenburg-0126-e1763025376873-600x600.jpg 600w\" sizes=\"auto, (max-width: 350px) 100vw, 350px\" \/><\/a><\/div><div class='intense col-lg-9 col-xs-12 col-sm-9 col-md-9 '><script>jQuery(window).load(function() { jQuery('#heading-1528623671').fitText(1, { maxFontSize: \"20px\" }); });<\/script><h3 id=\"heading-1528623671\" class=\"intense heading\" style=\" font-size: 20px; line-height: normal; text-align: left; font-weight: 700; margin-top: 10px; text-transform: none; -webkit-font-smoothing: antialiased;\"><a href=\"https:\/\/www.allegro-vivo.at\/en\/events\/festivalabschlusskonzert-6\/\">&quot;Festivalabschlusskonzert&quot;<\/a><\/h3><script>jQuery(window).load(function() { jQuery('#heading-861861816').fitText(1, { maxFontSize: \"17px\" }); });<\/script><h3 id=\"heading-861861816\" class=\"intense heading\" style=\" font-size: 17px; line-height: normal; text-align: left; font-weight: 700; margin-top: 10px; text-transform: none; -webkit-font-smoothing: antialiased;\">Sunday, 20. September 2026 at 16:00<\/h3><script>jQuery(window).load(function() { jQuery('#heading-588682253').fitText(1, { maxFontSize: \"17px\" }); });<\/script><h4 id=\"heading-588682253\" class=\"intense heading\" style=\" font-size: 17px; line-height: normal; text-align: left; font-weight: 400; margin-top: 10px; text-transform: none; -webkit-font-smoothing: antialiased;\">Stift Altenburg, Bibliothek - Abt-Placidus-Much-Stra\u00dfe 1<\/h4><script>jQuery(window).load(function() { jQuery('#heading-1326414703').fitText(1, { maxFontSize: \"14px\" }); });<\/script><h4 id=\"heading-1326414703\" class=\"intense heading\" style=\" font-size: 14px; line-height: normal; text-align: left; font-weight: 400; margin-top: 10px; text-transform: none; -webkit-font-smoothing: antialiased;\">P\u00e4rt, Mozart, Mendelssohn-Bartholdy<\/h4><\/div><br>\n<\/div>\n","protected":false},"excerpt":{"rendered":"","protected":false},"author":2,"featured_media":31375,"parent":0,"menu_order":0,"comment_status":"closed","ping_status":"closed","template":"","meta":{"footnotes":""},"class_list":["post-342","page","type-page","status-publish","has-post-thumbnail","hentry"],"yoast_head":"<!-- This site is optimized with the Yoast SEO plugin v27.5 - https:\/\/yoast.com\/product\/yoast-seo-wordpress\/ -->\n<title>Programm &amp; Karten | Allegro Vivo Kammermusik Festival<\/title>\n<meta name=\"description\" content=\"Programm, Festival, Karten, Waldviertel\" \/>\n<meta name=\"robots\" content=\"index, follow, max-snippet:-1, max-image-preview:large, max-video-preview:-1\" \/>\n<link rel=\"canonical\" href=\"https:\/\/www.allegro-vivo.at\/en\/concerts\/\" \/>\n<meta property=\"og:locale\" content=\"en_US\" \/>\n<meta property=\"og:type\" content=\"article\" \/>\n<meta property=\"og:title\" content=\"Programm &amp; Karten | Allegro Vivo Kammermusik Festival\" \/>\n<meta property=\"og:description\" content=\"Programm, Festival, Karten, Waldviertel\" \/>\n<meta property=\"og:url\" content=\"https:\/\/www.allegro-vivo.at\/en\/concerts\/\" \/>\n<meta property=\"og:site_name\" content=\"Allegro Vivo Kammermusik Festival\" \/>\n<meta property=\"article:publisher\" content=\"https:\/\/www.facebook.com\/allegro.vivo.festival.austria\/\" \/>\n<meta property=\"article:modified_time\" content=\"2025-08-14T20:28:41+00:00\" \/>\n<meta property=\"og:image\" content=\"https:\/\/www.allegro-vivo.at\/wp-content\/uploads\/2025\/03\/20230819-av-galakonzert-0145-e1743424436641.jpg\" \/>\n\t<meta property=\"og:image:width\" content=\"1500\" \/>\n\t<meta property=\"og:image:height\" content=\"1125\" \/>\n\t<meta property=\"og:image:type\" content=\"image\/jpeg\" \/>\n<meta name=\"twitter:card\" content=\"summary_large_image\" \/>\n<meta name=\"twitter:label1\" content=\"Gesch\u00e4tzte Lesezeit\" \/>\n\t<meta name=\"twitter:data1\" content=\"1 minute\" \/>\n<script type=\"application\/ld+json\" class=\"yoast-schema-graph\">{\"@context\":\"https:\\\/\\\/schema.org\",\"@graph\":[{\"@type\":\"WebPage\",\"@id\":\"https:\\\/\\\/www.allegro-vivo.at\\\/en\\\/concerts\\\/\",\"url\":\"https:\\\/\\\/www.allegro-vivo.at\\\/en\\\/concerts\\\/\",\"name\":\"Programm & Karten | Allegro Vivo Kammermusik Festival\",\"isPartOf\":{\"@id\":\"https:\\\/\\\/www.allegro-vivo.at\\\/en\\\/#website\"},\"primaryImageOfPage\":{\"@id\":\"https:\\\/\\\/www.allegro-vivo.at\\\/en\\\/concerts\\\/#primaryimage\"},\"image\":{\"@id\":\"https:\\\/\\\/www.allegro-vivo.at\\\/concerts\\\/#primaryimage\"},\"thumbnailUrl\":\"https:\\\/\\\/www.allegro-vivo.at\\\/wp-content\\\/uploads\\\/2025\\\/03\\\/20230819-av-galakonzert-0145-e1743424436641.jpg\",\"datePublished\":\"2016-10-13T13:31:25+00:00\",\"dateModified\":\"2025-08-14T20:28:41+00:00\",\"description\":\"Programm, Festival, Karten, Waldviertel\",\"breadcrumb\":{\"@id\":\"https:\\\/\\\/www.allegro-vivo.at\\\/en\\\/concerts\\\/#breadcrumb\"},\"inLanguage\":\"en-US\",\"potentialAction\":[{\"@type\":\"ReadAction\",\"target\":[[\"https:\\\/\\\/www.allegro-vivo.at\\\/en\\\/concerts\\\/\"]]}]},{\"@type\":\"ImageObject\",\"inLanguage\":\"en-US\",\"@id\":\"https:\\\/\\\/www.allegro-vivo.at\\\/en\\\/concerts\\\/#primaryimage\",\"url\":\"https:\\\/\\\/www.allegro-vivo.at\\\/wp-content\\\/uploads\\\/2025\\\/03\\\/20230819-av-galakonzert-0145-e1743424436641.jpg\",\"contentUrl\":\"https:\\\/\\\/www.allegro-vivo.at\\\/wp-content\\\/uploads\\\/2025\\\/03\\\/20230819-av-galakonzert-0145-e1743424436641.jpg\",\"width\":1500,\"height\":1125,\"caption\":\"Allegro Vivo 2023, Galakonzert, Kunsthaus Horn\"},{\"@type\":\"BreadcrumbList\",\"@id\":\"https:\\\/\\\/www.allegro-vivo.at\\\/en\\\/concerts\\\/#breadcrumb\",\"itemListElement\":[{\"@type\":\"ListItem\",\"position\":1,\"name\":\"Startseite\",\"item\":\"https:\\\/\\\/www.allegro-vivo.at\\\/en\\\/\"},{\"@type\":\"ListItem\",\"position\":2,\"name\":\"Programm &#038; Karten\"}]},{\"@type\":\"WebSite\",\"@id\":\"https:\\\/\\\/www.allegro-vivo.at\\\/en\\\/#website\",\"url\":\"https:\\\/\\\/www.allegro-vivo.at\\\/en\\\/\",\"name\":\"Allegro Vivo Kammermusik Festival\",\"description\":\"Allegro Vivo Kammermusik Festival und Meisterkurse\",\"publisher\":{\"@id\":\"https:\\\/\\\/www.allegro-vivo.at\\\/en\\\/#organization\"},\"potentialAction\":[{\"@type\":\"SearchAction\",\"target\":{\"@type\":\"EntryPoint\",\"urlTemplate\":\"https:\\\/\\\/www.allegro-vivo.at\\\/en\\\/?s={search_term_string}\"},\"query-input\":{\"@type\":\"PropertyValueSpecification\",\"valueRequired\":true,\"valueName\":\"search_term_string\"}}],\"inLanguage\":\"en-US\"},{\"@type\":\"Organization\",\"@id\":\"https:\\\/\\\/www.allegro-vivo.at\\\/en\\\/#organization\",\"name\":\"Allegro Vivo\",\"url\":\"https:\\\/\\\/www.allegro-vivo.at\\\/en\\\/\",\"logo\":{\"@type\":\"ImageObject\",\"inLanguage\":\"en-US\",\"@id\":\"https:\\\/\\\/www.allegro-vivo.at\\\/en\\\/#\\\/schema\\\/logo\\\/image\\\/\",\"url\":\"https:\\\/\\\/www.allegro-vivo.at\\\/wp-content\\\/uploads\\\/2017\\\/02\\\/allegro_vivo_logo_web.png\",\"contentUrl\":\"https:\\\/\\\/www.allegro-vivo.at\\\/wp-content\\\/uploads\\\/2017\\\/02\\\/allegro_vivo_logo_web.png\",\"width\":400,\"height\":114,\"caption\":\"Allegro Vivo\"},\"image\":{\"@id\":\"https:\\\/\\\/www.allegro-vivo.at\\\/en\\\/#\\\/schema\\\/logo\\\/image\\\/\"},\"sameAs\":[\"https:\\\/\\\/www.facebook.com\\\/allegro.vivo.festival.austria\\\/\",\"https:\\\/\\\/www.instagram.com\\\/allegro.vivo\\\/\",\"https:\\\/\\\/www.youtube.com\\\/user\\\/allegrovivooo\"]}]}<\/script>\n<!-- \/ Yoast SEO plugin. -->","yoast_head_json":{"title":"Programm & Karten | Allegro Vivo Kammermusik Festival","description":"Programm, Festival, Karten, Waldviertel","robots":{"index":"index","follow":"follow","max-snippet":"max-snippet:-1","max-image-preview":"max-image-preview:large","max-video-preview":"max-video-preview:-1"},"canonical":"https:\/\/www.allegro-vivo.at\/en\/concerts\/","og_locale":"en_US","og_type":"article","og_title":"Programm & Karten | Allegro Vivo Kammermusik Festival","og_description":"Programm, Festival, Karten, Waldviertel","og_url":"https:\/\/www.allegro-vivo.at\/en\/concerts\/","og_site_name":"Allegro Vivo Kammermusik Festival","article_publisher":"https:\/\/www.facebook.com\/allegro.vivo.festival.austria\/","article_modified_time":"2025-08-14T20:28:41+00:00","og_image":[{"width":1500,"height":1125,"url":"https:\/\/www.allegro-vivo.at\/wp-content\/uploads\/2025\/03\/20230819-av-galakonzert-0145-e1743424436641.jpg","type":"image\/jpeg"}],"twitter_card":"summary_large_image","twitter_misc":{"Gesch\u00e4tzte Lesezeit":"1 minute"},"schema":{"@context":"https:\/\/schema.org","@graph":[{"@type":"WebPage","@id":"https:\/\/www.allegro-vivo.at\/en\/concerts\/","url":"https:\/\/www.allegro-vivo.at\/en\/concerts\/","name":"Programm & Karten | Allegro Vivo Kammermusik Festival","isPartOf":{"@id":"https:\/\/www.allegro-vivo.at\/en\/#website"},"primaryImageOfPage":{"@id":"https:\/\/www.allegro-vivo.at\/en\/concerts\/#primaryimage"},"image":{"@id":"https:\/\/www.allegro-vivo.at\/concerts\/#primaryimage"},"thumbnailUrl":"https:\/\/www.allegro-vivo.at\/wp-content\/uploads\/2025\/03\/20230819-av-galakonzert-0145-e1743424436641.jpg","datePublished":"2016-10-13T13:31:25+00:00","dateModified":"2025-08-14T20:28:41+00:00","description":"Programm, Festival, Karten, Waldviertel","breadcrumb":{"@id":"https:\/\/www.allegro-vivo.at\/en\/concerts\/#breadcrumb"},"inLanguage":"en-US","potentialAction":[{"@type":"ReadAction","target":[["https:\/\/www.allegro-vivo.at\/en\/concerts\/"]]}]},{"@type":"ImageObject","inLanguage":"en-US","@id":"https:\/\/www.allegro-vivo.at\/en\/concerts\/#primaryimage","url":"https:\/\/www.allegro-vivo.at\/wp-content\/uploads\/2025\/03\/20230819-av-galakonzert-0145-e1743424436641.jpg","contentUrl":"https:\/\/www.allegro-vivo.at\/wp-content\/uploads\/2025\/03\/20230819-av-galakonzert-0145-e1743424436641.jpg","width":1500,"height":1125,"caption":"Allegro Vivo 2023, Galakonzert, Kunsthaus Horn"},{"@type":"BreadcrumbList","@id":"https:\/\/www.allegro-vivo.at\/en\/concerts\/#breadcrumb","itemListElement":[{"@type":"ListItem","position":1,"name":"Startseite","item":"https:\/\/www.allegro-vivo.at\/en\/"},{"@type":"ListItem","position":2,"name":"Programm &#038; Karten"}]},{"@type":"WebSite","@id":"https:\/\/www.allegro-vivo.at\/en\/#website","url":"https:\/\/www.allegro-vivo.at\/en\/","name":"Allegro Vivo Kammermusik Festival","description":"Allegro Vivo Kammermusik Festival und Meisterkurse","publisher":{"@id":"https:\/\/www.allegro-vivo.at\/en\/#organization"},"potentialAction":[{"@type":"SearchAction","target":{"@type":"EntryPoint","urlTemplate":"https:\/\/www.allegro-vivo.at\/en\/?s={search_term_string}"},"query-input":{"@type":"PropertyValueSpecification","valueRequired":true,"valueName":"search_term_string"}}],"inLanguage":"en-US"},{"@type":"Organization","@id":"https:\/\/www.allegro-vivo.at\/en\/#organization","name":"Allegro Vivo","url":"https:\/\/www.allegro-vivo.at\/en\/","logo":{"@type":"ImageObject","inLanguage":"en-US","@id":"https:\/\/www.allegro-vivo.at\/en\/#\/schema\/logo\/image\/","url":"https:\/\/www.allegro-vivo.at\/wp-content\/uploads\/2017\/02\/allegro_vivo_logo_web.png","contentUrl":"https:\/\/www.allegro-vivo.at\/wp-content\/uploads\/2017\/02\/allegro_vivo_logo_web.png","width":400,"height":114,"caption":"Allegro Vivo"},"image":{"@id":"https:\/\/www.allegro-vivo.at\/en\/#\/schema\/logo\/image\/"},"sameAs":["https:\/\/www.facebook.com\/allegro.vivo.festival.austria\/","https:\/\/www.instagram.com\/allegro.vivo\/","https:\/\/www.youtube.com\/user\/allegrovivooo"]}]}},"_links":{"self":[{"href":"https:\/\/www.allegro-vivo.at\/en\/wp-json\/wp\/v2\/pages\/342","targetHints":{"allow":["GET"]}}],"collection":[{"href":"https:\/\/www.allegro-vivo.at\/en\/wp-json\/wp\/v2\/pages"}],"about":[{"href":"https:\/\/www.allegro-vivo.at\/en\/wp-json\/wp\/v2\/types\/page"}],"author":[{"embeddable":true,"href":"https:\/\/www.allegro-vivo.at\/en\/wp-json\/wp\/v2\/users\/2"}],"replies":[{"embeddable":true,"href":"https:\/\/www.allegro-vivo.at\/en\/wp-json\/wp\/v2\/comments?post=342"}],"version-history":[{"count":22,"href":"https:\/\/www.allegro-vivo.at\/en\/wp-json\/wp\/v2\/pages\/342\/revisions"}],"predecessor-version":[{"id":32365,"href":"https:\/\/www.allegro-vivo.at\/en\/wp-json\/wp\/v2\/pages\/342\/revisions\/32365"}],"wp:featuredmedia":[{"embeddable":true,"href":"https:\/\/www.allegro-vivo.at\/en\/wp-json\/wp\/v2\/media\/31375"}],"wp:attachment":[{"href":"https:\/\/www.allegro-vivo.at\/en\/wp-json\/wp\/v2\/media?parent=342"}],"curies":[{"name":"wp","href":"https:\/\/api.w.org\/{rel}","templated":true}]}}