{"id":8429,"date":"2018-05-29T00:05:04","date_gmt":"2018-05-28T22:05:04","guid":{"rendered":"https:\/\/www.allegro-vivo.at\/?post_type=product&#038;p=8429"},"modified":"2022-07-30T20:16:58","modified_gmt":"2022-07-30T18:16:58","slug":"cd-spiel-freude","status":"publish","type":"product","link":"https:\/\/www.allegro-vivo.at\/de\/produkt\/cd-spiel-freude\/","title":{"rendered":"CD &#8222;Spiel.Freude&#8220;"},"content":{"rendered":"<p>Die Freude am Spielen als Ausdrucksform des menschlichen Geistes: <a href=\"https:\/\/www.allegro-vivo.at\/de\/artist\/vahid-khadem-missagh\/\">Vahid Khadem-Missagh<\/a> stellte als k\u00fcnstlerischer Leiter die lebensbejahende Kraft der Musik in den Mittelpunkt von Allegro Vivo 2017. Die Er\u00f6ffnungs- und Abschlusskonzerte machten dem Motto \u00bbSpiel.Freude\u00ab alle Ehre und sind mit der neuen CD-Produktion in der \u00d61 Edition dokumentiert.<\/p>\n<p>W\u00e4hrend in Mendelssohn Bartholdys jugendlichem Doppelkonzert f\u00fcr Violine und Klavier mit dem finnischen Pianisten <a href=\"https:\/\/website.musikhochschule-muenchen.de\/de\/?option=com_content&amp;view=article&amp;id=600&amp;Itemid=172\">Antti Siirala<\/a> der konzertante Wettstreit im Vordergrund steht, wird die Freude am Zusammenspiel im Ensemble in der E-Dur Serenade von Anton\u00edn Dvo\u0159\u00e1k besonders sp\u00fcrbar.<\/p>\n<p>Als liebevolle und energiegeladene Hommage an die Gebirgsgegend Orawa in der Hohen Tatra legte Wojciech Kilar sein gleichnamiges Werk f\u00fcr Streichorchester an und f\u00fchrt damit vom irdischen in das kindliche naive, himmlische Leben Gustav Mahlers. Seine Vierte wird gern als seine \u201eklassische\u201c Symphonie bezeichnet und war vielleicht gerade deshalb auch ein reizvolles Vorhaben f\u00fcr den Sch\u00f6nberg-Sch\u00fcler Erwin Stein, der das Meisterwerk f\u00fcr Kammerensemble arrangierte \u2013 hier kommen die subtilen Ideen Gustav Mahlers besonders zur Geltung. Prominente Kammermusiker vom Cellisten <a href=\"https:\/\/www.othmarmueller.at\/\">Othmar M\u00fcller<\/a> bis zum Klarinettisten Christoph Zimper \u201etanzen und springen, h\u00fcpfen und singen\u201c gemeinsam mit Vahid Khadem-Missagh und der schwedischen Starsopranistin <a href=\"http:\/\/www.malinhartelius.com\/\">Malin Hartelius<\/a>.<\/p>\n<h2><span class=\"ez-toc-section\" id=\"hoerproben_cd_%e2%80%9espielfreude%e2%80%9c\"><\/span>H\u00f6rproben CD &#8222;Spiel.Freude&#8220;<span class=\"ez-toc-section-end\"><\/span><\/h2>\n<div class=\"wp-playlist wp-audio-playlist wp-playlist-light\">\n\t\t\t<div class=\"wp-playlist-current-item\"><\/div>\n\t\t<audio controls=\"controls\" preload=\"none\" width=\"618\"\n\t\t\t><\/audio>\n\t<div class=\"wp-playlist-next\"><\/div>\n\t<div class=\"wp-playlist-prev\"><\/div>\n\t<noscript>\n\t<ol>\n\t\t<li><a href='https:\/\/www.allegro-vivo.at\/wp-content\/uploads\/2019\/01\/1-mendelssohn-bartholdy-doppelkonzert-d-moll-i-allegro_00m_00s__00m_40s.mp3'>Mendelssohn Bartholdy- Doppelkonzert d-Moll - I. Allegro<\/a><\/li><li><a href='https:\/\/www.allegro-vivo.at\/wp-content\/uploads\/2019\/01\/2-mendelssohn-bartholdy-doppelkonzert-d-moll-ii-adagio_00m_00s__00m_40s.mp3'>Mendelssohn Bartholdy- Doppelkonzert d-Moll - II. Adagio<\/a><\/li><li><a href='https:\/\/www.allegro-vivo.at\/wp-content\/uploads\/2019\/01\/3-mendelssohn-bartholdy-doppelkonzert-d-moll-iii-allegro-molto_00m_00s__00m_40s.mp3'>Mendelssohn Bartholdy- Doppelkonzert d-Moll - III. Allegro molto<\/a><\/li><li><a href='https:\/\/www.allegro-vivo.at\/wp-content\/uploads\/2019\/01\/4-dvorak-serenade-e-dur-op-22-i-moderato_00m_00s__00m_40s.mp3'>Dvorak- Serenade E-Dur, op. 22 - I. Moderato<\/a><\/li><li><a href='https:\/\/www.allegro-vivo.at\/wp-content\/uploads\/2019\/01\/5-dvorak-serenade-e-dur-op-22-ii-tempo-di-valse_00m_00s__00m_40s.mp3'>Dvorak- Serenade E-Dur, op. 22 - II. Tempo di Valse<\/a><\/li><li><a href='https:\/\/www.allegro-vivo.at\/wp-content\/uploads\/2019\/01\/6-dvorak-serenade-e-dur-op-22-iii-scherzo-vivace_00m_00s__00m_40s.mp3'>Dvorak- Serenade E-Dur, op. 22 - III. Scherzo. Vivace<\/a><\/li><li><a href='https:\/\/www.allegro-vivo.at\/wp-content\/uploads\/2019\/01\/7-dvorak-serenade-e-dur-op-22-iv-larghetto_00m_00s__00m_40s.mp3'>Dvorak- Serenade E-Dur, op. 22 - IV. Larghetto<\/a><\/li><li><a href='https:\/\/www.allegro-vivo.at\/wp-content\/uploads\/2019\/01\/8-dvorak-serenade-e-dur-op-22-v-finale-allegro-vivace_00m_00s__00m_40s.mp3'>Dvorak- Serenade E-Dur, op. 22 - V. Finale. Allegro vivace<\/a><\/li><li><a href='https:\/\/www.allegro-vivo.at\/wp-content\/uploads\/2019\/01\/1-kilar-orawa-fuer-streichorchester_00m_00s__00m_40s.mp3'>Kilar- Orawa f\u00fcr Streichorchester<\/a><\/li><li><a href='https:\/\/www.allegro-vivo.at\/wp-content\/uploads\/2019\/01\/2-mahler-symphonie-nr-4-g-dur-satz-1_00m_00s__00m_40s.mp3'>Mahler- Symphonie Nr. 4 G-Dur - Satz 1<\/a><\/li><li><a href='https:\/\/www.allegro-vivo.at\/wp-content\/uploads\/2019\/01\/3-mahler-symphonie-nr-4-g-dur-satz-2_00m_00s__00m_40s.mp3'>Mahler- Symphonie Nr. 4 G-Dur - Satz 2<\/a><\/li><li><a href='https:\/\/www.allegro-vivo.at\/wp-content\/uploads\/2019\/01\/4-mahler-symphonie-nr-4-g-dur-satz-3_00m_00s__00m_40s.mp3'>Mahler- Symphonie Nr. 4 G-Dur - Satz 3<\/a><\/li><li><a href='https:\/\/www.allegro-vivo.at\/wp-content\/uploads\/2019\/01\/5-mahler-symphonie-nr-4-g-dur-satz-4_00m_00s__00m_40s.mp3'>Mahler- Symphonie Nr. 4 G-Dur - Satz 4<\/a><\/li>\t<\/ol>\n\t<\/noscript>\n\t<script type=\"application\/json\" class=\"wp-playlist-script\">{\"type\":\"audio\",\"tracklist\":true,\"tracknumbers\":true,\"images\":false,\"artists\":false,\"tracks\":[{\"src\":\"https:\/\/www.allegro-vivo.at\/wp-content\/uploads\/2019\/01\/1-mendelssohn-bartholdy-doppelkonzert-d-moll-i-allegro_00m_00s__00m_40s.mp3\",\"type\":\"audio\/mpeg\",\"title\":\"Mendelssohn Bartholdy- Doppelkonzert d-Moll - I. Allegro\",\"caption\":\"\",\"description\":\"\\\"1-mendelssohn-bartholdy-doppelkonzert-d-moll-i-allegro_00m_00s__00m_40s\\\" aus Mendelssohn - Dvorak - Kilar - Mahler. Ver\\u00f6ffentlicht: 2018.\",\"meta\":{\"album\":\"Mendelssohn - Dvorak - Kilar - Mahler\",\"year\":\"2018\",\"length_formatted\":\"0:40\"},\"image\":{\"src\":\"https:\/\/www.allegro-vivo.at\/wp-includes\/images\/media\/audio.svg\",\"width\":48,\"height\":64},\"thumb\":{\"src\":\"https:\/\/www.allegro-vivo.at\/wp-includes\/images\/media\/audio.svg\",\"width\":48,\"height\":64}},{\"src\":\"https:\/\/www.allegro-vivo.at\/wp-content\/uploads\/2019\/01\/2-mendelssohn-bartholdy-doppelkonzert-d-moll-ii-adagio_00m_00s__00m_40s.mp3\",\"type\":\"audio\/mpeg\",\"title\":\"Mendelssohn Bartholdy- Doppelkonzert d-Moll - II. Adagio\",\"caption\":\"\",\"description\":\"\\\"2-mendelssohn-bartholdy-doppelkonzert-d-moll-ii-adagio_00m_00s__00m_40s\\\" aus Mendelssohn - Dvorak - Kilar - Mahler. Ver\\u00f6ffentlicht: 2018.\",\"meta\":{\"album\":\"Mendelssohn - Dvorak - Kilar - Mahler\",\"year\":\"2018\",\"length_formatted\":\"0:40\"},\"image\":{\"src\":\"https:\/\/www.allegro-vivo.at\/wp-includes\/images\/media\/audio.svg\",\"width\":48,\"height\":64},\"thumb\":{\"src\":\"https:\/\/www.allegro-vivo.at\/wp-includes\/images\/media\/audio.svg\",\"width\":48,\"height\":64}},{\"src\":\"https:\/\/www.allegro-vivo.at\/wp-content\/uploads\/2019\/01\/3-mendelssohn-bartholdy-doppelkonzert-d-moll-iii-allegro-molto_00m_00s__00m_40s.mp3\",\"type\":\"audio\/mpeg\",\"title\":\"Mendelssohn Bartholdy- Doppelkonzert d-Moll - III. Allegro molto\",\"caption\":\"\",\"description\":\"\\\"3-mendelssohn-bartholdy-doppelkonzert-d-moll-iii-allegro-molto_00m_00s__00m_40s\\\" aus Mendelssohn - Dvorak - Kilar - Mahler. Ver\\u00f6ffentlicht: 2018.\",\"meta\":{\"album\":\"Mendelssohn - Dvorak - Kilar - Mahler\",\"year\":\"2018\",\"length_formatted\":\"0:40\"},\"image\":{\"src\":\"https:\/\/www.allegro-vivo.at\/wp-includes\/images\/media\/audio.svg\",\"width\":48,\"height\":64},\"thumb\":{\"src\":\"https:\/\/www.allegro-vivo.at\/wp-includes\/images\/media\/audio.svg\",\"width\":48,\"height\":64}},{\"src\":\"https:\/\/www.allegro-vivo.at\/wp-content\/uploads\/2019\/01\/4-dvorak-serenade-e-dur-op-22-i-moderato_00m_00s__00m_40s.mp3\",\"type\":\"audio\/mpeg\",\"title\":\"Dvorak- Serenade E-Dur, op. 22 - I. Moderato\",\"caption\":\"\",\"description\":\"\\\"4-dvorak-serenade-e-dur-op-22-i-moderato_00m_00s__00m_40s\\\" aus Mendelssohn - Dvorak - Kilar - Mahler. Ver\\u00f6ffentlicht: 2018.\",\"meta\":{\"album\":\"Mendelssohn - Dvorak - Kilar - Mahler\",\"year\":\"2018\",\"length_formatted\":\"0:40\"},\"image\":{\"src\":\"https:\/\/www.allegro-vivo.at\/wp-includes\/images\/media\/audio.svg\",\"width\":48,\"height\":64},\"thumb\":{\"src\":\"https:\/\/www.allegro-vivo.at\/wp-includes\/images\/media\/audio.svg\",\"width\":48,\"height\":64}},{\"src\":\"https:\/\/www.allegro-vivo.at\/wp-content\/uploads\/2019\/01\/5-dvorak-serenade-e-dur-op-22-ii-tempo-di-valse_00m_00s__00m_40s.mp3\",\"type\":\"audio\/mpeg\",\"title\":\"Dvorak- Serenade E-Dur, op. 22 - II. Tempo di Valse\",\"caption\":\"\",\"description\":\"\\\"5-dvorak-serenade-e-dur-op-22-ii-tempo-di-valse_00m_00s__00m_40s\\\" aus Mendelssohn - Dvorak - Kilar - Mahler. Ver\\u00f6ffentlicht: 2018.\",\"meta\":{\"album\":\"Mendelssohn - Dvorak - Kilar - Mahler\",\"year\":\"2018\",\"length_formatted\":\"0:40\"},\"image\":{\"src\":\"https:\/\/www.allegro-vivo.at\/wp-includes\/images\/media\/audio.svg\",\"width\":48,\"height\":64},\"thumb\":{\"src\":\"https:\/\/www.allegro-vivo.at\/wp-includes\/images\/media\/audio.svg\",\"width\":48,\"height\":64}},{\"src\":\"https:\/\/www.allegro-vivo.at\/wp-content\/uploads\/2019\/01\/6-dvorak-serenade-e-dur-op-22-iii-scherzo-vivace_00m_00s__00m_40s.mp3\",\"type\":\"audio\/mpeg\",\"title\":\"Dvorak- Serenade E-Dur, op. 22 - III. Scherzo. Vivace\",\"caption\":\"\",\"description\":\"\\\"6-dvorak-serenade-e-dur-op-22-iii-scherzo-vivace_00m_00s__00m_40s\\\" aus Mendelssohn - Dvorak - Kilar - Mahler. Ver\\u00f6ffentlicht: 2018.\",\"meta\":{\"album\":\"Mendelssohn - Dvorak - Kilar - Mahler\",\"year\":\"2018\",\"length_formatted\":\"0:40\"},\"image\":{\"src\":\"https:\/\/www.allegro-vivo.at\/wp-includes\/images\/media\/audio.svg\",\"width\":48,\"height\":64},\"thumb\":{\"src\":\"https:\/\/www.allegro-vivo.at\/wp-includes\/images\/media\/audio.svg\",\"width\":48,\"height\":64}},{\"src\":\"https:\/\/www.allegro-vivo.at\/wp-content\/uploads\/2019\/01\/7-dvorak-serenade-e-dur-op-22-iv-larghetto_00m_00s__00m_40s.mp3\",\"type\":\"audio\/mpeg\",\"title\":\"Dvorak- Serenade E-Dur, op. 22 - IV. Larghetto\",\"caption\":\"\",\"description\":\"\\\"7-dvorak-serenade-e-dur-op-22-iv-larghetto_00m_00s__00m_40s\\\" aus Mendelssohn - Dvorak - Kilar - Mahler. Ver\\u00f6ffentlicht: 2018.\",\"meta\":{\"album\":\"Mendelssohn - Dvorak - Kilar - Mahler\",\"year\":\"2018\",\"length_formatted\":\"0:40\"},\"image\":{\"src\":\"https:\/\/www.allegro-vivo.at\/wp-includes\/images\/media\/audio.svg\",\"width\":48,\"height\":64},\"thumb\":{\"src\":\"https:\/\/www.allegro-vivo.at\/wp-includes\/images\/media\/audio.svg\",\"width\":48,\"height\":64}},{\"src\":\"https:\/\/www.allegro-vivo.at\/wp-content\/uploads\/2019\/01\/8-dvorak-serenade-e-dur-op-22-v-finale-allegro-vivace_00m_00s__00m_40s.mp3\",\"type\":\"audio\/mpeg\",\"title\":\"Dvorak- Serenade E-Dur, op. 22 - V. Finale. Allegro vivace\",\"caption\":\"\",\"description\":\"\\\"8-dvorak-serenade-e-dur-op-22-v-finale-allegro-vivace_00m_00s__00m_40s\\\" aus Mendelssohn - Dvorak - Kilar - Mahler. Ver\\u00f6ffentlicht: 2018.\",\"meta\":{\"album\":\"Mendelssohn - Dvorak - Kilar - Mahler\",\"year\":\"2018\",\"length_formatted\":\"0:40\"},\"image\":{\"src\":\"https:\/\/www.allegro-vivo.at\/wp-includes\/images\/media\/audio.svg\",\"width\":48,\"height\":64},\"thumb\":{\"src\":\"https:\/\/www.allegro-vivo.at\/wp-includes\/images\/media\/audio.svg\",\"width\":48,\"height\":64}},{\"src\":\"https:\/\/www.allegro-vivo.at\/wp-content\/uploads\/2019\/01\/1-kilar-orawa-fuer-streichorchester_00m_00s__00m_40s.mp3\",\"type\":\"audio\/mpeg\",\"title\":\"Kilar- Orawa f\\u00fcr Streichorchester\",\"caption\":\"\",\"description\":\"\\\"1-kilar-orawa-fuer-streichorchester_00m_00s__00m_40s\\\" aus Mendelssohn - Dvorak - Kilar - Mahler. Ver\\u00f6ffentlicht: 2018.\",\"meta\":{\"album\":\"Mendelssohn - Dvorak - Kilar - Mahler\",\"year\":\"2018\",\"length_formatted\":\"0:40\"},\"image\":{\"src\":\"https:\/\/www.allegro-vivo.at\/wp-includes\/images\/media\/audio.svg\",\"width\":48,\"height\":64},\"thumb\":{\"src\":\"https:\/\/www.allegro-vivo.at\/wp-includes\/images\/media\/audio.svg\",\"width\":48,\"height\":64}},{\"src\":\"https:\/\/www.allegro-vivo.at\/wp-content\/uploads\/2019\/01\/2-mahler-symphonie-nr-4-g-dur-satz-1_00m_00s__00m_40s.mp3\",\"type\":\"audio\/mpeg\",\"title\":\"Mahler- Symphonie Nr. 4 G-Dur - Satz 1\",\"caption\":\"\",\"description\":\"\\\"2-mahler-symphonie-nr-4-g-dur-satz-1_00m_00s__00m_40s\\\" aus Mendelssohn - Dvorak - Kilar - Mahler. Ver\\u00f6ffentlicht: 2018.\",\"meta\":{\"album\":\"Mendelssohn - Dvorak - Kilar - Mahler\",\"year\":\"2018\",\"length_formatted\":\"0:40\"},\"image\":{\"src\":\"https:\/\/www.allegro-vivo.at\/wp-includes\/images\/media\/audio.svg\",\"width\":48,\"height\":64},\"thumb\":{\"src\":\"https:\/\/www.allegro-vivo.at\/wp-includes\/images\/media\/audio.svg\",\"width\":48,\"height\":64}},{\"src\":\"https:\/\/www.allegro-vivo.at\/wp-content\/uploads\/2019\/01\/3-mahler-symphonie-nr-4-g-dur-satz-2_00m_00s__00m_40s.mp3\",\"type\":\"audio\/mpeg\",\"title\":\"Mahler- Symphonie Nr. 4 G-Dur - Satz 2\",\"caption\":\"\",\"description\":\"\\\"3-mahler-symphonie-nr-4-g-dur-satz-2_00m_00s__00m_40s\\\" aus Mendelssohn - Dvorak - Kilar - Mahler. Ver\\u00f6ffentlicht: 2018.\",\"meta\":{\"album\":\"Mendelssohn - Dvorak - Kilar - Mahler\",\"year\":\"2018\",\"length_formatted\":\"0:40\"},\"image\":{\"src\":\"https:\/\/www.allegro-vivo.at\/wp-includes\/images\/media\/audio.svg\",\"width\":48,\"height\":64},\"thumb\":{\"src\":\"https:\/\/www.allegro-vivo.at\/wp-includes\/images\/media\/audio.svg\",\"width\":48,\"height\":64}},{\"src\":\"https:\/\/www.allegro-vivo.at\/wp-content\/uploads\/2019\/01\/4-mahler-symphonie-nr-4-g-dur-satz-3_00m_00s__00m_40s.mp3\",\"type\":\"audio\/mpeg\",\"title\":\"Mahler- Symphonie Nr. 4 G-Dur - Satz 3\",\"caption\":\"\",\"description\":\"\\\"4-mahler-symphonie-nr-4-g-dur-satz-3_00m_00s__00m_40s\\\" aus Mendelssohn - Dvorak - Kilar - Mahler. Ver\\u00f6ffentlicht: 2018.\",\"meta\":{\"album\":\"Mendelssohn - Dvorak - Kilar - Mahler\",\"year\":\"2018\",\"length_formatted\":\"0:40\"},\"image\":{\"src\":\"https:\/\/www.allegro-vivo.at\/wp-includes\/images\/media\/audio.svg\",\"width\":48,\"height\":64},\"thumb\":{\"src\":\"https:\/\/www.allegro-vivo.at\/wp-includes\/images\/media\/audio.svg\",\"width\":48,\"height\":64}},{\"src\":\"https:\/\/www.allegro-vivo.at\/wp-content\/uploads\/2019\/01\/5-mahler-symphonie-nr-4-g-dur-satz-4_00m_00s__00m_40s.mp3\",\"type\":\"audio\/mpeg\",\"title\":\"Mahler- Symphonie Nr. 4 G-Dur - Satz 4\",\"caption\":\"\",\"description\":\"\\\"5-mahler-symphonie-nr-4-g-dur-satz-4_00m_00s__00m_40s\\\" aus Mendelssohn - Dvorak - Kilar - Mahler. Ver\\u00f6ffentlicht: 2018.\",\"meta\":{\"album\":\"Mendelssohn - Dvorak - Kilar - Mahler\",\"year\":\"2018\",\"length_formatted\":\"0:40\"},\"image\":{\"src\":\"https:\/\/www.allegro-vivo.at\/wp-includes\/images\/media\/audio.svg\",\"width\":48,\"height\":64},\"thumb\":{\"src\":\"https:\/\/www.allegro-vivo.at\/wp-includes\/images\/media\/audio.svg\",\"width\":48,\"height\":64}}]}<\/script>\n<\/div>\n\t\n<section id=\"content-section-36309637\" class=\"intense content-section \"2 style=\"  margin-bottom: 0; margin-top: 0; margin-left: 0; margin-right: 0;  padding-top: 25px; padding-bottom:25px; padding-left: 0; padding-right:0; \"><div class=\"intense container  \"><div  class='intense row ' style='padding-top: 30px; padding-bottom: 0; margin-top: 0; margin-bottom: 0; '><div class='intense col-lg-6 col-xs-12 col-sm-12 col-md-6 '>\n<h2><span class=\"ez-toc-section\" id=\"cd1\"><\/span>CD1<span class=\"ez-toc-section-end\"><\/span><\/h2>\n<p><em><strong>Felix Mendelssohn-Bartholdy<\/strong> <\/em><\/p>\n<p>Konzert f\u00fcr Violine, Klavier und Orchester in d-Moll<\/p>\n<p><em><strong>Anton\u00edn Dvo\u0159\u00e1k<\/strong> <\/em><\/p>\n<p>Serenade f\u00fcr Streichorchester E-Dur op. 22<\/p>\n<p><em>Antti Siirala Klavier. Academia Allegro Vivo. Vahid Khadem-Missagh, Violine und Dirigent<\/em><\/p>\n<\/div><div class='intense col-lg-6 col-xs-12 col-sm-12 col-md-6 '>\n<h2><span class=\"ez-toc-section\" id=\"cd2\"><\/span>CD2<span class=\"ez-toc-section-end\"><\/span><\/h2>\n<p><em><strong>Wojciech Kilar<\/strong> <\/em><\/p>\n<p>1. \u201eOrawa\u201c f\u00fcr Streichorchester<\/p>\n<p><em><strong>Gustav Mahler<\/strong> <\/em><\/p>\n<p>4. Symphonie G-Dur (arr. f\u00fcr Kammerensemble von Erwin Stein)<\/p>\n<p>Malin Hartelius, Sopran<\/p>\n<p><em>Academia Allegro Vivo: Vahid Khadem-Missagh, Violine und Leitung. Bozena Angelova, ViolineGertrude Rossbacher, Viola. Othmar M\u00fcller, Cello. Anton Schachenhofer, Kontrabass. Matthias Schulz, Fl\u00f6te. Andreas Gschmeidler, Oboe. Christoph Zimper, Klarinette. Gunther Benedikt, Schlagwerk. Gabriel Vogelauer, Schlagwerk. Sandra Jost, Klavier. Stefan Donner, Harmonium.<\/em><\/p>\n<\/div><\/div><\/div><\/section>\n","protected":false},"excerpt":{"rendered":"<p>Die Freude am Spielen als Ausdrucksform des menschlichen Geistes: Vahid Khadem-Missagh stellte als k\u00fcnstlerischer Leiter die lebensbejahende Kraft der Musik in den Mittelpunkt von Allegro Vivo 2017. Die Er\u00f6ffnungs- und Abschlusskonzerte machten dem Motto \u00bbSpiel.Freude\u00ab alle Ehre und sind mit der neuen CD-Produktion in der \u00d61 Edition dokumentiert. W\u00e4hrend in Mendelssohn Bartholdys jugendlichem Doppelkonzert f\u00fcr<a href=\"https:\/\/www.allegro-vivo.at\/de\/produkt\/cd-spiel-freude\/\">[&#8230;]<\/a><\/p>\n","protected":false},"featured_media":8423,"template":"","meta":[],"product_brand":[],"product_cat":[93],"product_tag":[108,109],"class_list":{"0":"post-8429","1":"product","2":"type-product","3":"status-publish","4":"has-post-thumbnail","6":"product_cat-cds","7":"product_tag-allegro-vivo","8":"product_tag-cd","9":"product_shipping_class-cd","11":"first","12":"instock","13":"taxable","14":"shipping-taxable","15":"purchasable","16":"product-type-simple"},"yoast_head":"<!-- This site is optimized with the Yoast SEO plugin v27.5 - https:\/\/yoast.com\/product\/yoast-seo-wordpress\/ -->\n<title>CD &quot;Spiel.Freude&quot; - Shop - Allegro Vivo Kammermusik Festival<\/title>\n<meta name=\"description\" content=\"Die Er\u00f6ffnungs- und Abschlusskonzerte 2018 machten dem Motto \u00bbSpiel.Freude\u00ab alle Ehre und sind mit der neuen CD-Produktion in der \u00d61 Edition dokumentiert.\" \/>\n<meta name=\"robots\" content=\"index, follow, max-snippet:-1, max-image-preview:large, max-video-preview:-1\" \/>\n<link rel=\"canonical\" href=\"https:\/\/www.allegro-vivo.at\/de\/produkt\/cd-spiel-freude\/\" \/>\n<meta property=\"og:locale\" content=\"de_DE\" \/>\n<meta property=\"og:type\" content=\"article\" \/>\n<meta property=\"og:title\" content=\"CD &quot;Spiel.Freude&quot; - Shop - Allegro Vivo Kammermusik Festival\" \/>\n<meta property=\"og:description\" content=\"Die Er\u00f6ffnungs- und Abschlusskonzerte 2018 machten dem Motto \u00bbSpiel.Freude\u00ab alle Ehre und sind mit der neuen CD-Produktion in der \u00d61 Edition dokumentiert.\" \/>\n<meta property=\"og:url\" content=\"https:\/\/www.allegro-vivo.at\/de\/produkt\/cd-spiel-freude\/\" \/>\n<meta property=\"og:site_name\" content=\"Allegro Vivo Kammermusik Festival\" \/>\n<meta property=\"article:publisher\" content=\"https:\/\/www.facebook.com\/allegro.vivo.festival.austria\/\" \/>\n<meta property=\"article:modified_time\" content=\"2022-07-30T18:16:58+00:00\" \/>\n<meta property=\"og:image\" content=\"https:\/\/www.allegro-vivo.at\/wp-content\/uploads\/2018\/05\/allegrovivo2018_cd_cover_kl.jpg\" \/>\n\t<meta property=\"og:image:width\" content=\"1500\" \/>\n\t<meta property=\"og:image:height\" content=\"1483\" \/>\n\t<meta property=\"og:image:type\" content=\"image\/jpeg\" \/>\n<meta name=\"twitter:card\" content=\"summary_large_image\" \/>\n<meta name=\"twitter:label1\" content=\"Gesch\u00e4tzte Lesezeit\" \/>\n\t<meta name=\"twitter:data1\" content=\"2\u00a0Minuten\" \/>\n<script type=\"application\/ld+json\" class=\"yoast-schema-graph\">{\"@context\":\"https:\\\/\\\/schema.org\",\"@graph\":[{\"@type\":\"WebPage\",\"@id\":\"https:\\\/\\\/www.allegro-vivo.at\\\/de\\\/produkt\\\/cd-spiel-freude\\\/\",\"url\":\"https:\\\/\\\/www.allegro-vivo.at\\\/de\\\/produkt\\\/cd-spiel-freude\\\/\",\"name\":\"CD \\\"Spiel.Freude\\\" - Shop - Allegro Vivo Kammermusik Festival\",\"isPartOf\":{\"@id\":\"https:\\\/\\\/www.allegro-vivo.at\\\/de\\\/#website\"},\"primaryImageOfPage\":{\"@id\":\"https:\\\/\\\/www.allegro-vivo.at\\\/de\\\/produkt\\\/cd-spiel-freude\\\/#primaryimage\"},\"image\":{\"@id\":\"https:\\\/\\\/www.allegro-vivo.at\\\/produkt\\\/cd-spiel-freude\\\/#primaryimage\"},\"thumbnailUrl\":\"https:\\\/\\\/www.allegro-vivo.at\\\/wp-content\\\/uploads\\\/2018\\\/05\\\/allegrovivo2018_cd_cover_kl.jpg\",\"datePublished\":\"2018-05-28T22:05:04+00:00\",\"dateModified\":\"2022-07-30T18:16:58+00:00\",\"description\":\"Die Er\u00f6ffnungs- und Abschlusskonzerte 2018 machten dem Motto \u00bbSpiel.Freude\u00ab alle Ehre und sind mit der neuen CD-Produktion in der \u00d61 Edition dokumentiert.\",\"breadcrumb\":{\"@id\":\"https:\\\/\\\/www.allegro-vivo.at\\\/de\\\/produkt\\\/cd-spiel-freude\\\/#breadcrumb\"},\"inLanguage\":\"de\",\"potentialAction\":[{\"@type\":\"ReadAction\",\"target\":[[\"https:\\\/\\\/www.allegro-vivo.at\\\/de\\\/produkt\\\/cd-spiel-freude\\\/\"]]}]},{\"@type\":\"ImageObject\",\"inLanguage\":\"de\",\"@id\":\"https:\\\/\\\/www.allegro-vivo.at\\\/de\\\/produkt\\\/cd-spiel-freude\\\/#primaryimage\",\"url\":\"https:\\\/\\\/www.allegro-vivo.at\\\/wp-content\\\/uploads\\\/2018\\\/05\\\/allegrovivo2018_cd_cover_kl.jpg\",\"contentUrl\":\"https:\\\/\\\/www.allegro-vivo.at\\\/wp-content\\\/uploads\\\/2018\\\/05\\\/allegrovivo2018_cd_cover_kl.jpg\",\"width\":1500,\"height\":1483,\"caption\":\"CD \\\"Spiel.Freude\\\"\"},{\"@type\":\"BreadcrumbList\",\"@id\":\"https:\\\/\\\/www.allegro-vivo.at\\\/de\\\/produkt\\\/cd-spiel-freude\\\/#breadcrumb\",\"itemListElement\":[{\"@type\":\"ListItem\",\"position\":1,\"name\":\"Startseite\",\"item\":\"https:\\\/\\\/www.allegro-vivo.at\\\/de\\\/\"},{\"@type\":\"ListItem\",\"position\":2,\"name\":\"Shop\",\"item\":\"https:\\\/\\\/www.allegro-vivo.at\\\/de\\\/service\\\/shop\\\/\"},{\"@type\":\"ListItem\",\"position\":3,\"name\":\"CD &#8222;Spiel.Freude&#8220;\"}]},{\"@type\":\"WebSite\",\"@id\":\"https:\\\/\\\/www.allegro-vivo.at\\\/de\\\/#website\",\"url\":\"https:\\\/\\\/www.allegro-vivo.at\\\/de\\\/\",\"name\":\"Allegro Vivo Kammermusik Festival\",\"description\":\"Allegro Vivo Kammermusik Festival und Meisterkurse\",\"publisher\":{\"@id\":\"https:\\\/\\\/www.allegro-vivo.at\\\/de\\\/#organization\"},\"potentialAction\":[{\"@type\":\"SearchAction\",\"target\":{\"@type\":\"EntryPoint\",\"urlTemplate\":\"https:\\\/\\\/www.allegro-vivo.at\\\/de\\\/?s={search_term_string}\"},\"query-input\":{\"@type\":\"PropertyValueSpecification\",\"valueRequired\":true,\"valueName\":\"search_term_string\"}}],\"inLanguage\":\"de\"},{\"@type\":\"Organization\",\"@id\":\"https:\\\/\\\/www.allegro-vivo.at\\\/de\\\/#organization\",\"name\":\"Allegro Vivo\",\"url\":\"https:\\\/\\\/www.allegro-vivo.at\\\/de\\\/\",\"logo\":{\"@type\":\"ImageObject\",\"inLanguage\":\"de\",\"@id\":\"https:\\\/\\\/www.allegro-vivo.at\\\/de\\\/#\\\/schema\\\/logo\\\/image\\\/\",\"url\":\"https:\\\/\\\/www.allegro-vivo.at\\\/wp-content\\\/uploads\\\/2017\\\/02\\\/allegro_vivo_logo_web.png\",\"contentUrl\":\"https:\\\/\\\/www.allegro-vivo.at\\\/wp-content\\\/uploads\\\/2017\\\/02\\\/allegro_vivo_logo_web.png\",\"width\":400,\"height\":114,\"caption\":\"Allegro Vivo\"},\"image\":{\"@id\":\"https:\\\/\\\/www.allegro-vivo.at\\\/de\\\/#\\\/schema\\\/logo\\\/image\\\/\"},\"sameAs\":[\"https:\\\/\\\/www.facebook.com\\\/allegro.vivo.festival.austria\\\/\",\"https:\\\/\\\/www.instagram.com\\\/allegro.vivo\\\/\",\"https:\\\/\\\/www.youtube.com\\\/user\\\/allegrovivooo\"]}]}<\/script>\n<!-- \/ Yoast SEO plugin. -->","yoast_head_json":{"title":"CD \"Spiel.Freude\" - Shop - Allegro Vivo Kammermusik Festival","description":"Die Er\u00f6ffnungs- und Abschlusskonzerte 2018 machten dem Motto \u00bbSpiel.Freude\u00ab alle Ehre und sind mit der neuen CD-Produktion in der \u00d61 Edition dokumentiert.","robots":{"index":"index","follow":"follow","max-snippet":"max-snippet:-1","max-image-preview":"max-image-preview:large","max-video-preview":"max-video-preview:-1"},"canonical":"https:\/\/www.allegro-vivo.at\/de\/produkt\/cd-spiel-freude\/","og_locale":"de_DE","og_type":"article","og_title":"CD \"Spiel.Freude\" - Shop - Allegro Vivo Kammermusik Festival","og_description":"Die Er\u00f6ffnungs- und Abschlusskonzerte 2018 machten dem Motto \u00bbSpiel.Freude\u00ab alle Ehre und sind mit der neuen CD-Produktion in der \u00d61 Edition dokumentiert.","og_url":"https:\/\/www.allegro-vivo.at\/de\/produkt\/cd-spiel-freude\/","og_site_name":"Allegro Vivo Kammermusik Festival","article_publisher":"https:\/\/www.facebook.com\/allegro.vivo.festival.austria\/","article_modified_time":"2022-07-30T18:16:58+00:00","og_image":[{"width":1500,"height":1483,"url":"https:\/\/www.allegro-vivo.at\/wp-content\/uploads\/2018\/05\/allegrovivo2018_cd_cover_kl.jpg","type":"image\/jpeg"}],"twitter_card":"summary_large_image","twitter_misc":{"Gesch\u00e4tzte Lesezeit":"2\u00a0Minuten"},"schema":{"@context":"https:\/\/schema.org","@graph":[{"@type":"WebPage","@id":"https:\/\/www.allegro-vivo.at\/de\/produkt\/cd-spiel-freude\/","url":"https:\/\/www.allegro-vivo.at\/de\/produkt\/cd-spiel-freude\/","name":"CD \"Spiel.Freude\" - Shop - Allegro Vivo Kammermusik Festival","isPartOf":{"@id":"https:\/\/www.allegro-vivo.at\/de\/#website"},"primaryImageOfPage":{"@id":"https:\/\/www.allegro-vivo.at\/de\/produkt\/cd-spiel-freude\/#primaryimage"},"image":{"@id":"https:\/\/www.allegro-vivo.at\/produkt\/cd-spiel-freude\/#primaryimage"},"thumbnailUrl":"https:\/\/www.allegro-vivo.at\/wp-content\/uploads\/2018\/05\/allegrovivo2018_cd_cover_kl.jpg","datePublished":"2018-05-28T22:05:04+00:00","dateModified":"2022-07-30T18:16:58+00:00","description":"Die Er\u00f6ffnungs- und Abschlusskonzerte 2018 machten dem Motto \u00bbSpiel.Freude\u00ab alle Ehre und sind mit der neuen CD-Produktion in der \u00d61 Edition dokumentiert.","breadcrumb":{"@id":"https:\/\/www.allegro-vivo.at\/de\/produkt\/cd-spiel-freude\/#breadcrumb"},"inLanguage":"de","potentialAction":[{"@type":"ReadAction","target":[["https:\/\/www.allegro-vivo.at\/de\/produkt\/cd-spiel-freude\/"]]}]},{"@type":"ImageObject","inLanguage":"de","@id":"https:\/\/www.allegro-vivo.at\/de\/produkt\/cd-spiel-freude\/#primaryimage","url":"https:\/\/www.allegro-vivo.at\/wp-content\/uploads\/2018\/05\/allegrovivo2018_cd_cover_kl.jpg","contentUrl":"https:\/\/www.allegro-vivo.at\/wp-content\/uploads\/2018\/05\/allegrovivo2018_cd_cover_kl.jpg","width":1500,"height":1483,"caption":"CD \"Spiel.Freude\""},{"@type":"BreadcrumbList","@id":"https:\/\/www.allegro-vivo.at\/de\/produkt\/cd-spiel-freude\/#breadcrumb","itemListElement":[{"@type":"ListItem","position":1,"name":"Startseite","item":"https:\/\/www.allegro-vivo.at\/de\/"},{"@type":"ListItem","position":2,"name":"Shop","item":"https:\/\/www.allegro-vivo.at\/de\/service\/shop\/"},{"@type":"ListItem","position":3,"name":"CD &#8222;Spiel.Freude&#8220;"}]},{"@type":"WebSite","@id":"https:\/\/www.allegro-vivo.at\/de\/#website","url":"https:\/\/www.allegro-vivo.at\/de\/","name":"Allegro Vivo Kammermusik Festival","description":"Allegro Vivo Kammermusik Festival und Meisterkurse","publisher":{"@id":"https:\/\/www.allegro-vivo.at\/de\/#organization"},"potentialAction":[{"@type":"SearchAction","target":{"@type":"EntryPoint","urlTemplate":"https:\/\/www.allegro-vivo.at\/de\/?s={search_term_string}"},"query-input":{"@type":"PropertyValueSpecification","valueRequired":true,"valueName":"search_term_string"}}],"inLanguage":"de"},{"@type":"Organization","@id":"https:\/\/www.allegro-vivo.at\/de\/#organization","name":"Allegro Vivo","url":"https:\/\/www.allegro-vivo.at\/de\/","logo":{"@type":"ImageObject","inLanguage":"de","@id":"https:\/\/www.allegro-vivo.at\/de\/#\/schema\/logo\/image\/","url":"https:\/\/www.allegro-vivo.at\/wp-content\/uploads\/2017\/02\/allegro_vivo_logo_web.png","contentUrl":"https:\/\/www.allegro-vivo.at\/wp-content\/uploads\/2017\/02\/allegro_vivo_logo_web.png","width":400,"height":114,"caption":"Allegro Vivo"},"image":{"@id":"https:\/\/www.allegro-vivo.at\/de\/#\/schema\/logo\/image\/"},"sameAs":["https:\/\/www.facebook.com\/allegro.vivo.festival.austria\/","https:\/\/www.instagram.com\/allegro.vivo\/","https:\/\/www.youtube.com\/user\/allegrovivooo"]}]}},"_links":{"self":[{"href":"https:\/\/www.allegro-vivo.at\/de\/wp-json\/wp\/v2\/product\/8429","targetHints":{"allow":["GET"]}}],"collection":[{"href":"https:\/\/www.allegro-vivo.at\/de\/wp-json\/wp\/v2\/product"}],"about":[{"href":"https:\/\/www.allegro-vivo.at\/de\/wp-json\/wp\/v2\/types\/product"}],"wp:featuredmedia":[{"embeddable":true,"href":"https:\/\/www.allegro-vivo.at\/de\/wp-json\/wp\/v2\/media\/8423"}],"wp:attachment":[{"href":"https:\/\/www.allegro-vivo.at\/de\/wp-json\/wp\/v2\/media?parent=8429"}],"wp:term":[{"taxonomy":"product_brand","embeddable":true,"href":"https:\/\/www.allegro-vivo.at\/de\/wp-json\/wp\/v2\/product_brand?post=8429"},{"taxonomy":"product_cat","embeddable":true,"href":"https:\/\/www.allegro-vivo.at\/de\/wp-json\/wp\/v2\/product_cat?post=8429"},{"taxonomy":"product_tag","embeddable":true,"href":"https:\/\/www.allegro-vivo.at\/de\/wp-json\/wp\/v2\/product_tag?post=8429"}],"curies":[{"name":"wp","href":"https:\/\/api.w.org\/{rel}","templated":true}]}}