{"id":7264,"date":"2018-02-25T21:45:43","date_gmt":"2018-02-25T20:45:43","guid":{"rendered":"https:\/\/www.allegro-vivo.at\/?post_type=product&#038;p=7264"},"modified":"2022-07-30T20:16:59","modified_gmt":"2022-07-30T18:16:59","slug":"cd-bartok-korngold","status":"publish","type":"product","link":"https:\/\/www.allegro-vivo.at\/de\/produkt\/cd-bartok-korngold\/","title":{"rendered":"CD &#8222;Bartok &#8211; Korngold&#8220;"},"content":{"rendered":"<p>B\u00e9la Bart\u00f3k (1881-1945) &#8211; Divertimento f\u00fcr Steichorchester<br \/>\nErich Wolfgang Korngold (11897-1957) &#8211; Symphonische Serenade f\u00fcr Steichorchester B-Dur<\/p>\n<p><strong>Academia Allegro Vivo<\/strong><br \/>\n<strong> Bijan Khadem-Missagh, Dirigent<\/strong><\/p>\n<h2>H\u00f6rbeispiele CD &#8222;Bartok &#8211; Korngold&#8220;<\/h2>\n<div class=\"wp-playlist wp-audio-playlist wp-playlist-light\">\n\t\t\t<div class=\"wp-playlist-current-item\"><\/div>\n\t\t<audio controls=\"controls\" preload=\"none\" width=\"618\"\n\t\t\t><\/audio>\n\t<div class=\"wp-playlist-next\"><\/div>\n\t<div class=\"wp-playlist-prev\"><\/div>\n\t<noscript>\n\t<ol>\n\t\t<li><a href='https:\/\/www.allegro-vivo.at\/wp-content\/uploads\/2018\/02\/01-bartok-divertimento-1-satz_00m_00s__01m_00s.mp3'>Bartok - Divertimento 1.Satz<\/a><\/li><li><a href='https:\/\/www.allegro-vivo.at\/wp-content\/uploads\/2018\/02\/02-bartok-divertimento-2-satz_00m_00s__01m_00s.mp3'>Bartok - Divertimento 2.Satz<\/a><\/li><li><a href='https:\/\/www.allegro-vivo.at\/wp-content\/uploads\/2018\/02\/03-bartok-divertimento-3-satz_00m_00s__01m_00s.mp3'>Bartok - Divertimento 3.Satz<\/a><\/li><li><a href='https:\/\/www.allegro-vivo.at\/wp-content\/uploads\/2018\/02\/04-korngold-serenade-op39-1-satz_00m_00s__01m_00s.mp3'>Korngold Serenade op39 1.Satz<\/a><\/li><li><a href='https:\/\/www.allegro-vivo.at\/wp-content\/uploads\/2018\/02\/05-korngold-serenade-op39-2-satz_00m_00s__01m_00s.mp3'>Korngold Serenade op39 2.Satz_00m_00s__01m_00s<\/a><\/li><li><a href='https:\/\/www.allegro-vivo.at\/wp-content\/uploads\/2018\/02\/06-korngold-serenade-op39-3-satz_00m_00s__01m_00s.mp3'>Korngold Serenade op39 3.Satz<\/a><\/li><li><a href='https:\/\/www.allegro-vivo.at\/wp-content\/uploads\/2018\/02\/07-korngold-serenade-op39-4-satz_00m_00s__01m_00s.mp3'>Korngold Serenade op39 4.Satz<\/a><\/li>\t<\/ol>\n\t<\/noscript>\n\t<script type=\"application\/json\" class=\"wp-playlist-script\">{\"type\":\"audio\",\"tracklist\":true,\"tracknumbers\":true,\"images\":false,\"artists\":false,\"tracks\":[{\"src\":\"https:\/\/www.allegro-vivo.at\/wp-content\/uploads\/2018\/02\/01-bartok-divertimento-1-satz_00m_00s__01m_00s.mp3\",\"type\":\"audio\/mpeg\",\"title\":\"Bartok - Divertimento 1.Satz\",\"caption\":\"\",\"description\":\"Bartok - Divertimento 1.Satz\",\"meta\":{\"length_formatted\":\"1:00\"},\"image\":{\"src\":\"https:\/\/www.allegro-vivo.at\/wp-includes\/images\/media\/audio.svg\",\"width\":48,\"height\":64},\"thumb\":{\"src\":\"https:\/\/www.allegro-vivo.at\/wp-includes\/images\/media\/audio.svg\",\"width\":48,\"height\":64}},{\"src\":\"https:\/\/www.allegro-vivo.at\/wp-content\/uploads\/2018\/02\/02-bartok-divertimento-2-satz_00m_00s__01m_00s.mp3\",\"type\":\"audio\/mpeg\",\"title\":\"Bartok - Divertimento 2.Satz\",\"caption\":\"\",\"description\":\"Bartok - Divertimento 2.Satz\",\"meta\":{\"length_formatted\":\"1:00\"},\"image\":{\"src\":\"https:\/\/www.allegro-vivo.at\/wp-includes\/images\/media\/audio.svg\",\"width\":48,\"height\":64},\"thumb\":{\"src\":\"https:\/\/www.allegro-vivo.at\/wp-includes\/images\/media\/audio.svg\",\"width\":48,\"height\":64}},{\"src\":\"https:\/\/www.allegro-vivo.at\/wp-content\/uploads\/2018\/02\/03-bartok-divertimento-3-satz_00m_00s__01m_00s.mp3\",\"type\":\"audio\/mpeg\",\"title\":\"Bartok - Divertimento 3.Satz\",\"caption\":\"\",\"description\":\"Bartok - Divertimento 3.Satz\",\"meta\":{\"length_formatted\":\"1:00\"},\"image\":{\"src\":\"https:\/\/www.allegro-vivo.at\/wp-includes\/images\/media\/audio.svg\",\"width\":48,\"height\":64},\"thumb\":{\"src\":\"https:\/\/www.allegro-vivo.at\/wp-includes\/images\/media\/audio.svg\",\"width\":48,\"height\":64}},{\"src\":\"https:\/\/www.allegro-vivo.at\/wp-content\/uploads\/2018\/02\/04-korngold-serenade-op39-1-satz_00m_00s__01m_00s.mp3\",\"type\":\"audio\/mpeg\",\"title\":\"Korngold Serenade op39 1.Satz\",\"caption\":\"\",\"description\":\"Korngold Serenade op39 1.Satz\",\"meta\":{\"length_formatted\":\"1:00\"},\"image\":{\"src\":\"https:\/\/www.allegro-vivo.at\/wp-includes\/images\/media\/audio.svg\",\"width\":48,\"height\":64},\"thumb\":{\"src\":\"https:\/\/www.allegro-vivo.at\/wp-includes\/images\/media\/audio.svg\",\"width\":48,\"height\":64}},{\"src\":\"https:\/\/www.allegro-vivo.at\/wp-content\/uploads\/2018\/02\/05-korngold-serenade-op39-2-satz_00m_00s__01m_00s.mp3\",\"type\":\"audio\/mpeg\",\"title\":\"Korngold Serenade op39 2.Satz_00m_00s__01m_00s\",\"caption\":\"\",\"description\":\"Korngold Serenade op39 2.Satz\",\"meta\":{\"length_formatted\":\"1:00\"},\"image\":{\"src\":\"https:\/\/www.allegro-vivo.at\/wp-includes\/images\/media\/audio.svg\",\"width\":48,\"height\":64},\"thumb\":{\"src\":\"https:\/\/www.allegro-vivo.at\/wp-includes\/images\/media\/audio.svg\",\"width\":48,\"height\":64}},{\"src\":\"https:\/\/www.allegro-vivo.at\/wp-content\/uploads\/2018\/02\/06-korngold-serenade-op39-3-satz_00m_00s__01m_00s.mp3\",\"type\":\"audio\/mpeg\",\"title\":\"Korngold Serenade op39 3.Satz\",\"caption\":\"\",\"description\":\"Korngold Serenade op39 3.Satz\",\"meta\":{\"length_formatted\":\"1:00\"},\"image\":{\"src\":\"https:\/\/www.allegro-vivo.at\/wp-includes\/images\/media\/audio.svg\",\"width\":48,\"height\":64},\"thumb\":{\"src\":\"https:\/\/www.allegro-vivo.at\/wp-includes\/images\/media\/audio.svg\",\"width\":48,\"height\":64}},{\"src\":\"https:\/\/www.allegro-vivo.at\/wp-content\/uploads\/2018\/02\/07-korngold-serenade-op39-4-satz_00m_00s__01m_00s.mp3\",\"type\":\"audio\/mpeg\",\"title\":\"Korngold Serenade op39 4.Satz\",\"caption\":\"\",\"description\":\"Korngold Serenade op39 4.Satz\",\"meta\":{\"length_formatted\":\"1:00\"},\"image\":{\"src\":\"https:\/\/www.allegro-vivo.at\/wp-includes\/images\/media\/audio.svg\",\"width\":48,\"height\":64},\"thumb\":{\"src\":\"https:\/\/www.allegro-vivo.at\/wp-includes\/images\/media\/audio.svg\",\"width\":48,\"height\":64}}]}<\/script>\n<\/div>\n\t\n","protected":false},"excerpt":{"rendered":"<p>B\u00e9la Bart\u00f3k (1881-1945) &#8211; Divertimento f\u00fcr Steichorchester Erich Wolfgang Korngold (11897-1957) &#8211; Symphonische Serenade f\u00fcr Steichorchester B-Dur Academia Allegro Vivo Bijan Khadem-Missagh, Dirigent H\u00f6rbeispiele CD &#8222;Bartok &#8211; Korngold&#8220;<\/p>\n","protected":false},"featured_media":7265,"template":"","meta":[],"product_brand":[],"product_cat":[93],"product_tag":[],"class_list":{"0":"post-7264","1":"product","2":"type-product","3":"status-publish","4":"has-post-thumbnail","6":"product_cat-cds","7":"product_shipping_class-cd","9":"first","10":"instock","11":"taxable","12":"shipping-taxable","13":"purchasable","14":"product-type-simple"},"yoast_head":"<!-- This site is optimized with the Yoast SEO plugin v27.5 - https:\/\/yoast.com\/product\/yoast-seo-wordpress\/ -->\n<title>CD &quot;Bartok - Korngold&quot; - Allegro Vivo Kammermusik Festival<\/title>\n<meta name=\"robots\" content=\"index, follow, max-snippet:-1, max-image-preview:large, max-video-preview:-1\" \/>\n<link rel=\"canonical\" href=\"https:\/\/www.allegro-vivo.at\/de\/produkt\/cd-bartok-korngold\/\" \/>\n<meta property=\"og:locale\" content=\"de_DE\" \/>\n<meta property=\"og:type\" content=\"article\" \/>\n<meta property=\"og:title\" content=\"CD &quot;Bartok - Korngold&quot; - Allegro Vivo Kammermusik Festival\" \/>\n<meta property=\"og:description\" content=\"B\u00e9la Bart\u00f3k (1881-1945) &#8211; Divertimento f\u00fcr Steichorchester Erich Wolfgang Korngold (11897-1957) &#8211; Symphonische Serenade f\u00fcr Steichorchester B-Dur Academia Allegro Vivo Bijan Khadem-Missagh, Dirigent H\u00f6rbeispiele CD &#8222;Bartok &#8211; Korngold&#8220;\" \/>\n<meta property=\"og:url\" content=\"https:\/\/www.allegro-vivo.at\/de\/produkt\/cd-bartok-korngold\/\" \/>\n<meta property=\"og:site_name\" content=\"Allegro Vivo Kammermusik Festival\" \/>\n<meta property=\"article:publisher\" content=\"https:\/\/www.facebook.com\/allegro.vivo.festival.austria\/\" \/>\n<meta property=\"article:modified_time\" content=\"2022-07-30T18:16:59+00:00\" \/>\n<meta property=\"og:image\" content=\"https:\/\/www.allegro-vivo.at\/wp-content\/uploads\/2018\/02\/bartok_korngold.jpg\" \/>\n\t<meta property=\"og:image:width\" content=\"1412\" \/>\n\t<meta property=\"og:image:height\" content=\"1347\" \/>\n\t<meta property=\"og:image:type\" content=\"image\/jpeg\" \/>\n<meta name=\"twitter:card\" content=\"summary_large_image\" \/>\n<meta name=\"twitter:label1\" content=\"Gesch\u00e4tzte Lesezeit\" \/>\n\t<meta name=\"twitter:data1\" content=\"1\u00a0Minute\" \/>\n<script type=\"application\/ld+json\" class=\"yoast-schema-graph\">{\"@context\":\"https:\\\/\\\/schema.org\",\"@graph\":[{\"@type\":\"WebPage\",\"@id\":\"https:\\\/\\\/www.allegro-vivo.at\\\/de\\\/produkt\\\/cd-bartok-korngold\\\/\",\"url\":\"https:\\\/\\\/www.allegro-vivo.at\\\/de\\\/produkt\\\/cd-bartok-korngold\\\/\",\"name\":\"CD \\\"Bartok - Korngold\\\" - Allegro Vivo Kammermusik Festival\",\"isPartOf\":{\"@id\":\"https:\\\/\\\/www.allegro-vivo.at\\\/de\\\/#website\"},\"primaryImageOfPage\":{\"@id\":\"https:\\\/\\\/www.allegro-vivo.at\\\/de\\\/produkt\\\/cd-bartok-korngold\\\/#primaryimage\"},\"image\":{\"@id\":\"https:\\\/\\\/www.allegro-vivo.at\\\/produkt\\\/cd-bartok-korngold\\\/#primaryimage\"},\"thumbnailUrl\":\"https:\\\/\\\/www.allegro-vivo.at\\\/wp-content\\\/uploads\\\/2018\\\/02\\\/bartok_korngold.jpg\",\"datePublished\":\"2018-02-25T20:45:43+00:00\",\"dateModified\":\"2022-07-30T18:16:59+00:00\",\"breadcrumb\":{\"@id\":\"https:\\\/\\\/www.allegro-vivo.at\\\/de\\\/produkt\\\/cd-bartok-korngold\\\/#breadcrumb\"},\"inLanguage\":\"de\",\"potentialAction\":[{\"@type\":\"ReadAction\",\"target\":[[\"https:\\\/\\\/www.allegro-vivo.at\\\/de\\\/produkt\\\/cd-bartok-korngold\\\/\"]]}]},{\"@type\":\"ImageObject\",\"inLanguage\":\"de\",\"@id\":\"https:\\\/\\\/www.allegro-vivo.at\\\/de\\\/produkt\\\/cd-bartok-korngold\\\/#primaryimage\",\"url\":\"https:\\\/\\\/www.allegro-vivo.at\\\/wp-content\\\/uploads\\\/2018\\\/02\\\/bartok_korngold.jpg\",\"contentUrl\":\"https:\\\/\\\/www.allegro-vivo.at\\\/wp-content\\\/uploads\\\/2018\\\/02\\\/bartok_korngold.jpg\",\"width\":1412,\"height\":1347},{\"@type\":\"BreadcrumbList\",\"@id\":\"https:\\\/\\\/www.allegro-vivo.at\\\/de\\\/produkt\\\/cd-bartok-korngold\\\/#breadcrumb\",\"itemListElement\":[{\"@type\":\"ListItem\",\"position\":1,\"name\":\"Startseite\",\"item\":\"https:\\\/\\\/www.allegro-vivo.at\\\/de\\\/\"},{\"@type\":\"ListItem\",\"position\":2,\"name\":\"Shop\",\"item\":\"https:\\\/\\\/www.allegro-vivo.at\\\/de\\\/service\\\/shop\\\/\"},{\"@type\":\"ListItem\",\"position\":3,\"name\":\"CD &#8222;Bartok &#8211; Korngold&#8220;\"}]},{\"@type\":\"WebSite\",\"@id\":\"https:\\\/\\\/www.allegro-vivo.at\\\/de\\\/#website\",\"url\":\"https:\\\/\\\/www.allegro-vivo.at\\\/de\\\/\",\"name\":\"Allegro Vivo Kammermusik Festival\",\"description\":\"Allegro Vivo Kammermusik Festival und Meisterkurse\",\"publisher\":{\"@id\":\"https:\\\/\\\/www.allegro-vivo.at\\\/de\\\/#organization\"},\"potentialAction\":[{\"@type\":\"SearchAction\",\"target\":{\"@type\":\"EntryPoint\",\"urlTemplate\":\"https:\\\/\\\/www.allegro-vivo.at\\\/de\\\/?s={search_term_string}\"},\"query-input\":{\"@type\":\"PropertyValueSpecification\",\"valueRequired\":true,\"valueName\":\"search_term_string\"}}],\"inLanguage\":\"de\"},{\"@type\":\"Organization\",\"@id\":\"https:\\\/\\\/www.allegro-vivo.at\\\/de\\\/#organization\",\"name\":\"Allegro Vivo\",\"url\":\"https:\\\/\\\/www.allegro-vivo.at\\\/de\\\/\",\"logo\":{\"@type\":\"ImageObject\",\"inLanguage\":\"de\",\"@id\":\"https:\\\/\\\/www.allegro-vivo.at\\\/de\\\/#\\\/schema\\\/logo\\\/image\\\/\",\"url\":\"https:\\\/\\\/www.allegro-vivo.at\\\/wp-content\\\/uploads\\\/2017\\\/02\\\/allegro_vivo_logo_web.png\",\"contentUrl\":\"https:\\\/\\\/www.allegro-vivo.at\\\/wp-content\\\/uploads\\\/2017\\\/02\\\/allegro_vivo_logo_web.png\",\"width\":400,\"height\":114,\"caption\":\"Allegro Vivo\"},\"image\":{\"@id\":\"https:\\\/\\\/www.allegro-vivo.at\\\/de\\\/#\\\/schema\\\/logo\\\/image\\\/\"},\"sameAs\":[\"https:\\\/\\\/www.facebook.com\\\/allegro.vivo.festival.austria\\\/\",\"https:\\\/\\\/www.instagram.com\\\/allegro.vivo\\\/\",\"https:\\\/\\\/www.youtube.com\\\/user\\\/allegrovivooo\"]}]}<\/script>\n<!-- \/ Yoast SEO plugin. -->","yoast_head_json":{"title":"CD \"Bartok - Korngold\" - Allegro Vivo Kammermusik Festival","robots":{"index":"index","follow":"follow","max-snippet":"max-snippet:-1","max-image-preview":"max-image-preview:large","max-video-preview":"max-video-preview:-1"},"canonical":"https:\/\/www.allegro-vivo.at\/de\/produkt\/cd-bartok-korngold\/","og_locale":"de_DE","og_type":"article","og_title":"CD \"Bartok - Korngold\" - Allegro Vivo Kammermusik Festival","og_description":"B\u00e9la Bart\u00f3k (1881-1945) &#8211; Divertimento f\u00fcr Steichorchester Erich Wolfgang Korngold (11897-1957) &#8211; Symphonische Serenade f\u00fcr Steichorchester B-Dur Academia Allegro Vivo Bijan Khadem-Missagh, Dirigent H\u00f6rbeispiele CD &#8222;Bartok &#8211; Korngold&#8220;","og_url":"https:\/\/www.allegro-vivo.at\/de\/produkt\/cd-bartok-korngold\/","og_site_name":"Allegro Vivo Kammermusik Festival","article_publisher":"https:\/\/www.facebook.com\/allegro.vivo.festival.austria\/","article_modified_time":"2022-07-30T18:16:59+00:00","og_image":[{"width":1412,"height":1347,"url":"https:\/\/www.allegro-vivo.at\/wp-content\/uploads\/2018\/02\/bartok_korngold.jpg","type":"image\/jpeg"}],"twitter_card":"summary_large_image","twitter_misc":{"Gesch\u00e4tzte Lesezeit":"1\u00a0Minute"},"schema":{"@context":"https:\/\/schema.org","@graph":[{"@type":"WebPage","@id":"https:\/\/www.allegro-vivo.at\/de\/produkt\/cd-bartok-korngold\/","url":"https:\/\/www.allegro-vivo.at\/de\/produkt\/cd-bartok-korngold\/","name":"CD \"Bartok - Korngold\" - Allegro Vivo Kammermusik Festival","isPartOf":{"@id":"https:\/\/www.allegro-vivo.at\/de\/#website"},"primaryImageOfPage":{"@id":"https:\/\/www.allegro-vivo.at\/de\/produkt\/cd-bartok-korngold\/#primaryimage"},"image":{"@id":"https:\/\/www.allegro-vivo.at\/produkt\/cd-bartok-korngold\/#primaryimage"},"thumbnailUrl":"https:\/\/www.allegro-vivo.at\/wp-content\/uploads\/2018\/02\/bartok_korngold.jpg","datePublished":"2018-02-25T20:45:43+00:00","dateModified":"2022-07-30T18:16:59+00:00","breadcrumb":{"@id":"https:\/\/www.allegro-vivo.at\/de\/produkt\/cd-bartok-korngold\/#breadcrumb"},"inLanguage":"de","potentialAction":[{"@type":"ReadAction","target":[["https:\/\/www.allegro-vivo.at\/de\/produkt\/cd-bartok-korngold\/"]]}]},{"@type":"ImageObject","inLanguage":"de","@id":"https:\/\/www.allegro-vivo.at\/de\/produkt\/cd-bartok-korngold\/#primaryimage","url":"https:\/\/www.allegro-vivo.at\/wp-content\/uploads\/2018\/02\/bartok_korngold.jpg","contentUrl":"https:\/\/www.allegro-vivo.at\/wp-content\/uploads\/2018\/02\/bartok_korngold.jpg","width":1412,"height":1347},{"@type":"BreadcrumbList","@id":"https:\/\/www.allegro-vivo.at\/de\/produkt\/cd-bartok-korngold\/#breadcrumb","itemListElement":[{"@type":"ListItem","position":1,"name":"Startseite","item":"https:\/\/www.allegro-vivo.at\/de\/"},{"@type":"ListItem","position":2,"name":"Shop","item":"https:\/\/www.allegro-vivo.at\/de\/service\/shop\/"},{"@type":"ListItem","position":3,"name":"CD &#8222;Bartok &#8211; Korngold&#8220;"}]},{"@type":"WebSite","@id":"https:\/\/www.allegro-vivo.at\/de\/#website","url":"https:\/\/www.allegro-vivo.at\/de\/","name":"Allegro Vivo Kammermusik Festival","description":"Allegro Vivo Kammermusik Festival und Meisterkurse","publisher":{"@id":"https:\/\/www.allegro-vivo.at\/de\/#organization"},"potentialAction":[{"@type":"SearchAction","target":{"@type":"EntryPoint","urlTemplate":"https:\/\/www.allegro-vivo.at\/de\/?s={search_term_string}"},"query-input":{"@type":"PropertyValueSpecification","valueRequired":true,"valueName":"search_term_string"}}],"inLanguage":"de"},{"@type":"Organization","@id":"https:\/\/www.allegro-vivo.at\/de\/#organization","name":"Allegro Vivo","url":"https:\/\/www.allegro-vivo.at\/de\/","logo":{"@type":"ImageObject","inLanguage":"de","@id":"https:\/\/www.allegro-vivo.at\/de\/#\/schema\/logo\/image\/","url":"https:\/\/www.allegro-vivo.at\/wp-content\/uploads\/2017\/02\/allegro_vivo_logo_web.png","contentUrl":"https:\/\/www.allegro-vivo.at\/wp-content\/uploads\/2017\/02\/allegro_vivo_logo_web.png","width":400,"height":114,"caption":"Allegro Vivo"},"image":{"@id":"https:\/\/www.allegro-vivo.at\/de\/#\/schema\/logo\/image\/"},"sameAs":["https:\/\/www.facebook.com\/allegro.vivo.festival.austria\/","https:\/\/www.instagram.com\/allegro.vivo\/","https:\/\/www.youtube.com\/user\/allegrovivooo"]}]}},"_links":{"self":[{"href":"https:\/\/www.allegro-vivo.at\/de\/wp-json\/wp\/v2\/product\/7264","targetHints":{"allow":["GET"]}}],"collection":[{"href":"https:\/\/www.allegro-vivo.at\/de\/wp-json\/wp\/v2\/product"}],"about":[{"href":"https:\/\/www.allegro-vivo.at\/de\/wp-json\/wp\/v2\/types\/product"}],"wp:featuredmedia":[{"embeddable":true,"href":"https:\/\/www.allegro-vivo.at\/de\/wp-json\/wp\/v2\/media\/7265"}],"wp:attachment":[{"href":"https:\/\/www.allegro-vivo.at\/de\/wp-json\/wp\/v2\/media?parent=7264"}],"wp:term":[{"taxonomy":"product_brand","embeddable":true,"href":"https:\/\/www.allegro-vivo.at\/de\/wp-json\/wp\/v2\/product_brand?post=7264"},{"taxonomy":"product_cat","embeddable":true,"href":"https:\/\/www.allegro-vivo.at\/de\/wp-json\/wp\/v2\/product_cat?post=7264"},{"taxonomy":"product_tag","embeddable":true,"href":"https:\/\/www.allegro-vivo.at\/de\/wp-json\/wp\/v2\/product_tag?post=7264"}],"curies":[{"name":"wp","href":"https:\/\/api.w.org\/{rel}","templated":true}]}}