{"id":387,"date":"2016-10-13T15:44:02","date_gmt":"2016-10-13T13:44:02","guid":{"rendered":"http:\/\/www.allegro-vivo.at\/?page_id=387"},"modified":"2025-12-16T07:56:51","modified_gmt":"2025-12-16T06:56:51","slug":"geschichte","status":"publish","type":"page","link":"https:\/\/www.allegro-vivo.at\/de\/geschichte\/","title":{"rendered":"Geschichte"},"content":{"rendered":"<h2><span class=\"ez-toc-section\" id=\"tradition_innovation_und_emotion\"><\/span>Tradition, Innovation und Emotion<span class=\"ez-toc-section-end\"><\/span><\/h2>\n<p>Das Allegro Vivo Kammermusikfestival wurde 1979 vom Geiger und Dirigenten <a href=\"https:\/\/www.allegro-vivo.at\/team_member\/bijan-khadem-missagh\/\">Bijan Khadem-Missagh<\/a> gegr\u00fcndet. Mit der damals einzigartigen Kombination aus Konzerten, Meisterkursen, Jugendf\u00f6rderung und Kursen f\u00fcr Kinder und Eltern entwickelte sich Allegro Vivo bald zu einer weltweit beachteten Institution mit Vorbildcharakter. <a href=\"https:\/\/www.allegro-vivo.at\/de\/artist\/vahid-khadem-missagh\/\">Vahid Khadem-Missagh<\/a> ist seit 2016 k\u00fcnstlerischer Leiter des Festivals Allegro Vivo und der\u00a0Academia Allegro Vivo.<\/p>\n<p>In den Jahrzehnten seines Bestehens hat Allegro Vivo zahlreiche Impulse, wie die stetige Weiterentwicklung des Kursangebots, innovative Programmgestaltungen und die sparten\u00fcbergreifende Auseinandersetzung mit einem j\u00e4hrlichen Leitthema gesetzt<\/p>\n<h2><span class=\"ez-toc-section\" id=\"leitthemen\"><\/span>Leitthemen<span class=\"ez-toc-section-end\"><\/span><\/h2>\n<p>2025<br \/>\n&#8222;Temperamenti&#8220;<\/p>\n<p>2024<br \/>\n&#8222;anima mundi&#8220;<\/p>\n<p>2023<br \/>\n&#8222;Metamorphosen&#8220;<\/p>\n<p>2022<br \/>\n&#8222;Momentum&#8220;<\/p>\n<p>2021<br \/>\n&#8222;Humoresque&#8220;<\/p>\n<p>2020<br \/>\n&#8222;Appassionato&#8220;<\/p>\n<p>2019<br \/>\n&#8222;Con Fantasia&#8220;<\/p>\n<p>2018<br \/>\n&#8222;Klang verbindet&#8220;<\/p>\n<p>2017<br \/>\n&#8222;Spiel.Freude&#8220;<\/p>\n<p>2016<br \/>\n&#8222;Neue Horizonte&#8220;<\/p>\n<p>2015<br \/>\n&#8222;Inspiration&#8220;<\/p>\n<p>2014<br \/>\n&#8222;Sprachklang&#8220;<\/p>\n<p>2013<br \/>\n&#8222;It&#8217;s magic&#8220; Britannia<\/p>\n<p>2012<br \/>\n&#8222;Reiselust&#8220;<\/p>\n<p>2011<br \/>\n&#8222;In Stimmung&#8220;<\/p>\n<p>2010<br \/>\n&#8222;Wie im Traum&#8220;<\/p>\n<p>2009<br \/>\n&#8222;Pulsierend im Herzen Europas&#8220;<\/p>\n<p>2008<br \/>\n&#8222;In Bewegung&#8220; (30.Festival)<\/p>\n<p>2007<br \/>\n&#8222;Nordic walking&#8220; &#8211; die Aura des Nordens<\/p>\n<p>2006<br \/>\n&#8222;Wegweiser&#8220;<\/p>\n<p>2005<br \/>\n&#8222;\u2026 den Wellen gleich&#8220;<\/p>\n<p>2004<br \/>\n&#8222;Impressionen&#8220;<\/p>\n<p>2003<br \/>\n&#8222;Das Fest&#8220; (25. Festival)<\/p>\n<p>2002<br \/>\n&#8222;Rhythmen und Zyklen&#8220;<\/p>\n<p>2001<br \/>\n&#8222;Perspektiven&#8220;<\/p>\n<p>2000<br \/>\n&#8222;Pace \u00e9 bene &#8211; Friede und eine gute Zukunft f\u00fcr unsere Welt&#8220;<\/p>\n<p>1999<br \/>\n&#8222;Metamorphosen &#8211; Monolog in Dialog, Konkurrenzkampf in Kooperation, Isolation in Gemeinschaft und Kriege in Frieden zu verwandeln&#8220;<\/p>\n<p>1998<br \/>\n&#8222;Impulse&#8220;<\/p>\n<p>1997<br \/>\n&#8222;Kunst der Begegnung &#8211; Begegnung der K\u00fcnste&#8220;<\/p>\n<p>1996<br \/>\n&#8222;Im Gegenw\u00e4rtigen Vergangenes &#8211; das Feuer zu erhalten und nicht die Asche anzubeten<\/p>\n<p>1995<br \/>\n&#8222;Relationen &#8211; Beziehungen in der Musik&#8220;<\/p>\n<p>1994<br \/>\n&#8222;Spiele &#8211; Musik spielerisch erfahren&#8220;<\/p>\n<p>1993<br \/>\n&#8222;Weite Horizonte&#8220;<\/p>\n<p>1992<br \/>\n&#8222;Aspekte &#8211; ein besseres Weltverst\u00e4ndnis durch die Aspekte in der Musik&#8220;<\/p>\n<p>1991<br \/>\nImpulse &#8211; die wechselseitige Beziehung der Komponisten im Umfeld ihrer Zeit&#8220;<\/p>\n<p>1990<br \/>\n&#8222;Kontraste &#8211; scheinbare Gegens\u00e4tze als notwendige Erg\u00e4nzung&#8220;<\/p>\n<h3><\/h3>\n<h3><\/h3>\n<p>&nbsp;<\/p>\n<h3><\/h3>\n<h3 class=\"su0\"><\/h3>\n<div class=\"su0\"><\/div>\n<h3 class=\"su0\"><\/h3>\n","protected":false},"excerpt":{"rendered":"<p>Tradition, Innovation und Emotion Das Allegro Vivo Kammermusikfestival wurde 1979 vom Geiger und Dirigenten Bijan Khadem-Missagh gegr\u00fcndet. Mit der damals einzigartigen Kombination aus Konzerten, Meisterkursen, Jugendf\u00f6rderung und Kursen f\u00fcr Kinder und Eltern entwickelte sich Allegro Vivo bald zu einer weltweit beachteten Institution mit Vorbildcharakter. Vahid Khadem-Missagh ist seit 2016 k\u00fcnstlerischer Leiter des Festivals Allegro Vivo<a href=\"https:\/\/www.allegro-vivo.at\/de\/geschichte\/\">[&#8230;]<\/a><\/p>\n","protected":false},"author":2,"featured_media":0,"parent":0,"menu_order":0,"comment_status":"closed","ping_status":"closed","template":"","meta":{"footnotes":""},"class_list":["post-387","page","type-page","status-publish","hentry"],"yoast_head":"<!-- This site is optimized with the Yoast SEO plugin v27.5 - https:\/\/yoast.com\/product\/yoast-seo-wordpress\/ -->\n<title>Geschichte - Allegro Vivo Kammermusik Festival<\/title>\n<meta name=\"description\" content=\"Tradition, Innovation und Emotion Das Allegro Vivo Kammermusikfestival wurde 1979 vom Geiger und Dirigenten Bijan Khadem-Missagh gegr\u00fcndet. Mit der damals Tradition, Innovation und Emotion,\" \/>\n<meta name=\"robots\" content=\"index, follow, max-snippet:-1, max-image-preview:large, max-video-preview:-1\" \/>\n<link rel=\"canonical\" href=\"https:\/\/www.allegro-vivo.at\/de\/geschichte\/\" \/>\n<meta property=\"og:locale\" content=\"de_DE\" \/>\n<meta property=\"og:type\" content=\"article\" \/>\n<meta property=\"og:title\" content=\"Geschichte - Allegro Vivo Kammermusik Festival\" \/>\n<meta property=\"og:description\" content=\"Tradition, Innovation und Emotion Das Allegro Vivo Kammermusikfestival wurde 1979 vom Geiger und Dirigenten Bijan Khadem-Missagh gegr\u00fcndet. Mit der damals Tradition, Innovation und Emotion,\" \/>\n<meta property=\"og:url\" content=\"https:\/\/www.allegro-vivo.at\/de\/geschichte\/\" \/>\n<meta property=\"og:site_name\" content=\"Allegro Vivo Kammermusik Festival\" \/>\n<meta property=\"article:publisher\" content=\"https:\/\/www.facebook.com\/allegro.vivo.festival.austria\/\" \/>\n<meta property=\"article:modified_time\" content=\"2025-12-16T06:56:51+00:00\" \/>\n<meta property=\"og:image\" content=\"https:\/\/www.allegro-vivo.at\/wp-content\/uploads\/2017\/03\/avivo_logofestivalaustria_rgb-1024x291.jpg\" \/>\n<meta name=\"twitter:card\" content=\"summary_large_image\" \/>\n<meta name=\"twitter:label1\" content=\"Gesch\u00e4tzte Lesezeit\" \/>\n\t<meta name=\"twitter:data1\" content=\"2\u00a0Minuten\" \/>\n<script type=\"application\/ld+json\" class=\"yoast-schema-graph\">{\"@context\":\"https:\\\/\\\/schema.org\",\"@graph\":[{\"@type\":\"WebPage\",\"@id\":\"https:\\\/\\\/www.allegro-vivo.at\\\/de\\\/geschichte\\\/\",\"url\":\"https:\\\/\\\/www.allegro-vivo.at\\\/de\\\/geschichte\\\/\",\"name\":\"Geschichte - Allegro Vivo Kammermusik Festival\",\"isPartOf\":{\"@id\":\"https:\\\/\\\/www.allegro-vivo.at\\\/de\\\/#website\"},\"datePublished\":\"2016-10-13T13:44:02+00:00\",\"dateModified\":\"2025-12-16T06:56:51+00:00\",\"description\":\"Tradition, Innovation und Emotion Das Allegro Vivo Kammermusikfestival wurde 1979 vom Geiger und Dirigenten Bijan Khadem-Missagh gegr\u00fcndet. Mit der damals Tradition, Innovation und Emotion,\",\"breadcrumb\":{\"@id\":\"https:\\\/\\\/www.allegro-vivo.at\\\/de\\\/geschichte\\\/#breadcrumb\"},\"inLanguage\":\"de\",\"potentialAction\":[{\"@type\":\"ReadAction\",\"target\":[[\"https:\\\/\\\/www.allegro-vivo.at\\\/de\\\/geschichte\\\/\"]]}]},{\"@type\":\"BreadcrumbList\",\"@id\":\"https:\\\/\\\/www.allegro-vivo.at\\\/de\\\/geschichte\\\/#breadcrumb\",\"itemListElement\":[{\"@type\":\"ListItem\",\"position\":1,\"name\":\"Startseite\",\"item\":\"https:\\\/\\\/www.allegro-vivo.at\\\/de\\\/\"},{\"@type\":\"ListItem\",\"position\":2,\"name\":\"Geschichte\"}]},{\"@type\":\"WebSite\",\"@id\":\"https:\\\/\\\/www.allegro-vivo.at\\\/de\\\/#website\",\"url\":\"https:\\\/\\\/www.allegro-vivo.at\\\/de\\\/\",\"name\":\"Allegro Vivo Kammermusik Festival\",\"description\":\"Allegro Vivo Kammermusik Festival und Meisterkurse\",\"publisher\":{\"@id\":\"https:\\\/\\\/www.allegro-vivo.at\\\/de\\\/#organization\"},\"potentialAction\":[{\"@type\":\"SearchAction\",\"target\":{\"@type\":\"EntryPoint\",\"urlTemplate\":\"https:\\\/\\\/www.allegro-vivo.at\\\/de\\\/?s={search_term_string}\"},\"query-input\":{\"@type\":\"PropertyValueSpecification\",\"valueRequired\":true,\"valueName\":\"search_term_string\"}}],\"inLanguage\":\"de\"},{\"@type\":\"Organization\",\"@id\":\"https:\\\/\\\/www.allegro-vivo.at\\\/de\\\/#organization\",\"name\":\"Allegro Vivo\",\"url\":\"https:\\\/\\\/www.allegro-vivo.at\\\/de\\\/\",\"logo\":{\"@type\":\"ImageObject\",\"inLanguage\":\"de\",\"@id\":\"https:\\\/\\\/www.allegro-vivo.at\\\/de\\\/#\\\/schema\\\/logo\\\/image\\\/\",\"url\":\"https:\\\/\\\/www.allegro-vivo.at\\\/wp-content\\\/uploads\\\/2017\\\/02\\\/allegro_vivo_logo_web.png\",\"contentUrl\":\"https:\\\/\\\/www.allegro-vivo.at\\\/wp-content\\\/uploads\\\/2017\\\/02\\\/allegro_vivo_logo_web.png\",\"width\":400,\"height\":114,\"caption\":\"Allegro Vivo\"},\"image\":{\"@id\":\"https:\\\/\\\/www.allegro-vivo.at\\\/de\\\/#\\\/schema\\\/logo\\\/image\\\/\"},\"sameAs\":[\"https:\\\/\\\/www.facebook.com\\\/allegro.vivo.festival.austria\\\/\",\"https:\\\/\\\/www.instagram.com\\\/allegro.vivo\\\/\",\"https:\\\/\\\/www.youtube.com\\\/user\\\/allegrovivooo\"]}]}<\/script>\n<!-- \/ Yoast SEO plugin. -->","yoast_head_json":{"title":"Geschichte - Allegro Vivo Kammermusik Festival","description":"Tradition, Innovation und Emotion Das Allegro Vivo Kammermusikfestival wurde 1979 vom Geiger und Dirigenten Bijan Khadem-Missagh gegr\u00fcndet. Mit der damals Tradition, Innovation und Emotion,","robots":{"index":"index","follow":"follow","max-snippet":"max-snippet:-1","max-image-preview":"max-image-preview:large","max-video-preview":"max-video-preview:-1"},"canonical":"https:\/\/www.allegro-vivo.at\/de\/geschichte\/","og_locale":"de_DE","og_type":"article","og_title":"Geschichte - Allegro Vivo Kammermusik Festival","og_description":"Tradition, Innovation und Emotion Das Allegro Vivo Kammermusikfestival wurde 1979 vom Geiger und Dirigenten Bijan Khadem-Missagh gegr\u00fcndet. Mit der damals Tradition, Innovation und Emotion,","og_url":"https:\/\/www.allegro-vivo.at\/de\/geschichte\/","og_site_name":"Allegro Vivo Kammermusik Festival","article_publisher":"https:\/\/www.facebook.com\/allegro.vivo.festival.austria\/","article_modified_time":"2025-12-16T06:56:51+00:00","og_image":[{"url":"https:\/\/www.allegro-vivo.at\/wp-content\/uploads\/2017\/03\/avivo_logofestivalaustria_rgb-1024x291.jpg","type":"","width":"","height":""}],"twitter_card":"summary_large_image","twitter_misc":{"Gesch\u00e4tzte Lesezeit":"2\u00a0Minuten"},"schema":{"@context":"https:\/\/schema.org","@graph":[{"@type":"WebPage","@id":"https:\/\/www.allegro-vivo.at\/de\/geschichte\/","url":"https:\/\/www.allegro-vivo.at\/de\/geschichte\/","name":"Geschichte - Allegro Vivo Kammermusik Festival","isPartOf":{"@id":"https:\/\/www.allegro-vivo.at\/de\/#website"},"datePublished":"2016-10-13T13:44:02+00:00","dateModified":"2025-12-16T06:56:51+00:00","description":"Tradition, Innovation und Emotion Das Allegro Vivo Kammermusikfestival wurde 1979 vom Geiger und Dirigenten Bijan Khadem-Missagh gegr\u00fcndet. Mit der damals Tradition, Innovation und Emotion,","breadcrumb":{"@id":"https:\/\/www.allegro-vivo.at\/de\/geschichte\/#breadcrumb"},"inLanguage":"de","potentialAction":[{"@type":"ReadAction","target":[["https:\/\/www.allegro-vivo.at\/de\/geschichte\/"]]}]},{"@type":"BreadcrumbList","@id":"https:\/\/www.allegro-vivo.at\/de\/geschichte\/#breadcrumb","itemListElement":[{"@type":"ListItem","position":1,"name":"Startseite","item":"https:\/\/www.allegro-vivo.at\/de\/"},{"@type":"ListItem","position":2,"name":"Geschichte"}]},{"@type":"WebSite","@id":"https:\/\/www.allegro-vivo.at\/de\/#website","url":"https:\/\/www.allegro-vivo.at\/de\/","name":"Allegro Vivo Kammermusik Festival","description":"Allegro Vivo Kammermusik Festival und Meisterkurse","publisher":{"@id":"https:\/\/www.allegro-vivo.at\/de\/#organization"},"potentialAction":[{"@type":"SearchAction","target":{"@type":"EntryPoint","urlTemplate":"https:\/\/www.allegro-vivo.at\/de\/?s={search_term_string}"},"query-input":{"@type":"PropertyValueSpecification","valueRequired":true,"valueName":"search_term_string"}}],"inLanguage":"de"},{"@type":"Organization","@id":"https:\/\/www.allegro-vivo.at\/de\/#organization","name":"Allegro Vivo","url":"https:\/\/www.allegro-vivo.at\/de\/","logo":{"@type":"ImageObject","inLanguage":"de","@id":"https:\/\/www.allegro-vivo.at\/de\/#\/schema\/logo\/image\/","url":"https:\/\/www.allegro-vivo.at\/wp-content\/uploads\/2017\/02\/allegro_vivo_logo_web.png","contentUrl":"https:\/\/www.allegro-vivo.at\/wp-content\/uploads\/2017\/02\/allegro_vivo_logo_web.png","width":400,"height":114,"caption":"Allegro Vivo"},"image":{"@id":"https:\/\/www.allegro-vivo.at\/de\/#\/schema\/logo\/image\/"},"sameAs":["https:\/\/www.facebook.com\/allegro.vivo.festival.austria\/","https:\/\/www.instagram.com\/allegro.vivo\/","https:\/\/www.youtube.com\/user\/allegrovivooo"]}]}},"_links":{"self":[{"href":"https:\/\/www.allegro-vivo.at\/de\/wp-json\/wp\/v2\/pages\/387","targetHints":{"allow":["GET"]}}],"collection":[{"href":"https:\/\/www.allegro-vivo.at\/de\/wp-json\/wp\/v2\/pages"}],"about":[{"href":"https:\/\/www.allegro-vivo.at\/de\/wp-json\/wp\/v2\/types\/page"}],"author":[{"embeddable":true,"href":"https:\/\/www.allegro-vivo.at\/de\/wp-json\/wp\/v2\/users\/2"}],"replies":[{"embeddable":true,"href":"https:\/\/www.allegro-vivo.at\/de\/wp-json\/wp\/v2\/comments?post=387"}],"version-history":[{"count":8,"href":"https:\/\/www.allegro-vivo.at\/de\/wp-json\/wp\/v2\/pages\/387\/revisions"}],"predecessor-version":[{"id":32712,"href":"https:\/\/www.allegro-vivo.at\/de\/wp-json\/wp\/v2\/pages\/387\/revisions\/32712"}],"wp:attachment":[{"href":"https:\/\/www.allegro-vivo.at\/de\/wp-json\/wp\/v2\/media?parent=387"}],"curies":[{"name":"wp","href":"https:\/\/api.w.org\/{rel}","templated":true}]}}