{"id":380,"date":"2016-10-13T15:43:25","date_gmt":"2016-10-13T13:43:25","guid":{"rendered":"http:\/\/www.allegro-vivo.at\/?page_id=380"},"modified":"2025-04-01T13:00:33","modified_gmt":"2025-04-01T11:00:33","slug":"ueber-uns","status":"publish","type":"page","link":"https:\/\/www.allegro-vivo.at\/de\/ueber-uns\/","title":{"rendered":"\u00dcber Uns"},"content":{"rendered":"<h2 class=\"su0\"><span class=\"ez-toc-section\" id=\"leitbild\"><\/span>Leitbild<span class=\"ez-toc-section-end\"><\/span><\/h2>\n<p class=\"su0\">Das Allegro Vivo Festival und seine Sommerakademie stehen f\u00fcr h\u00f6chste k\u00fcnstlerische Qualit\u00e4t.<\/p>\n<p>Die Erfahrung der K\u00fcnstler, Dozenten und Entscheidungstr\u00e4ger im Umfeld von Allegro Vivo sowie die einzigartige Architektur und Akustik der Spielst\u00e4tten setzen diesen Standard f\u00fcr diese Qualit\u00e4t.<\/p>\n<p>Aufbauend auf der reichen Musiktradition des Landes erfahren Musiker in diesem inspirierenden Umfeld kreative Entfaltungsm\u00f6glichkeiten und ein Forum f\u00fcr innovative Programmgestaltung.<\/p>\n<p>Die Allegro Vivo Sommerakademie bietet mit den Meisterkursen jungen aufstrebenden Musikern wichtige Impulse f\u00fcr ihren musikalischen Weg, f\u00f6rdert die Jugend und f\u00fchrt Kinder und Eltern an die Musik heran.<\/p>\n<p>Allegro Vivo versteht sich auch als Ort der Begegnung und fixer Bestandteil des \u00f6ffentlichen Lebens der Region. Besucher aller Bev\u00f6lkerungskreise und Generationen sollen Musik erhebend, bereichernd und als Verbindung zwischen den Menschen wahrnehmen.<\/p>\n<p>Mitarbeiter aller Ebenen sind Repr\u00e4sentanten des hohen Anspruchs von Allegro Vivo. Dienstleistungsbereitschaft, Professionalit\u00e4t und Flexibilit\u00e4t kennzeichnen das Verh\u00e4ltnis der Mitarbeiter zu ihrer Umwelt.<\/p>\n<p><img loading=\"lazy\" decoding=\"async\" class=\"alignnone wp-image-1716 size-large\" src=\"https:\/\/www.allegro-vivo.at\/wp-content\/uploads\/2016\/10\/Zwischenbild_Kammermusik-1024x368.jpg\" width=\"640\" height=\"230\" srcset=\"https:\/\/www.allegro-vivo.at\/wp-content\/uploads\/2016\/10\/Zwischenbild_Kammermusik-1024x368.jpg 1024w, https:\/\/www.allegro-vivo.at\/wp-content\/uploads\/2016\/10\/Zwischenbild_Kammermusik-1600x575.jpg 1600w, https:\/\/www.allegro-vivo.at\/wp-content\/uploads\/2016\/10\/Zwischenbild_Kammermusik-400x144.jpg 400w, https:\/\/www.allegro-vivo.at\/wp-content\/uploads\/2016\/10\/Zwischenbild_Kammermusik-768x276.jpg 768w, https:\/\/www.allegro-vivo.at\/wp-content\/uploads\/2016\/10\/Zwischenbild_Kammermusik-600x216.jpg 600w, https:\/\/www.allegro-vivo.at\/wp-content\/uploads\/2016\/10\/Zwischenbild_Kammermusik.jpg 1920w\" sizes=\"auto, (max-width: 640px) 100vw, 640px\" \/><\/p>\n<h2 class=\"su1\"><span class=\"ez-toc-section\" id=\"kammermusik\"><\/span><span class=\"su0\">Kammermusik<\/span><span class=\"ez-toc-section-end\"><\/span><\/h2>\n<p>Musik \u00fcberhaupt, besonders aber Kammermusik, ist Sinnbild f\u00fcr menschliche Gemeinsamkeit &#8211; f\u00fcr das, was entstehen kann, wenn Individuen &#8211; verschiedene Pers\u00f6nlichkeiten und Instrumente &#8211; in einem h\u00f6heren Sinn zusammenwirken. Scheinbare Gegens\u00e4tze erg\u00e4nzen einander und werden Teil einer neuen Ebene, die das Kunstwerk ergeben. Daher ist das Musizieren im Ensemble sowohl Schwerpunkt aller Konzerte von Allegro Vivo wie auch ein wesentlicher Bestandteil der Sommerakademie.<\/p>\n<p class=\"su1\">Neben der Tatsache, dass viele der gro\u00dfen Komponisten ihre bedeutendsten Werke f\u00fcr diese Art des Musizierens geschaffen haben, ist \u00a0Kammermusik auch der eigentliche Pr\u00fcfstein f\u00fcr musikalische Beweglichkeit und f\u00fcr die Weite der k\u00fcnstlerischen Pers\u00f6nlichkeit. Sie stellt gleicherma\u00dfen hohe Anspr\u00fcche an technische Meisterschaft, an F\u00e4higkeiten der gegenseitigen Wahrnehmung im k\u00fcnstlerischen und sozialen Sinn und an die Reife des Musikverstehens \u00fcberhaupt.<\/p>\n<p class=\"su1\"><img loading=\"lazy\" decoding=\"async\" class=\"alignnone wp-image-2111\" src=\"https:\/\/www.allegro-vivo.at\/wp-content\/uploads\/2016\/12\/zwischenbild_klangraeume-1.jpg\" alt=\"\" width=\"654\" height=\"223\" srcset=\"https:\/\/www.allegro-vivo.at\/wp-content\/uploads\/2016\/12\/zwischenbild_klangraeume-1.jpg 1000w, https:\/\/www.allegro-vivo.at\/wp-content\/uploads\/2016\/12\/zwischenbild_klangraeume-1-400x136.jpg 400w, https:\/\/www.allegro-vivo.at\/wp-content\/uploads\/2016\/12\/zwischenbild_klangraeume-1-768x262.jpg 768w, https:\/\/www.allegro-vivo.at\/wp-content\/uploads\/2016\/12\/zwischenbild_klangraeume-1-600x205.jpg 600w\" sizes=\"auto, (max-width: 654px) 100vw, 654px\" \/><\/p>\n<h2><span class=\"ez-toc-section\" id=\"klangraeume\"><\/span><span class=\"su0\">Klangr\u00e4ume<\/span><span class=\"ez-toc-section-end\"><\/span><\/h2>\n<p class=\"su1\">Die Einbettung in die mystische Landschaft und die Einbeziehung der architektonischen Kostbarkeiten der Stifte, Schl\u00f6sser und Burgen verleihen dem Festival ein ganz besonderes Flair. Nach und nach wurde das gesamte Waldviertel in das Konzertgeschehen des Festivals einbezogen. Diese konzeptionierte Einbindung von rund 25 Spielst\u00e4tten mit deren gro\u00dfartiger Akustik wurde zum Markenzeichen des Festivals.<\/p>\n<p><img loading=\"lazy\" decoding=\"async\" class=\"alignnone wp-image-1720 size-full\" src=\"https:\/\/www.allegro-vivo.at\/wp-content\/uploads\/2016\/10\/Zwischenbild_Grenzenlos.jpg\" width=\"640\" height=\"230\" srcset=\"https:\/\/www.allegro-vivo.at\/wp-content\/uploads\/2016\/10\/Zwischenbild_Grenzenlos.jpg 640w, https:\/\/www.allegro-vivo.at\/wp-content\/uploads\/2016\/10\/Zwischenbild_Grenzenlos-400x144.jpg 400w, https:\/\/www.allegro-vivo.at\/wp-content\/uploads\/2016\/10\/Zwischenbild_Grenzenlos-600x216.jpg 600w\" sizes=\"auto, (max-width: 640px) 100vw, 640px\" \/><\/p>\n<div class=\"about-grenzenlosphp\">\n<h2 class=\"su1\"><span class=\"ez-toc-section\" id=\"grenzenlos\"><\/span><span class=\"su0\">Grenzenlos<\/span><span class=\"ez-toc-section-end\"><\/span><\/h2>\n<p class=\"su1\">Schon lange vor der \u00d6ffnung des Eisernen Vorhanges hat Allegro Vivo durch grenz\u00fcberschreitende Konzerte Verbindungen zu den Nachbarl\u00e4ndern aufgebaut, die im Jahr der N\u00d6 &#8211; Landesausstellung 2009 \u201eHorn \u2013 Raabs \u2013 Telc\u201c einen vorl\u00e4ufigen H\u00f6hepunkt fand. Von den allj\u00e4hrlich etwa 450 Teilnehmern kommen rund 40% der jungen Musiker aus 35 Nationen zur Sommerakademie ins Waldviertel. Die Herkunft unserer musikalischen G\u00e4ste erstreckt sich \u00fcber alle Kontinente. In den letzten Jahren konnten die Beziehungen zu China, Japan und S\u00fcdkorea ebenso intensiviert werden, wie die Verbindung zu Studenten aus dem Iran, Wei\u00dfrussland oder der Ukraine.<\/p>\n<\/div>\n","protected":false},"excerpt":{"rendered":"<p>Leitbild Das Allegro Vivo Festival und seine Sommerakademie stehen f\u00fcr h\u00f6chste k\u00fcnstlerische Qualit\u00e4t. Die Erfahrung der K\u00fcnstler, Dozenten und Entscheidungstr\u00e4ger im Umfeld von Allegro Vivo sowie die einzigartige Architektur und Akustik der Spielst\u00e4tten setzen diesen Standard f\u00fcr diese Qualit\u00e4t. Aufbauend auf der reichen Musiktradition des Landes erfahren Musiker in diesem inspirierenden Umfeld kreative Entfaltungsm\u00f6glichkeiten und<a href=\"https:\/\/www.allegro-vivo.at\/de\/ueber-uns\/\">[&#8230;]<\/a><\/p>\n","protected":false},"author":2,"featured_media":28007,"parent":0,"menu_order":0,"comment_status":"closed","ping_status":"closed","template":"","meta":{"footnotes":""},"class_list":["post-380","page","type-page","status-publish","has-post-thumbnail","hentry"],"yoast_head":"<!-- This site is optimized with the Yoast SEO plugin v27.5 - https:\/\/yoast.com\/product\/yoast-seo-wordpress\/ -->\n<title>\u00dcber Uns - Allegro Vivo Kammermusik Festival<\/title>\n<meta name=\"description\" content=\"Leitbild Das Allegro Vivo Festival und seine Sommerakademie stehen f\u00fcr h\u00f6chste k\u00fcnstlerische Qualit\u00e4t. Die Erfahrung der K\u00fcnstler, Dozenten und\" \/>\n<meta name=\"robots\" content=\"index, follow, max-snippet:-1, max-image-preview:large, max-video-preview:-1\" \/>\n<link rel=\"canonical\" href=\"https:\/\/www.allegro-vivo.at\/de\/ueber-uns\/\" \/>\n<meta property=\"og:locale\" content=\"de_DE\" \/>\n<meta property=\"og:type\" content=\"article\" \/>\n<meta property=\"og:title\" content=\"\u00dcber Uns - Allegro Vivo Kammermusik Festival\" \/>\n<meta property=\"og:description\" content=\"Leitbild Das Allegro Vivo Festival und seine Sommerakademie stehen f\u00fcr h\u00f6chste k\u00fcnstlerische Qualit\u00e4t. Die Erfahrung der K\u00fcnstler, Dozenten und\" \/>\n<meta property=\"og:url\" content=\"https:\/\/www.allegro-vivo.at\/de\/ueber-uns\/\" \/>\n<meta property=\"og:site_name\" content=\"Allegro Vivo Kammermusik Festival\" \/>\n<meta property=\"article:publisher\" content=\"https:\/\/www.facebook.com\/allegro.vivo.festival.austria\/\" \/>\n<meta property=\"article:modified_time\" content=\"2025-04-01T11:00:33+00:00\" \/>\n<meta property=\"og:image\" content=\"https:\/\/www.allegro-vivo.at\/wp-content\/uploads\/2023\/11\/20210821-av-galakonzert-0205-1.jpg\" \/>\n\t<meta property=\"og:image:width\" content=\"2500\" \/>\n\t<meta property=\"og:image:height\" content=\"1736\" \/>\n\t<meta property=\"og:image:type\" content=\"image\/jpeg\" \/>\n<meta name=\"twitter:card\" content=\"summary_large_image\" \/>\n<meta name=\"twitter:label1\" content=\"Gesch\u00e4tzte Lesezeit\" \/>\n\t<meta name=\"twitter:data1\" content=\"4\u00a0Minuten\" \/>\n<script type=\"application\/ld+json\" class=\"yoast-schema-graph\">{\"@context\":\"https:\\\/\\\/schema.org\",\"@graph\":[{\"@type\":\"WebPage\",\"@id\":\"https:\\\/\\\/www.allegro-vivo.at\\\/de\\\/ueber-uns\\\/\",\"url\":\"https:\\\/\\\/www.allegro-vivo.at\\\/de\\\/ueber-uns\\\/\",\"name\":\"\u00dcber Uns - Allegro Vivo Kammermusik Festival\",\"isPartOf\":{\"@id\":\"https:\\\/\\\/www.allegro-vivo.at\\\/de\\\/#website\"},\"primaryImageOfPage\":{\"@id\":\"https:\\\/\\\/www.allegro-vivo.at\\\/de\\\/ueber-uns\\\/#primaryimage\"},\"image\":{\"@id\":\"https:\\\/\\\/www.allegro-vivo.at\\\/ueber-uns\\\/#primaryimage\"},\"thumbnailUrl\":\"https:\\\/\\\/www.allegro-vivo.at\\\/wp-content\\\/uploads\\\/2023\\\/11\\\/20210821-av-galakonzert-0205-1.jpg\",\"datePublished\":\"2016-10-13T13:43:25+00:00\",\"dateModified\":\"2025-04-01T11:00:33+00:00\",\"description\":\"Leitbild Das Allegro Vivo Festival und seine Sommerakademie stehen f\u00fcr h\u00f6chste k\u00fcnstlerische Qualit\u00e4t. Die Erfahrung der K\u00fcnstler, Dozenten und\",\"breadcrumb\":{\"@id\":\"https:\\\/\\\/www.allegro-vivo.at\\\/de\\\/ueber-uns\\\/#breadcrumb\"},\"inLanguage\":\"de\",\"potentialAction\":[{\"@type\":\"ReadAction\",\"target\":[[\"https:\\\/\\\/www.allegro-vivo.at\\\/de\\\/ueber-uns\\\/\"]]}]},{\"@type\":\"ImageObject\",\"inLanguage\":\"de\",\"@id\":\"https:\\\/\\\/www.allegro-vivo.at\\\/de\\\/ueber-uns\\\/#primaryimage\",\"url\":\"https:\\\/\\\/www.allegro-vivo.at\\\/wp-content\\\/uploads\\\/2023\\\/11\\\/20210821-av-galakonzert-0205-1.jpg\",\"contentUrl\":\"https:\\\/\\\/www.allegro-vivo.at\\\/wp-content\\\/uploads\\\/2023\\\/11\\\/20210821-av-galakonzert-0205-1.jpg\",\"width\":2500,\"height\":1736,\"caption\":\"Schewig Fotodesign\"},{\"@type\":\"BreadcrumbList\",\"@id\":\"https:\\\/\\\/www.allegro-vivo.at\\\/de\\\/ueber-uns\\\/#breadcrumb\",\"itemListElement\":[{\"@type\":\"ListItem\",\"position\":1,\"name\":\"Startseite\",\"item\":\"https:\\\/\\\/www.allegro-vivo.at\\\/de\\\/\"},{\"@type\":\"ListItem\",\"position\":2,\"name\":\"\u00dcber Uns\"}]},{\"@type\":\"WebSite\",\"@id\":\"https:\\\/\\\/www.allegro-vivo.at\\\/de\\\/#website\",\"url\":\"https:\\\/\\\/www.allegro-vivo.at\\\/de\\\/\",\"name\":\"Allegro Vivo Kammermusik Festival\",\"description\":\"Allegro Vivo Kammermusik Festival und Meisterkurse\",\"publisher\":{\"@id\":\"https:\\\/\\\/www.allegro-vivo.at\\\/de\\\/#organization\"},\"potentialAction\":[{\"@type\":\"SearchAction\",\"target\":{\"@type\":\"EntryPoint\",\"urlTemplate\":\"https:\\\/\\\/www.allegro-vivo.at\\\/de\\\/?s={search_term_string}\"},\"query-input\":{\"@type\":\"PropertyValueSpecification\",\"valueRequired\":true,\"valueName\":\"search_term_string\"}}],\"inLanguage\":\"de\"},{\"@type\":\"Organization\",\"@id\":\"https:\\\/\\\/www.allegro-vivo.at\\\/de\\\/#organization\",\"name\":\"Allegro Vivo\",\"url\":\"https:\\\/\\\/www.allegro-vivo.at\\\/de\\\/\",\"logo\":{\"@type\":\"ImageObject\",\"inLanguage\":\"de\",\"@id\":\"https:\\\/\\\/www.allegro-vivo.at\\\/de\\\/#\\\/schema\\\/logo\\\/image\\\/\",\"url\":\"https:\\\/\\\/www.allegro-vivo.at\\\/wp-content\\\/uploads\\\/2017\\\/02\\\/allegro_vivo_logo_web.png\",\"contentUrl\":\"https:\\\/\\\/www.allegro-vivo.at\\\/wp-content\\\/uploads\\\/2017\\\/02\\\/allegro_vivo_logo_web.png\",\"width\":400,\"height\":114,\"caption\":\"Allegro Vivo\"},\"image\":{\"@id\":\"https:\\\/\\\/www.allegro-vivo.at\\\/de\\\/#\\\/schema\\\/logo\\\/image\\\/\"},\"sameAs\":[\"https:\\\/\\\/www.facebook.com\\\/allegro.vivo.festival.austria\\\/\",\"https:\\\/\\\/www.instagram.com\\\/allegro.vivo\\\/\",\"https:\\\/\\\/www.youtube.com\\\/user\\\/allegrovivooo\"]}]}<\/script>\n<!-- \/ Yoast SEO plugin. -->","yoast_head_json":{"title":"\u00dcber Uns - Allegro Vivo Kammermusik Festival","description":"Leitbild Das Allegro Vivo Festival und seine Sommerakademie stehen f\u00fcr h\u00f6chste k\u00fcnstlerische Qualit\u00e4t. Die Erfahrung der K\u00fcnstler, Dozenten und","robots":{"index":"index","follow":"follow","max-snippet":"max-snippet:-1","max-image-preview":"max-image-preview:large","max-video-preview":"max-video-preview:-1"},"canonical":"https:\/\/www.allegro-vivo.at\/de\/ueber-uns\/","og_locale":"de_DE","og_type":"article","og_title":"\u00dcber Uns - Allegro Vivo Kammermusik Festival","og_description":"Leitbild Das Allegro Vivo Festival und seine Sommerakademie stehen f\u00fcr h\u00f6chste k\u00fcnstlerische Qualit\u00e4t. Die Erfahrung der K\u00fcnstler, Dozenten und","og_url":"https:\/\/www.allegro-vivo.at\/de\/ueber-uns\/","og_site_name":"Allegro Vivo Kammermusik Festival","article_publisher":"https:\/\/www.facebook.com\/allegro.vivo.festival.austria\/","article_modified_time":"2025-04-01T11:00:33+00:00","og_image":[{"width":2500,"height":1736,"url":"https:\/\/www.allegro-vivo.at\/wp-content\/uploads\/2023\/11\/20210821-av-galakonzert-0205-1.jpg","type":"image\/jpeg"}],"twitter_card":"summary_large_image","twitter_misc":{"Gesch\u00e4tzte Lesezeit":"4\u00a0Minuten"},"schema":{"@context":"https:\/\/schema.org","@graph":[{"@type":"WebPage","@id":"https:\/\/www.allegro-vivo.at\/de\/ueber-uns\/","url":"https:\/\/www.allegro-vivo.at\/de\/ueber-uns\/","name":"\u00dcber Uns - Allegro Vivo Kammermusik Festival","isPartOf":{"@id":"https:\/\/www.allegro-vivo.at\/de\/#website"},"primaryImageOfPage":{"@id":"https:\/\/www.allegro-vivo.at\/de\/ueber-uns\/#primaryimage"},"image":{"@id":"https:\/\/www.allegro-vivo.at\/ueber-uns\/#primaryimage"},"thumbnailUrl":"https:\/\/www.allegro-vivo.at\/wp-content\/uploads\/2023\/11\/20210821-av-galakonzert-0205-1.jpg","datePublished":"2016-10-13T13:43:25+00:00","dateModified":"2025-04-01T11:00:33+00:00","description":"Leitbild Das Allegro Vivo Festival und seine Sommerakademie stehen f\u00fcr h\u00f6chste k\u00fcnstlerische Qualit\u00e4t. Die Erfahrung der K\u00fcnstler, Dozenten und","breadcrumb":{"@id":"https:\/\/www.allegro-vivo.at\/de\/ueber-uns\/#breadcrumb"},"inLanguage":"de","potentialAction":[{"@type":"ReadAction","target":[["https:\/\/www.allegro-vivo.at\/de\/ueber-uns\/"]]}]},{"@type":"ImageObject","inLanguage":"de","@id":"https:\/\/www.allegro-vivo.at\/de\/ueber-uns\/#primaryimage","url":"https:\/\/www.allegro-vivo.at\/wp-content\/uploads\/2023\/11\/20210821-av-galakonzert-0205-1.jpg","contentUrl":"https:\/\/www.allegro-vivo.at\/wp-content\/uploads\/2023\/11\/20210821-av-galakonzert-0205-1.jpg","width":2500,"height":1736,"caption":"Schewig Fotodesign"},{"@type":"BreadcrumbList","@id":"https:\/\/www.allegro-vivo.at\/de\/ueber-uns\/#breadcrumb","itemListElement":[{"@type":"ListItem","position":1,"name":"Startseite","item":"https:\/\/www.allegro-vivo.at\/de\/"},{"@type":"ListItem","position":2,"name":"\u00dcber Uns"}]},{"@type":"WebSite","@id":"https:\/\/www.allegro-vivo.at\/de\/#website","url":"https:\/\/www.allegro-vivo.at\/de\/","name":"Allegro Vivo Kammermusik Festival","description":"Allegro Vivo Kammermusik Festival und Meisterkurse","publisher":{"@id":"https:\/\/www.allegro-vivo.at\/de\/#organization"},"potentialAction":[{"@type":"SearchAction","target":{"@type":"EntryPoint","urlTemplate":"https:\/\/www.allegro-vivo.at\/de\/?s={search_term_string}"},"query-input":{"@type":"PropertyValueSpecification","valueRequired":true,"valueName":"search_term_string"}}],"inLanguage":"de"},{"@type":"Organization","@id":"https:\/\/www.allegro-vivo.at\/de\/#organization","name":"Allegro Vivo","url":"https:\/\/www.allegro-vivo.at\/de\/","logo":{"@type":"ImageObject","inLanguage":"de","@id":"https:\/\/www.allegro-vivo.at\/de\/#\/schema\/logo\/image\/","url":"https:\/\/www.allegro-vivo.at\/wp-content\/uploads\/2017\/02\/allegro_vivo_logo_web.png","contentUrl":"https:\/\/www.allegro-vivo.at\/wp-content\/uploads\/2017\/02\/allegro_vivo_logo_web.png","width":400,"height":114,"caption":"Allegro Vivo"},"image":{"@id":"https:\/\/www.allegro-vivo.at\/de\/#\/schema\/logo\/image\/"},"sameAs":["https:\/\/www.facebook.com\/allegro.vivo.festival.austria\/","https:\/\/www.instagram.com\/allegro.vivo\/","https:\/\/www.youtube.com\/user\/allegrovivooo"]}]}},"_links":{"self":[{"href":"https:\/\/www.allegro-vivo.at\/de\/wp-json\/wp\/v2\/pages\/380","targetHints":{"allow":["GET"]}}],"collection":[{"href":"https:\/\/www.allegro-vivo.at\/de\/wp-json\/wp\/v2\/pages"}],"about":[{"href":"https:\/\/www.allegro-vivo.at\/de\/wp-json\/wp\/v2\/types\/page"}],"author":[{"embeddable":true,"href":"https:\/\/www.allegro-vivo.at\/de\/wp-json\/wp\/v2\/users\/2"}],"replies":[{"embeddable":true,"href":"https:\/\/www.allegro-vivo.at\/de\/wp-json\/wp\/v2\/comments?post=380"}],"version-history":[{"count":1,"href":"https:\/\/www.allegro-vivo.at\/de\/wp-json\/wp\/v2\/pages\/380\/revisions"}],"predecessor-version":[{"id":20257,"href":"https:\/\/www.allegro-vivo.at\/de\/wp-json\/wp\/v2\/pages\/380\/revisions\/20257"}],"wp:featuredmedia":[{"embeddable":true,"href":"https:\/\/www.allegro-vivo.at\/de\/wp-json\/wp\/v2\/media\/28007"}],"wp:attachment":[{"href":"https:\/\/www.allegro-vivo.at\/de\/wp-json\/wp\/v2\/media?parent=380"}],"curies":[{"name":"wp","href":"https:\/\/api.w.org\/{rel}","templated":true}]}}