{"id":342,"date":"2016-10-13T15:31:25","date_gmt":"2016-10-13T13:31:25","guid":{"rendered":"http:\/\/www.allegro-vivo.at\/?page_id=342"},"modified":"2025-08-14T22:28:41","modified_gmt":"2025-08-14T20:28:41","slug":"concerts","status":"publish","type":"page","link":"https:\/\/www.allegro-vivo.at\/de\/concerts\/","title":{"rendered":"Programm &#038; Karten"},"content":{"rendered":"<div  class='intense row ' style='padding-top: 30px; padding-bottom: 0; margin-top: 0; margin-bottom: 0; '><div class='intense col-lg-3 col-xs-12 col-sm-3 col-md-3 '><a href=\"https:\/\/www.allegro-vivo.at\/de\/events\/orchesterkonzert-19\/\"><img loading=\"lazy\" decoding=\"async\" width=\"350\" height=\"350\" src=\"https:\/\/www.allegro-vivo.at\/wp-content\/uploads\/2018\/03\/dsc7986-350x350.jpg\" class=\"eme_event_image\" alt=\"\" srcset=\"https:\/\/www.allegro-vivo.at\/wp-content\/uploads\/2018\/03\/dsc7986-350x350.jpg 350w, https:\/\/www.allegro-vivo.at\/wp-content\/uploads\/2018\/03\/dsc7986-300x300.jpg 300w, https:\/\/www.allegro-vivo.at\/wp-content\/uploads\/2018\/03\/dsc7986-165x165.jpg 165w, https:\/\/www.allegro-vivo.at\/wp-content\/uploads\/2018\/03\/dsc7986-500x500.jpg 500w, https:\/\/www.allegro-vivo.at\/wp-content\/uploads\/2018\/03\/dsc7986-400x400.jpg 400w, https:\/\/www.allegro-vivo.at\/wp-content\/uploads\/2018\/03\/dsc7986-73x73.jpg 73w, https:\/\/www.allegro-vivo.at\/wp-content\/uploads\/2018\/03\/dsc7986-150x150.jpg 150w, https:\/\/www.allegro-vivo.at\/wp-content\/uploads\/2018\/03\/dsc7986-174x174.jpg 174w, https:\/\/www.allegro-vivo.at\/wp-content\/uploads\/2018\/03\/dsc7986-250x250.jpg 250w\" sizes=\"auto, (max-width: 350px) 100vw, 350px\" \/><\/a><\/div><div class='intense col-lg-9 col-xs-12 col-sm-9 col-md-9 '><script>jQuery(window).load(function() { jQuery('#heading-1351218637').fitText(1, { maxFontSize: \"20px\" }); });<\/script><h3 id=\"heading-1351218637\" class=\"intense heading\" style=\" font-size: 20px; line-height: normal; text-align: left; font-weight: 700; margin-top: 0px; text-transform: none; -webkit-font-smoothing: antialiased;\"><a href=\"https:\/\/www.allegro-vivo.at\/de\/events\/orchesterkonzert-19\/\">&quot;Orchesterkonzert&quot; Mahler Festival Jihlava<\/a><\/h3><script>jQuery(window).load(function() { jQuery('#heading-825467067').fitText(1, { maxFontSize: \"17px\" }); });<\/script><h3 id=\"heading-825467067\" class=\"intense heading\" style=\" font-size: 17px; line-height: normal; text-align: left; font-weight: 700; margin-top: 10px; text-transform: none; -webkit-font-smoothing: antialiased;\">Sonntag, 31. Mai 2026 um 18:00<\/h3><script>jQuery(window).load(function() { jQuery('#heading-1301377800').fitText(1, { maxFontSize: \"17px\" }); });<\/script><h4 id=\"heading-1301377800\" class=\"intense heading\" style=\" font-size: 17px; line-height: normal; text-align: left; font-weight: 400; margin-top: 10px; text-transform: none; -webkit-font-smoothing: antialiased;\">Jihlava, Gotisches Rathaus - TIC<\/h4><script>jQuery(window).load(function() { jQuery('#heading-1857647510').fitText(1, { maxFontSize: \"14px\" }); });<\/script><h4 id=\"heading-1857647510\" class=\"intense heading\" style=\" font-size: 14px; line-height: normal; text-align: left; font-weight: 400; margin-top: 10px; text-transform: none; -webkit-font-smoothing: antialiased;\">Mozart, Tschaikowsky<\/h4><\/div><br>\n<\/div><div  class='intense row ' style='padding-top: 30px; padding-bottom: 0; margin-top: 0; margin-bottom: 0; '><div class='intense col-lg-3 col-xs-12 col-sm-3 col-md-3 '><a href=\"https:\/\/www.allegro-vivo.at\/de\/events\/c2-bbwien-bleibt-krk-c2-ab-orchesterkonzert\/\"><img loading=\"lazy\" decoding=\"async\" width=\"350\" height=\"350\" src=\"https:\/\/www.allegro-vivo.at\/wp-content\/uploads\/2024\/02\/20230915-av-goettweig-0043-e1707733903519-350x350.jpg\" class=\"eme_event_image\" alt=\"\" srcset=\"https:\/\/www.allegro-vivo.at\/wp-content\/uploads\/2024\/02\/20230915-av-goettweig-0043-e1707733903519-350x350.jpg 350w, https:\/\/www.allegro-vivo.at\/wp-content\/uploads\/2024\/02\/20230915-av-goettweig-0043-e1707733903519-500x500.jpg 500w, https:\/\/www.allegro-vivo.at\/wp-content\/uploads\/2024\/02\/20230915-av-goettweig-0043-e1707733903519-400x400.jpg 400w, https:\/\/www.allegro-vivo.at\/wp-content\/uploads\/2024\/02\/20230915-av-goettweig-0043-e1707733903519-73x73.jpg 73w, https:\/\/www.allegro-vivo.at\/wp-content\/uploads\/2024\/02\/20230915-av-goettweig-0043-e1707733903519-150x150.jpg 150w, https:\/\/www.allegro-vivo.at\/wp-content\/uploads\/2024\/02\/20230915-av-goettweig-0043-e1707733903519-174x174.jpg 174w, https:\/\/www.allegro-vivo.at\/wp-content\/uploads\/2024\/02\/20230915-av-goettweig-0043-e1707733903519-250x250.jpg 250w, https:\/\/www.allegro-vivo.at\/wp-content\/uploads\/2024\/02\/20230915-av-goettweig-0043-e1707733903519-300x300.jpg 300w, https:\/\/www.allegro-vivo.at\/wp-content\/uploads\/2024\/02\/20230915-av-goettweig-0043-e1707733903519-165x165.jpg 165w\" sizes=\"auto, (max-width: 350px) 100vw, 350px\" \/><\/a><\/div><div class='intense col-lg-9 col-xs-12 col-sm-9 col-md-9 '><script>jQuery(window).load(function() { jQuery('#heading-911969927').fitText(1, { maxFontSize: \"20px\" }); });<\/script><h3 id=\"heading-911969927\" class=\"intense heading\" style=\" font-size: 20px; line-height: normal; text-align: left; font-weight: 700; margin-top: 0px; text-transform: none; -webkit-font-smoothing: antialiased;\"><a href=\"https:\/\/www.allegro-vivo.at\/de\/events\/c2-bbwien-bleibt-krk-c2-ab-orchesterkonzert\/\">\u00bbWien bleibt Krk\u00ab Orchesterkonzert<\/a><\/h3><script>jQuery(window).load(function() { jQuery('#heading-890414296').fitText(1, { maxFontSize: \"17px\" }); });<\/script><h3 id=\"heading-890414296\" class=\"intense heading\" style=\" font-size: 17px; line-height: normal; text-align: left; font-weight: 700; margin-top: 10px; text-transform: none; -webkit-font-smoothing: antialiased;\">Samstag, 13. Juni 2026 um 18:30<\/h3><script>jQuery(window).load(function() { jQuery('#heading-137235355').fitText(1, { maxFontSize: \"17px\" }); });<\/script><h4 id=\"heading-137235355\" class=\"intense heading\" style=\" font-size: 17px; line-height: normal; text-align: left; font-weight: 400; margin-top: 10px; text-transform: none; -webkit-font-smoothing: antialiased;\">Liszt-Festival Raiding - Liszt-Zentrum Raiding<\/h4><script>jQuery(window).load(function() { jQuery('#heading-861141609').fitText(1, { maxFontSize: \"14px\" }); });<\/script><h4 id=\"heading-861141609\" class=\"intense heading\" style=\" font-size: 14px; line-height: normal; text-align: left; font-weight: 400; margin-top: 10px; text-transform: none; -webkit-font-smoothing: antialiased;\">Dvo\u0159\u00e1k, Breinschmid, Kreisler, Bart\u00f3k, Jan\u00e1cek<\/h4><\/div><br>\n<\/div><div  class='intense row ' style='padding-top: 30px; padding-bottom: 0; margin-top: 0; margin-bottom: 0; '><div class='intense col-lg-3 col-xs-12 col-sm-3 col-md-3 '><a href=\"https:\/\/www.allegro-vivo.at\/de\/events\/c2-bbwien-bleibt-krk-c2-ab\/\"><img loading=\"lazy\" decoding=\"async\" width=\"350\" height=\"350\" src=\"https:\/\/www.allegro-vivo.at\/wp-content\/uploads\/2025\/07\/academia-350x350.jpg\" class=\"eme_event_image\" alt=\"\" srcset=\"https:\/\/www.allegro-vivo.at\/wp-content\/uploads\/2025\/07\/academia-350x350.jpg 350w, https:\/\/www.allegro-vivo.at\/wp-content\/uploads\/2025\/07\/academia-500x500.jpg 500w, https:\/\/www.allegro-vivo.at\/wp-content\/uploads\/2025\/07\/academia-400x400.jpg 400w, https:\/\/www.allegro-vivo.at\/wp-content\/uploads\/2025\/07\/academia-73x73.jpg 73w, https:\/\/www.allegro-vivo.at\/wp-content\/uploads\/2025\/07\/academia-150x150.jpg 150w, https:\/\/www.allegro-vivo.at\/wp-content\/uploads\/2025\/07\/academia-174x174.jpg 174w, https:\/\/www.allegro-vivo.at\/wp-content\/uploads\/2025\/07\/academia-250x250.jpg 250w, https:\/\/www.allegro-vivo.at\/wp-content\/uploads\/2025\/07\/academia-300x300.jpg 300w, https:\/\/www.allegro-vivo.at\/wp-content\/uploads\/2025\/07\/academia-165x165.jpg 165w\" sizes=\"auto, (max-width: 350px) 100vw, 350px\" \/><\/a><\/div><div class='intense col-lg-9 col-xs-12 col-sm-9 col-md-9 '><script>jQuery(window).load(function() { jQuery('#heading-998756292').fitText(1, { maxFontSize: \"20px\" }); });<\/script><h3 id=\"heading-998756292\" class=\"intense heading\" style=\" font-size: 20px; line-height: normal; text-align: left; font-weight: 700; margin-top: 0px; text-transform: none; -webkit-font-smoothing: antialiased;\"><a href=\"https:\/\/www.allegro-vivo.at\/de\/events\/c2-bbwien-bleibt-krk-c2-ab\/\">\u00bbWien bleibt Krk\u00ab Orchesterkonzert<\/a><\/h3><script>jQuery(window).load(function() { jQuery('#heading-2113870677').fitText(1, { maxFontSize: \"17px\" }); });<\/script><h3 id=\"heading-2113870677\" class=\"intense heading\" style=\" font-size: 17px; line-height: normal; text-align: left; font-weight: 700; margin-top: 10px; text-transform: none; -webkit-font-smoothing: antialiased;\">Sonntag, 14. Juni 2026 um 19:30<\/h3><script>jQuery(window).load(function() { jQuery('#heading-1156060778').fitText(1, { maxFontSize: \"17px\" }); });<\/script><h4 id=\"heading-1156060778\" class=\"intense heading\" style=\" font-size: 17px; line-height: normal; text-align: left; font-weight: 400; margin-top: 10px; text-transform: none; -webkit-font-smoothing: antialiased;\">Stadtsaal Kufstein - Georg Pirmoserstra\u00dfe 8<\/h4><script>jQuery(window).load(function() { jQuery('#heading-730507136').fitText(1, { maxFontSize: \"14px\" }); });<\/script><h4 id=\"heading-730507136\" class=\"intense heading\" style=\" font-size: 14px; line-height: normal; text-align: left; font-weight: 400; margin-top: 10px; text-transform: none; -webkit-font-smoothing: antialiased;\">Dvo\u0159\u00e1k, Breinschmid, Kreisler, Bart\u00f3k, Jan\u00e1cek<\/h4><\/div><br>\n<\/div><div  class='intense row ' style='padding-top: 30px; padding-bottom: 0; margin-top: 0; margin-bottom: 0; '><div class='intense col-lg-3 col-xs-12 col-sm-3 col-md-3 '><a href=\"https:\/\/www.allegro-vivo.at\/de\/events\/orchesterkonzert-attergauer-kultursommer\/\"><img loading=\"lazy\" decoding=\"async\" width=\"350\" height=\"350\" src=\"https:\/\/www.allegro-vivo.at\/wp-content\/uploads\/2025\/09\/unbearbeitet-allegrovivojuliawesely-1037-350x350.jpg\" class=\"eme_event_image\" alt=\"\" srcset=\"https:\/\/www.allegro-vivo.at\/wp-content\/uploads\/2025\/09\/unbearbeitet-allegrovivojuliawesely-1037-350x350.jpg 350w, https:\/\/www.allegro-vivo.at\/wp-content\/uploads\/2025\/09\/unbearbeitet-allegrovivojuliawesely-1037-500x500.jpg 500w, https:\/\/www.allegro-vivo.at\/wp-content\/uploads\/2025\/09\/unbearbeitet-allegrovivojuliawesely-1037-400x400.jpg 400w, https:\/\/www.allegro-vivo.at\/wp-content\/uploads\/2025\/09\/unbearbeitet-allegrovivojuliawesely-1037-73x73.jpg 73w, https:\/\/www.allegro-vivo.at\/wp-content\/uploads\/2025\/09\/unbearbeitet-allegrovivojuliawesely-1037-150x150.jpg 150w, https:\/\/www.allegro-vivo.at\/wp-content\/uploads\/2025\/09\/unbearbeitet-allegrovivojuliawesely-1037-174x174.jpg 174w, https:\/\/www.allegro-vivo.at\/wp-content\/uploads\/2025\/09\/unbearbeitet-allegrovivojuliawesely-1037-250x250.jpg 250w, https:\/\/www.allegro-vivo.at\/wp-content\/uploads\/2025\/09\/unbearbeitet-allegrovivojuliawesely-1037-300x300.jpg 300w, https:\/\/www.allegro-vivo.at\/wp-content\/uploads\/2025\/09\/unbearbeitet-allegrovivojuliawesely-1037-165x165.jpg 165w\" sizes=\"auto, (max-width: 350px) 100vw, 350px\" \/><\/a><\/div><div class='intense col-lg-9 col-xs-12 col-sm-9 col-md-9 '><script>jQuery(window).load(function() { jQuery('#heading-416383823').fitText(1, { maxFontSize: \"20px\" }); });<\/script><h3 id=\"heading-416383823\" class=\"intense heading\" style=\" font-size: 20px; line-height: normal; text-align: left; font-weight: 700; margin-top: 0px; text-transform: none; -webkit-font-smoothing: antialiased;\"><a href=\"https:\/\/www.allegro-vivo.at\/de\/events\/orchesterkonzert-attergauer-kultursommer\/\">&quot;Orchesterkonzert&quot; Attergauer Kultursommer<\/a><\/h3><script>jQuery(window).load(function() { jQuery('#heading-1616316682').fitText(1, { maxFontSize: \"17px\" }); });<\/script><h3 id=\"heading-1616316682\" class=\"intense heading\" style=\" font-size: 17px; line-height: normal; text-align: left; font-weight: 700; margin-top: 10px; text-transform: none; -webkit-font-smoothing: antialiased;\">Mittwoch, 5. August 2026 um 19:00<\/h3><script>jQuery(window).load(function() { jQuery('#heading-690953249').fitText(1, { maxFontSize: \"17px\" }); });<\/script><h4 id=\"heading-690953249\" class=\"intense heading\" style=\" font-size: 17px; line-height: normal; text-align: left; font-weight: 400; margin-top: 10px; text-transform: none; -webkit-font-smoothing: antialiased;\">Pfarrkirche V\u00f6cklamarkt - Marktstra\u00dfe 5<\/h4><script>jQuery(window).load(function() { jQuery('#heading-1147217170').fitText(1, { maxFontSize: \"14px\" }); });<\/script><h4 id=\"heading-1147217170\" class=\"intense heading\" style=\" font-size: 14px; line-height: normal; text-align: left; font-weight: 400; margin-top: 10px; text-transform: none; -webkit-font-smoothing: antialiased;\">Respighi, Haydn, Tschaikowsky<\/h4><\/div><br>\n<\/div><div  class='intense row ' style='padding-top: 30px; padding-bottom: 0; margin-top: 0; margin-bottom: 0; '><div class='intense col-lg-3 col-xs-12 col-sm-3 col-md-3 '><a href=\"https:\/\/www.allegro-vivo.at\/de\/events\/orchesterkonzert-musiksommer-st-leonhard\/\"><img loading=\"lazy\" decoding=\"async\" width=\"350\" height=\"350\" src=\"https:\/\/www.allegro-vivo.at\/wp-content\/uploads\/2025\/11\/unbearbeitet-allegrovivojuliawesely-1037-350x350.jpg\" class=\"eme_event_image\" alt=\"\" srcset=\"https:\/\/www.allegro-vivo.at\/wp-content\/uploads\/2025\/11\/unbearbeitet-allegrovivojuliawesely-1037-350x350.jpg 350w, https:\/\/www.allegro-vivo.at\/wp-content\/uploads\/2025\/11\/unbearbeitet-allegrovivojuliawesely-1037-500x500.jpg 500w, https:\/\/www.allegro-vivo.at\/wp-content\/uploads\/2025\/11\/unbearbeitet-allegrovivojuliawesely-1037-400x400.jpg 400w, https:\/\/www.allegro-vivo.at\/wp-content\/uploads\/2025\/11\/unbearbeitet-allegrovivojuliawesely-1037-73x73.jpg 73w, https:\/\/www.allegro-vivo.at\/wp-content\/uploads\/2025\/11\/unbearbeitet-allegrovivojuliawesely-1037-150x150.jpg 150w, https:\/\/www.allegro-vivo.at\/wp-content\/uploads\/2025\/11\/unbearbeitet-allegrovivojuliawesely-1037-174x174.jpg 174w, https:\/\/www.allegro-vivo.at\/wp-content\/uploads\/2025\/11\/unbearbeitet-allegrovivojuliawesely-1037-250x250.jpg 250w, https:\/\/www.allegro-vivo.at\/wp-content\/uploads\/2025\/11\/unbearbeitet-allegrovivojuliawesely-1037-300x300.jpg 300w, https:\/\/www.allegro-vivo.at\/wp-content\/uploads\/2025\/11\/unbearbeitet-allegrovivojuliawesely-1037-165x165.jpg 165w\" sizes=\"auto, (max-width: 350px) 100vw, 350px\" \/><\/a><\/div><div class='intense col-lg-9 col-xs-12 col-sm-9 col-md-9 '><script>jQuery(window).load(function() { jQuery('#heading-1524936855').fitText(1, { maxFontSize: \"20px\" }); });<\/script><h3 id=\"heading-1524936855\" class=\"intense heading\" style=\" font-size: 20px; line-height: normal; text-align: left; font-weight: 700; margin-top: 0px; text-transform: none; -webkit-font-smoothing: antialiased;\"><a href=\"https:\/\/www.allegro-vivo.at\/de\/events\/orchesterkonzert-musiksommer-st-leonhard\/\">&quot;Orchesterkonzert&quot; Musiksommer St. Leonhard<\/a><\/h3><script>jQuery(window).load(function() { jQuery('#heading-1074835462').fitText(1, { maxFontSize: \"17px\" }); });<\/script><h3 id=\"heading-1074835462\" class=\"intense heading\" style=\" font-size: 17px; line-height: normal; text-align: left; font-weight: 700; margin-top: 10px; text-transform: none; -webkit-font-smoothing: antialiased;\">Donnerstag, 6. August 2026 um 20:00<\/h3><script>jQuery(window).load(function() { jQuery('#heading-1716127429').fitText(1, { maxFontSize: \"17px\" }); });<\/script><h4 id=\"heading-1716127429\" class=\"intense heading\" style=\" font-size: 17px; line-height: normal; text-align: left; font-weight: 400; margin-top: 10px; text-transform: none; -webkit-font-smoothing: antialiased;\">Wallfahrtskirche St. Leonhard ob Tamsweg - Am Leonhardsberg 1<\/h4><script>jQuery(window).load(function() { jQuery('#heading-1902032876').fitText(1, { maxFontSize: \"14px\" }); });<\/script><h4 id=\"heading-1902032876\" class=\"intense heading\" style=\" font-size: 14px; line-height: normal; text-align: left; font-weight: 400; margin-top: 10px; text-transform: none; -webkit-font-smoothing: antialiased;\">Haydn, Tschaikowsky<\/h4><\/div><br>\n<\/div><div  class='intense row ' style='padding-top: 30px; padding-bottom: 0; margin-top: 0; margin-bottom: 0; '><div class='intense col-lg-3 col-xs-12 col-sm-3 col-md-3 '><a href=\"https:\/\/www.allegro-vivo.at\/de\/events\/auftakt-8\/\"><img loading=\"lazy\" decoding=\"async\" width=\"350\" height=\"350\" src=\"https:\/\/www.allegro-vivo.at\/wp-content\/uploads\/2025\/11\/20250801-av-gmuend-auftakt-0213-350x350.jpg\" class=\"eme_event_image\" alt=\"\" srcset=\"https:\/\/www.allegro-vivo.at\/wp-content\/uploads\/2025\/11\/20250801-av-gmuend-auftakt-0213-350x350.jpg 350w, https:\/\/www.allegro-vivo.at\/wp-content\/uploads\/2025\/11\/20250801-av-gmuend-auftakt-0213-500x500.jpg 500w, https:\/\/www.allegro-vivo.at\/wp-content\/uploads\/2025\/11\/20250801-av-gmuend-auftakt-0213-400x400.jpg 400w, https:\/\/www.allegro-vivo.at\/wp-content\/uploads\/2025\/11\/20250801-av-gmuend-auftakt-0213-73x73.jpg 73w, https:\/\/www.allegro-vivo.at\/wp-content\/uploads\/2025\/11\/20250801-av-gmuend-auftakt-0213-150x150.jpg 150w, https:\/\/www.allegro-vivo.at\/wp-content\/uploads\/2025\/11\/20250801-av-gmuend-auftakt-0213-174x174.jpg 174w, https:\/\/www.allegro-vivo.at\/wp-content\/uploads\/2025\/11\/20250801-av-gmuend-auftakt-0213-250x250.jpg 250w, https:\/\/www.allegro-vivo.at\/wp-content\/uploads\/2025\/11\/20250801-av-gmuend-auftakt-0213-300x300.jpg 300w, https:\/\/www.allegro-vivo.at\/wp-content\/uploads\/2025\/11\/20250801-av-gmuend-auftakt-0213-165x165.jpg 165w\" sizes=\"auto, (max-width: 350px) 100vw, 350px\" \/><\/a><\/div><div class='intense col-lg-9 col-xs-12 col-sm-9 col-md-9 '><script>jQuery(window).load(function() { jQuery('#heading-976777223').fitText(1, { maxFontSize: \"20px\" }); });<\/script><h3 id=\"heading-976777223\" class=\"intense heading\" style=\" font-size: 20px; line-height: normal; text-align: left; font-weight: 700; margin-top: 0px; text-transform: none; -webkit-font-smoothing: antialiased;\"><a href=\"https:\/\/www.allegro-vivo.at\/de\/events\/auftakt-8\/\">&quot;Auftakt&quot;<\/a><\/h3><script>jQuery(window).load(function() { jQuery('#heading-1939941651').fitText(1, { maxFontSize: \"17px\" }); });<\/script><h3 id=\"heading-1939941651\" class=\"intense heading\" style=\" font-size: 17px; line-height: normal; text-align: left; font-weight: 700; margin-top: 10px; text-transform: none; -webkit-font-smoothing: antialiased;\">Freitag, 7. August 2026 um 19:00<\/h3><script>jQuery(window).load(function() { jQuery('#heading-2054691204').fitText(1, { maxFontSize: \"17px\" }); });<\/script><h4 id=\"heading-2054691204\" class=\"intense heading\" style=\" font-size: 17px; line-height: normal; text-align: left; font-weight: 400; margin-top: 10px; text-transform: none; -webkit-font-smoothing: antialiased;\">Gm\u00fcnd Neustadt, Herz-Jesu-Kirche - Lagerstr. 61<\/h4><script>jQuery(window).load(function() { jQuery('#heading-1934894170').fitText(1, { maxFontSize: \"14px\" }); });<\/script><h4 id=\"heading-1934894170\" class=\"intense heading\" style=\" font-size: 14px; line-height: normal; text-align: left; font-weight: 400; margin-top: 10px; text-transform: none; -webkit-font-smoothing: antialiased;\">Respighi, Schulze, Tschaikowsky<\/h4><\/div><br>\n<\/div><div  class='intense row ' style='padding-top: 30px; padding-bottom: 0; margin-top: 0; margin-bottom: 0; '><div class='intense col-lg-3 col-xs-12 col-sm-3 col-md-3 '><a href=\"https:\/\/www.allegro-vivo.at\/de\/events\/praeludium-3\/\"><img loading=\"lazy\" decoding=\"async\" width=\"350\" height=\"350\" src=\"https:\/\/www.allegro-vivo.at\/wp-content\/uploads\/2025\/11\/20250803-av-eroeffnung-altenburg-0313-1-350x350.jpg\" class=\"eme_event_image\" alt=\"\" srcset=\"https:\/\/www.allegro-vivo.at\/wp-content\/uploads\/2025\/11\/20250803-av-eroeffnung-altenburg-0313-1-350x350.jpg 350w, https:\/\/www.allegro-vivo.at\/wp-content\/uploads\/2025\/11\/20250803-av-eroeffnung-altenburg-0313-1-500x500.jpg 500w, https:\/\/www.allegro-vivo.at\/wp-content\/uploads\/2025\/11\/20250803-av-eroeffnung-altenburg-0313-1-400x400.jpg 400w, https:\/\/www.allegro-vivo.at\/wp-content\/uploads\/2025\/11\/20250803-av-eroeffnung-altenburg-0313-1-73x73.jpg 73w, https:\/\/www.allegro-vivo.at\/wp-content\/uploads\/2025\/11\/20250803-av-eroeffnung-altenburg-0313-1-150x150.jpg 150w, https:\/\/www.allegro-vivo.at\/wp-content\/uploads\/2025\/11\/20250803-av-eroeffnung-altenburg-0313-1-174x174.jpg 174w, https:\/\/www.allegro-vivo.at\/wp-content\/uploads\/2025\/11\/20250803-av-eroeffnung-altenburg-0313-1-250x250.jpg 250w, https:\/\/www.allegro-vivo.at\/wp-content\/uploads\/2025\/11\/20250803-av-eroeffnung-altenburg-0313-1-300x300.jpg 300w, https:\/\/www.allegro-vivo.at\/wp-content\/uploads\/2025\/11\/20250803-av-eroeffnung-altenburg-0313-1-165x165.jpg 165w\" sizes=\"auto, (max-width: 350px) 100vw, 350px\" \/><\/a><\/div><div class='intense col-lg-9 col-xs-12 col-sm-9 col-md-9 '><script>jQuery(window).load(function() { jQuery('#heading-287159457').fitText(1, { maxFontSize: \"20px\" }); });<\/script><h3 id=\"heading-287159457\" class=\"intense heading\" style=\" font-size: 20px; line-height: normal; text-align: left; font-weight: 700; margin-top: 0px; text-transform: none; -webkit-font-smoothing: antialiased;\"><a href=\"https:\/\/www.allegro-vivo.at\/de\/events\/praeludium-3\/\">&quot;Pr\u00e4ludium&quot;<\/a><\/h3><script>jQuery(window).load(function() { jQuery('#heading-66666615').fitText(1, { maxFontSize: \"17px\" }); });<\/script><h3 id=\"heading-66666615\" class=\"intense heading\" style=\" font-size: 17px; line-height: normal; text-align: left; font-weight: 700; margin-top: 10px; text-transform: none; -webkit-font-smoothing: antialiased;\">Samstag, 8. August 2026 um 19:00<\/h3><script>jQuery(window).load(function() { jQuery('#heading-1421158375').fitText(1, { maxFontSize: \"17px\" }); });<\/script><h4 id=\"heading-1421158375\" class=\"intense heading\" style=\" font-size: 17px; line-height: normal; text-align: left; font-weight: 400; margin-top: 10px; text-transform: none; -webkit-font-smoothing: antialiased;\">Stift Altenburg, Bibliothek - Abt-Placidus-Much-Stra\u00dfe 1<\/h4><script>jQuery(window).load(function() { jQuery('#heading-186489142').fitText(1, { maxFontSize: \"14px\" }); });<\/script><h4 id=\"heading-186489142\" class=\"intense heading\" style=\" font-size: 14px; line-height: normal; text-align: left; font-weight: 400; margin-top: 10px; text-transform: none; -webkit-font-smoothing: antialiased;\">Respighi, Schulze, Tschaikowsky<\/h4><\/div><br>\n<\/div><div  class='intense row ' style='padding-top: 30px; padding-bottom: 0; margin-top: 0; margin-bottom: 0; '><div class='intense col-lg-3 col-xs-12 col-sm-3 col-md-3 '><a href=\"https:\/\/www.allegro-vivo.at\/de\/events\/on-stage-eroeffnungskonzert\/\"><img loading=\"lazy\" decoding=\"async\" width=\"350\" height=\"350\" src=\"https:\/\/www.allegro-vivo.at\/wp-content\/uploads\/2024\/11\/20240804-av-eroeffnung-0488-e1731574463858-350x350.jpg\" class=\"eme_event_image\" alt=\"Er\u00f6ffnung Academia C Schewig Fotodesign\" srcset=\"https:\/\/www.allegro-vivo.at\/wp-content\/uploads\/2024\/11\/20240804-av-eroeffnung-0488-e1731574463858-350x350.jpg 350w, https:\/\/www.allegro-vivo.at\/wp-content\/uploads\/2024\/11\/20240804-av-eroeffnung-0488-e1731574463858-500x500.jpg 500w, https:\/\/www.allegro-vivo.at\/wp-content\/uploads\/2024\/11\/20240804-av-eroeffnung-0488-e1731574463858-400x400.jpg 400w, https:\/\/www.allegro-vivo.at\/wp-content\/uploads\/2024\/11\/20240804-av-eroeffnung-0488-e1731574463858-73x73.jpg 73w, https:\/\/www.allegro-vivo.at\/wp-content\/uploads\/2024\/11\/20240804-av-eroeffnung-0488-e1731574463858-150x150.jpg 150w, https:\/\/www.allegro-vivo.at\/wp-content\/uploads\/2024\/11\/20240804-av-eroeffnung-0488-e1731574463858-174x174.jpg 174w, https:\/\/www.allegro-vivo.at\/wp-content\/uploads\/2024\/11\/20240804-av-eroeffnung-0488-e1731574463858-250x250.jpg 250w, https:\/\/www.allegro-vivo.at\/wp-content\/uploads\/2024\/11\/20240804-av-eroeffnung-0488-e1731574463858-300x300.jpg 300w, https:\/\/www.allegro-vivo.at\/wp-content\/uploads\/2024\/11\/20240804-av-eroeffnung-0488-e1731574463858-165x165.jpg 165w\" sizes=\"auto, (max-width: 350px) 100vw, 350px\" \/><\/a><\/div><div class='intense col-lg-9 col-xs-12 col-sm-9 col-md-9 '><script>jQuery(window).load(function() { jQuery('#heading-382936222').fitText(1, { maxFontSize: \"20px\" }); });<\/script><h3 id=\"heading-382936222\" class=\"intense heading\" style=\" font-size: 20px; line-height: normal; text-align: left; font-weight: 700; margin-top: 0px; text-transform: none; -webkit-font-smoothing: antialiased;\"><a href=\"https:\/\/www.allegro-vivo.at\/de\/events\/on-stage-eroeffnungskonzert\/\">&quot;On Stage&quot; Er\u00f6ffnungskonzert<\/a><\/h3><script>jQuery(window).load(function() { jQuery('#heading-170326006').fitText(1, { maxFontSize: \"17px\" }); });<\/script><h3 id=\"heading-170326006\" class=\"intense heading\" style=\" font-size: 17px; line-height: normal; text-align: left; font-weight: 700; margin-top: 10px; text-transform: none; -webkit-font-smoothing: antialiased;\">Sonntag, 9. August 2026 um 16:00<\/h3><script>jQuery(window).load(function() { jQuery('#heading-1981049386').fitText(1, { maxFontSize: \"17px\" }); });<\/script><h4 id=\"heading-1981049386\" class=\"intense heading\" style=\" font-size: 17px; line-height: normal; text-align: left; font-weight: 400; margin-top: 10px; text-transform: none; -webkit-font-smoothing: antialiased;\">Stift Altenburg, Bibliothek - Abt-Placidus-Much-Stra\u00dfe 1<\/h4><script>jQuery(window).load(function() { jQuery('#heading-622944442').fitText(1, { maxFontSize: \"14px\" }); });<\/script><h4 id=\"heading-622944442\" class=\"intense heading\" style=\" font-size: 14px; line-height: normal; text-align: left; font-weight: 400; margin-top: 10px; text-transform: none; -webkit-font-smoothing: antialiased;\">Respighi, Schulze, Tschaikowsky<\/h4><\/div><br>\n<\/div><div  class='intense row ' style='padding-top: 30px; padding-bottom: 0; margin-top: 0; margin-bottom: 0; '><div class='intense col-lg-3 col-xs-12 col-sm-3 col-md-3 '><a href=\"https:\/\/www.allegro-vivo.at\/de\/events\/musik-und-wort-3\/\"><img loading=\"lazy\" decoding=\"async\" width=\"350\" height=\"350\" src=\"https:\/\/www.allegro-vivo.at\/wp-content\/uploads\/2025\/11\/20240806-av-harmannsdorf-0050-1-e1762943470521-350x350.jpg\" class=\"eme_event_image\" alt=\"\" srcset=\"https:\/\/www.allegro-vivo.at\/wp-content\/uploads\/2025\/11\/20240806-av-harmannsdorf-0050-1-e1762943470521-350x350.jpg 350w, https:\/\/www.allegro-vivo.at\/wp-content\/uploads\/2025\/11\/20240806-av-harmannsdorf-0050-1-e1762943470521-500x500.jpg 500w, https:\/\/www.allegro-vivo.at\/wp-content\/uploads\/2025\/11\/20240806-av-harmannsdorf-0050-1-e1762943470521-400x400.jpg 400w, https:\/\/www.allegro-vivo.at\/wp-content\/uploads\/2025\/11\/20240806-av-harmannsdorf-0050-1-e1762943470521-73x73.jpg 73w, https:\/\/www.allegro-vivo.at\/wp-content\/uploads\/2025\/11\/20240806-av-harmannsdorf-0050-1-e1762943470521-150x150.jpg 150w, https:\/\/www.allegro-vivo.at\/wp-content\/uploads\/2025\/11\/20240806-av-harmannsdorf-0050-1-e1762943470521-174x174.jpg 174w, https:\/\/www.allegro-vivo.at\/wp-content\/uploads\/2025\/11\/20240806-av-harmannsdorf-0050-1-e1762943470521-250x250.jpg 250w, https:\/\/www.allegro-vivo.at\/wp-content\/uploads\/2025\/11\/20240806-av-harmannsdorf-0050-1-e1762943470521-300x300.jpg 300w, https:\/\/www.allegro-vivo.at\/wp-content\/uploads\/2025\/11\/20240806-av-harmannsdorf-0050-1-e1762943470521-165x165.jpg 165w, https:\/\/www.allegro-vivo.at\/wp-content\/uploads\/2025\/11\/20240806-av-harmannsdorf-0050-1-e1762943470521-600x600.jpg 600w\" sizes=\"auto, (max-width: 350px) 100vw, 350px\" \/><\/a><\/div><div class='intense col-lg-9 col-xs-12 col-sm-9 col-md-9 '><script>jQuery(window).load(function() { jQuery('#heading-904739959').fitText(1, { maxFontSize: \"20px\" }); });<\/script><h3 id=\"heading-904739959\" class=\"intense heading\" style=\" font-size: 20px; line-height: normal; text-align: left; font-weight: 700; margin-top: 0px; text-transform: none; -webkit-font-smoothing: antialiased;\"><a href=\"https:\/\/www.allegro-vivo.at\/de\/events\/musik-und-wort-3\/\">&quot;Musik und Wort&quot;<\/a><\/h3><script>jQuery(window).load(function() { jQuery('#heading-1998185596').fitText(1, { maxFontSize: \"17px\" }); });<\/script><h3 id=\"heading-1998185596\" class=\"intense heading\" style=\" font-size: 17px; line-height: normal; text-align: left; font-weight: 700; margin-top: 10px; text-transform: none; -webkit-font-smoothing: antialiased;\">Dienstag, 11. August 2026 um 19:00<\/h3><script>jQuery(window).load(function() { jQuery('#heading-1610409747').fitText(1, { maxFontSize: \"17px\" }); });<\/script><h4 id=\"heading-1610409747\" class=\"intense heading\" style=\" font-size: 17px; line-height: normal; text-align: left; font-weight: 400; margin-top: 10px; text-transform: none; -webkit-font-smoothing: antialiased;\">Schloss Harmannsdorf - Harmannsdorf 1<\/h4><script>jQuery(window).load(function() { jQuery('#heading-1974022510').fitText(1, { maxFontSize: \"14px\" }); });<\/script><h4 id=\"heading-1974022510\" class=\"intense heading\" style=\" font-size: 14px; line-height: normal; text-align: left; font-weight: 400; margin-top: 10px; text-transform: none; -webkit-font-smoothing: antialiased;\">Tartini, Stratico, Lotti<\/h4><\/div><br>\n<\/div><div  class='intense row ' style='padding-top: 30px; padding-bottom: 0; margin-top: 0; margin-bottom: 0; '><div class='intense col-lg-3 col-xs-12 col-sm-3 col-md-3 '><a href=\"https:\/\/www.allegro-vivo.at\/de\/events\/moonlight-serenade-5\/\"><img loading=\"lazy\" decoding=\"async\" width=\"350\" height=\"350\" src=\"https:\/\/www.allegro-vivo.at\/wp-content\/uploads\/2025\/11\/20250805-av-moonlightserenade-0026-350x350.jpg\" class=\"eme_event_image\" alt=\"\" srcset=\"https:\/\/www.allegro-vivo.at\/wp-content\/uploads\/2025\/11\/20250805-av-moonlightserenade-0026-350x350.jpg 350w, https:\/\/www.allegro-vivo.at\/wp-content\/uploads\/2025\/11\/20250805-av-moonlightserenade-0026-500x500.jpg 500w, https:\/\/www.allegro-vivo.at\/wp-content\/uploads\/2025\/11\/20250805-av-moonlightserenade-0026-400x400.jpg 400w, https:\/\/www.allegro-vivo.at\/wp-content\/uploads\/2025\/11\/20250805-av-moonlightserenade-0026-73x73.jpg 73w, https:\/\/www.allegro-vivo.at\/wp-content\/uploads\/2025\/11\/20250805-av-moonlightserenade-0026-150x150.jpg 150w, https:\/\/www.allegro-vivo.at\/wp-content\/uploads\/2025\/11\/20250805-av-moonlightserenade-0026-174x174.jpg 174w, https:\/\/www.allegro-vivo.at\/wp-content\/uploads\/2025\/11\/20250805-av-moonlightserenade-0026-250x250.jpg 250w, https:\/\/www.allegro-vivo.at\/wp-content\/uploads\/2025\/11\/20250805-av-moonlightserenade-0026-300x300.jpg 300w, https:\/\/www.allegro-vivo.at\/wp-content\/uploads\/2025\/11\/20250805-av-moonlightserenade-0026-165x165.jpg 165w\" sizes=\"auto, (max-width: 350px) 100vw, 350px\" \/><\/a><\/div><div class='intense col-lg-9 col-xs-12 col-sm-9 col-md-9 '><script>jQuery(window).load(function() { jQuery('#heading-2143481613').fitText(1, { maxFontSize: \"20px\" }); });<\/script><h3 id=\"heading-2143481613\" class=\"intense heading\" style=\" font-size: 20px; line-height: normal; text-align: left; font-weight: 700; margin-top: 0px; text-transform: none; -webkit-font-smoothing: antialiased;\"><a href=\"https:\/\/www.allegro-vivo.at\/de\/events\/moonlight-serenade-5\/\">&quot;Moonlight Serenade&quot;<\/a><\/h3><script>jQuery(window).load(function() { jQuery('#heading-1965610293').fitText(1, { maxFontSize: \"17px\" }); });<\/script><h3 id=\"heading-1965610293\" class=\"intense heading\" style=\" font-size: 17px; line-height: normal; text-align: left; font-weight: 700; margin-top: 10px; text-transform: none; -webkit-font-smoothing: antialiased;\">Dienstag, 11. August 2026 um 21:00<\/h3><script>jQuery(window).load(function() { jQuery('#heading-810328018').fitText(1, { maxFontSize: \"17px\" }); });<\/script><h4 id=\"heading-810328018\" class=\"intense heading\" style=\" font-size: 17px; line-height: normal; text-align: left; font-weight: 400; margin-top: 10px; text-transform: none; -webkit-font-smoothing: antialiased;\">Horn, Stadtsee - Ferdinand Kurz Gasse<\/h4><script>jQuery(window).load(function() { jQuery('#heading-803955300').fitText(1, { maxFontSize: \"14px\" }); });<\/script><h4 id=\"heading-803955300\" class=\"intense heading\" style=\" font-size: 14px; line-height: normal; text-align: left; font-weight: 400; margin-top: 10px; text-transform: none; -webkit-font-smoothing: antialiased;\">Konzert der Meisterkurse<\/h4><\/div><br>\n<\/div><div  class='intense row ' style='padding-top: 30px; padding-bottom: 0; margin-top: 0; margin-bottom: 0; '><div class='intense col-lg-3 col-xs-12 col-sm-3 col-md-3 '><a href=\"https:\/\/www.allegro-vivo.at\/de\/events\/con-passione\/\"><img loading=\"lazy\" decoding=\"async\" width=\"350\" height=\"350\" src=\"https:\/\/www.allegro-vivo.at\/wp-content\/uploads\/2025\/11\/20250820-av-moonlightserenade-0219-350x350.jpg\" class=\"eme_event_image\" alt=\"\" srcset=\"https:\/\/www.allegro-vivo.at\/wp-content\/uploads\/2025\/11\/20250820-av-moonlightserenade-0219-350x350.jpg 350w, https:\/\/www.allegro-vivo.at\/wp-content\/uploads\/2025\/11\/20250820-av-moonlightserenade-0219-500x500.jpg 500w, https:\/\/www.allegro-vivo.at\/wp-content\/uploads\/2025\/11\/20250820-av-moonlightserenade-0219-400x400.jpg 400w, https:\/\/www.allegro-vivo.at\/wp-content\/uploads\/2025\/11\/20250820-av-moonlightserenade-0219-73x73.jpg 73w, https:\/\/www.allegro-vivo.at\/wp-content\/uploads\/2025\/11\/20250820-av-moonlightserenade-0219-150x150.jpg 150w, https:\/\/www.allegro-vivo.at\/wp-content\/uploads\/2025\/11\/20250820-av-moonlightserenade-0219-174x174.jpg 174w, https:\/\/www.allegro-vivo.at\/wp-content\/uploads\/2025\/11\/20250820-av-moonlightserenade-0219-250x250.jpg 250w, https:\/\/www.allegro-vivo.at\/wp-content\/uploads\/2025\/11\/20250820-av-moonlightserenade-0219-300x300.jpg 300w, https:\/\/www.allegro-vivo.at\/wp-content\/uploads\/2025\/11\/20250820-av-moonlightserenade-0219-165x165.jpg 165w\" sizes=\"auto, (max-width: 350px) 100vw, 350px\" \/><\/a><\/div><div class='intense col-lg-9 col-xs-12 col-sm-9 col-md-9 '><script>jQuery(window).load(function() { jQuery('#heading-262151910').fitText(1, { maxFontSize: \"20px\" }); });<\/script><h3 id=\"heading-262151910\" class=\"intense heading\" style=\" font-size: 20px; line-height: normal; text-align: left; font-weight: 700; margin-top: 0px; text-transform: none; -webkit-font-smoothing: antialiased;\"><a href=\"https:\/\/www.allegro-vivo.at\/de\/events\/con-passione\/\">&quot;Con passione&quot;<\/a><\/h3><script>jQuery(window).load(function() { jQuery('#heading-1590014726').fitText(1, { maxFontSize: \"17px\" }); });<\/script><h3 id=\"heading-1590014726\" class=\"intense heading\" style=\" font-size: 17px; line-height: normal; text-align: left; font-weight: 700; margin-top: 10px; text-transform: none; -webkit-font-smoothing: antialiased;\">Mittwoch, 12. August 2026 um 19:00<\/h3><script>jQuery(window).load(function() { jQuery('#heading-1581741871').fitText(1, { maxFontSize: \"17px\" }); });<\/script><h4 id=\"heading-1581741871\" class=\"intense heading\" style=\" font-size: 17px; line-height: normal; text-align: left; font-weight: 400; margin-top: 10px; text-transform: none; -webkit-font-smoothing: antialiased;\">Stift Altenburg, Bibliothek - Abt-Placidus-Much-Stra\u00dfe 1<\/h4><script>jQuery(window).load(function() { jQuery('#heading-2047942716').fitText(1, { maxFontSize: \"14px\" }); });<\/script><h4 id=\"heading-2047942716\" class=\"intense heading\" style=\" font-size: 14px; line-height: normal; text-align: left; font-weight: 400; margin-top: 10px; text-transform: none; -webkit-font-smoothing: antialiased;\">Schubert, Brahms<\/h4><\/div><br>\n<\/div><div  class='intense row ' style='padding-top: 30px; padding-bottom: 0; margin-top: 0; margin-bottom: 0; '><div class='intense col-lg-3 col-xs-12 col-sm-3 col-md-3 '><a href=\"https:\/\/www.allegro-vivo.at\/de\/events\/klangsteg\/\"><img loading=\"lazy\" decoding=\"async\" width=\"350\" height=\"350\" src=\"https:\/\/www.allegro-vivo.at\/wp-content\/uploads\/2025\/11\/20230810-av-brunn-am-wald-0454-e1762945005388-350x350.jpg\" class=\"eme_event_image\" alt=\"\" srcset=\"https:\/\/www.allegro-vivo.at\/wp-content\/uploads\/2025\/11\/20230810-av-brunn-am-wald-0454-e1762945005388-350x350.jpg 350w, https:\/\/www.allegro-vivo.at\/wp-content\/uploads\/2025\/11\/20230810-av-brunn-am-wald-0454-e1762945005388-500x500.jpg 500w, https:\/\/www.allegro-vivo.at\/wp-content\/uploads\/2025\/11\/20230810-av-brunn-am-wald-0454-e1762945005388-400x400.jpg 400w, https:\/\/www.allegro-vivo.at\/wp-content\/uploads\/2025\/11\/20230810-av-brunn-am-wald-0454-e1762945005388-73x73.jpg 73w, https:\/\/www.allegro-vivo.at\/wp-content\/uploads\/2025\/11\/20230810-av-brunn-am-wald-0454-e1762945005388-150x150.jpg 150w, https:\/\/www.allegro-vivo.at\/wp-content\/uploads\/2025\/11\/20230810-av-brunn-am-wald-0454-e1762945005388-174x174.jpg 174w, https:\/\/www.allegro-vivo.at\/wp-content\/uploads\/2025\/11\/20230810-av-brunn-am-wald-0454-e1762945005388-250x250.jpg 250w, https:\/\/www.allegro-vivo.at\/wp-content\/uploads\/2025\/11\/20230810-av-brunn-am-wald-0454-e1762945005388-300x300.jpg 300w, https:\/\/www.allegro-vivo.at\/wp-content\/uploads\/2025\/11\/20230810-av-brunn-am-wald-0454-e1762945005388-165x165.jpg 165w, https:\/\/www.allegro-vivo.at\/wp-content\/uploads\/2025\/11\/20230810-av-brunn-am-wald-0454-e1762945005388-600x600.jpg 600w\" sizes=\"auto, (max-width: 350px) 100vw, 350px\" \/><\/a><\/div><div class='intense col-lg-9 col-xs-12 col-sm-9 col-md-9 '><script>jQuery(window).load(function() { jQuery('#heading-1299370556').fitText(1, { maxFontSize: \"20px\" }); });<\/script><h3 id=\"heading-1299370556\" class=\"intense heading\" style=\" font-size: 20px; line-height: normal; text-align: left; font-weight: 700; margin-top: 0px; text-transform: none; -webkit-font-smoothing: antialiased;\"><a href=\"https:\/\/www.allegro-vivo.at\/de\/events\/klangsteg\/\">&quot;Klangsteg&quot;<\/a><\/h3><script>jQuery(window).load(function() { jQuery('#heading-455665364').fitText(1, { maxFontSize: \"17px\" }); });<\/script><h3 id=\"heading-455665364\" class=\"intense heading\" style=\" font-size: 17px; line-height: normal; text-align: left; font-weight: 700; margin-top: 10px; text-transform: none; -webkit-font-smoothing: antialiased;\">Donnerstag, 13. August 2026 um 19:00<\/h3><script>jQuery(window).load(function() { jQuery('#heading-366416356').fitText(1, { maxFontSize: \"17px\" }); });<\/script><h4 id=\"heading-366416356\" class=\"intense heading\" style=\" font-size: 17px; line-height: normal; text-align: left; font-weight: 400; margin-top: 10px; text-transform: none; -webkit-font-smoothing: antialiased;\">Wasserschloss Brunn am Wald - Brunn am Wald 1<\/h4><script>jQuery(window).load(function() { jQuery('#heading-801802199').fitText(1, { maxFontSize: \"14px\" }); });<\/script><h4 id=\"heading-801802199\" class=\"intense heading\" style=\" font-size: 14px; line-height: normal; text-align: left; font-weight: 400; margin-top: 10px; text-transform: none; -webkit-font-smoothing: antialiased;\">Konzert der Meisterkurse<\/h4><\/div><br>\n<\/div><div  class='intense row ' style='padding-top: 30px; padding-bottom: 0; margin-top: 0; margin-bottom: 0; '><div class='intense col-lg-3 col-xs-12 col-sm-3 col-md-3 '><a href=\"https:\/\/www.allegro-vivo.at\/de\/events\/matineen-der-sommerakademie-26\/\"><img loading=\"lazy\" decoding=\"async\" width=\"350\" height=\"350\" src=\"https:\/\/www.allegro-vivo.at\/wp-content\/uploads\/2025\/11\/20250814-av-probejugendorchester-0193-350x350.jpg\" class=\"eme_event_image\" alt=\"\" srcset=\"https:\/\/www.allegro-vivo.at\/wp-content\/uploads\/2025\/11\/20250814-av-probejugendorchester-0193-350x350.jpg 350w, https:\/\/www.allegro-vivo.at\/wp-content\/uploads\/2025\/11\/20250814-av-probejugendorchester-0193-500x500.jpg 500w, https:\/\/www.allegro-vivo.at\/wp-content\/uploads\/2025\/11\/20250814-av-probejugendorchester-0193-400x400.jpg 400w, https:\/\/www.allegro-vivo.at\/wp-content\/uploads\/2025\/11\/20250814-av-probejugendorchester-0193-73x73.jpg 73w, https:\/\/www.allegro-vivo.at\/wp-content\/uploads\/2025\/11\/20250814-av-probejugendorchester-0193-150x150.jpg 150w, https:\/\/www.allegro-vivo.at\/wp-content\/uploads\/2025\/11\/20250814-av-probejugendorchester-0193-174x174.jpg 174w, https:\/\/www.allegro-vivo.at\/wp-content\/uploads\/2025\/11\/20250814-av-probejugendorchester-0193-250x250.jpg 250w, https:\/\/www.allegro-vivo.at\/wp-content\/uploads\/2025\/11\/20250814-av-probejugendorchester-0193-300x300.jpg 300w, https:\/\/www.allegro-vivo.at\/wp-content\/uploads\/2025\/11\/20250814-av-probejugendorchester-0193-165x165.jpg 165w\" sizes=\"auto, (max-width: 350px) 100vw, 350px\" \/><\/a><\/div><div class='intense col-lg-9 col-xs-12 col-sm-9 col-md-9 '><script>jQuery(window).load(function() { jQuery('#heading-2028816863').fitText(1, { maxFontSize: \"20px\" }); });<\/script><h3 id=\"heading-2028816863\" class=\"intense heading\" style=\" font-size: 20px; line-height: normal; text-align: left; font-weight: 700; margin-top: 0px; text-transform: none; -webkit-font-smoothing: antialiased;\"><a href=\"https:\/\/www.allegro-vivo.at\/de\/events\/matineen-der-sommerakademie-26\/\">Matin\u00e9en der Sommerakademie<\/a><\/h3><script>jQuery(window).load(function() { jQuery('#heading-576942496').fitText(1, { maxFontSize: \"17px\" }); });<\/script><h3 id=\"heading-576942496\" class=\"intense heading\" style=\" font-size: 17px; line-height: normal; text-align: left; font-weight: 700; margin-top: 10px; text-transform: none; -webkit-font-smoothing: antialiased;\">Freitag, 14. August 2026 um 11:00<\/h3><script>jQuery(window).load(function() { jQuery('#heading-505324722').fitText(1, { maxFontSize: \"17px\" }); });<\/script><h4 id=\"heading-505324722\" class=\"intense heading\" style=\" font-size: 17px; line-height: normal; text-align: left; font-weight: 400; margin-top: 10px; text-transform: none; -webkit-font-smoothing: antialiased;\">Horn, Kunsthaus - Wiener Stra\u00dfe 2<\/h4><script>jQuery(window).load(function() { jQuery('#heading-1298632884').fitText(1, { maxFontSize: \"14px\" }); });<\/script><h4 id=\"heading-1298632884\" class=\"intense heading\" style=\" font-size: 14px; line-height: normal; text-align: left; font-weight: 400; margin-top: 10px; text-transform: none; -webkit-font-smoothing: antialiased;\"><\/h4><\/div><br>\n<\/div><div  class='intense row ' style='padding-top: 30px; padding-bottom: 0; margin-top: 0; margin-bottom: 0; '><div class='intense col-lg-3 col-xs-12 col-sm-3 col-md-3 '><a href=\"https:\/\/www.allegro-vivo.at\/de\/events\/tonangebend\/\"><img loading=\"lazy\" decoding=\"async\" width=\"350\" height=\"350\" src=\"https:\/\/www.allegro-vivo.at\/wp-content\/uploads\/2025\/11\/20250822-av-geras-0197-e1762951830747-350x350.jpg\" class=\"eme_event_image\" alt=\"\" srcset=\"https:\/\/www.allegro-vivo.at\/wp-content\/uploads\/2025\/11\/20250822-av-geras-0197-e1762951830747-350x350.jpg 350w, https:\/\/www.allegro-vivo.at\/wp-content\/uploads\/2025\/11\/20250822-av-geras-0197-e1762951830747-500x500.jpg 500w, https:\/\/www.allegro-vivo.at\/wp-content\/uploads\/2025\/11\/20250822-av-geras-0197-e1762951830747-400x400.jpg 400w, https:\/\/www.allegro-vivo.at\/wp-content\/uploads\/2025\/11\/20250822-av-geras-0197-e1762951830747-73x73.jpg 73w, https:\/\/www.allegro-vivo.at\/wp-content\/uploads\/2025\/11\/20250822-av-geras-0197-e1762951830747-150x150.jpg 150w, https:\/\/www.allegro-vivo.at\/wp-content\/uploads\/2025\/11\/20250822-av-geras-0197-e1762951830747-174x174.jpg 174w, https:\/\/www.allegro-vivo.at\/wp-content\/uploads\/2025\/11\/20250822-av-geras-0197-e1762951830747-250x250.jpg 250w, https:\/\/www.allegro-vivo.at\/wp-content\/uploads\/2025\/11\/20250822-av-geras-0197-e1762951830747-300x300.jpg 300w, https:\/\/www.allegro-vivo.at\/wp-content\/uploads\/2025\/11\/20250822-av-geras-0197-e1762951830747-165x165.jpg 165w, https:\/\/www.allegro-vivo.at\/wp-content\/uploads\/2025\/11\/20250822-av-geras-0197-e1762951830747-600x600.jpg 600w\" sizes=\"auto, (max-width: 350px) 100vw, 350px\" \/><\/a><\/div><div class='intense col-lg-9 col-xs-12 col-sm-9 col-md-9 '><script>jQuery(window).load(function() { jQuery('#heading-350901977').fitText(1, { maxFontSize: \"20px\" }); });<\/script><h3 id=\"heading-350901977\" class=\"intense heading\" style=\" font-size: 20px; line-height: normal; text-align: left; font-weight: 700; margin-top: 0px; text-transform: none; -webkit-font-smoothing: antialiased;\"><a href=\"https:\/\/www.allegro-vivo.at\/de\/events\/tonangebend\/\">&quot;Tonangebend&quot;<\/a><\/h3><script>jQuery(window).load(function() { jQuery('#heading-881244250').fitText(1, { maxFontSize: \"17px\" }); });<\/script><h3 id=\"heading-881244250\" class=\"intense heading\" style=\" font-size: 17px; line-height: normal; text-align: left; font-weight: 700; margin-top: 10px; text-transform: none; -webkit-font-smoothing: antialiased;\">Freitag, 14. August 2026 um 19:00<\/h3><script>jQuery(window).load(function() { jQuery('#heading-820586951').fitText(1, { maxFontSize: \"17px\" }); });<\/script><h4 id=\"heading-820586951\" class=\"intense heading\" style=\" font-size: 17px; line-height: normal; text-align: left; font-weight: 400; margin-top: 10px; text-transform: none; -webkit-font-smoothing: antialiased;\">Stift Geras, Marmorsaal - Hauptstra\u00dfe 1<\/h4><script>jQuery(window).load(function() { jQuery('#heading-893146386').fitText(1, { maxFontSize: \"14px\" }); });<\/script><h4 id=\"heading-893146386\" class=\"intense heading\" style=\" font-size: 14px; line-height: normal; text-align: left; font-weight: 400; margin-top: 10px; text-transform: none; -webkit-font-smoothing: antialiased;\">Konzert der Meisterkurse<\/h4><\/div><br>\n<\/div><div  class='intense row ' style='padding-top: 30px; padding-bottom: 0; margin-top: 0; margin-bottom: 0; '><div class='intense col-lg-3 col-xs-12 col-sm-3 col-md-3 '><a href=\"https:\/\/www.allegro-vivo.at\/de\/events\/classic-goes-balkan\/\"><img loading=\"lazy\" decoding=\"async\" width=\"350\" height=\"350\" src=\"https:\/\/www.allegro-vivo.at\/wp-content\/uploads\/2025\/11\/20250809-av-bartolomeybittmann-0240-350x350.jpg\" class=\"eme_event_image\" alt=\"\" srcset=\"https:\/\/www.allegro-vivo.at\/wp-content\/uploads\/2025\/11\/20250809-av-bartolomeybittmann-0240-350x350.jpg 350w, https:\/\/www.allegro-vivo.at\/wp-content\/uploads\/2025\/11\/20250809-av-bartolomeybittmann-0240-500x500.jpg 500w, https:\/\/www.allegro-vivo.at\/wp-content\/uploads\/2025\/11\/20250809-av-bartolomeybittmann-0240-400x400.jpg 400w, https:\/\/www.allegro-vivo.at\/wp-content\/uploads\/2025\/11\/20250809-av-bartolomeybittmann-0240-73x73.jpg 73w, https:\/\/www.allegro-vivo.at\/wp-content\/uploads\/2025\/11\/20250809-av-bartolomeybittmann-0240-150x150.jpg 150w, https:\/\/www.allegro-vivo.at\/wp-content\/uploads\/2025\/11\/20250809-av-bartolomeybittmann-0240-174x174.jpg 174w, https:\/\/www.allegro-vivo.at\/wp-content\/uploads\/2025\/11\/20250809-av-bartolomeybittmann-0240-250x250.jpg 250w, https:\/\/www.allegro-vivo.at\/wp-content\/uploads\/2025\/11\/20250809-av-bartolomeybittmann-0240-300x300.jpg 300w, https:\/\/www.allegro-vivo.at\/wp-content\/uploads\/2025\/11\/20250809-av-bartolomeybittmann-0240-165x165.jpg 165w\" sizes=\"auto, (max-width: 350px) 100vw, 350px\" \/><\/a><\/div><div class='intense col-lg-9 col-xs-12 col-sm-9 col-md-9 '><script>jQuery(window).load(function() { jQuery('#heading-341537477').fitText(1, { maxFontSize: \"20px\" }); });<\/script><h3 id=\"heading-341537477\" class=\"intense heading\" style=\" font-size: 20px; line-height: normal; text-align: left; font-weight: 700; margin-top: 0px; text-transform: none; -webkit-font-smoothing: antialiased;\"><a href=\"https:\/\/www.allegro-vivo.at\/de\/events\/classic-goes-balkan\/\">&quot;Classic goes Balkan&quot;<\/a><\/h3><script>jQuery(window).load(function() { jQuery('#heading-497277498').fitText(1, { maxFontSize: \"17px\" }); });<\/script><h3 id=\"heading-497277498\" class=\"intense heading\" style=\" font-size: 17px; line-height: normal; text-align: left; font-weight: 700; margin-top: 10px; text-transform: none; -webkit-font-smoothing: antialiased;\">Samstag, 15. August 2026 um 20:00<\/h3><script>jQuery(window).load(function() { jQuery('#heading-423922869').fitText(1, { maxFontSize: \"17px\" }); });<\/script><h4 id=\"heading-423922869\" class=\"intense heading\" style=\" font-size: 17px; line-height: normal; text-align: left; font-weight: 400; margin-top: 10px; text-transform: none; -webkit-font-smoothing: antialiased;\">Horn, Kunsthaus, Arkadenhof - Wiener Str. 2<\/h4><script>jQuery(window).load(function() { jQuery('#heading-1776622566').fitText(1, { maxFontSize: \"14px\" }); });<\/script><h4 id=\"heading-1776622566\" class=\"intense heading\" style=\" font-size: 14px; line-height: normal; text-align: left; font-weight: 400; margin-top: 10px; text-transform: none; -webkit-font-smoothing: antialiased;\"><\/h4><\/div><br>\n<\/div><div  class='intense row ' style='padding-top: 30px; padding-bottom: 0; margin-top: 0; margin-bottom: 0; '><div class='intense col-lg-3 col-xs-12 col-sm-3 col-md-3 '><a href=\"https:\/\/www.allegro-vivo.at\/de\/events\/paganini\/\"><img loading=\"lazy\" decoding=\"async\" width=\"350\" height=\"350\" src=\"https:\/\/www.allegro-vivo.at\/wp-content\/uploads\/2024\/11\/20230813-av-gars-thunau-0058-e1731577542628-350x350.jpg\" class=\"eme_event_image\" alt=\"\" srcset=\"https:\/\/www.allegro-vivo.at\/wp-content\/uploads\/2024\/11\/20230813-av-gars-thunau-0058-e1731577542628-350x350.jpg 350w, https:\/\/www.allegro-vivo.at\/wp-content\/uploads\/2024\/11\/20230813-av-gars-thunau-0058-e1731577542628-500x500.jpg 500w, https:\/\/www.allegro-vivo.at\/wp-content\/uploads\/2024\/11\/20230813-av-gars-thunau-0058-e1731577542628-400x400.jpg 400w, https:\/\/www.allegro-vivo.at\/wp-content\/uploads\/2024\/11\/20230813-av-gars-thunau-0058-e1731577542628-73x73.jpg 73w, https:\/\/www.allegro-vivo.at\/wp-content\/uploads\/2024\/11\/20230813-av-gars-thunau-0058-e1731577542628-150x150.jpg 150w, https:\/\/www.allegro-vivo.at\/wp-content\/uploads\/2024\/11\/20230813-av-gars-thunau-0058-e1731577542628-174x174.jpg 174w, https:\/\/www.allegro-vivo.at\/wp-content\/uploads\/2024\/11\/20230813-av-gars-thunau-0058-e1731577542628-250x250.jpg 250w, https:\/\/www.allegro-vivo.at\/wp-content\/uploads\/2024\/11\/20230813-av-gars-thunau-0058-e1731577542628-300x300.jpg 300w, https:\/\/www.allegro-vivo.at\/wp-content\/uploads\/2024\/11\/20230813-av-gars-thunau-0058-e1731577542628-165x165.jpg 165w\" sizes=\"auto, (max-width: 350px) 100vw, 350px\" \/><\/a><\/div><div class='intense col-lg-9 col-xs-12 col-sm-9 col-md-9 '><script>jQuery(window).load(function() { jQuery('#heading-1224249018').fitText(1, { maxFontSize: \"20px\" }); });<\/script><h3 id=\"heading-1224249018\" class=\"intense heading\" style=\" font-size: 20px; line-height: normal; text-align: left; font-weight: 700; margin-top: 0px; text-transform: none; -webkit-font-smoothing: antialiased;\"><a href=\"https:\/\/www.allegro-vivo.at\/de\/events\/paganini\/\">&quot;Paganini&quot;<\/a><\/h3><script>jQuery(window).load(function() { jQuery('#heading-437987506').fitText(1, { maxFontSize: \"17px\" }); });<\/script><h3 id=\"heading-437987506\" class=\"intense heading\" style=\" font-size: 17px; line-height: normal; text-align: left; font-weight: 700; margin-top: 10px; text-transform: none; -webkit-font-smoothing: antialiased;\">Sonntag, 16. August 2026 um 16:00<\/h3><script>jQuery(window).load(function() { jQuery('#heading-534698561').fitText(1, { maxFontSize: \"17px\" }); });<\/script><h4 id=\"heading-534698561\" class=\"intense heading\" style=\" font-size: 17px; line-height: normal; text-align: left; font-weight: 400; margin-top: 10px; text-transform: none; -webkit-font-smoothing: antialiased;\">Gertrudskirche Gars am Kamp - Am Schlossberg<\/h4><script>jQuery(window).load(function() { jQuery('#heading-996144386').fitText(1, { maxFontSize: \"14px\" }); });<\/script><h4 id=\"heading-996144386\" class=\"intense heading\" style=\" font-size: 14px; line-height: normal; text-align: left; font-weight: 400; margin-top: 10px; text-transform: none; -webkit-font-smoothing: antialiased;\"><\/h4><\/div><br>\n<\/div><div  class='intense row ' style='padding-top: 30px; padding-bottom: 0; margin-top: 0; margin-bottom: 0; '><div class='intense col-lg-3 col-xs-12 col-sm-3 col-md-3 '><a href=\"https:\/\/www.allegro-vivo.at\/de\/events\/bella-ciao\/\"><img loading=\"lazy\" decoding=\"async\" width=\"350\" height=\"350\" src=\"https:\/\/www.allegro-vivo.at\/wp-content\/uploads\/2025\/11\/20220816-av-langenlois-0077-e1762947246678-350x350.jpg\" class=\"eme_event_image\" alt=\"\" srcset=\"https:\/\/www.allegro-vivo.at\/wp-content\/uploads\/2025\/11\/20220816-av-langenlois-0077-e1762947246678-350x350.jpg 350w, https:\/\/www.allegro-vivo.at\/wp-content\/uploads\/2025\/11\/20220816-av-langenlois-0077-e1762947246678-500x500.jpg 500w, https:\/\/www.allegro-vivo.at\/wp-content\/uploads\/2025\/11\/20220816-av-langenlois-0077-e1762947246678-400x400.jpg 400w, https:\/\/www.allegro-vivo.at\/wp-content\/uploads\/2025\/11\/20220816-av-langenlois-0077-e1762947246678-73x73.jpg 73w, https:\/\/www.allegro-vivo.at\/wp-content\/uploads\/2025\/11\/20220816-av-langenlois-0077-e1762947246678-150x150.jpg 150w, https:\/\/www.allegro-vivo.at\/wp-content\/uploads\/2025\/11\/20220816-av-langenlois-0077-e1762947246678-174x174.jpg 174w, https:\/\/www.allegro-vivo.at\/wp-content\/uploads\/2025\/11\/20220816-av-langenlois-0077-e1762947246678-250x250.jpg 250w, https:\/\/www.allegro-vivo.at\/wp-content\/uploads\/2025\/11\/20220816-av-langenlois-0077-e1762947246678-300x300.jpg 300w, https:\/\/www.allegro-vivo.at\/wp-content\/uploads\/2025\/11\/20220816-av-langenlois-0077-e1762947246678-165x165.jpg 165w, https:\/\/www.allegro-vivo.at\/wp-content\/uploads\/2025\/11\/20220816-av-langenlois-0077-e1762947246678-600x600.jpg 600w\" sizes=\"auto, (max-width: 350px) 100vw, 350px\" \/><\/a><\/div><div class='intense col-lg-9 col-xs-12 col-sm-9 col-md-9 '><script>jQuery(window).load(function() { jQuery('#heading-2129323881').fitText(1, { maxFontSize: \"20px\" }); });<\/script><h3 id=\"heading-2129323881\" class=\"intense heading\" style=\" font-size: 20px; line-height: normal; text-align: left; font-weight: 700; margin-top: 0px; text-transform: none; -webkit-font-smoothing: antialiased;\"><a href=\"https:\/\/www.allegro-vivo.at\/de\/events\/bella-ciao\/\">&quot;Bella ciao!&quot;<\/a><\/h3><script>jQuery(window).load(function() { jQuery('#heading-280386093').fitText(1, { maxFontSize: \"17px\" }); });<\/script><h3 id=\"heading-280386093\" class=\"intense heading\" style=\" font-size: 17px; line-height: normal; text-align: left; font-weight: 700; margin-top: 10px; text-transform: none; -webkit-font-smoothing: antialiased;\">Dienstag, 18. August 2026 um 19:00<\/h3><script>jQuery(window).load(function() { jQuery('#heading-147949435').fitText(1, { maxFontSize: \"17px\" }); });<\/script><h4 id=\"heading-147949435\" class=\"intense heading\" style=\" font-size: 17px; line-height: normal; text-align: left; font-weight: 400; margin-top: 10px; text-transform: none; -webkit-font-smoothing: antialiased;\">Loisium - Loisium Allee 1<\/h4><script>jQuery(window).load(function() { jQuery('#heading-309225450').fitText(1, { maxFontSize: \"14px\" }); });<\/script><h4 id=\"heading-309225450\" class=\"intense heading\" style=\" font-size: 14px; line-height: normal; text-align: left; font-weight: 400; margin-top: 10px; text-transform: none; -webkit-font-smoothing: antialiased;\">Strauss, Puccini, Lehar<\/h4><\/div><br>\n<\/div><div  class='intense row ' style='padding-top: 30px; padding-bottom: 0; margin-top: 0; margin-bottom: 0; '><div class='intense col-lg-3 col-xs-12 col-sm-3 col-md-3 '><a href=\"https:\/\/www.allegro-vivo.at\/de\/events\/open-space-7\/\"><img loading=\"lazy\" decoding=\"async\" width=\"350\" height=\"350\" src=\"https:\/\/www.allegro-vivo.at\/wp-content\/uploads\/2025\/11\/20250813-av-openspacepfarrgasse-0165-e1762947607576-350x350.jpg\" class=\"eme_event_image\" alt=\"\" srcset=\"https:\/\/www.allegro-vivo.at\/wp-content\/uploads\/2025\/11\/20250813-av-openspacepfarrgasse-0165-e1762947607576-350x350.jpg 350w, https:\/\/www.allegro-vivo.at\/wp-content\/uploads\/2025\/11\/20250813-av-openspacepfarrgasse-0165-e1762947607576-500x500.jpg 500w, https:\/\/www.allegro-vivo.at\/wp-content\/uploads\/2025\/11\/20250813-av-openspacepfarrgasse-0165-e1762947607576-400x400.jpg 400w, https:\/\/www.allegro-vivo.at\/wp-content\/uploads\/2025\/11\/20250813-av-openspacepfarrgasse-0165-e1762947607576-73x73.jpg 73w, https:\/\/www.allegro-vivo.at\/wp-content\/uploads\/2025\/11\/20250813-av-openspacepfarrgasse-0165-e1762947607576-150x150.jpg 150w, https:\/\/www.allegro-vivo.at\/wp-content\/uploads\/2025\/11\/20250813-av-openspacepfarrgasse-0165-e1762947607576-174x174.jpg 174w, https:\/\/www.allegro-vivo.at\/wp-content\/uploads\/2025\/11\/20250813-av-openspacepfarrgasse-0165-e1762947607576-250x250.jpg 250w, https:\/\/www.allegro-vivo.at\/wp-content\/uploads\/2025\/11\/20250813-av-openspacepfarrgasse-0165-e1762947607576-300x300.jpg 300w, https:\/\/www.allegro-vivo.at\/wp-content\/uploads\/2025\/11\/20250813-av-openspacepfarrgasse-0165-e1762947607576-165x165.jpg 165w, https:\/\/www.allegro-vivo.at\/wp-content\/uploads\/2025\/11\/20250813-av-openspacepfarrgasse-0165-e1762947607576-600x600.jpg 600w\" sizes=\"auto, (max-width: 350px) 100vw, 350px\" \/><\/a><\/div><div class='intense col-lg-9 col-xs-12 col-sm-9 col-md-9 '><script>jQuery(window).load(function() { jQuery('#heading-563799953').fitText(1, { maxFontSize: \"20px\" }); });<\/script><h3 id=\"heading-563799953\" class=\"intense heading\" style=\" font-size: 20px; line-height: normal; text-align: left; font-weight: 700; margin-top: 0px; text-transform: none; -webkit-font-smoothing: antialiased;\"><a href=\"https:\/\/www.allegro-vivo.at\/de\/events\/open-space-7\/\">&quot;Open Space&quot;<\/a><\/h3><script>jQuery(window).load(function() { jQuery('#heading-824428207').fitText(1, { maxFontSize: \"17px\" }); });<\/script><h3 id=\"heading-824428207\" class=\"intense heading\" style=\" font-size: 17px; line-height: normal; text-align: left; font-weight: 700; margin-top: 10px; text-transform: none; -webkit-font-smoothing: antialiased;\">Mittwoch, 19. August 2026 um 10:30<\/h3><script>jQuery(window).load(function() { jQuery('#heading-1997096071').fitText(1, { maxFontSize: \"17px\" }); });<\/script><h4 id=\"heading-1997096071\" class=\"intense heading\" style=\" font-size: 17px; line-height: normal; text-align: left; font-weight: 400; margin-top: 10px; text-transform: none; -webkit-font-smoothing: antialiased;\">Horn, Pfarrgasse - Pfarrgasse 1<\/h4><script>jQuery(window).load(function() { jQuery('#heading-1835351630').fitText(1, { maxFontSize: \"14px\" }); });<\/script><h4 id=\"heading-1835351630\" class=\"intense heading\" style=\" font-size: 14px; line-height: normal; text-align: left; font-weight: 400; margin-top: 10px; text-transform: none; -webkit-font-smoothing: antialiased;\">Konzert der Meisterkurse<\/h4><\/div><br>\n<\/div><div  class='intense row ' style='padding-top: 30px; padding-bottom: 0; margin-top: 0; margin-bottom: 0; '><div class='intense col-lg-3 col-xs-12 col-sm-3 col-md-3 '><a href=\"https:\/\/www.allegro-vivo.at\/de\/events\/gestaltungskraft\/\"><img loading=\"lazy\" decoding=\"async\" width=\"350\" height=\"350\" src=\"https:\/\/www.allegro-vivo.at\/wp-content\/uploads\/2025\/11\/20250914-av-abschluss-altenburg-0145-350x350.jpg\" class=\"eme_event_image\" alt=\"\" srcset=\"https:\/\/www.allegro-vivo.at\/wp-content\/uploads\/2025\/11\/20250914-av-abschluss-altenburg-0145-350x350.jpg 350w, https:\/\/www.allegro-vivo.at\/wp-content\/uploads\/2025\/11\/20250914-av-abschluss-altenburg-0145-500x500.jpg 500w, https:\/\/www.allegro-vivo.at\/wp-content\/uploads\/2025\/11\/20250914-av-abschluss-altenburg-0145-400x400.jpg 400w, https:\/\/www.allegro-vivo.at\/wp-content\/uploads\/2025\/11\/20250914-av-abschluss-altenburg-0145-73x73.jpg 73w, https:\/\/www.allegro-vivo.at\/wp-content\/uploads\/2025\/11\/20250914-av-abschluss-altenburg-0145-150x150.jpg 150w, https:\/\/www.allegro-vivo.at\/wp-content\/uploads\/2025\/11\/20250914-av-abschluss-altenburg-0145-174x174.jpg 174w, https:\/\/www.allegro-vivo.at\/wp-content\/uploads\/2025\/11\/20250914-av-abschluss-altenburg-0145-250x250.jpg 250w, https:\/\/www.allegro-vivo.at\/wp-content\/uploads\/2025\/11\/20250914-av-abschluss-altenburg-0145-300x300.jpg 300w, https:\/\/www.allegro-vivo.at\/wp-content\/uploads\/2025\/11\/20250914-av-abschluss-altenburg-0145-165x165.jpg 165w\" sizes=\"auto, (max-width: 350px) 100vw, 350px\" \/><\/a><\/div><div class='intense col-lg-9 col-xs-12 col-sm-9 col-md-9 '><script>jQuery(window).load(function() { jQuery('#heading-957643494').fitText(1, { maxFontSize: \"20px\" }); });<\/script><h3 id=\"heading-957643494\" class=\"intense heading\" style=\" font-size: 20px; line-height: normal; text-align: left; font-weight: 700; margin-top: 0px; text-transform: none; -webkit-font-smoothing: antialiased;\"><a href=\"https:\/\/www.allegro-vivo.at\/de\/events\/gestaltungskraft\/\">&quot;B\u00fchnenmenschen&quot;<\/a><\/h3><script>jQuery(window).load(function() { jQuery('#heading-1533422840').fitText(1, { maxFontSize: \"17px\" }); });<\/script><h3 id=\"heading-1533422840\" class=\"intense heading\" style=\" font-size: 17px; line-height: normal; text-align: left; font-weight: 700; margin-top: 10px; text-transform: none; -webkit-font-smoothing: antialiased;\">Mittwoch, 19. August 2026 um 19:00<\/h3><script>jQuery(window).load(function() { jQuery('#heading-1296515872').fitText(1, { maxFontSize: \"17px\" }); });<\/script><h4 id=\"heading-1296515872\" class=\"intense heading\" style=\" font-size: 17px; line-height: normal; text-align: left; font-weight: 400; margin-top: 10px; text-transform: none; -webkit-font-smoothing: antialiased;\">Stift Altenburg, Bibliothek - Abt-Placidus-Much-Stra\u00dfe 1<\/h4><script>jQuery(window).load(function() { jQuery('#heading-2067456240').fitText(1, { maxFontSize: \"14px\" }); });<\/script><h4 id=\"heading-2067456240\" class=\"intense heading\" style=\" font-size: 14px; line-height: normal; text-align: left; font-weight: 400; margin-top: 10px; text-transform: none; -webkit-font-smoothing: antialiased;\">Tartini,\u00a0Beethoven, Mahler, Geminiani, Peja\u010devi\u0107<\/h4><\/div><br>\n<\/div><div  class='intense row ' style='padding-top: 30px; padding-bottom: 0; margin-top: 0; margin-bottom: 0; '><div class='intense col-lg-3 col-xs-12 col-sm-3 col-md-3 '><a href=\"https:\/\/www.allegro-vivo.at\/de\/events\/con-anima\/\"><img loading=\"lazy\" decoding=\"async\" width=\"350\" height=\"350\" src=\"https:\/\/www.allegro-vivo.at\/wp-content\/uploads\/2024\/11\/20240815-av-waldreichs-0049-e1731578741110-350x350.jpg\" class=\"eme_event_image\" alt=\"Waldreichs SAK\" srcset=\"https:\/\/www.allegro-vivo.at\/wp-content\/uploads\/2024\/11\/20240815-av-waldreichs-0049-e1731578741110-350x350.jpg 350w, https:\/\/www.allegro-vivo.at\/wp-content\/uploads\/2024\/11\/20240815-av-waldreichs-0049-e1731578741110-500x500.jpg 500w, https:\/\/www.allegro-vivo.at\/wp-content\/uploads\/2024\/11\/20240815-av-waldreichs-0049-e1731578741110-400x400.jpg 400w, https:\/\/www.allegro-vivo.at\/wp-content\/uploads\/2024\/11\/20240815-av-waldreichs-0049-e1731578741110-73x73.jpg 73w, https:\/\/www.allegro-vivo.at\/wp-content\/uploads\/2024\/11\/20240815-av-waldreichs-0049-e1731578741110-150x150.jpg 150w, https:\/\/www.allegro-vivo.at\/wp-content\/uploads\/2024\/11\/20240815-av-waldreichs-0049-e1731578741110-174x174.jpg 174w, https:\/\/www.allegro-vivo.at\/wp-content\/uploads\/2024\/11\/20240815-av-waldreichs-0049-e1731578741110-250x250.jpg 250w, https:\/\/www.allegro-vivo.at\/wp-content\/uploads\/2024\/11\/20240815-av-waldreichs-0049-e1731578741110-300x300.jpg 300w, https:\/\/www.allegro-vivo.at\/wp-content\/uploads\/2024\/11\/20240815-av-waldreichs-0049-e1731578741110-165x165.jpg 165w\" sizes=\"auto, (max-width: 350px) 100vw, 350px\" \/><\/a><\/div><div class='intense col-lg-9 col-xs-12 col-sm-9 col-md-9 '><script>jQuery(window).load(function() { jQuery('#heading-1473710935').fitText(1, { maxFontSize: \"20px\" }); });<\/script><h3 id=\"heading-1473710935\" class=\"intense heading\" style=\" font-size: 20px; line-height: normal; text-align: left; font-weight: 700; margin-top: 0px; text-transform: none; -webkit-font-smoothing: antialiased;\"><a href=\"https:\/\/www.allegro-vivo.at\/de\/events\/con-anima\/\">&quot;Con anima&quot;<\/a><\/h3><script>jQuery(window).load(function() { jQuery('#heading-609107942').fitText(1, { maxFontSize: \"17px\" }); });<\/script><h3 id=\"heading-609107942\" class=\"intense heading\" style=\" font-size: 17px; line-height: normal; text-align: left; font-weight: 700; margin-top: 10px; text-transform: none; -webkit-font-smoothing: antialiased;\">Donnerstag, 20. August 2026 um 19:00<\/h3><script>jQuery(window).load(function() { jQuery('#heading-1397973745').fitText(1, { maxFontSize: \"17px\" }); });<\/script><h4 id=\"heading-1397973745\" class=\"intense heading\" style=\" font-size: 17px; line-height: normal; text-align: left; font-weight: 400; margin-top: 10px; text-transform: none; -webkit-font-smoothing: antialiased;\">Schloss Waldreichs, Alte Kapelle - Schloss Waldreichs 1<\/h4><script>jQuery(window).load(function() { jQuery('#heading-177199193').fitText(1, { maxFontSize: \"14px\" }); });<\/script><h4 id=\"heading-177199193\" class=\"intense heading\" style=\" font-size: 14px; line-height: normal; text-align: left; font-weight: 400; margin-top: 10px; text-transform: none; -webkit-font-smoothing: antialiased;\">Konzert der Meisterkurse<\/h4><\/div><br>\n<\/div><div  class='intense row ' style='padding-top: 30px; padding-bottom: 0; margin-top: 0; margin-bottom: 0; '><div class='intense col-lg-3 col-xs-12 col-sm-3 col-md-3 '><a href=\"https:\/\/www.allegro-vivo.at\/de\/events\/matineen-der-sommerakademie-27\/\"><img loading=\"lazy\" decoding=\"async\" width=\"350\" height=\"350\" src=\"https:\/\/www.allegro-vivo.at\/wp-content\/uploads\/2021\/02\/20140814-av-matinee-0002-e1612364594937-350x350.jpg\" class=\"eme_event_image\" alt=\"Matinee der Meisterkuser\" srcset=\"https:\/\/www.allegro-vivo.at\/wp-content\/uploads\/2021\/02\/20140814-av-matinee-0002-e1612364594937-350x350.jpg 350w, https:\/\/www.allegro-vivo.at\/wp-content\/uploads\/2021\/02\/20140814-av-matinee-0002-e1612364594937-500x500.jpg 500w, https:\/\/www.allegro-vivo.at\/wp-content\/uploads\/2021\/02\/20140814-av-matinee-0002-e1612364594937-400x400.jpg 400w, https:\/\/www.allegro-vivo.at\/wp-content\/uploads\/2021\/02\/20140814-av-matinee-0002-e1612364594937-73x73.jpg 73w, https:\/\/www.allegro-vivo.at\/wp-content\/uploads\/2021\/02\/20140814-av-matinee-0002-e1612364594937-150x150.jpg 150w, https:\/\/www.allegro-vivo.at\/wp-content\/uploads\/2021\/02\/20140814-av-matinee-0002-e1612364594937-174x174.jpg 174w, https:\/\/www.allegro-vivo.at\/wp-content\/uploads\/2021\/02\/20140814-av-matinee-0002-e1612364594937-250x250.jpg 250w, https:\/\/www.allegro-vivo.at\/wp-content\/uploads\/2021\/02\/20140814-av-matinee-0002-e1612364594937-300x300.jpg 300w, https:\/\/www.allegro-vivo.at\/wp-content\/uploads\/2021\/02\/20140814-av-matinee-0002-e1612364594937-165x165.jpg 165w\" sizes=\"auto, (max-width: 350px) 100vw, 350px\" \/><\/a><\/div><div class='intense col-lg-9 col-xs-12 col-sm-9 col-md-9 '><script>jQuery(window).load(function() { jQuery('#heading-834875850').fitText(1, { maxFontSize: \"20px\" }); });<\/script><h3 id=\"heading-834875850\" class=\"intense heading\" style=\" font-size: 20px; line-height: normal; text-align: left; font-weight: 700; margin-top: 0px; text-transform: none; -webkit-font-smoothing: antialiased;\"><a href=\"https:\/\/www.allegro-vivo.at\/de\/events\/matineen-der-sommerakademie-27\/\">Matin\u00e9en der Sommerakademie<\/a><\/h3><script>jQuery(window).load(function() { jQuery('#heading-644009414').fitText(1, { maxFontSize: \"17px\" }); });<\/script><h3 id=\"heading-644009414\" class=\"intense heading\" style=\" font-size: 17px; line-height: normal; text-align: left; font-weight: 700; margin-top: 10px; text-transform: none; -webkit-font-smoothing: antialiased;\">Freitag, 21. August 2026 um 11:00<\/h3><script>jQuery(window).load(function() { jQuery('#heading-889632175').fitText(1, { maxFontSize: \"17px\" }); });<\/script><h4 id=\"heading-889632175\" class=\"intense heading\" style=\" font-size: 17px; line-height: normal; text-align: left; font-weight: 400; margin-top: 10px; text-transform: none; -webkit-font-smoothing: antialiased;\">Horn, Kunsthaus - Wiener Stra\u00dfe 2<\/h4><script>jQuery(window).load(function() { jQuery('#heading-690312145').fitText(1, { maxFontSize: \"14px\" }); });<\/script><h4 id=\"heading-690312145\" class=\"intense heading\" style=\" font-size: 14px; line-height: normal; text-align: left; font-weight: 400; margin-top: 10px; text-transform: none; -webkit-font-smoothing: antialiased;\"><\/h4><\/div><br>\n<\/div><div  class='intense row ' style='padding-top: 30px; padding-bottom: 0; margin-top: 0; margin-bottom: 0; '><div class='intense col-lg-3 col-xs-12 col-sm-3 col-md-3 '><a href=\"https:\/\/www.allegro-vivo.at\/de\/events\/ausstrahlung\/\"><img loading=\"lazy\" decoding=\"async\" width=\"350\" height=\"350\" src=\"https:\/\/www.allegro-vivo.at\/wp-content\/uploads\/2025\/11\/20250815-av-altpoella-0360-e1762946345461-350x350.jpg\" class=\"eme_event_image\" alt=\"\" srcset=\"https:\/\/www.allegro-vivo.at\/wp-content\/uploads\/2025\/11\/20250815-av-altpoella-0360-e1762946345461-350x350.jpg 350w, https:\/\/www.allegro-vivo.at\/wp-content\/uploads\/2025\/11\/20250815-av-altpoella-0360-e1762946345461-500x500.jpg 500w, https:\/\/www.allegro-vivo.at\/wp-content\/uploads\/2025\/11\/20250815-av-altpoella-0360-e1762946345461-400x400.jpg 400w, https:\/\/www.allegro-vivo.at\/wp-content\/uploads\/2025\/11\/20250815-av-altpoella-0360-e1762946345461-73x73.jpg 73w, https:\/\/www.allegro-vivo.at\/wp-content\/uploads\/2025\/11\/20250815-av-altpoella-0360-e1762946345461-150x150.jpg 150w, https:\/\/www.allegro-vivo.at\/wp-content\/uploads\/2025\/11\/20250815-av-altpoella-0360-e1762946345461-174x174.jpg 174w, https:\/\/www.allegro-vivo.at\/wp-content\/uploads\/2025\/11\/20250815-av-altpoella-0360-e1762946345461-250x250.jpg 250w, https:\/\/www.allegro-vivo.at\/wp-content\/uploads\/2025\/11\/20250815-av-altpoella-0360-e1762946345461-300x300.jpg 300w, https:\/\/www.allegro-vivo.at\/wp-content\/uploads\/2025\/11\/20250815-av-altpoella-0360-e1762946345461-165x165.jpg 165w, https:\/\/www.allegro-vivo.at\/wp-content\/uploads\/2025\/11\/20250815-av-altpoella-0360-e1762946345461-600x600.jpg 600w\" sizes=\"auto, (max-width: 350px) 100vw, 350px\" \/><\/a><\/div><div class='intense col-lg-9 col-xs-12 col-sm-9 col-md-9 '><script>jQuery(window).load(function() { jQuery('#heading-379669364').fitText(1, { maxFontSize: \"20px\" }); });<\/script><h3 id=\"heading-379669364\" class=\"intense heading\" style=\" font-size: 20px; line-height: normal; text-align: left; font-weight: 700; margin-top: 0px; text-transform: none; -webkit-font-smoothing: antialiased;\"><a href=\"https:\/\/www.allegro-vivo.at\/de\/events\/ausstrahlung\/\">&quot;Ausstrahlung&quot;<\/a><\/h3><script>jQuery(window).load(function() { jQuery('#heading-1025130253').fitText(1, { maxFontSize: \"17px\" }); });<\/script><h3 id=\"heading-1025130253\" class=\"intense heading\" style=\" font-size: 17px; line-height: normal; text-align: left; font-weight: 700; margin-top: 10px; text-transform: none; -webkit-font-smoothing: antialiased;\">Freitag, 21. August 2026 um 19:00<\/h3><script>jQuery(window).load(function() { jQuery('#heading-247085527').fitText(1, { maxFontSize: \"17px\" }); });<\/script><h4 id=\"heading-247085527\" class=\"intense heading\" style=\" font-size: 17px; line-height: normal; text-align: left; font-weight: 400; margin-top: 10px; text-transform: none; -webkit-font-smoothing: antialiased;\">Altp\u00f6lla - Altp\u00f6lla Nr. 1, Pfarrkirche<\/h4><script>jQuery(window).load(function() { jQuery('#heading-521339827').fitText(1, { maxFontSize: \"14px\" }); });<\/script><h4 id=\"heading-521339827\" class=\"intense heading\" style=\" font-size: 14px; line-height: normal; text-align: left; font-weight: 400; margin-top: 10px; text-transform: none; -webkit-font-smoothing: antialiased;\">Konzert der Meisterkurse<\/h4><\/div><br>\n<\/div><div  class='intense row ' style='padding-top: 30px; padding-bottom: 0; margin-top: 0; margin-bottom: 0; '><div class='intense col-lg-3 col-xs-12 col-sm-3 col-md-3 '><a href=\"https:\/\/www.allegro-vivo.at\/de\/events\/abschlusskonzert-der-kinderkurse-1-woche\/\"><img loading=\"lazy\" decoding=\"async\" width=\"350\" height=\"350\" src=\"https:\/\/www.allegro-vivo.at\/wp-content\/uploads\/2025\/12\/20250823-av-abschluss-kinder-jungedkurse-0091-350x350.jpg\" class=\"eme_event_image\" alt=\"\" srcset=\"https:\/\/www.allegro-vivo.at\/wp-content\/uploads\/2025\/12\/20250823-av-abschluss-kinder-jungedkurse-0091-350x350.jpg 350w, https:\/\/www.allegro-vivo.at\/wp-content\/uploads\/2025\/12\/20250823-av-abschluss-kinder-jungedkurse-0091-500x500.jpg 500w, https:\/\/www.allegro-vivo.at\/wp-content\/uploads\/2025\/12\/20250823-av-abschluss-kinder-jungedkurse-0091-400x400.jpg 400w, https:\/\/www.allegro-vivo.at\/wp-content\/uploads\/2025\/12\/20250823-av-abschluss-kinder-jungedkurse-0091-73x73.jpg 73w, https:\/\/www.allegro-vivo.at\/wp-content\/uploads\/2025\/12\/20250823-av-abschluss-kinder-jungedkurse-0091-150x150.jpg 150w, https:\/\/www.allegro-vivo.at\/wp-content\/uploads\/2025\/12\/20250823-av-abschluss-kinder-jungedkurse-0091-174x174.jpg 174w, https:\/\/www.allegro-vivo.at\/wp-content\/uploads\/2025\/12\/20250823-av-abschluss-kinder-jungedkurse-0091-250x250.jpg 250w, https:\/\/www.allegro-vivo.at\/wp-content\/uploads\/2025\/12\/20250823-av-abschluss-kinder-jungedkurse-0091-300x300.jpg 300w, https:\/\/www.allegro-vivo.at\/wp-content\/uploads\/2025\/12\/20250823-av-abschluss-kinder-jungedkurse-0091-165x165.jpg 165w\" sizes=\"auto, (max-width: 350px) 100vw, 350px\" \/><\/a><\/div><div class='intense col-lg-9 col-xs-12 col-sm-9 col-md-9 '><script>jQuery(window).load(function() { jQuery('#heading-1484170885').fitText(1, { maxFontSize: \"20px\" }); });<\/script><h3 id=\"heading-1484170885\" class=\"intense heading\" style=\" font-size: 20px; line-height: normal; text-align: left; font-weight: 700; margin-top: 0px; text-transform: none; -webkit-font-smoothing: antialiased;\"><a href=\"https:\/\/www.allegro-vivo.at\/de\/events\/abschlusskonzert-der-kinderkurse-1-woche\/\">Abschlusskonzert der Kinderkurse 1. Woche<\/a><\/h3><script>jQuery(window).load(function() { jQuery('#heading-183902928').fitText(1, { maxFontSize: \"17px\" }); });<\/script><h3 id=\"heading-183902928\" class=\"intense heading\" style=\" font-size: 17px; line-height: normal; text-align: left; font-weight: 700; margin-top: 10px; text-transform: none; -webkit-font-smoothing: antialiased;\">Samstag, 22. August 2026 um 10:30<\/h3><script>jQuery(window).load(function() { jQuery('#heading-1959453669').fitText(1, { maxFontSize: \"17px\" }); });<\/script><h4 id=\"heading-1959453669\" class=\"intense heading\" style=\" font-size: 17px; line-height: normal; text-align: left; font-weight: 400; margin-top: 10px; text-transform: none; -webkit-font-smoothing: antialiased;\">Campus Horn, Weitblick - Canisiusgasse 1<\/h4><script>jQuery(window).load(function() { jQuery('#heading-1673367684').fitText(1, { maxFontSize: \"14px\" }); });<\/script><h4 id=\"heading-1673367684\" class=\"intense heading\" style=\" font-size: 14px; line-height: normal; text-align: left; font-weight: 400; margin-top: 10px; text-transform: none; -webkit-font-smoothing: antialiased;\"><\/h4><\/div><br>\n<\/div><div  class='intense row ' style='padding-top: 30px; padding-bottom: 0; margin-top: 0; margin-bottom: 0; '><div class='intense col-lg-3 col-xs-12 col-sm-3 col-md-3 '><a href=\"https:\/\/www.allegro-vivo.at\/de\/events\/galakonzert-3\/\"><img loading=\"lazy\" decoding=\"async\" width=\"350\" height=\"350\" src=\"https:\/\/www.allegro-vivo.at\/wp-content\/uploads\/2025\/11\/20230819-av-galakonzert-0122-350x350.jpg\" class=\"eme_event_image\" alt=\"\" srcset=\"https:\/\/www.allegro-vivo.at\/wp-content\/uploads\/2025\/11\/20230819-av-galakonzert-0122-350x350.jpg 350w, https:\/\/www.allegro-vivo.at\/wp-content\/uploads\/2025\/11\/20230819-av-galakonzert-0122-500x500.jpg 500w, https:\/\/www.allegro-vivo.at\/wp-content\/uploads\/2025\/11\/20230819-av-galakonzert-0122-400x400.jpg 400w, https:\/\/www.allegro-vivo.at\/wp-content\/uploads\/2025\/11\/20230819-av-galakonzert-0122-73x73.jpg 73w, https:\/\/www.allegro-vivo.at\/wp-content\/uploads\/2025\/11\/20230819-av-galakonzert-0122-150x150.jpg 150w, https:\/\/www.allegro-vivo.at\/wp-content\/uploads\/2025\/11\/20230819-av-galakonzert-0122-174x174.jpg 174w, https:\/\/www.allegro-vivo.at\/wp-content\/uploads\/2025\/11\/20230819-av-galakonzert-0122-250x250.jpg 250w, https:\/\/www.allegro-vivo.at\/wp-content\/uploads\/2025\/11\/20230819-av-galakonzert-0122-300x300.jpg 300w, https:\/\/www.allegro-vivo.at\/wp-content\/uploads\/2025\/11\/20230819-av-galakonzert-0122-165x165.jpg 165w\" sizes=\"auto, (max-width: 350px) 100vw, 350px\" \/><\/a><\/div><div class='intense col-lg-9 col-xs-12 col-sm-9 col-md-9 '><script>jQuery(window).load(function() { jQuery('#heading-1030191599').fitText(1, { maxFontSize: \"20px\" }); });<\/script><h3 id=\"heading-1030191599\" class=\"intense heading\" style=\" font-size: 20px; line-height: normal; text-align: left; font-weight: 700; margin-top: 0px; text-transform: none; -webkit-font-smoothing: antialiased;\"><a href=\"https:\/\/www.allegro-vivo.at\/de\/events\/galakonzert-3\/\">Galakonzert &quot;La Notte Italiana\u201c<\/a><\/h3><script>jQuery(window).load(function() { jQuery('#heading-581534919').fitText(1, { maxFontSize: \"17px\" }); });<\/script><h3 id=\"heading-581534919\" class=\"intense heading\" style=\" font-size: 17px; line-height: normal; text-align: left; font-weight: 700; margin-top: 10px; text-transform: none; -webkit-font-smoothing: antialiased;\">Samstag, 22. August 2026 um 20:00<\/h3><script>jQuery(window).load(function() { jQuery('#heading-1513284849').fitText(1, { maxFontSize: \"17px\" }); });<\/script><h4 id=\"heading-1513284849\" class=\"intense heading\" style=\" font-size: 17px; line-height: normal; text-align: left; font-weight: 400; margin-top: 10px; text-transform: none; -webkit-font-smoothing: antialiased;\">Horn, Kunsthaus, Arkadenhof - Wiener Str. 2<\/h4><script>jQuery(window).load(function() { jQuery('#heading-1403161080').fitText(1, { maxFontSize: \"14px\" }); });<\/script><h4 id=\"heading-1403161080\" class=\"intense heading\" style=\" font-size: 14px; line-height: normal; text-align: left; font-weight: 400; margin-top: 10px; text-transform: none; -webkit-font-smoothing: antialiased;\">Rossini, Paganini, Mascagni, Pugnani-Kreisler, Rota, Puccini, Genin, Veracini, Verdi, Strauss<\/h4><\/div><br>\n<\/div><div  class='intense row ' style='padding-top: 30px; padding-bottom: 0; margin-top: 0; margin-bottom: 0; '><div class='intense col-lg-3 col-xs-12 col-sm-3 col-md-3 '><a href=\"https:\/\/www.allegro-vivo.at\/de\/events\/on-stage-ausstellungseroeffnung\/\"><img loading=\"lazy\" decoding=\"async\" width=\"350\" height=\"350\" src=\"https:\/\/www.allegro-vivo.at\/wp-content\/uploads\/2025\/11\/20250817-av-kv-vernissagetemperamenti-0014-e1765281034555-350x350.jpg\" class=\"eme_event_image\" alt=\"\" srcset=\"https:\/\/www.allegro-vivo.at\/wp-content\/uploads\/2025\/11\/20250817-av-kv-vernissagetemperamenti-0014-e1765281034555-350x350.jpg 350w, https:\/\/www.allegro-vivo.at\/wp-content\/uploads\/2025\/11\/20250817-av-kv-vernissagetemperamenti-0014-e1765281034555-500x500.jpg 500w, https:\/\/www.allegro-vivo.at\/wp-content\/uploads\/2025\/11\/20250817-av-kv-vernissagetemperamenti-0014-e1765281034555-400x400.jpg 400w, https:\/\/www.allegro-vivo.at\/wp-content\/uploads\/2025\/11\/20250817-av-kv-vernissagetemperamenti-0014-e1765281034555-73x73.jpg 73w, https:\/\/www.allegro-vivo.at\/wp-content\/uploads\/2025\/11\/20250817-av-kv-vernissagetemperamenti-0014-e1765281034555-150x150.jpg 150w, https:\/\/www.allegro-vivo.at\/wp-content\/uploads\/2025\/11\/20250817-av-kv-vernissagetemperamenti-0014-e1765281034555-174x174.jpg 174w, https:\/\/www.allegro-vivo.at\/wp-content\/uploads\/2025\/11\/20250817-av-kv-vernissagetemperamenti-0014-e1765281034555-250x250.jpg 250w, https:\/\/www.allegro-vivo.at\/wp-content\/uploads\/2025\/11\/20250817-av-kv-vernissagetemperamenti-0014-e1765281034555-300x300.jpg 300w, https:\/\/www.allegro-vivo.at\/wp-content\/uploads\/2025\/11\/20250817-av-kv-vernissagetemperamenti-0014-e1765281034555-165x165.jpg 165w, https:\/\/www.allegro-vivo.at\/wp-content\/uploads\/2025\/11\/20250817-av-kv-vernissagetemperamenti-0014-e1765281034555-600x600.jpg 600w\" sizes=\"auto, (max-width: 350px) 100vw, 350px\" \/><\/a><\/div><div class='intense col-lg-9 col-xs-12 col-sm-9 col-md-9 '><script>jQuery(window).load(function() { jQuery('#heading-1408899051').fitText(1, { maxFontSize: \"20px\" }); });<\/script><h3 id=\"heading-1408899051\" class=\"intense heading\" style=\" font-size: 20px; line-height: normal; text-align: left; font-weight: 700; margin-top: 0px; text-transform: none; -webkit-font-smoothing: antialiased;\"><a href=\"https:\/\/www.allegro-vivo.at\/de\/events\/on-stage-ausstellungseroeffnung\/\">&quot;On Stage&quot; Ausstellungser\u00f6ffnung<\/a><\/h3><script>jQuery(window).load(function() { jQuery('#heading-1323674086').fitText(1, { maxFontSize: \"17px\" }); });<\/script><h3 id=\"heading-1323674086\" class=\"intense heading\" style=\" font-size: 17px; line-height: normal; text-align: left; font-weight: 700; margin-top: 10px; text-transform: none; -webkit-font-smoothing: antialiased;\">Sonntag, 23. August 2026 um 11:00<\/h3><script>jQuery(window).load(function() { jQuery('#heading-1528429493').fitText(1, { maxFontSize: \"17px\" }); });<\/script><h4 id=\"heading-1528429493\" class=\"intense heading\" style=\" font-size: 17px; line-height: normal; text-align: left; font-weight: 400; margin-top: 10px; text-transform: none; -webkit-font-smoothing: antialiased;\">Horn, Kunsthaus - Wiener Stra\u00dfe 2<\/h4><script>jQuery(window).load(function() { jQuery('#heading-155200904').fitText(1, { maxFontSize: \"14px\" }); });<\/script><h4 id=\"heading-155200904\" class=\"intense heading\" style=\" font-size: 14px; line-height: normal; text-align: left; font-weight: 400; margin-top: 10px; text-transform: none; -webkit-font-smoothing: antialiased;\"><\/h4><\/div><br>\n<\/div><div  class='intense row ' style='padding-top: 30px; padding-bottom: 0; margin-top: 0; margin-bottom: 0; '><div class='intense col-lg-3 col-xs-12 col-sm-3 col-md-3 '><a href=\"https:\/\/www.allegro-vivo.at\/de\/events\/buehne-frei-familiennachmittag\/\"><img loading=\"lazy\" decoding=\"async\" width=\"350\" height=\"350\" src=\"https:\/\/www.allegro-vivo.at\/wp-content\/uploads\/2025\/11\/20250817-av-familiennachmittag-0352-1-e1762951666579-350x350.jpg\" class=\"eme_event_image\" alt=\"\" srcset=\"https:\/\/www.allegro-vivo.at\/wp-content\/uploads\/2025\/11\/20250817-av-familiennachmittag-0352-1-e1762951666579-350x350.jpg 350w, https:\/\/www.allegro-vivo.at\/wp-content\/uploads\/2025\/11\/20250817-av-familiennachmittag-0352-1-e1762951666579-500x500.jpg 500w, https:\/\/www.allegro-vivo.at\/wp-content\/uploads\/2025\/11\/20250817-av-familiennachmittag-0352-1-e1762951666579-400x400.jpg 400w, https:\/\/www.allegro-vivo.at\/wp-content\/uploads\/2025\/11\/20250817-av-familiennachmittag-0352-1-e1762951666579-73x73.jpg 73w, https:\/\/www.allegro-vivo.at\/wp-content\/uploads\/2025\/11\/20250817-av-familiennachmittag-0352-1-e1762951666579-150x150.jpg 150w, https:\/\/www.allegro-vivo.at\/wp-content\/uploads\/2025\/11\/20250817-av-familiennachmittag-0352-1-e1762951666579-174x174.jpg 174w, https:\/\/www.allegro-vivo.at\/wp-content\/uploads\/2025\/11\/20250817-av-familiennachmittag-0352-1-e1762951666579-250x250.jpg 250w, https:\/\/www.allegro-vivo.at\/wp-content\/uploads\/2025\/11\/20250817-av-familiennachmittag-0352-1-e1762951666579-300x300.jpg 300w, https:\/\/www.allegro-vivo.at\/wp-content\/uploads\/2025\/11\/20250817-av-familiennachmittag-0352-1-e1762951666579-165x165.jpg 165w, https:\/\/www.allegro-vivo.at\/wp-content\/uploads\/2025\/11\/20250817-av-familiennachmittag-0352-1-e1762951666579-600x600.jpg 600w\" sizes=\"auto, (max-width: 350px) 100vw, 350px\" \/><\/a><\/div><div class='intense col-lg-9 col-xs-12 col-sm-9 col-md-9 '><script>jQuery(window).load(function() { jQuery('#heading-1295327494').fitText(1, { maxFontSize: \"20px\" }); });<\/script><h3 id=\"heading-1295327494\" class=\"intense heading\" style=\" font-size: 20px; line-height: normal; text-align: left; font-weight: 700; margin-top: 0px; text-transform: none; -webkit-font-smoothing: antialiased;\"><a href=\"https:\/\/www.allegro-vivo.at\/de\/events\/buehne-frei-familiennachmittag\/\">&quot;B\u00fchne frei!&quot; Familiennachmittag<\/a><\/h3><script>jQuery(window).load(function() { jQuery('#heading-424008667').fitText(1, { maxFontSize: \"17px\" }); });<\/script><h3 id=\"heading-424008667\" class=\"intense heading\" style=\" font-size: 17px; line-height: normal; text-align: left; font-weight: 700; margin-top: 10px; text-transform: none; -webkit-font-smoothing: antialiased;\">Sonntag, 23. August 2026 um 16:00<\/h3><script>jQuery(window).load(function() { jQuery('#heading-1166724035').fitText(1, { maxFontSize: \"17px\" }); });<\/script><h4 id=\"heading-1166724035\" class=\"intense heading\" style=\" font-size: 17px; line-height: normal; text-align: left; font-weight: 400; margin-top: 10px; text-transform: none; -webkit-font-smoothing: antialiased;\">Horn, Kunsthaus, Arkadenhof - Wiener Str. 2<\/h4><script>jQuery(window).load(function() { jQuery('#heading-884939949').fitText(1, { maxFontSize: \"14px\" }); });<\/script><h4 id=\"heading-884939949\" class=\"intense heading\" style=\" font-size: 14px; line-height: normal; text-align: left; font-weight: 400; margin-top: 10px; text-transform: none; -webkit-font-smoothing: antialiased;\">Konzert der Kinder- und Jugendkurse<\/h4><\/div><br>\n<\/div><div  class='intense row ' style='padding-top: 30px; padding-bottom: 0; margin-top: 0; margin-bottom: 0; '><div class='intense col-lg-3 col-xs-12 col-sm-3 col-md-3 '><a href=\"https:\/\/www.allegro-vivo.at\/de\/events\/moonlight-serenade-6\/\"><img loading=\"lazy\" decoding=\"async\" width=\"350\" height=\"350\" src=\"https:\/\/www.allegro-vivo.at\/wp-content\/uploads\/2025\/11\/20250819-av-moonlightserenade-0169-350x350.jpg\" class=\"eme_event_image\" alt=\"\" srcset=\"https:\/\/www.allegro-vivo.at\/wp-content\/uploads\/2025\/11\/20250819-av-moonlightserenade-0169-350x350.jpg 350w, https:\/\/www.allegro-vivo.at\/wp-content\/uploads\/2025\/11\/20250819-av-moonlightserenade-0169-500x500.jpg 500w, https:\/\/www.allegro-vivo.at\/wp-content\/uploads\/2025\/11\/20250819-av-moonlightserenade-0169-400x400.jpg 400w, https:\/\/www.allegro-vivo.at\/wp-content\/uploads\/2025\/11\/20250819-av-moonlightserenade-0169-73x73.jpg 73w, https:\/\/www.allegro-vivo.at\/wp-content\/uploads\/2025\/11\/20250819-av-moonlightserenade-0169-150x150.jpg 150w, https:\/\/www.allegro-vivo.at\/wp-content\/uploads\/2025\/11\/20250819-av-moonlightserenade-0169-174x174.jpg 174w, https:\/\/www.allegro-vivo.at\/wp-content\/uploads\/2025\/11\/20250819-av-moonlightserenade-0169-250x250.jpg 250w, https:\/\/www.allegro-vivo.at\/wp-content\/uploads\/2025\/11\/20250819-av-moonlightserenade-0169-300x300.jpg 300w, https:\/\/www.allegro-vivo.at\/wp-content\/uploads\/2025\/11\/20250819-av-moonlightserenade-0169-165x165.jpg 165w\" sizes=\"auto, (max-width: 350px) 100vw, 350px\" \/><\/a><\/div><div class='intense col-lg-9 col-xs-12 col-sm-9 col-md-9 '><script>jQuery(window).load(function() { jQuery('#heading-2141147060').fitText(1, { maxFontSize: \"20px\" }); });<\/script><h3 id=\"heading-2141147060\" class=\"intense heading\" style=\" font-size: 20px; line-height: normal; text-align: left; font-weight: 700; margin-top: 0px; text-transform: none; -webkit-font-smoothing: antialiased;\"><a href=\"https:\/\/www.allegro-vivo.at\/de\/events\/moonlight-serenade-6\/\">&quot;Moonlight Serenade&quot;<\/a><\/h3><script>jQuery(window).load(function() { jQuery('#heading-354670396').fitText(1, { maxFontSize: \"17px\" }); });<\/script><h3 id=\"heading-354670396\" class=\"intense heading\" style=\" font-size: 17px; line-height: normal; text-align: left; font-weight: 700; margin-top: 10px; text-transform: none; -webkit-font-smoothing: antialiased;\">Dienstag, 25. August 2026 um 21:00<\/h3><script>jQuery(window).load(function() { jQuery('#heading-220097442').fitText(1, { maxFontSize: \"17px\" }); });<\/script><h4 id=\"heading-220097442\" class=\"intense heading\" style=\" font-size: 17px; line-height: normal; text-align: left; font-weight: 400; margin-top: 10px; text-transform: none; -webkit-font-smoothing: antialiased;\">Horn, Stadtsee - Ferdinand Kurz Gasse<\/h4><script>jQuery(window).load(function() { jQuery('#heading-278233024').fitText(1, { maxFontSize: \"14px\" }); });<\/script><h4 id=\"heading-278233024\" class=\"intense heading\" style=\" font-size: 14px; line-height: normal; text-align: left; font-weight: 400; margin-top: 10px; text-transform: none; -webkit-font-smoothing: antialiased;\">Konzert der Meisterkurse<\/h4><\/div><br>\n<\/div><div  class='intense row ' style='padding-top: 30px; padding-bottom: 0; margin-top: 0; margin-bottom: 0; '><div class='intense col-lg-3 col-xs-12 col-sm-3 col-md-3 '><a href=\"https:\/\/www.allegro-vivo.at\/de\/events\/auserlesenes-4\/\"><img loading=\"lazy\" decoding=\"async\" width=\"350\" height=\"350\" src=\"https:\/\/www.allegro-vivo.at\/wp-content\/uploads\/2019\/10\/20210901-av-mithumor-0258-e1731918352633-350x350.jpg\" class=\"eme_event_image\" alt=\"\" srcset=\"https:\/\/www.allegro-vivo.at\/wp-content\/uploads\/2019\/10\/20210901-av-mithumor-0258-e1731918352633-350x350.jpg 350w, https:\/\/www.allegro-vivo.at\/wp-content\/uploads\/2019\/10\/20210901-av-mithumor-0258-e1731918352633-500x500.jpg 500w, https:\/\/www.allegro-vivo.at\/wp-content\/uploads\/2019\/10\/20210901-av-mithumor-0258-e1731918352633-400x400.jpg 400w, https:\/\/www.allegro-vivo.at\/wp-content\/uploads\/2019\/10\/20210901-av-mithumor-0258-e1731918352633-73x73.jpg 73w, https:\/\/www.allegro-vivo.at\/wp-content\/uploads\/2019\/10\/20210901-av-mithumor-0258-e1731918352633-150x150.jpg 150w, https:\/\/www.allegro-vivo.at\/wp-content\/uploads\/2019\/10\/20210901-av-mithumor-0258-e1731918352633-174x174.jpg 174w, https:\/\/www.allegro-vivo.at\/wp-content\/uploads\/2019\/10\/20210901-av-mithumor-0258-e1731918352633-250x250.jpg 250w, https:\/\/www.allegro-vivo.at\/wp-content\/uploads\/2019\/10\/20210901-av-mithumor-0258-e1731918352633-300x300.jpg 300w, https:\/\/www.allegro-vivo.at\/wp-content\/uploads\/2019\/10\/20210901-av-mithumor-0258-e1731918352633-165x165.jpg 165w\" sizes=\"auto, (max-width: 350px) 100vw, 350px\" \/><\/a><\/div><div class='intense col-lg-9 col-xs-12 col-sm-9 col-md-9 '><script>jQuery(window).load(function() { jQuery('#heading-1465074031').fitText(1, { maxFontSize: \"20px\" }); });<\/script><h3 id=\"heading-1465074031\" class=\"intense heading\" style=\" font-size: 20px; line-height: normal; text-align: left; font-weight: 700; margin-top: 0px; text-transform: none; -webkit-font-smoothing: antialiased;\"><a href=\"https:\/\/www.allegro-vivo.at\/de\/events\/auserlesenes-4\/\">&quot;Il tramonto&quot;<\/a><\/h3><script>jQuery(window).load(function() { jQuery('#heading-1652294473').fitText(1, { maxFontSize: \"17px\" }); });<\/script><h3 id=\"heading-1652294473\" class=\"intense heading\" style=\" font-size: 17px; line-height: normal; text-align: left; font-weight: 700; margin-top: 10px; text-transform: none; -webkit-font-smoothing: antialiased;\">Mittwoch, 26. August 2026 um 19:00<\/h3><script>jQuery(window).load(function() { jQuery('#heading-792137725').fitText(1, { maxFontSize: \"17px\" }); });<\/script><h4 id=\"heading-792137725\" class=\"intense heading\" style=\" font-size: 17px; line-height: normal; text-align: left; font-weight: 400; margin-top: 10px; text-transform: none; -webkit-font-smoothing: antialiased;\">Stift Altenburg, Bibliothek - Abt-Placidus-Much-Stra\u00dfe 1<\/h4><script>jQuery(window).load(function() { jQuery('#heading-347047733').fitText(1, { maxFontSize: \"14px\" }); });<\/script><h4 id=\"heading-347047733\" class=\"intense heading\" style=\" font-size: 14px; line-height: normal; text-align: left; font-weight: 400; margin-top: 10px; text-transform: none; -webkit-font-smoothing: antialiased;\">Brahms, Respighi<\/h4><\/div><br>\n<\/div><div  class='intense row ' style='padding-top: 30px; padding-bottom: 0; margin-top: 0; margin-bottom: 0; '><div class='intense col-lg-3 col-xs-12 col-sm-3 col-md-3 '><a href=\"https:\/\/www.allegro-vivo.at\/de\/events\/fuereinander\/\"><img loading=\"lazy\" decoding=\"async\" width=\"350\" height=\"350\" src=\"https:\/\/www.allegro-vivo.at\/wp-content\/uploads\/2024\/11\/20230824-av-zwettl-0053-350x350.jpg\" class=\"eme_event_image\" alt=\"\" srcset=\"https:\/\/www.allegro-vivo.at\/wp-content\/uploads\/2024\/11\/20230824-av-zwettl-0053-350x350.jpg 350w, https:\/\/www.allegro-vivo.at\/wp-content\/uploads\/2024\/11\/20230824-av-zwettl-0053-500x500.jpg 500w, https:\/\/www.allegro-vivo.at\/wp-content\/uploads\/2024\/11\/20230824-av-zwettl-0053-400x400.jpg 400w, https:\/\/www.allegro-vivo.at\/wp-content\/uploads\/2024\/11\/20230824-av-zwettl-0053-73x73.jpg 73w, https:\/\/www.allegro-vivo.at\/wp-content\/uploads\/2024\/11\/20230824-av-zwettl-0053-150x150.jpg 150w, https:\/\/www.allegro-vivo.at\/wp-content\/uploads\/2024\/11\/20230824-av-zwettl-0053-174x174.jpg 174w, https:\/\/www.allegro-vivo.at\/wp-content\/uploads\/2024\/11\/20230824-av-zwettl-0053-250x250.jpg 250w, https:\/\/www.allegro-vivo.at\/wp-content\/uploads\/2024\/11\/20230824-av-zwettl-0053-300x300.jpg 300w, https:\/\/www.allegro-vivo.at\/wp-content\/uploads\/2024\/11\/20230824-av-zwettl-0053-165x165.jpg 165w\" sizes=\"auto, (max-width: 350px) 100vw, 350px\" \/><\/a><\/div><div class='intense col-lg-9 col-xs-12 col-sm-9 col-md-9 '><script>jQuery(window).load(function() { jQuery('#heading-1389060311').fitText(1, { maxFontSize: \"20px\" }); });<\/script><h3 id=\"heading-1389060311\" class=\"intense heading\" style=\" font-size: 20px; line-height: normal; text-align: left; font-weight: 700; margin-top: 0px; text-transform: none; -webkit-font-smoothing: antialiased;\"><a href=\"https:\/\/www.allegro-vivo.at\/de\/events\/fuereinander\/\">&quot;F\u00fcreinander&quot;<\/a><\/h3><script>jQuery(window).load(function() { jQuery('#heading-1315913878').fitText(1, { maxFontSize: \"17px\" }); });<\/script><h3 id=\"heading-1315913878\" class=\"intense heading\" style=\" font-size: 17px; line-height: normal; text-align: left; font-weight: 700; margin-top: 10px; text-transform: none; -webkit-font-smoothing: antialiased;\">Donnerstag, 27. August 2026 um 19:00<\/h3><script>jQuery(window).load(function() { jQuery('#heading-545756895').fitText(1, { maxFontSize: \"17px\" }); });<\/script><h4 id=\"heading-545756895\" class=\"intense heading\" style=\" font-size: 17px; line-height: normal; text-align: left; font-weight: 400; margin-top: 10px; text-transform: none; -webkit-font-smoothing: antialiased;\">Stift Zwettl, Festsaal - Stift Zwettl 1<\/h4><script>jQuery(window).load(function() { jQuery('#heading-575129471').fitText(1, { maxFontSize: \"14px\" }); });<\/script><h4 id=\"heading-575129471\" class=\"intense heading\" style=\" font-size: 14px; line-height: normal; text-align: left; font-weight: 400; margin-top: 10px; text-transform: none; -webkit-font-smoothing: antialiased;\">Konzert der Meisterkurse<\/h4><\/div><br>\n<\/div><div  class='intense row ' style='padding-top: 30px; padding-bottom: 0; margin-top: 0; margin-bottom: 0; '><div class='intense col-lg-3 col-xs-12 col-sm-3 col-md-3 '><a href=\"https:\/\/www.allegro-vivo.at\/de\/events\/klangkulisse-2\/\"><img loading=\"lazy\" decoding=\"async\" width=\"350\" height=\"350\" src=\"https:\/\/www.allegro-vivo.at\/wp-content\/uploads\/2025\/11\/20250823-av-abschluss-kinder-jungedkurse-0135-350x350.jpg\" class=\"eme_event_image\" alt=\"\" srcset=\"https:\/\/www.allegro-vivo.at\/wp-content\/uploads\/2025\/11\/20250823-av-abschluss-kinder-jungedkurse-0135-350x350.jpg 350w, https:\/\/www.allegro-vivo.at\/wp-content\/uploads\/2025\/11\/20250823-av-abschluss-kinder-jungedkurse-0135-500x500.jpg 500w, https:\/\/www.allegro-vivo.at\/wp-content\/uploads\/2025\/11\/20250823-av-abschluss-kinder-jungedkurse-0135-400x400.jpg 400w, https:\/\/www.allegro-vivo.at\/wp-content\/uploads\/2025\/11\/20250823-av-abschluss-kinder-jungedkurse-0135-73x73.jpg 73w, https:\/\/www.allegro-vivo.at\/wp-content\/uploads\/2025\/11\/20250823-av-abschluss-kinder-jungedkurse-0135-150x150.jpg 150w, https:\/\/www.allegro-vivo.at\/wp-content\/uploads\/2025\/11\/20250823-av-abschluss-kinder-jungedkurse-0135-174x174.jpg 174w, https:\/\/www.allegro-vivo.at\/wp-content\/uploads\/2025\/11\/20250823-av-abschluss-kinder-jungedkurse-0135-250x250.jpg 250w, https:\/\/www.allegro-vivo.at\/wp-content\/uploads\/2025\/11\/20250823-av-abschluss-kinder-jungedkurse-0135-300x300.jpg 300w, https:\/\/www.allegro-vivo.at\/wp-content\/uploads\/2025\/11\/20250823-av-abschluss-kinder-jungedkurse-0135-165x165.jpg 165w\" sizes=\"auto, (max-width: 350px) 100vw, 350px\" \/><\/a><\/div><div class='intense col-lg-9 col-xs-12 col-sm-9 col-md-9 '><script>jQuery(window).load(function() { jQuery('#heading-1012180766').fitText(1, { maxFontSize: \"20px\" }); });<\/script><h3 id=\"heading-1012180766\" class=\"intense heading\" style=\" font-size: 20px; line-height: normal; text-align: left; font-weight: 700; margin-top: 0px; text-transform: none; -webkit-font-smoothing: antialiased;\"><a href=\"https:\/\/www.allegro-vivo.at\/de\/events\/klangkulisse-2\/\">&quot;Klangkulisse&quot;<\/a><\/h3><script>jQuery(window).load(function() { jQuery('#heading-941874689').fitText(1, { maxFontSize: \"17px\" }); });<\/script><h3 id=\"heading-941874689\" class=\"intense heading\" style=\" font-size: 17px; line-height: normal; text-align: left; font-weight: 700; margin-top: 10px; text-transform: none; -webkit-font-smoothing: antialiased;\">Donnerstag, 27. August 2026 um 19:00<\/h3><script>jQuery(window).load(function() { jQuery('#heading-295087357').fitText(1, { maxFontSize: \"17px\" }); });<\/script><h4 id=\"heading-295087357\" class=\"intense heading\" style=\" font-size: 17px; line-height: normal; text-align: left; font-weight: 400; margin-top: 10px; text-transform: none; -webkit-font-smoothing: antialiased;\">Campus Horn, Kulisse - Canisiusgasse 1<\/h4><script>jQuery(window).load(function() { jQuery('#heading-381036703').fitText(1, { maxFontSize: \"14px\" }); });<\/script><h4 id=\"heading-381036703\" class=\"intense heading\" style=\" font-size: 14px; line-height: normal; text-align: left; font-weight: 400; margin-top: 10px; text-transform: none; -webkit-font-smoothing: antialiased;\">Konzert der Kinder- und Jugendkurse<\/h4><\/div><br>\n<\/div><div  class='intense row ' style='padding-top: 30px; padding-bottom: 0; margin-top: 0; margin-bottom: 0; '><div class='intense col-lg-3 col-xs-12 col-sm-3 col-md-3 '><a href=\"https:\/\/www.allegro-vivo.at\/de\/events\/da-capo\/\"><img loading=\"lazy\" decoding=\"async\" width=\"350\" height=\"350\" src=\"https:\/\/www.allegro-vivo.at\/wp-content\/uploads\/2025\/11\/20250823-av-abschluss-kinder-jungedkurse-0095-350x350.jpg\" class=\"eme_event_image\" alt=\"\" srcset=\"https:\/\/www.allegro-vivo.at\/wp-content\/uploads\/2025\/11\/20250823-av-abschluss-kinder-jungedkurse-0095-350x350.jpg 350w, https:\/\/www.allegro-vivo.at\/wp-content\/uploads\/2025\/11\/20250823-av-abschluss-kinder-jungedkurse-0095-500x500.jpg 500w, https:\/\/www.allegro-vivo.at\/wp-content\/uploads\/2025\/11\/20250823-av-abschluss-kinder-jungedkurse-0095-400x400.jpg 400w, https:\/\/www.allegro-vivo.at\/wp-content\/uploads\/2025\/11\/20250823-av-abschluss-kinder-jungedkurse-0095-73x73.jpg 73w, https:\/\/www.allegro-vivo.at\/wp-content\/uploads\/2025\/11\/20250823-av-abschluss-kinder-jungedkurse-0095-150x150.jpg 150w, https:\/\/www.allegro-vivo.at\/wp-content\/uploads\/2025\/11\/20250823-av-abschluss-kinder-jungedkurse-0095-174x174.jpg 174w, https:\/\/www.allegro-vivo.at\/wp-content\/uploads\/2025\/11\/20250823-av-abschluss-kinder-jungedkurse-0095-250x250.jpg 250w, https:\/\/www.allegro-vivo.at\/wp-content\/uploads\/2025\/11\/20250823-av-abschluss-kinder-jungedkurse-0095-300x300.jpg 300w, https:\/\/www.allegro-vivo.at\/wp-content\/uploads\/2025\/11\/20250823-av-abschluss-kinder-jungedkurse-0095-165x165.jpg 165w\" sizes=\"auto, (max-width: 350px) 100vw, 350px\" \/><\/a><\/div><div class='intense col-lg-9 col-xs-12 col-sm-9 col-md-9 '><script>jQuery(window).load(function() { jQuery('#heading-1175396228').fitText(1, { maxFontSize: \"20px\" }); });<\/script><h3 id=\"heading-1175396228\" class=\"intense heading\" style=\" font-size: 20px; line-height: normal; text-align: left; font-weight: 700; margin-top: 0px; text-transform: none; -webkit-font-smoothing: antialiased;\"><a href=\"https:\/\/www.allegro-vivo.at\/de\/events\/da-capo\/\">&quot;Da capo&quot;<\/a><\/h3><script>jQuery(window).load(function() { jQuery('#heading-1601763540').fitText(1, { maxFontSize: \"17px\" }); });<\/script><h3 id=\"heading-1601763540\" class=\"intense heading\" style=\" font-size: 17px; line-height: normal; text-align: left; font-weight: 700; margin-top: 10px; text-transform: none; -webkit-font-smoothing: antialiased;\">Freitag, 28. August 2026 um 10:30<\/h3><script>jQuery(window).load(function() { jQuery('#heading-819555955').fitText(1, { maxFontSize: \"17px\" }); });<\/script><h4 id=\"heading-819555955\" class=\"intense heading\" style=\" font-size: 17px; line-height: normal; text-align: left; font-weight: 400; margin-top: 10px; text-transform: none; -webkit-font-smoothing: antialiased;\">Campus Horn, Weitblick - Canisiusgasse 1<\/h4><script>jQuery(window).load(function() { jQuery('#heading-1610466711').fitText(1, { maxFontSize: \"14px\" }); });<\/script><h4 id=\"heading-1610466711\" class=\"intense heading\" style=\" font-size: 14px; line-height: normal; text-align: left; font-weight: 400; margin-top: 10px; text-transform: none; -webkit-font-smoothing: antialiased;\">Konzert der Kinder- und Jugendkurse<\/h4><\/div><br>\n<\/div><div  class='intense row ' style='padding-top: 30px; padding-bottom: 0; margin-top: 0; margin-bottom: 0; '><div class='intense col-lg-3 col-xs-12 col-sm-3 col-md-3 '><a href=\"https:\/\/www.allegro-vivo.at\/de\/events\/matineen-der-sommerakademie-28\/\"><img loading=\"lazy\" decoding=\"async\" width=\"350\" height=\"350\" src=\"https:\/\/www.allegro-vivo.at\/wp-content\/uploads\/2025\/11\/20250814-av-probejugendorchester-0127-350x350.jpg\" class=\"eme_event_image\" alt=\"\" srcset=\"https:\/\/www.allegro-vivo.at\/wp-content\/uploads\/2025\/11\/20250814-av-probejugendorchester-0127-350x350.jpg 350w, https:\/\/www.allegro-vivo.at\/wp-content\/uploads\/2025\/11\/20250814-av-probejugendorchester-0127-500x500.jpg 500w, https:\/\/www.allegro-vivo.at\/wp-content\/uploads\/2025\/11\/20250814-av-probejugendorchester-0127-400x400.jpg 400w, https:\/\/www.allegro-vivo.at\/wp-content\/uploads\/2025\/11\/20250814-av-probejugendorchester-0127-73x73.jpg 73w, https:\/\/www.allegro-vivo.at\/wp-content\/uploads\/2025\/11\/20250814-av-probejugendorchester-0127-150x150.jpg 150w, https:\/\/www.allegro-vivo.at\/wp-content\/uploads\/2025\/11\/20250814-av-probejugendorchester-0127-174x174.jpg 174w, https:\/\/www.allegro-vivo.at\/wp-content\/uploads\/2025\/11\/20250814-av-probejugendorchester-0127-250x250.jpg 250w, https:\/\/www.allegro-vivo.at\/wp-content\/uploads\/2025\/11\/20250814-av-probejugendorchester-0127-300x300.jpg 300w, https:\/\/www.allegro-vivo.at\/wp-content\/uploads\/2025\/11\/20250814-av-probejugendorchester-0127-165x165.jpg 165w\" sizes=\"auto, (max-width: 350px) 100vw, 350px\" \/><\/a><\/div><div class='intense col-lg-9 col-xs-12 col-sm-9 col-md-9 '><script>jQuery(window).load(function() { jQuery('#heading-258582143').fitText(1, { maxFontSize: \"20px\" }); });<\/script><h3 id=\"heading-258582143\" class=\"intense heading\" style=\" font-size: 20px; line-height: normal; text-align: left; font-weight: 700; margin-top: 0px; text-transform: none; -webkit-font-smoothing: antialiased;\"><a href=\"https:\/\/www.allegro-vivo.at\/de\/events\/matineen-der-sommerakademie-28\/\">Matin\u00e9en der Sommerakademie<\/a><\/h3><script>jQuery(window).load(function() { jQuery('#heading-1708069510').fitText(1, { maxFontSize: \"17px\" }); });<\/script><h3 id=\"heading-1708069510\" class=\"intense heading\" style=\" font-size: 17px; line-height: normal; text-align: left; font-weight: 700; margin-top: 10px; text-transform: none; -webkit-font-smoothing: antialiased;\">Freitag, 28. August 2026 um 11:00<\/h3><script>jQuery(window).load(function() { jQuery('#heading-1426629669').fitText(1, { maxFontSize: \"17px\" }); });<\/script><h4 id=\"heading-1426629669\" class=\"intense heading\" style=\" font-size: 17px; line-height: normal; text-align: left; font-weight: 400; margin-top: 10px; text-transform: none; -webkit-font-smoothing: antialiased;\">Horn, Kunsthaus - Wiener Stra\u00dfe 2<\/h4><script>jQuery(window).load(function() { jQuery('#heading-1994381356').fitText(1, { maxFontSize: \"14px\" }); });<\/script><h4 id=\"heading-1994381356\" class=\"intense heading\" style=\" font-size: 14px; line-height: normal; text-align: left; font-weight: 400; margin-top: 10px; text-transform: none; -webkit-font-smoothing: antialiased;\"><\/h4><\/div><br>\n<\/div><div  class='intense row ' style='padding-top: 30px; padding-bottom: 0; margin-top: 0; margin-bottom: 0; '><div class='intense col-lg-3 col-xs-12 col-sm-3 col-md-3 '><a href=\"https:\/\/www.allegro-vivo.at\/de\/events\/himmlisch\/\"><img loading=\"lazy\" decoding=\"async\" width=\"350\" height=\"350\" src=\"https:\/\/www.allegro-vivo.at\/wp-content\/uploads\/2025\/11\/20250822-av-mariadreieichen-0321-e1763020372568-350x350.jpg\" class=\"eme_event_image\" alt=\"\" srcset=\"https:\/\/www.allegro-vivo.at\/wp-content\/uploads\/2025\/11\/20250822-av-mariadreieichen-0321-e1763020372568-350x350.jpg 350w, https:\/\/www.allegro-vivo.at\/wp-content\/uploads\/2025\/11\/20250822-av-mariadreieichen-0321-e1763020372568-500x500.jpg 500w, https:\/\/www.allegro-vivo.at\/wp-content\/uploads\/2025\/11\/20250822-av-mariadreieichen-0321-e1763020372568-400x400.jpg 400w, https:\/\/www.allegro-vivo.at\/wp-content\/uploads\/2025\/11\/20250822-av-mariadreieichen-0321-e1763020372568-73x73.jpg 73w, https:\/\/www.allegro-vivo.at\/wp-content\/uploads\/2025\/11\/20250822-av-mariadreieichen-0321-e1763020372568-150x150.jpg 150w, https:\/\/www.allegro-vivo.at\/wp-content\/uploads\/2025\/11\/20250822-av-mariadreieichen-0321-e1763020372568-174x174.jpg 174w, https:\/\/www.allegro-vivo.at\/wp-content\/uploads\/2025\/11\/20250822-av-mariadreieichen-0321-e1763020372568-250x250.jpg 250w, https:\/\/www.allegro-vivo.at\/wp-content\/uploads\/2025\/11\/20250822-av-mariadreieichen-0321-e1763020372568-300x300.jpg 300w, https:\/\/www.allegro-vivo.at\/wp-content\/uploads\/2025\/11\/20250822-av-mariadreieichen-0321-e1763020372568-165x165.jpg 165w, https:\/\/www.allegro-vivo.at\/wp-content\/uploads\/2025\/11\/20250822-av-mariadreieichen-0321-e1763020372568-600x600.jpg 600w\" sizes=\"auto, (max-width: 350px) 100vw, 350px\" \/><\/a><\/div><div class='intense col-lg-9 col-xs-12 col-sm-9 col-md-9 '><script>jQuery(window).load(function() { jQuery('#heading-2090494961').fitText(1, { maxFontSize: \"20px\" }); });<\/script><h3 id=\"heading-2090494961\" class=\"intense heading\" style=\" font-size: 20px; line-height: normal; text-align: left; font-weight: 700; margin-top: 0px; text-transform: none; -webkit-font-smoothing: antialiased;\"><a href=\"https:\/\/www.allegro-vivo.at\/de\/events\/himmlisch\/\">&quot;Himmlisch&quot;<\/a><\/h3><script>jQuery(window).load(function() { jQuery('#heading-1712395574').fitText(1, { maxFontSize: \"17px\" }); });<\/script><h3 id=\"heading-1712395574\" class=\"intense heading\" style=\" font-size: 17px; line-height: normal; text-align: left; font-weight: 700; margin-top: 10px; text-transform: none; -webkit-font-smoothing: antialiased;\">Freitag, 28. August 2026 um 16:00<\/h3><script>jQuery(window).load(function() { jQuery('#heading-1179332005').fitText(1, { maxFontSize: \"17px\" }); });<\/script><h4 id=\"heading-1179332005\" class=\"intense heading\" style=\" font-size: 17px; line-height: normal; text-align: left; font-weight: 400; margin-top: 10px; text-transform: none; -webkit-font-smoothing: antialiased;\">Maria Dreieichen, Basilika - Maria Dreieichen 79<\/h4><script>jQuery(window).load(function() { jQuery('#heading-289812110').fitText(1, { maxFontSize: \"14px\" }); });<\/script><h4 id=\"heading-289812110\" class=\"intense heading\" style=\" font-size: 14px; line-height: normal; text-align: left; font-weight: 400; margin-top: 10px; text-transform: none; -webkit-font-smoothing: antialiased;\">Konzert der Kinder- und Jugendkurse<\/h4><\/div><br>\n<\/div><div  class='intense row ' style='padding-top: 30px; padding-bottom: 0; margin-top: 0; margin-bottom: 0; '><div class='intense col-lg-3 col-xs-12 col-sm-3 col-md-3 '><a href=\"https:\/\/www.allegro-vivo.at\/de\/events\/im-flow\/\"><img loading=\"lazy\" decoding=\"async\" width=\"350\" height=\"350\" src=\"https:\/\/www.allegro-vivo.at\/wp-content\/uploads\/2024\/11\/20240809-av-schlossgreillenstein-0015-e1731576688725-350x350.jpg\" class=\"eme_event_image\" alt=\"Allegro Vivo 2024: Greillenstein c Schewig Fotodesign\" srcset=\"https:\/\/www.allegro-vivo.at\/wp-content\/uploads\/2024\/11\/20240809-av-schlossgreillenstein-0015-e1731576688725-350x350.jpg 350w, https:\/\/www.allegro-vivo.at\/wp-content\/uploads\/2024\/11\/20240809-av-schlossgreillenstein-0015-e1731576688725-500x500.jpg 500w, https:\/\/www.allegro-vivo.at\/wp-content\/uploads\/2024\/11\/20240809-av-schlossgreillenstein-0015-e1731576688725-400x400.jpg 400w, https:\/\/www.allegro-vivo.at\/wp-content\/uploads\/2024\/11\/20240809-av-schlossgreillenstein-0015-e1731576688725-73x73.jpg 73w, https:\/\/www.allegro-vivo.at\/wp-content\/uploads\/2024\/11\/20240809-av-schlossgreillenstein-0015-e1731576688725-150x150.jpg 150w, https:\/\/www.allegro-vivo.at\/wp-content\/uploads\/2024\/11\/20240809-av-schlossgreillenstein-0015-e1731576688725-174x174.jpg 174w, https:\/\/www.allegro-vivo.at\/wp-content\/uploads\/2024\/11\/20240809-av-schlossgreillenstein-0015-e1731576688725-250x250.jpg 250w, https:\/\/www.allegro-vivo.at\/wp-content\/uploads\/2024\/11\/20240809-av-schlossgreillenstein-0015-e1731576688725-300x300.jpg 300w, https:\/\/www.allegro-vivo.at\/wp-content\/uploads\/2024\/11\/20240809-av-schlossgreillenstein-0015-e1731576688725-165x165.jpg 165w\" sizes=\"auto, (max-width: 350px) 100vw, 350px\" \/><\/a><\/div><div class='intense col-lg-9 col-xs-12 col-sm-9 col-md-9 '><script>jQuery(window).load(function() { jQuery('#heading-179388844').fitText(1, { maxFontSize: \"20px\" }); });<\/script><h3 id=\"heading-179388844\" class=\"intense heading\" style=\" font-size: 20px; line-height: normal; text-align: left; font-weight: 700; margin-top: 0px; text-transform: none; -webkit-font-smoothing: antialiased;\"><a href=\"https:\/\/www.allegro-vivo.at\/de\/events\/im-flow\/\">&quot;Im Flow&quot;<\/a><\/h3><script>jQuery(window).load(function() { jQuery('#heading-1716766085').fitText(1, { maxFontSize: \"17px\" }); });<\/script><h3 id=\"heading-1716766085\" class=\"intense heading\" style=\" font-size: 17px; line-height: normal; text-align: left; font-weight: 700; margin-top: 10px; text-transform: none; -webkit-font-smoothing: antialiased;\">Freitag, 28. August 2026 um 19:00<\/h3><script>jQuery(window).load(function() { jQuery('#heading-1770460653').fitText(1, { maxFontSize: \"17px\" }); });<\/script><h4 id=\"heading-1770460653\" class=\"intense heading\" style=\" font-size: 17px; line-height: normal; text-align: left; font-weight: 400; margin-top: 10px; text-transform: none; -webkit-font-smoothing: antialiased;\">Schloss Greillenstein - Greillenstein 1<\/h4><script>jQuery(window).load(function() { jQuery('#heading-2008647675').fitText(1, { maxFontSize: \"14px\" }); });<\/script><h4 id=\"heading-2008647675\" class=\"intense heading\" style=\" font-size: 14px; line-height: normal; text-align: left; font-weight: 400; margin-top: 10px; text-transform: none; -webkit-font-smoothing: antialiased;\">Konzert der Meisterkurse<\/h4><\/div><br>\n<\/div><div  class='intense row ' style='padding-top: 30px; padding-bottom: 0; margin-top: 0; margin-bottom: 0; '><div class='intense col-lg-3 col-xs-12 col-sm-3 col-md-3 '><a href=\"https:\/\/www.allegro-vivo.at\/de\/events\/visionen\/\"><img loading=\"lazy\" decoding=\"async\" width=\"350\" height=\"350\" src=\"https:\/\/www.allegro-vivo.at\/wp-content\/uploads\/2025\/11\/20250823-av-abschluss-kinder-jungedkurse-0308-350x350.jpg\" class=\"eme_event_image\" alt=\"\" srcset=\"https:\/\/www.allegro-vivo.at\/wp-content\/uploads\/2025\/11\/20250823-av-abschluss-kinder-jungedkurse-0308-350x350.jpg 350w, https:\/\/www.allegro-vivo.at\/wp-content\/uploads\/2025\/11\/20250823-av-abschluss-kinder-jungedkurse-0308-500x500.jpg 500w, https:\/\/www.allegro-vivo.at\/wp-content\/uploads\/2025\/11\/20250823-av-abschluss-kinder-jungedkurse-0308-400x400.jpg 400w, https:\/\/www.allegro-vivo.at\/wp-content\/uploads\/2025\/11\/20250823-av-abschluss-kinder-jungedkurse-0308-73x73.jpg 73w, https:\/\/www.allegro-vivo.at\/wp-content\/uploads\/2025\/11\/20250823-av-abschluss-kinder-jungedkurse-0308-150x150.jpg 150w, https:\/\/www.allegro-vivo.at\/wp-content\/uploads\/2025\/11\/20250823-av-abschluss-kinder-jungedkurse-0308-174x174.jpg 174w, https:\/\/www.allegro-vivo.at\/wp-content\/uploads\/2025\/11\/20250823-av-abschluss-kinder-jungedkurse-0308-250x250.jpg 250w, https:\/\/www.allegro-vivo.at\/wp-content\/uploads\/2025\/11\/20250823-av-abschluss-kinder-jungedkurse-0308-300x300.jpg 300w, https:\/\/www.allegro-vivo.at\/wp-content\/uploads\/2025\/11\/20250823-av-abschluss-kinder-jungedkurse-0308-165x165.jpg 165w\" sizes=\"auto, (max-width: 350px) 100vw, 350px\" \/><\/a><\/div><div class='intense col-lg-9 col-xs-12 col-sm-9 col-md-9 '><script>jQuery(window).load(function() { jQuery('#heading-126505134').fitText(1, { maxFontSize: \"20px\" }); });<\/script><h3 id=\"heading-126505134\" class=\"intense heading\" style=\" font-size: 20px; line-height: normal; text-align: left; font-weight: 700; margin-top: 0px; text-transform: none; -webkit-font-smoothing: antialiased;\"><a href=\"https:\/\/www.allegro-vivo.at\/de\/events\/visionen\/\">&quot;Visionen&quot;<\/a><\/h3><script>jQuery(window).load(function() { jQuery('#heading-60444176').fitText(1, { maxFontSize: \"17px\" }); });<\/script><h3 id=\"heading-60444176\" class=\"intense heading\" style=\" font-size: 17px; line-height: normal; text-align: left; font-weight: 700; margin-top: 10px; text-transform: none; -webkit-font-smoothing: antialiased;\">Samstag, 29. August 2026 um 10:30<\/h3><script>jQuery(window).load(function() { jQuery('#heading-381677395').fitText(1, { maxFontSize: \"17px\" }); });<\/script><h4 id=\"heading-381677395\" class=\"intense heading\" style=\" font-size: 17px; line-height: normal; text-align: left; font-weight: 400; margin-top: 10px; text-transform: none; -webkit-font-smoothing: antialiased;\">Campus Horn, Weitblick - Canisiusgasse 1<\/h4><script>jQuery(window).load(function() { jQuery('#heading-2011827137').fitText(1, { maxFontSize: \"14px\" }); });<\/script><h4 id=\"heading-2011827137\" class=\"intense heading\" style=\" font-size: 14px; line-height: normal; text-align: left; font-weight: 400; margin-top: 10px; text-transform: none; -webkit-font-smoothing: antialiased;\">Abschlussmatin\u00e9e der Kinder- und Jugendkurse<\/h4><\/div><br>\n<\/div><div  class='intense row ' style='padding-top: 30px; padding-bottom: 0; margin-top: 0; margin-bottom: 0; '><div class='intense col-lg-3 col-xs-12 col-sm-3 col-md-3 '><a href=\"https:\/\/www.allegro-vivo.at\/de\/events\/hymnusandensueden\/\"><img loading=\"lazy\" decoding=\"async\" width=\"350\" height=\"350\" src=\"https:\/\/www.allegro-vivo.at\/wp-content\/uploads\/2020\/06\/Header-Pianisten-wenn-sonst-kein-Foto-350x350.jpg\" class=\"eme_event_image\" alt=\"\" srcset=\"https:\/\/www.allegro-vivo.at\/wp-content\/uploads\/2020\/06\/Header-Pianisten-wenn-sonst-kein-Foto-350x350.jpg 350w, https:\/\/www.allegro-vivo.at\/wp-content\/uploads\/2020\/06\/Header-Pianisten-wenn-sonst-kein-Foto-300x300.jpg 300w, https:\/\/www.allegro-vivo.at\/wp-content\/uploads\/2020\/06\/Header-Pianisten-wenn-sonst-kein-Foto-165x165.jpg 165w, https:\/\/www.allegro-vivo.at\/wp-content\/uploads\/2020\/06\/Header-Pianisten-wenn-sonst-kein-Foto-500x500.jpg 500w, https:\/\/www.allegro-vivo.at\/wp-content\/uploads\/2020\/06\/Header-Pianisten-wenn-sonst-kein-Foto-400x400.jpg 400w, https:\/\/www.allegro-vivo.at\/wp-content\/uploads\/2020\/06\/Header-Pianisten-wenn-sonst-kein-Foto-600x600.jpg 600w, https:\/\/www.allegro-vivo.at\/wp-content\/uploads\/2020\/06\/Header-Pianisten-wenn-sonst-kein-Foto-73x73.jpg 73w, https:\/\/www.allegro-vivo.at\/wp-content\/uploads\/2020\/06\/Header-Pianisten-wenn-sonst-kein-Foto-150x150.jpg 150w, https:\/\/www.allegro-vivo.at\/wp-content\/uploads\/2020\/06\/Header-Pianisten-wenn-sonst-kein-Foto-174x174.jpg 174w, https:\/\/www.allegro-vivo.at\/wp-content\/uploads\/2020\/06\/Header-Pianisten-wenn-sonst-kein-Foto-250x250.jpg 250w\" sizes=\"auto, (max-width: 350px) 100vw, 350px\" \/><\/a><\/div><div class='intense col-lg-9 col-xs-12 col-sm-9 col-md-9 '><script>jQuery(window).load(function() { jQuery('#heading-620522027').fitText(1, { maxFontSize: \"20px\" }); });<\/script><h3 id=\"heading-620522027\" class=\"intense heading\" style=\" font-size: 20px; line-height: normal; text-align: left; font-weight: 700; margin-top: 0px; text-transform: none; -webkit-font-smoothing: antialiased;\"><a href=\"https:\/\/www.allegro-vivo.at\/de\/events\/hymnusandensueden\/\">&quot;Hymnus an den S\u00fcden&quot;<\/a><\/h3><script>jQuery(window).load(function() { jQuery('#heading-302872449').fitText(1, { maxFontSize: \"17px\" }); });<\/script><h3 id=\"heading-302872449\" class=\"intense heading\" style=\" font-size: 17px; line-height: normal; text-align: left; font-weight: 700; margin-top: 10px; text-transform: none; -webkit-font-smoothing: antialiased;\">Samstag, 29. August 2026 um 19:00<\/h3><script>jQuery(window).load(function() { jQuery('#heading-1625953715').fitText(1, { maxFontSize: \"17px\" }); });<\/script><h4 id=\"heading-1625953715\" class=\"intense heading\" style=\" font-size: 17px; line-height: normal; text-align: left; font-weight: 400; margin-top: 10px; text-transform: none; -webkit-font-smoothing: antialiased;\">Kulturstadl G\u00f6pfritz\/Wild - Hauptstra\u00dfe 72<\/h4><script>jQuery(window).load(function() { jQuery('#heading-2022795385').fitText(1, { maxFontSize: \"14px\" }); });<\/script><h4 id=\"heading-2022795385\" class=\"intense heading\" style=\" font-size: 14px; line-height: normal; text-align: left; font-weight: 400; margin-top: 10px; text-transform: none; -webkit-font-smoothing: antialiased;\">Strauss, Scarlatti, Brahms, Rachmaninov, u. a. <\/h4><\/div><br>\n<\/div><div  class='intense row ' style='padding-top: 30px; padding-bottom: 0; margin-top: 0; margin-bottom: 0; '><div class='intense col-lg-3 col-xs-12 col-sm-3 col-md-3 '><a href=\"https:\/\/www.allegro-vivo.at\/de\/events\/italienische-serenade\/\"><img loading=\"lazy\" decoding=\"async\" width=\"350\" height=\"350\" src=\"https:\/\/www.allegro-vivo.at\/wp-content\/uploads\/2024\/11\/20240825-av-raabs-0268-e1731921724379-350x350.jpg\" class=\"eme_event_image\" alt=\"\" srcset=\"https:\/\/www.allegro-vivo.at\/wp-content\/uploads\/2024\/11\/20240825-av-raabs-0268-e1731921724379-350x350.jpg 350w, https:\/\/www.allegro-vivo.at\/wp-content\/uploads\/2024\/11\/20240825-av-raabs-0268-e1731921724379-500x500.jpg 500w, https:\/\/www.allegro-vivo.at\/wp-content\/uploads\/2024\/11\/20240825-av-raabs-0268-e1731921724379-400x400.jpg 400w, https:\/\/www.allegro-vivo.at\/wp-content\/uploads\/2024\/11\/20240825-av-raabs-0268-e1731921724379-73x73.jpg 73w, https:\/\/www.allegro-vivo.at\/wp-content\/uploads\/2024\/11\/20240825-av-raabs-0268-e1731921724379-150x150.jpg 150w, https:\/\/www.allegro-vivo.at\/wp-content\/uploads\/2024\/11\/20240825-av-raabs-0268-e1731921724379-174x174.jpg 174w, https:\/\/www.allegro-vivo.at\/wp-content\/uploads\/2024\/11\/20240825-av-raabs-0268-e1731921724379-250x250.jpg 250w, https:\/\/www.allegro-vivo.at\/wp-content\/uploads\/2024\/11\/20240825-av-raabs-0268-e1731921724379-300x300.jpg 300w, https:\/\/www.allegro-vivo.at\/wp-content\/uploads\/2024\/11\/20240825-av-raabs-0268-e1731921724379-165x165.jpg 165w\" sizes=\"auto, (max-width: 350px) 100vw, 350px\" \/><\/a><\/div><div class='intense col-lg-9 col-xs-12 col-sm-9 col-md-9 '><script>jQuery(window).load(function() { jQuery('#heading-951711434').fitText(1, { maxFontSize: \"20px\" }); });<\/script><h3 id=\"heading-951711434\" class=\"intense heading\" style=\" font-size: 20px; line-height: normal; text-align: left; font-weight: 700; margin-top: 0px; text-transform: none; -webkit-font-smoothing: antialiased;\"><a href=\"https:\/\/www.allegro-vivo.at\/de\/events\/italienische-serenade\/\">&quot;Italienische Serenade&quot;<\/a><\/h3><script>jQuery(window).load(function() { jQuery('#heading-1693027343').fitText(1, { maxFontSize: \"17px\" }); });<\/script><h3 id=\"heading-1693027343\" class=\"intense heading\" style=\" font-size: 17px; line-height: normal; text-align: left; font-weight: 700; margin-top: 10px; text-transform: none; -webkit-font-smoothing: antialiased;\">Sonntag, 30. August 2026 um 16:00<\/h3><script>jQuery(window).load(function() { jQuery('#heading-1274271600').fitText(1, { maxFontSize: \"17px\" }); });<\/script><h4 id=\"heading-1274271600\" class=\"intense heading\" style=\" font-size: 17px; line-height: normal; text-align: left; font-weight: 400; margin-top: 10px; text-transform: none; -webkit-font-smoothing: antialiased;\">Burg Raabs an der Thaya - Burg Raabs, Oberndorf 1<\/h4><script>jQuery(window).load(function() { jQuery('#heading-1152726869').fitText(1, { maxFontSize: \"14px\" }); });<\/script><h4 id=\"heading-1152726869\" class=\"intense heading\" style=\" font-size: 14px; line-height: normal; text-align: left; font-weight: 400; margin-top: 10px; text-transform: none; -webkit-font-smoothing: antialiased;\">Wolf, Schubert, Rota, Puccini\u00a0<\/h4><\/div><br>\n<\/div><div  class='intense row ' style='padding-top: 30px; padding-bottom: 0; margin-top: 0; margin-bottom: 0; '><div class='intense col-lg-3 col-xs-12 col-sm-3 col-md-3 '><a href=\"https:\/\/www.allegro-vivo.at\/de\/events\/musiksalon\/\"><img loading=\"lazy\" decoding=\"async\" width=\"350\" height=\"350\" src=\"https:\/\/www.allegro-vivo.at\/wp-content\/uploads\/2025\/11\/20250828-av-schickenhof-0211-e1763021099540-350x350.jpg\" class=\"eme_event_image\" alt=\"\" srcset=\"https:\/\/www.allegro-vivo.at\/wp-content\/uploads\/2025\/11\/20250828-av-schickenhof-0211-e1763021099540-350x350.jpg 350w, https:\/\/www.allegro-vivo.at\/wp-content\/uploads\/2025\/11\/20250828-av-schickenhof-0211-e1763021099540-500x500.jpg 500w, https:\/\/www.allegro-vivo.at\/wp-content\/uploads\/2025\/11\/20250828-av-schickenhof-0211-e1763021099540-400x400.jpg 400w, https:\/\/www.allegro-vivo.at\/wp-content\/uploads\/2025\/11\/20250828-av-schickenhof-0211-e1763021099540-73x73.jpg 73w, https:\/\/www.allegro-vivo.at\/wp-content\/uploads\/2025\/11\/20250828-av-schickenhof-0211-e1763021099540-150x150.jpg 150w, https:\/\/www.allegro-vivo.at\/wp-content\/uploads\/2025\/11\/20250828-av-schickenhof-0211-e1763021099540-174x174.jpg 174w, https:\/\/www.allegro-vivo.at\/wp-content\/uploads\/2025\/11\/20250828-av-schickenhof-0211-e1763021099540-250x250.jpg 250w, https:\/\/www.allegro-vivo.at\/wp-content\/uploads\/2025\/11\/20250828-av-schickenhof-0211-e1763021099540-300x300.jpg 300w, https:\/\/www.allegro-vivo.at\/wp-content\/uploads\/2025\/11\/20250828-av-schickenhof-0211-e1763021099540-165x165.jpg 165w, https:\/\/www.allegro-vivo.at\/wp-content\/uploads\/2025\/11\/20250828-av-schickenhof-0211-e1763021099540-600x600.jpg 600w\" sizes=\"auto, (max-width: 350px) 100vw, 350px\" \/><\/a><\/div><div class='intense col-lg-9 col-xs-12 col-sm-9 col-md-9 '><script>jQuery(window).load(function() { jQuery('#heading-973360422').fitText(1, { maxFontSize: \"20px\" }); });<\/script><h3 id=\"heading-973360422\" class=\"intense heading\" style=\" font-size: 20px; line-height: normal; text-align: left; font-weight: 700; margin-top: 0px; text-transform: none; -webkit-font-smoothing: antialiased;\"><a href=\"https:\/\/www.allegro-vivo.at\/de\/events\/musiksalon\/\">&quot;New Impressions&quot;<\/a><\/h3><script>jQuery(window).load(function() { jQuery('#heading-1860356451').fitText(1, { maxFontSize: \"17px\" }); });<\/script><h3 id=\"heading-1860356451\" class=\"intense heading\" style=\" font-size: 17px; line-height: normal; text-align: left; font-weight: 700; margin-top: 10px; text-transform: none; -webkit-font-smoothing: antialiased;\">Dienstag, 1. September 2026 um 19:00<\/h3><script>jQuery(window).load(function() { jQuery('#heading-1649020010').fitText(1, { maxFontSize: \"17px\" }); });<\/script><h4 id=\"heading-1649020010\" class=\"intense heading\" style=\" font-size: 17px; line-height: normal; text-align: left; font-weight: 400; margin-top: 10px; text-transform: none; -webkit-font-smoothing: antialiased;\">Gut Schickenhof - Schickenhof 5<\/h4><script>jQuery(window).load(function() { jQuery('#heading-641670789').fitText(1, { maxFontSize: \"14px\" }); });<\/script><h4 id=\"heading-641670789\" class=\"intense heading\" style=\" font-size: 14px; line-height: normal; text-align: left; font-weight: 400; margin-top: 10px; text-transform: none; -webkit-font-smoothing: antialiased;\">Bach, Batik, Davis, Gulda, Brubeck<\/h4><\/div><br>\n<\/div><div  class='intense row ' style='padding-top: 30px; padding-bottom: 0; margin-top: 0; margin-bottom: 0; '><div class='intense col-lg-3 col-xs-12 col-sm-3 col-md-3 '><a href=\"https:\/\/www.allegro-vivo.at\/de\/events\/open-space-8\/\"><img loading=\"lazy\" decoding=\"async\" width=\"350\" height=\"350\" src=\"https:\/\/www.allegro-vivo.at\/wp-content\/uploads\/2025\/11\/20250813-av-openspacepfarrgasse-0062-350x350.jpg\" class=\"eme_event_image\" alt=\"\" srcset=\"https:\/\/www.allegro-vivo.at\/wp-content\/uploads\/2025\/11\/20250813-av-openspacepfarrgasse-0062-350x350.jpg 350w, https:\/\/www.allegro-vivo.at\/wp-content\/uploads\/2025\/11\/20250813-av-openspacepfarrgasse-0062-500x500.jpg 500w, https:\/\/www.allegro-vivo.at\/wp-content\/uploads\/2025\/11\/20250813-av-openspacepfarrgasse-0062-400x400.jpg 400w, https:\/\/www.allegro-vivo.at\/wp-content\/uploads\/2025\/11\/20250813-av-openspacepfarrgasse-0062-73x73.jpg 73w, https:\/\/www.allegro-vivo.at\/wp-content\/uploads\/2025\/11\/20250813-av-openspacepfarrgasse-0062-150x150.jpg 150w, https:\/\/www.allegro-vivo.at\/wp-content\/uploads\/2025\/11\/20250813-av-openspacepfarrgasse-0062-174x174.jpg 174w, https:\/\/www.allegro-vivo.at\/wp-content\/uploads\/2025\/11\/20250813-av-openspacepfarrgasse-0062-250x250.jpg 250w, https:\/\/www.allegro-vivo.at\/wp-content\/uploads\/2025\/11\/20250813-av-openspacepfarrgasse-0062-300x300.jpg 300w, https:\/\/www.allegro-vivo.at\/wp-content\/uploads\/2025\/11\/20250813-av-openspacepfarrgasse-0062-165x165.jpg 165w\" sizes=\"auto, (max-width: 350px) 100vw, 350px\" \/><\/a><\/div><div class='intense col-lg-9 col-xs-12 col-sm-9 col-md-9 '><script>jQuery(window).load(function() { jQuery('#heading-1500916395').fitText(1, { maxFontSize: \"20px\" }); });<\/script><h3 id=\"heading-1500916395\" class=\"intense heading\" style=\" font-size: 20px; line-height: normal; text-align: left; font-weight: 700; margin-top: 0px; text-transform: none; -webkit-font-smoothing: antialiased;\"><a href=\"https:\/\/www.allegro-vivo.at\/de\/events\/open-space-8\/\">&quot;Open Space&quot;<\/a><\/h3><script>jQuery(window).load(function() { jQuery('#heading-823843826').fitText(1, { maxFontSize: \"17px\" }); });<\/script><h3 id=\"heading-823843826\" class=\"intense heading\" style=\" font-size: 17px; line-height: normal; text-align: left; font-weight: 700; margin-top: 10px; text-transform: none; -webkit-font-smoothing: antialiased;\">Mittwoch, 2. September 2026 um 10:30<\/h3><script>jQuery(window).load(function() { jQuery('#heading-1323966453').fitText(1, { maxFontSize: \"17px\" }); });<\/script><h4 id=\"heading-1323966453\" class=\"intense heading\" style=\" font-size: 17px; line-height: normal; text-align: left; font-weight: 400; margin-top: 10px; text-transform: none; -webkit-font-smoothing: antialiased;\">Horn, Pfarrgasse - Pfarrgasse 1<\/h4><script>jQuery(window).load(function() { jQuery('#heading-1619491438').fitText(1, { maxFontSize: \"14px\" }); });<\/script><h4 id=\"heading-1619491438\" class=\"intense heading\" style=\" font-size: 14px; line-height: normal; text-align: left; font-weight: 400; margin-top: 10px; text-transform: none; -webkit-font-smoothing: antialiased;\">Konzert der Meisterkurse<\/h4><\/div><br>\n<\/div><div  class='intense row ' style='padding-top: 30px; padding-bottom: 0; margin-top: 0; margin-bottom: 0; '><div class='intense col-lg-3 col-xs-12 col-sm-3 col-md-3 '><a href=\"https:\/\/www.allegro-vivo.at\/de\/events\/auserlesenes-5\/\"><img loading=\"lazy\" decoding=\"async\" width=\"350\" height=\"350\" src=\"https:\/\/www.allegro-vivo.at\/wp-content\/uploads\/2025\/11\/20250820-av-moonlightserenade-0219-350x350.jpg\" class=\"eme_event_image\" alt=\"\" srcset=\"https:\/\/www.allegro-vivo.at\/wp-content\/uploads\/2025\/11\/20250820-av-moonlightserenade-0219-350x350.jpg 350w, https:\/\/www.allegro-vivo.at\/wp-content\/uploads\/2025\/11\/20250820-av-moonlightserenade-0219-500x500.jpg 500w, https:\/\/www.allegro-vivo.at\/wp-content\/uploads\/2025\/11\/20250820-av-moonlightserenade-0219-400x400.jpg 400w, https:\/\/www.allegro-vivo.at\/wp-content\/uploads\/2025\/11\/20250820-av-moonlightserenade-0219-73x73.jpg 73w, https:\/\/www.allegro-vivo.at\/wp-content\/uploads\/2025\/11\/20250820-av-moonlightserenade-0219-150x150.jpg 150w, https:\/\/www.allegro-vivo.at\/wp-content\/uploads\/2025\/11\/20250820-av-moonlightserenade-0219-174x174.jpg 174w, https:\/\/www.allegro-vivo.at\/wp-content\/uploads\/2025\/11\/20250820-av-moonlightserenade-0219-250x250.jpg 250w, https:\/\/www.allegro-vivo.at\/wp-content\/uploads\/2025\/11\/20250820-av-moonlightserenade-0219-300x300.jpg 300w, https:\/\/www.allegro-vivo.at\/wp-content\/uploads\/2025\/11\/20250820-av-moonlightserenade-0219-165x165.jpg 165w\" sizes=\"auto, (max-width: 350px) 100vw, 350px\" \/><\/a><\/div><div class='intense col-lg-9 col-xs-12 col-sm-9 col-md-9 '><script>jQuery(window).load(function() { jQuery('#heading-1016667025').fitText(1, { maxFontSize: \"20px\" }); });<\/script><h3 id=\"heading-1016667025\" class=\"intense heading\" style=\" font-size: 20px; line-height: normal; text-align: left; font-weight: 700; margin-top: 0px; text-transform: none; -webkit-font-smoothing: antialiased;\"><a href=\"https:\/\/www.allegro-vivo.at\/de\/events\/auserlesenes-5\/\">&quot;Auserlesenes&quot;<\/a><\/h3><script>jQuery(window).load(function() { jQuery('#heading-1157636043').fitText(1, { maxFontSize: \"17px\" }); });<\/script><h3 id=\"heading-1157636043\" class=\"intense heading\" style=\" font-size: 17px; line-height: normal; text-align: left; font-weight: 700; margin-top: 10px; text-transform: none; -webkit-font-smoothing: antialiased;\">Mittwoch, 2. September 2026 um 19:00<\/h3><script>jQuery(window).load(function() { jQuery('#heading-119286683').fitText(1, { maxFontSize: \"17px\" }); });<\/script><h4 id=\"heading-119286683\" class=\"intense heading\" style=\" font-size: 17px; line-height: normal; text-align: left; font-weight: 400; margin-top: 10px; text-transform: none; -webkit-font-smoothing: antialiased;\">Stift Altenburg, Bibliothek - Abt-Placidus-Much-Stra\u00dfe 1<\/h4><script>jQuery(window).load(function() { jQuery('#heading-2093908171').fitText(1, { maxFontSize: \"14px\" }); });<\/script><h4 id=\"heading-2093908171\" class=\"intense heading\" style=\" font-size: 14px; line-height: normal; text-align: left; font-weight: 400; margin-top: 10px; text-transform: none; -webkit-font-smoothing: antialiased;\">Wolf-Ferrari, Mozart, Dvo\u0159\u00e1k<\/h4><\/div><br>\n<\/div><div  class='intense row ' style='padding-top: 30px; padding-bottom: 0; margin-top: 0; margin-bottom: 0; '><div class='intense col-lg-3 col-xs-12 col-sm-3 col-md-3 '><a href=\"https:\/\/www.allegro-vivo.at\/de\/events\/meisterstueck\/\"><img loading=\"lazy\" decoding=\"async\" width=\"350\" height=\"350\" src=\"https:\/\/www.allegro-vivo.at\/wp-content\/uploads\/2025\/11\/20240830-av-drosiedl-0299-350x350.jpg\" class=\"eme_event_image\" alt=\"\" srcset=\"https:\/\/www.allegro-vivo.at\/wp-content\/uploads\/2025\/11\/20240830-av-drosiedl-0299-350x350.jpg 350w, https:\/\/www.allegro-vivo.at\/wp-content\/uploads\/2025\/11\/20240830-av-drosiedl-0299-500x500.jpg 500w, https:\/\/www.allegro-vivo.at\/wp-content\/uploads\/2025\/11\/20240830-av-drosiedl-0299-400x400.jpg 400w, https:\/\/www.allegro-vivo.at\/wp-content\/uploads\/2025\/11\/20240830-av-drosiedl-0299-73x73.jpg 73w, https:\/\/www.allegro-vivo.at\/wp-content\/uploads\/2025\/11\/20240830-av-drosiedl-0299-150x150.jpg 150w, https:\/\/www.allegro-vivo.at\/wp-content\/uploads\/2025\/11\/20240830-av-drosiedl-0299-174x174.jpg 174w, https:\/\/www.allegro-vivo.at\/wp-content\/uploads\/2025\/11\/20240830-av-drosiedl-0299-250x250.jpg 250w, https:\/\/www.allegro-vivo.at\/wp-content\/uploads\/2025\/11\/20240830-av-drosiedl-0299-300x300.jpg 300w, https:\/\/www.allegro-vivo.at\/wp-content\/uploads\/2025\/11\/20240830-av-drosiedl-0299-165x165.jpg 165w\" sizes=\"auto, (max-width: 350px) 100vw, 350px\" \/><\/a><\/div><div class='intense col-lg-9 col-xs-12 col-sm-9 col-md-9 '><script>jQuery(window).load(function() { jQuery('#heading-768216404').fitText(1, { maxFontSize: \"20px\" }); });<\/script><h3 id=\"heading-768216404\" class=\"intense heading\" style=\" font-size: 20px; line-height: normal; text-align: left; font-weight: 700; margin-top: 0px; text-transform: none; -webkit-font-smoothing: antialiased;\"><a href=\"https:\/\/www.allegro-vivo.at\/de\/events\/meisterstueck\/\">&quot;Meisterst\u00fcck&quot;<\/a><\/h3><script>jQuery(window).load(function() { jQuery('#heading-751805226').fitText(1, { maxFontSize: \"17px\" }); });<\/script><h3 id=\"heading-751805226\" class=\"intense heading\" style=\" font-size: 17px; line-height: normal; text-align: left; font-weight: 700; margin-top: 10px; text-transform: none; -webkit-font-smoothing: antialiased;\">Donnerstag, 3. September 2026 um 19:00<\/h3><script>jQuery(window).load(function() { jQuery('#heading-1469272241').fitText(1, { maxFontSize: \"17px\" }); });<\/script><h4 id=\"heading-1469272241\" class=\"intense heading\" style=\" font-size: 17px; line-height: normal; text-align: left; font-weight: 400; margin-top: 10px; text-transform: none; -webkit-font-smoothing: antialiased;\">Schloss Dr\u00f6siedl - Dr\u00f6siedl 1<\/h4><script>jQuery(window).load(function() { jQuery('#heading-883990027').fitText(1, { maxFontSize: \"14px\" }); });<\/script><h4 id=\"heading-883990027\" class=\"intense heading\" style=\" font-size: 14px; line-height: normal; text-align: left; font-weight: 400; margin-top: 10px; text-transform: none; -webkit-font-smoothing: antialiased;\">Konzert der Meisterkurse<\/h4><\/div><br>\n<\/div><div  class='intense row ' style='padding-top: 30px; padding-bottom: 0; margin-top: 0; margin-bottom: 0; '><div class='intense col-lg-3 col-xs-12 col-sm-3 col-md-3 '><a href=\"https:\/\/www.allegro-vivo.at\/de\/events\/matineen-der-sommerakademie-29\/\"><img loading=\"lazy\" decoding=\"async\" width=\"350\" height=\"350\" src=\"https:\/\/www.allegro-vivo.at\/wp-content\/uploads\/2019\/12\/20190818_av-kinderjugendorchester_0031-350x350.jpg\" class=\"eme_event_image\" alt=\"Konzert der Meisterkurse\" srcset=\"https:\/\/www.allegro-vivo.at\/wp-content\/uploads\/2019\/12\/20190818_av-kinderjugendorchester_0031-350x350.jpg 350w, https:\/\/www.allegro-vivo.at\/wp-content\/uploads\/2019\/12\/20190818_av-kinderjugendorchester_0031-300x300.jpg 300w, https:\/\/www.allegro-vivo.at\/wp-content\/uploads\/2019\/12\/20190818_av-kinderjugendorchester_0031-165x165.jpg 165w, https:\/\/www.allegro-vivo.at\/wp-content\/uploads\/2019\/12\/20190818_av-kinderjugendorchester_0031-500x500.jpg 500w, https:\/\/www.allegro-vivo.at\/wp-content\/uploads\/2019\/12\/20190818_av-kinderjugendorchester_0031-400x400.jpg 400w, https:\/\/www.allegro-vivo.at\/wp-content\/uploads\/2019\/12\/20190818_av-kinderjugendorchester_0031-73x73.jpg 73w, https:\/\/www.allegro-vivo.at\/wp-content\/uploads\/2019\/12\/20190818_av-kinderjugendorchester_0031-150x150.jpg 150w, https:\/\/www.allegro-vivo.at\/wp-content\/uploads\/2019\/12\/20190818_av-kinderjugendorchester_0031-174x174.jpg 174w, https:\/\/www.allegro-vivo.at\/wp-content\/uploads\/2019\/12\/20190818_av-kinderjugendorchester_0031-250x250.jpg 250w\" sizes=\"auto, (max-width: 350px) 100vw, 350px\" \/><\/a><\/div><div class='intense col-lg-9 col-xs-12 col-sm-9 col-md-9 '><script>jQuery(window).load(function() { jQuery('#heading-633902336').fitText(1, { maxFontSize: \"20px\" }); });<\/script><h3 id=\"heading-633902336\" class=\"intense heading\" style=\" font-size: 20px; line-height: normal; text-align: left; font-weight: 700; margin-top: 0px; text-transform: none; -webkit-font-smoothing: antialiased;\"><a href=\"https:\/\/www.allegro-vivo.at\/de\/events\/matineen-der-sommerakademie-29\/\">Matin\u00e9en der Sommerakademie<\/a><\/h3><script>jQuery(window).load(function() { jQuery('#heading-644728165').fitText(1, { maxFontSize: \"17px\" }); });<\/script><h3 id=\"heading-644728165\" class=\"intense heading\" style=\" font-size: 17px; line-height: normal; text-align: left; font-weight: 700; margin-top: 10px; text-transform: none; -webkit-font-smoothing: antialiased;\">Freitag, 4. September 2026 um 11:00<\/h3><script>jQuery(window).load(function() { jQuery('#heading-538681913').fitText(1, { maxFontSize: \"17px\" }); });<\/script><h4 id=\"heading-538681913\" class=\"intense heading\" style=\" font-size: 17px; line-height: normal; text-align: left; font-weight: 400; margin-top: 10px; text-transform: none; -webkit-font-smoothing: antialiased;\">Horn, Kunsthaus - Wiener Stra\u00dfe 2<\/h4><script>jQuery(window).load(function() { jQuery('#heading-1949979285').fitText(1, { maxFontSize: \"14px\" }); });<\/script><h4 id=\"heading-1949979285\" class=\"intense heading\" style=\" font-size: 14px; line-height: normal; text-align: left; font-weight: 400; margin-top: 10px; text-transform: none; -webkit-font-smoothing: antialiased;\"><\/h4><\/div><br>\n<\/div><div  class='intense row ' style='padding-top: 30px; padding-bottom: 0; margin-top: 0; margin-bottom: 0; '><div class='intense col-lg-3 col-xs-12 col-sm-3 col-md-3 '><a href=\"https:\/\/www.allegro-vivo.at\/de\/events\/im-rampenlicht\/\"><img loading=\"lazy\" decoding=\"async\" width=\"350\" height=\"350\" src=\"https:\/\/www.allegro-vivo.at\/wp-content\/uploads\/2025\/11\/20250829-av-rosenburg-0073-350x350.jpg\" class=\"eme_event_image\" alt=\"\" srcset=\"https:\/\/www.allegro-vivo.at\/wp-content\/uploads\/2025\/11\/20250829-av-rosenburg-0073-350x350.jpg 350w, https:\/\/www.allegro-vivo.at\/wp-content\/uploads\/2025\/11\/20250829-av-rosenburg-0073-500x500.jpg 500w, https:\/\/www.allegro-vivo.at\/wp-content\/uploads\/2025\/11\/20250829-av-rosenburg-0073-400x400.jpg 400w, https:\/\/www.allegro-vivo.at\/wp-content\/uploads\/2025\/11\/20250829-av-rosenburg-0073-73x73.jpg 73w, https:\/\/www.allegro-vivo.at\/wp-content\/uploads\/2025\/11\/20250829-av-rosenburg-0073-150x150.jpg 150w, https:\/\/www.allegro-vivo.at\/wp-content\/uploads\/2025\/11\/20250829-av-rosenburg-0073-174x174.jpg 174w, https:\/\/www.allegro-vivo.at\/wp-content\/uploads\/2025\/11\/20250829-av-rosenburg-0073-250x250.jpg 250w, https:\/\/www.allegro-vivo.at\/wp-content\/uploads\/2025\/11\/20250829-av-rosenburg-0073-300x300.jpg 300w, https:\/\/www.allegro-vivo.at\/wp-content\/uploads\/2025\/11\/20250829-av-rosenburg-0073-165x165.jpg 165w\" sizes=\"auto, (max-width: 350px) 100vw, 350px\" \/><\/a><\/div><div class='intense col-lg-9 col-xs-12 col-sm-9 col-md-9 '><script>jQuery(window).load(function() { jQuery('#heading-360064538').fitText(1, { maxFontSize: \"20px\" }); });<\/script><h3 id=\"heading-360064538\" class=\"intense heading\" style=\" font-size: 20px; line-height: normal; text-align: left; font-weight: 700; margin-top: 0px; text-transform: none; -webkit-font-smoothing: antialiased;\"><a href=\"https:\/\/www.allegro-vivo.at\/de\/events\/im-rampenlicht\/\">&quot;Im Rampenlicht&quot;<\/a><\/h3><script>jQuery(window).load(function() { jQuery('#heading-479688586').fitText(1, { maxFontSize: \"17px\" }); });<\/script><h3 id=\"heading-479688586\" class=\"intense heading\" style=\" font-size: 17px; line-height: normal; text-align: left; font-weight: 700; margin-top: 10px; text-transform: none; -webkit-font-smoothing: antialiased;\">Freitag, 4. September 2026 um 19:00<\/h3><script>jQuery(window).load(function() { jQuery('#heading-1699657699').fitText(1, { maxFontSize: \"17px\" }); });<\/script><h4 id=\"heading-1699657699\" class=\"intense heading\" style=\" font-size: 17px; line-height: normal; text-align: left; font-weight: 400; margin-top: 10px; text-transform: none; -webkit-font-smoothing: antialiased;\">Schloss Rosenburg, Bibliothek - Rosenburg 1<\/h4><script>jQuery(window).load(function() { jQuery('#heading-587773655').fitText(1, { maxFontSize: \"14px\" }); });<\/script><h4 id=\"heading-587773655\" class=\"intense heading\" style=\" font-size: 14px; line-height: normal; text-align: left; font-weight: 400; margin-top: 10px; text-transform: none; -webkit-font-smoothing: antialiased;\">Konzert der Meisterkurse<\/h4><\/div><br>\n<\/div><div  class='intense row ' style='padding-top: 30px; padding-bottom: 0; margin-top: 0; margin-bottom: 0; '><div class='intense col-lg-3 col-xs-12 col-sm-3 col-md-3 '><a href=\"https:\/\/www.allegro-vivo.at\/de\/events\/la-folia\/\"><img loading=\"lazy\" decoding=\"async\" width=\"350\" height=\"350\" src=\"https:\/\/www.allegro-vivo.at\/wp-content\/uploads\/2021\/02\/20190821-av-schoenberg-0115-350x350.jpg\" class=\"eme_event_image\" alt=\"Konzert, Alte Schmiede, Sch\u00f6nberg am Kamp\" srcset=\"https:\/\/www.allegro-vivo.at\/wp-content\/uploads\/2021\/02\/20190821-av-schoenberg-0115-350x350.jpg 350w, https:\/\/www.allegro-vivo.at\/wp-content\/uploads\/2021\/02\/20190821-av-schoenberg-0115-500x500.jpg 500w, https:\/\/www.allegro-vivo.at\/wp-content\/uploads\/2021\/02\/20190821-av-schoenberg-0115-400x400.jpg 400w, https:\/\/www.allegro-vivo.at\/wp-content\/uploads\/2021\/02\/20190821-av-schoenberg-0115-73x73.jpg 73w, https:\/\/www.allegro-vivo.at\/wp-content\/uploads\/2021\/02\/20190821-av-schoenberg-0115-150x150.jpg 150w, https:\/\/www.allegro-vivo.at\/wp-content\/uploads\/2021\/02\/20190821-av-schoenberg-0115-174x174.jpg 174w, https:\/\/www.allegro-vivo.at\/wp-content\/uploads\/2021\/02\/20190821-av-schoenberg-0115-250x250.jpg 250w, https:\/\/www.allegro-vivo.at\/wp-content\/uploads\/2021\/02\/20190821-av-schoenberg-0115-300x300.jpg 300w, https:\/\/www.allegro-vivo.at\/wp-content\/uploads\/2021\/02\/20190821-av-schoenberg-0115-165x165.jpg 165w\" sizes=\"auto, (max-width: 350px) 100vw, 350px\" \/><\/a><\/div><div class='intense col-lg-9 col-xs-12 col-sm-9 col-md-9 '><script>jQuery(window).load(function() { jQuery('#heading-1800311096').fitText(1, { maxFontSize: \"20px\" }); });<\/script><h3 id=\"heading-1800311096\" class=\"intense heading\" style=\" font-size: 20px; line-height: normal; text-align: left; font-weight: 700; margin-top: 0px; text-transform: none; -webkit-font-smoothing: antialiased;\"><a href=\"https:\/\/www.allegro-vivo.at\/de\/events\/la-folia\/\">&quot;La folia&quot;<\/a><\/h3><script>jQuery(window).load(function() { jQuery('#heading-479320575').fitText(1, { maxFontSize: \"17px\" }); });<\/script><h3 id=\"heading-479320575\" class=\"intense heading\" style=\" font-size: 17px; line-height: normal; text-align: left; font-weight: 700; margin-top: 10px; text-transform: none; -webkit-font-smoothing: antialiased;\">Samstag, 5. September 2026 um 18:00<\/h3><script>jQuery(window).load(function() { jQuery('#heading-1816315926').fitText(1, { maxFontSize: \"17px\" }); });<\/script><h4 id=\"heading-1816315926\" class=\"intense heading\" style=\" font-size: 17px; line-height: normal; text-align: left; font-weight: 400; margin-top: 10px; text-transform: none; -webkit-font-smoothing: antialiased;\">Sch\u00f6nberg\/Kamp, Alte Schmiede - Hauptstra\u00dfe 36<\/h4><script>jQuery(window).load(function() { jQuery('#heading-1827905112').fitText(1, { maxFontSize: \"14px\" }); });<\/script><h4 id=\"heading-1827905112\" class=\"intense heading\" style=\" font-size: 14px; line-height: normal; text-align: left; font-weight: 400; margin-top: 10px; text-transform: none; -webkit-font-smoothing: antialiased;\"><\/h4><\/div><br>\n<\/div><div  class='intense row ' style='padding-top: 30px; padding-bottom: 0; margin-top: 0; margin-bottom: 0; '><div class='intense col-lg-3 col-xs-12 col-sm-3 col-md-3 '><a href=\"https:\/\/www.allegro-vivo.at\/de\/events\/soiree-musicale\/\"><img loading=\"lazy\" decoding=\"async\" width=\"350\" height=\"350\" src=\"https:\/\/www.allegro-vivo.at\/wp-content\/uploads\/2025\/11\/20240901-av-oberdurnbach-0041-350x350.jpg\" class=\"eme_event_image\" alt=\"\" srcset=\"https:\/\/www.allegro-vivo.at\/wp-content\/uploads\/2025\/11\/20240901-av-oberdurnbach-0041-350x350.jpg 350w, https:\/\/www.allegro-vivo.at\/wp-content\/uploads\/2025\/11\/20240901-av-oberdurnbach-0041-500x500.jpg 500w, https:\/\/www.allegro-vivo.at\/wp-content\/uploads\/2025\/11\/20240901-av-oberdurnbach-0041-400x400.jpg 400w, https:\/\/www.allegro-vivo.at\/wp-content\/uploads\/2025\/11\/20240901-av-oberdurnbach-0041-73x73.jpg 73w, https:\/\/www.allegro-vivo.at\/wp-content\/uploads\/2025\/11\/20240901-av-oberdurnbach-0041-150x150.jpg 150w, https:\/\/www.allegro-vivo.at\/wp-content\/uploads\/2025\/11\/20240901-av-oberdurnbach-0041-174x174.jpg 174w, https:\/\/www.allegro-vivo.at\/wp-content\/uploads\/2025\/11\/20240901-av-oberdurnbach-0041-250x250.jpg 250w, https:\/\/www.allegro-vivo.at\/wp-content\/uploads\/2025\/11\/20240901-av-oberdurnbach-0041-300x300.jpg 300w, https:\/\/www.allegro-vivo.at\/wp-content\/uploads\/2025\/11\/20240901-av-oberdurnbach-0041-165x165.jpg 165w\" sizes=\"auto, (max-width: 350px) 100vw, 350px\" \/><\/a><\/div><div class='intense col-lg-9 col-xs-12 col-sm-9 col-md-9 '><script>jQuery(window).load(function() { jQuery('#heading-1643093718').fitText(1, { maxFontSize: \"20px\" }); });<\/script><h3 id=\"heading-1643093718\" class=\"intense heading\" style=\" font-size: 20px; line-height: normal; text-align: left; font-weight: 700; margin-top: 0px; text-transform: none; -webkit-font-smoothing: antialiased;\"><a href=\"https:\/\/www.allegro-vivo.at\/de\/events\/soiree-musicale\/\">&quot;Soir\u00e9e musicale&quot;<\/a><\/h3><script>jQuery(window).load(function() { jQuery('#heading-2096750467').fitText(1, { maxFontSize: \"17px\" }); });<\/script><h3 id=\"heading-2096750467\" class=\"intense heading\" style=\" font-size: 17px; line-height: normal; text-align: left; font-weight: 700; margin-top: 10px; text-transform: none; -webkit-font-smoothing: antialiased;\">Sonntag, 6. September 2026 um 16:00<\/h3><script>jQuery(window).load(function() { jQuery('#heading-505722023').fitText(1, { maxFontSize: \"17px\" }); });<\/script><h4 id=\"heading-505722023\" class=\"intense heading\" style=\" font-size: 17px; line-height: normal; text-align: left; font-weight: 400; margin-top: 10px; text-transform: none; -webkit-font-smoothing: antialiased;\">Filialkirche zur Hl. Katharina - Oberd\u00fcrnbach 1<\/h4><script>jQuery(window).load(function() { jQuery('#heading-1985684777').fitText(1, { maxFontSize: \"14px\" }); });<\/script><h4 id=\"heading-1985684777\" class=\"intense heading\" style=\" font-size: 14px; line-height: normal; text-align: left; font-weight: 400; margin-top: 10px; text-transform: none; -webkit-font-smoothing: antialiased;\">Haydn, Shaw, Verdi<\/h4><\/div><br>\n<\/div><div  class='intense row ' style='padding-top: 30px; padding-bottom: 0; margin-top: 0; margin-bottom: 0; '><div class='intense col-lg-3 col-xs-12 col-sm-3 col-md-3 '><a href=\"https:\/\/www.allegro-vivo.at\/de\/events\/in-cielo\/\"><img loading=\"lazy\" decoding=\"async\" width=\"350\" height=\"350\" src=\"https:\/\/www.allegro-vivo.at\/wp-content\/uploads\/2025\/11\/20220908-av-waidhofen-0221-e1763024026794-350x350.jpg\" class=\"eme_event_image\" alt=\"\" srcset=\"https:\/\/www.allegro-vivo.at\/wp-content\/uploads\/2025\/11\/20220908-av-waidhofen-0221-e1763024026794-350x350.jpg 350w, https:\/\/www.allegro-vivo.at\/wp-content\/uploads\/2025\/11\/20220908-av-waidhofen-0221-e1763024026794-500x500.jpg 500w, https:\/\/www.allegro-vivo.at\/wp-content\/uploads\/2025\/11\/20220908-av-waidhofen-0221-e1763024026794-400x400.jpg 400w, https:\/\/www.allegro-vivo.at\/wp-content\/uploads\/2025\/11\/20220908-av-waidhofen-0221-e1763024026794-73x73.jpg 73w, https:\/\/www.allegro-vivo.at\/wp-content\/uploads\/2025\/11\/20220908-av-waidhofen-0221-e1763024026794-150x150.jpg 150w, https:\/\/www.allegro-vivo.at\/wp-content\/uploads\/2025\/11\/20220908-av-waidhofen-0221-e1763024026794-174x174.jpg 174w, https:\/\/www.allegro-vivo.at\/wp-content\/uploads\/2025\/11\/20220908-av-waidhofen-0221-e1763024026794-250x250.jpg 250w, https:\/\/www.allegro-vivo.at\/wp-content\/uploads\/2025\/11\/20220908-av-waidhofen-0221-e1763024026794-300x300.jpg 300w, https:\/\/www.allegro-vivo.at\/wp-content\/uploads\/2025\/11\/20220908-av-waidhofen-0221-e1763024026794-165x165.jpg 165w, https:\/\/www.allegro-vivo.at\/wp-content\/uploads\/2025\/11\/20220908-av-waidhofen-0221-e1763024026794-600x600.jpg 600w\" sizes=\"auto, (max-width: 350px) 100vw, 350px\" \/><\/a><\/div><div class='intense col-lg-9 col-xs-12 col-sm-9 col-md-9 '><script>jQuery(window).load(function() { jQuery('#heading-91924146').fitText(1, { maxFontSize: \"20px\" }); });<\/script><h3 id=\"heading-91924146\" class=\"intense heading\" style=\" font-size: 20px; line-height: normal; text-align: left; font-weight: 700; margin-top: 0px; text-transform: none; -webkit-font-smoothing: antialiased;\"><a href=\"https:\/\/www.allegro-vivo.at\/de\/events\/in-cielo\/\">&quot;In cielo&quot;<\/a><\/h3><script>jQuery(window).load(function() { jQuery('#heading-88036417').fitText(1, { maxFontSize: \"17px\" }); });<\/script><h3 id=\"heading-88036417\" class=\"intense heading\" style=\" font-size: 17px; line-height: normal; text-align: left; font-weight: 700; margin-top: 10px; text-transform: none; -webkit-font-smoothing: antialiased;\">Donnerstag, 10. September 2026 um 19:00<\/h3><script>jQuery(window).load(function() { jQuery('#heading-103687917').fitText(1, { maxFontSize: \"17px\" }); });<\/script><h4 id=\"heading-103687917\" class=\"intense heading\" style=\" font-size: 17px; line-height: normal; text-align: left; font-weight: 400; margin-top: 10px; text-transform: none; -webkit-font-smoothing: antialiased;\">Waidhofen\/Thaya, Stadtpfarrkirche - Pfarrhofplatz 1<\/h4><script>jQuery(window).load(function() { jQuery('#heading-1591098170').fitText(1, { maxFontSize: \"14px\" }); });<\/script><h4 id=\"heading-1591098170\" class=\"intense heading\" style=\" font-size: 14px; line-height: normal; text-align: left; font-weight: 400; margin-top: 10px; text-transform: none; -webkit-font-smoothing: antialiased;\">Vivaldi, Hofmann<\/h4><\/div><br>\n<\/div><div  class='intense row ' style='padding-top: 30px; padding-bottom: 0; margin-top: 0; margin-bottom: 0; '><div class='intense col-lg-3 col-xs-12 col-sm-3 col-md-3 '><a href=\"https:\/\/www.allegro-vivo.at\/de\/events\/avanti-avanti\/\"><img loading=\"lazy\" decoding=\"async\" width=\"350\" height=\"350\" src=\"https:\/\/www.allegro-vivo.at\/wp-content\/uploads\/2026\/01\/avanti-avanti2-c-julia-wesely-e1768215446820-350x350.jpg\" class=\"eme_event_image\" alt=\"\" srcset=\"https:\/\/www.allegro-vivo.at\/wp-content\/uploads\/2026\/01\/avanti-avanti2-c-julia-wesely-e1768215446820-350x350.jpg 350w, https:\/\/www.allegro-vivo.at\/wp-content\/uploads\/2026\/01\/avanti-avanti2-c-julia-wesely-e1768215446820-500x500.jpg 500w, https:\/\/www.allegro-vivo.at\/wp-content\/uploads\/2026\/01\/avanti-avanti2-c-julia-wesely-e1768215446820-400x400.jpg 400w, https:\/\/www.allegro-vivo.at\/wp-content\/uploads\/2026\/01\/avanti-avanti2-c-julia-wesely-e1768215446820-73x73.jpg 73w, https:\/\/www.allegro-vivo.at\/wp-content\/uploads\/2026\/01\/avanti-avanti2-c-julia-wesely-e1768215446820-150x150.jpg 150w, https:\/\/www.allegro-vivo.at\/wp-content\/uploads\/2026\/01\/avanti-avanti2-c-julia-wesely-e1768215446820-174x174.jpg 174w, https:\/\/www.allegro-vivo.at\/wp-content\/uploads\/2026\/01\/avanti-avanti2-c-julia-wesely-e1768215446820-250x250.jpg 250w, https:\/\/www.allegro-vivo.at\/wp-content\/uploads\/2026\/01\/avanti-avanti2-c-julia-wesely-e1768215446820-300x300.jpg 300w, https:\/\/www.allegro-vivo.at\/wp-content\/uploads\/2026\/01\/avanti-avanti2-c-julia-wesely-e1768215446820-600x600.jpg 600w, https:\/\/www.allegro-vivo.at\/wp-content\/uploads\/2026\/01\/avanti-avanti2-c-julia-wesely-e1768215446820-165x165.jpg 165w\" sizes=\"auto, (max-width: 350px) 100vw, 350px\" \/><\/a><\/div><div class='intense col-lg-9 col-xs-12 col-sm-9 col-md-9 '><script>jQuery(window).load(function() { jQuery('#heading-1319833201').fitText(1, { maxFontSize: \"20px\" }); });<\/script><h3 id=\"heading-1319833201\" class=\"intense heading\" style=\" font-size: 20px; line-height: normal; text-align: left; font-weight: 700; margin-top: 0px; text-transform: none; -webkit-font-smoothing: antialiased;\"><a href=\"https:\/\/www.allegro-vivo.at\/de\/events\/avanti-avanti\/\">&quot;Avanti, avanti&quot;<\/a><\/h3><script>jQuery(window).load(function() { jQuery('#heading-1574161656').fitText(1, { maxFontSize: \"17px\" }); });<\/script><h3 id=\"heading-1574161656\" class=\"intense heading\" style=\" font-size: 17px; line-height: normal; text-align: left; font-weight: 700; margin-top: 10px; text-transform: none; -webkit-font-smoothing: antialiased;\">Freitag, 11. September 2026 um 19:30<\/h3><script>jQuery(window).load(function() { jQuery('#heading-1446407180').fitText(1, { maxFontSize: \"17px\" }); });<\/script><h4 id=\"heading-1446407180\" class=\"intense heading\" style=\" font-size: 17px; line-height: normal; text-align: left; font-weight: 400; margin-top: 10px; text-transform: none; -webkit-font-smoothing: antialiased;\">Konzerthaus Weinviertel, Ziersdorf - Horner Stra\u00dfe 7<\/h4><script>jQuery(window).load(function() { jQuery('#heading-366820213').fitText(1, { maxFontSize: \"14px\" }); });<\/script><h4 id=\"heading-366820213\" class=\"intense heading\" style=\" font-size: 14px; line-height: normal; text-align: left; font-weight: 400; margin-top: 10px; text-transform: none; -webkit-font-smoothing: antialiased;\"><\/h4><\/div><br>\n<\/div><div  class='intense row ' style='padding-top: 30px; padding-bottom: 0; margin-top: 0; margin-bottom: 0; '><div class='intense col-lg-3 col-xs-12 col-sm-3 col-md-3 '><a href=\"https:\/\/www.allegro-vivo.at\/de\/events\/klangbruecke\/\"><img loading=\"lazy\" decoding=\"async\" width=\"350\" height=\"350\" src=\"https:\/\/www.allegro-vivo.at\/wp-content\/uploads\/2025\/11\/20240908-av-burgschleinitz-0019-350x350.jpg\" class=\"eme_event_image\" alt=\"\" srcset=\"https:\/\/www.allegro-vivo.at\/wp-content\/uploads\/2025\/11\/20240908-av-burgschleinitz-0019-350x350.jpg 350w, https:\/\/www.allegro-vivo.at\/wp-content\/uploads\/2025\/11\/20240908-av-burgschleinitz-0019-500x500.jpg 500w, https:\/\/www.allegro-vivo.at\/wp-content\/uploads\/2025\/11\/20240908-av-burgschleinitz-0019-400x400.jpg 400w, https:\/\/www.allegro-vivo.at\/wp-content\/uploads\/2025\/11\/20240908-av-burgschleinitz-0019-73x73.jpg 73w, https:\/\/www.allegro-vivo.at\/wp-content\/uploads\/2025\/11\/20240908-av-burgschleinitz-0019-150x150.jpg 150w, https:\/\/www.allegro-vivo.at\/wp-content\/uploads\/2025\/11\/20240908-av-burgschleinitz-0019-174x174.jpg 174w, https:\/\/www.allegro-vivo.at\/wp-content\/uploads\/2025\/11\/20240908-av-burgschleinitz-0019-250x250.jpg 250w, https:\/\/www.allegro-vivo.at\/wp-content\/uploads\/2025\/11\/20240908-av-burgschleinitz-0019-300x300.jpg 300w, https:\/\/www.allegro-vivo.at\/wp-content\/uploads\/2025\/11\/20240908-av-burgschleinitz-0019-165x165.jpg 165w\" sizes=\"auto, (max-width: 350px) 100vw, 350px\" \/><\/a><\/div><div class='intense col-lg-9 col-xs-12 col-sm-9 col-md-9 '><script>jQuery(window).load(function() { jQuery('#heading-406448036').fitText(1, { maxFontSize: \"20px\" }); });<\/script><h3 id=\"heading-406448036\" class=\"intense heading\" style=\" font-size: 20px; line-height: normal; text-align: left; font-weight: 700; margin-top: 0px; text-transform: none; -webkit-font-smoothing: antialiased;\"><a href=\"https:\/\/www.allegro-vivo.at\/de\/events\/klangbruecke\/\">&quot;Klangbr\u00fccke&quot;<\/a><\/h3><script>jQuery(window).load(function() { jQuery('#heading-803195056').fitText(1, { maxFontSize: \"17px\" }); });<\/script><h3 id=\"heading-803195056\" class=\"intense heading\" style=\" font-size: 17px; line-height: normal; text-align: left; font-weight: 700; margin-top: 10px; text-transform: none; -webkit-font-smoothing: antialiased;\">Samstag, 12. September 2026 um 18:00<\/h3><script>jQuery(window).load(function() { jQuery('#heading-579530290').fitText(1, { maxFontSize: \"17px\" }); });<\/script><h4 id=\"heading-579530290\" class=\"intense heading\" style=\" font-size: 17px; line-height: normal; text-align: left; font-weight: 400; margin-top: 10px; text-transform: none; -webkit-font-smoothing: antialiased;\">Burg Schleinitz, Rittersaal - <\/h4><script>jQuery(window).load(function() { jQuery('#heading-743291207').fitText(1, { maxFontSize: \"14px\" }); });<\/script><h4 id=\"heading-743291207\" class=\"intense heading\" style=\" font-size: 14px; line-height: normal; text-align: left; font-weight: 400; margin-top: 10px; text-transform: none; -webkit-font-smoothing: antialiased;\"><\/h4><\/div><br>\n<\/div><div  class='intense row ' style='padding-top: 30px; padding-bottom: 0; margin-top: 0; margin-bottom: 0; '><div class='intense col-lg-3 col-xs-12 col-sm-3 col-md-3 '><a href=\"https:\/\/www.allegro-vivo.at\/de\/events\/tea-time\/\"><img loading=\"lazy\" decoding=\"async\" width=\"350\" height=\"350\" src=\"https:\/\/www.allegro-vivo.at\/wp-content\/uploads\/2022\/05\/20220910-av-burgschleinitz-0096-e1702383756114-350x350.jpg\" class=\"eme_event_image\" alt=\"\" srcset=\"https:\/\/www.allegro-vivo.at\/wp-content\/uploads\/2022\/05\/20220910-av-burgschleinitz-0096-e1702383756114-350x350.jpg 350w, https:\/\/www.allegro-vivo.at\/wp-content\/uploads\/2022\/05\/20220910-av-burgschleinitz-0096-e1702383756114-500x500.jpg 500w, https:\/\/www.allegro-vivo.at\/wp-content\/uploads\/2022\/05\/20220910-av-burgschleinitz-0096-e1702383756114-400x400.jpg 400w, https:\/\/www.allegro-vivo.at\/wp-content\/uploads\/2022\/05\/20220910-av-burgschleinitz-0096-e1702383756114-73x73.jpg 73w, https:\/\/www.allegro-vivo.at\/wp-content\/uploads\/2022\/05\/20220910-av-burgschleinitz-0096-e1702383756114-150x150.jpg 150w, https:\/\/www.allegro-vivo.at\/wp-content\/uploads\/2022\/05\/20220910-av-burgschleinitz-0096-e1702383756114-174x174.jpg 174w, https:\/\/www.allegro-vivo.at\/wp-content\/uploads\/2022\/05\/20220910-av-burgschleinitz-0096-e1702383756114-250x250.jpg 250w, https:\/\/www.allegro-vivo.at\/wp-content\/uploads\/2022\/05\/20220910-av-burgschleinitz-0096-e1702383756114-300x300.jpg 300w, https:\/\/www.allegro-vivo.at\/wp-content\/uploads\/2022\/05\/20220910-av-burgschleinitz-0096-e1702383756114-165x165.jpg 165w\" sizes=\"auto, (max-width: 350px) 100vw, 350px\" \/><\/a><\/div><div class='intense col-lg-9 col-xs-12 col-sm-9 col-md-9 '><script>jQuery(window).load(function() { jQuery('#heading-1821991494').fitText(1, { maxFontSize: \"20px\" }); });<\/script><h3 id=\"heading-1821991494\" class=\"intense heading\" style=\" font-size: 20px; line-height: normal; text-align: left; font-weight: 700; margin-top: 0px; text-transform: none; -webkit-font-smoothing: antialiased;\"><a href=\"https:\/\/www.allegro-vivo.at\/de\/events\/tea-time\/\">&quot;Teatime&quot;<\/a><\/h3><script>jQuery(window).load(function() { jQuery('#heading-2133384284').fitText(1, { maxFontSize: \"17px\" }); });<\/script><h3 id=\"heading-2133384284\" class=\"intense heading\" style=\" font-size: 17px; line-height: normal; text-align: left; font-weight: 700; margin-top: 10px; text-transform: none; -webkit-font-smoothing: antialiased;\">Sonntag, 13. September 2026 um 16:00<\/h3><script>jQuery(window).load(function() { jQuery('#heading-267112268').fitText(1, { maxFontSize: \"17px\" }); });<\/script><h4 id=\"heading-267112268\" class=\"intense heading\" style=\" font-size: 17px; line-height: normal; text-align: left; font-weight: 400; margin-top: 10px; text-transform: none; -webkit-font-smoothing: antialiased;\">Burg Schleinitz, Rittersaal - <\/h4><script>jQuery(window).load(function() { jQuery('#heading-150126358').fitText(1, { maxFontSize: \"14px\" }); });<\/script><h4 id=\"heading-150126358\" class=\"intense heading\" style=\" font-size: 14px; line-height: normal; text-align: left; font-weight: 400; margin-top: 10px; text-transform: none; -webkit-font-smoothing: antialiased;\">Mozart, Martin\u016f, Honegger<\/h4><\/div><br>\n<\/div><div  class='intense row ' style='padding-top: 30px; padding-bottom: 0; margin-top: 0; margin-bottom: 0; '><div class='intense col-lg-3 col-xs-12 col-sm-3 col-md-3 '><a href=\"https:\/\/www.allegro-vivo.at\/de\/events\/klangschloss\/\"><img loading=\"lazy\" decoding=\"async\" width=\"350\" height=\"350\" src=\"https:\/\/www.allegro-vivo.at\/wp-content\/uploads\/2025\/11\/20250911-av-weitra-0250-350x350.jpg\" class=\"eme_event_image\" alt=\"\" srcset=\"https:\/\/www.allegro-vivo.at\/wp-content\/uploads\/2025\/11\/20250911-av-weitra-0250-350x350.jpg 350w, https:\/\/www.allegro-vivo.at\/wp-content\/uploads\/2025\/11\/20250911-av-weitra-0250-500x500.jpg 500w, https:\/\/www.allegro-vivo.at\/wp-content\/uploads\/2025\/11\/20250911-av-weitra-0250-400x400.jpg 400w, https:\/\/www.allegro-vivo.at\/wp-content\/uploads\/2025\/11\/20250911-av-weitra-0250-73x73.jpg 73w, https:\/\/www.allegro-vivo.at\/wp-content\/uploads\/2025\/11\/20250911-av-weitra-0250-150x150.jpg 150w, https:\/\/www.allegro-vivo.at\/wp-content\/uploads\/2025\/11\/20250911-av-weitra-0250-174x174.jpg 174w, https:\/\/www.allegro-vivo.at\/wp-content\/uploads\/2025\/11\/20250911-av-weitra-0250-250x250.jpg 250w, https:\/\/www.allegro-vivo.at\/wp-content\/uploads\/2025\/11\/20250911-av-weitra-0250-300x300.jpg 300w, https:\/\/www.allegro-vivo.at\/wp-content\/uploads\/2025\/11\/20250911-av-weitra-0250-165x165.jpg 165w\" sizes=\"auto, (max-width: 350px) 100vw, 350px\" \/><\/a><\/div><div class='intense col-lg-9 col-xs-12 col-sm-9 col-md-9 '><script>jQuery(window).load(function() { jQuery('#heading-1680971778').fitText(1, { maxFontSize: \"20px\" }); });<\/script><h3 id=\"heading-1680971778\" class=\"intense heading\" style=\" font-size: 20px; line-height: normal; text-align: left; font-weight: 700; margin-top: 0px; text-transform: none; -webkit-font-smoothing: antialiased;\"><a href=\"https:\/\/www.allegro-vivo.at\/de\/events\/klangschloss\/\">&quot;Klangschloss&quot;<\/a><\/h3><script>jQuery(window).load(function() { jQuery('#heading-460812587').fitText(1, { maxFontSize: \"17px\" }); });<\/script><h3 id=\"heading-460812587\" class=\"intense heading\" style=\" font-size: 17px; line-height: normal; text-align: left; font-weight: 700; margin-top: 10px; text-transform: none; -webkit-font-smoothing: antialiased;\">Donnerstag, 17. September 2026 um 19:00<\/h3><script>jQuery(window).load(function() { jQuery('#heading-926303968').fitText(1, { maxFontSize: \"17px\" }); });<\/script><h4 id=\"heading-926303968\" class=\"intense heading\" style=\" font-size: 17px; line-height: normal; text-align: left; font-weight: 400; margin-top: 10px; text-transform: none; -webkit-font-smoothing: antialiased;\">Schloss Weitra - Schloss Weitra 71<\/h4><script>jQuery(window).load(function() { jQuery('#heading-804010993').fitText(1, { maxFontSize: \"14px\" }); });<\/script><h4 id=\"heading-804010993\" class=\"intense heading\" style=\" font-size: 14px; line-height: normal; text-align: left; font-weight: 400; margin-top: 10px; text-transform: none; -webkit-font-smoothing: antialiased;\">P\u00e4rt, Mozart, Mendelssohn-Bartholdy<\/h4><\/div><br>\n<\/div><div  class='intense row ' style='padding-top: 30px; padding-bottom: 0; margin-top: 0; margin-bottom: 0; '><div class='intense col-lg-3 col-xs-12 col-sm-3 col-md-3 '><a href=\"https:\/\/www.allegro-vivo.at\/de\/events\/die-himmel-erzaehlen\/\"><img loading=\"lazy\" decoding=\"async\" width=\"350\" height=\"350\" src=\"https:\/\/www.allegro-vivo.at\/wp-content\/uploads\/2025\/11\/20230915-av-goettweig-0224-e1763024968646-350x350.jpg\" class=\"eme_event_image\" alt=\"\" srcset=\"https:\/\/www.allegro-vivo.at\/wp-content\/uploads\/2025\/11\/20230915-av-goettweig-0224-e1763024968646-350x350.jpg 350w, https:\/\/www.allegro-vivo.at\/wp-content\/uploads\/2025\/11\/20230915-av-goettweig-0224-e1763024968646-500x500.jpg 500w, https:\/\/www.allegro-vivo.at\/wp-content\/uploads\/2025\/11\/20230915-av-goettweig-0224-e1763024968646-400x400.jpg 400w, https:\/\/www.allegro-vivo.at\/wp-content\/uploads\/2025\/11\/20230915-av-goettweig-0224-e1763024968646-73x73.jpg 73w, https:\/\/www.allegro-vivo.at\/wp-content\/uploads\/2025\/11\/20230915-av-goettweig-0224-e1763024968646-150x150.jpg 150w, https:\/\/www.allegro-vivo.at\/wp-content\/uploads\/2025\/11\/20230915-av-goettweig-0224-e1763024968646-174x174.jpg 174w, https:\/\/www.allegro-vivo.at\/wp-content\/uploads\/2025\/11\/20230915-av-goettweig-0224-e1763024968646-250x250.jpg 250w, https:\/\/www.allegro-vivo.at\/wp-content\/uploads\/2025\/11\/20230915-av-goettweig-0224-e1763024968646-300x300.jpg 300w, https:\/\/www.allegro-vivo.at\/wp-content\/uploads\/2025\/11\/20230915-av-goettweig-0224-e1763024968646-165x165.jpg 165w, https:\/\/www.allegro-vivo.at\/wp-content\/uploads\/2025\/11\/20230915-av-goettweig-0224-e1763024968646-600x600.jpg 600w\" sizes=\"auto, (max-width: 350px) 100vw, 350px\" \/><\/a><\/div><div class='intense col-lg-9 col-xs-12 col-sm-9 col-md-9 '><script>jQuery(window).load(function() { jQuery('#heading-518401725').fitText(1, { maxFontSize: \"20px\" }); });<\/script><h3 id=\"heading-518401725\" class=\"intense heading\" style=\" font-size: 20px; line-height: normal; text-align: left; font-weight: 700; margin-top: 0px; text-transform: none; -webkit-font-smoothing: antialiased;\"><a href=\"https:\/\/www.allegro-vivo.at\/de\/events\/die-himmel-erzaehlen\/\">&quot;Die Himmel erz\u00e4hlen&#8230;&quot;<\/a><\/h3><script>jQuery(window).load(function() { jQuery('#heading-1615826670').fitText(1, { maxFontSize: \"17px\" }); });<\/script><h3 id=\"heading-1615826670\" class=\"intense heading\" style=\" font-size: 17px; line-height: normal; text-align: left; font-weight: 700; margin-top: 10px; text-transform: none; -webkit-font-smoothing: antialiased;\">Freitag, 18. September 2026 um 19:00<\/h3><script>jQuery(window).load(function() { jQuery('#heading-349174744').fitText(1, { maxFontSize: \"17px\" }); });<\/script><h4 id=\"heading-349174744\" class=\"intense heading\" style=\" font-size: 17px; line-height: normal; text-align: left; font-weight: 400; margin-top: 10px; text-transform: none; -webkit-font-smoothing: antialiased;\">Stift G\u00f6ttweig, Stiftskirche - Stift G\u00f6ttweig<\/h4><script>jQuery(window).load(function() { jQuery('#heading-2123112605').fitText(1, { maxFontSize: \"14px\" }); });<\/script><h4 id=\"heading-2123112605\" class=\"intense heading\" style=\" font-size: 14px; line-height: normal; text-align: left; font-weight: 400; margin-top: 10px; text-transform: none; -webkit-font-smoothing: antialiased;\">P\u00e4rt, Mozart, Mendelssohn-Bartholdy<\/h4><\/div><br>\n<\/div><div  class='intense row ' style='padding-top: 30px; padding-bottom: 0; margin-top: 0; margin-bottom: 0; '><div class='intense col-lg-3 col-xs-12 col-sm-3 col-md-3 '><a href=\"https:\/\/www.allegro-vivo.at\/de\/events\/italienische-symphonie\/\"><img loading=\"lazy\" decoding=\"async\" width=\"350\" height=\"350\" src=\"https:\/\/www.allegro-vivo.at\/wp-content\/uploads\/2025\/11\/20250914-av-abschluss-altenburg-0313-1-e1763025202153-350x350.jpg\" class=\"eme_event_image\" alt=\"\" srcset=\"https:\/\/www.allegro-vivo.at\/wp-content\/uploads\/2025\/11\/20250914-av-abschluss-altenburg-0313-1-e1763025202153-350x350.jpg 350w, https:\/\/www.allegro-vivo.at\/wp-content\/uploads\/2025\/11\/20250914-av-abschluss-altenburg-0313-1-e1763025202153-500x500.jpg 500w, https:\/\/www.allegro-vivo.at\/wp-content\/uploads\/2025\/11\/20250914-av-abschluss-altenburg-0313-1-e1763025202153-400x400.jpg 400w, https:\/\/www.allegro-vivo.at\/wp-content\/uploads\/2025\/11\/20250914-av-abschluss-altenburg-0313-1-e1763025202153-73x73.jpg 73w, https:\/\/www.allegro-vivo.at\/wp-content\/uploads\/2025\/11\/20250914-av-abschluss-altenburg-0313-1-e1763025202153-150x150.jpg 150w, https:\/\/www.allegro-vivo.at\/wp-content\/uploads\/2025\/11\/20250914-av-abschluss-altenburg-0313-1-e1763025202153-174x174.jpg 174w, https:\/\/www.allegro-vivo.at\/wp-content\/uploads\/2025\/11\/20250914-av-abschluss-altenburg-0313-1-e1763025202153-250x250.jpg 250w, https:\/\/www.allegro-vivo.at\/wp-content\/uploads\/2025\/11\/20250914-av-abschluss-altenburg-0313-1-e1763025202153-300x300.jpg 300w, https:\/\/www.allegro-vivo.at\/wp-content\/uploads\/2025\/11\/20250914-av-abschluss-altenburg-0313-1-e1763025202153-165x165.jpg 165w, https:\/\/www.allegro-vivo.at\/wp-content\/uploads\/2025\/11\/20250914-av-abschluss-altenburg-0313-1-e1763025202153-600x600.jpg 600w\" sizes=\"auto, (max-width: 350px) 100vw, 350px\" \/><\/a><\/div><div class='intense col-lg-9 col-xs-12 col-sm-9 col-md-9 '><script>jQuery(window).load(function() { jQuery('#heading-1526680429').fitText(1, { maxFontSize: \"20px\" }); });<\/script><h3 id=\"heading-1526680429\" class=\"intense heading\" style=\" font-size: 20px; line-height: normal; text-align: left; font-weight: 700; margin-top: 0px; text-transform: none; -webkit-font-smoothing: antialiased;\"><a href=\"https:\/\/www.allegro-vivo.at\/de\/events\/italienische-symphonie\/\">&quot;Italienische Symphonie&quot;<\/a><\/h3><script>jQuery(window).load(function() { jQuery('#heading-463777934').fitText(1, { maxFontSize: \"17px\" }); });<\/script><h3 id=\"heading-463777934\" class=\"intense heading\" style=\" font-size: 17px; line-height: normal; text-align: left; font-weight: 700; margin-top: 10px; text-transform: none; -webkit-font-smoothing: antialiased;\">Samstag, 19. September 2026 um 18:00<\/h3><script>jQuery(window).load(function() { jQuery('#heading-480817733').fitText(1, { maxFontSize: \"17px\" }); });<\/script><h4 id=\"heading-480817733\" class=\"intense heading\" style=\" font-size: 17px; line-height: normal; text-align: left; font-weight: 400; margin-top: 10px; text-transform: none; -webkit-font-smoothing: antialiased;\">Stift Altenburg, Bibliothek - Abt-Placidus-Much-Stra\u00dfe 1<\/h4><script>jQuery(window).load(function() { jQuery('#heading-248833060').fitText(1, { maxFontSize: \"14px\" }); });<\/script><h4 id=\"heading-248833060\" class=\"intense heading\" style=\" font-size: 14px; line-height: normal; text-align: left; font-weight: 400; margin-top: 10px; text-transform: none; -webkit-font-smoothing: antialiased;\">P\u00e4rt, Mozart, Mendelssohn-Bartholdy<\/h4><\/div><br>\n<\/div><div  class='intense row ' style='padding-top: 30px; padding-bottom: 0; margin-top: 0; margin-bottom: 0; '><div class='intense col-lg-3 col-xs-12 col-sm-3 col-md-3 '><a href=\"https:\/\/www.allegro-vivo.at\/de\/events\/festivalabschlusskonzert-6\/\"><img loading=\"lazy\" decoding=\"async\" width=\"350\" height=\"350\" src=\"https:\/\/www.allegro-vivo.at\/wp-content\/uploads\/2025\/11\/20250914-av-abschluss-altenburg-0126-e1763025376873-350x350.jpg\" class=\"eme_event_image\" alt=\"\" srcset=\"https:\/\/www.allegro-vivo.at\/wp-content\/uploads\/2025\/11\/20250914-av-abschluss-altenburg-0126-e1763025376873-350x350.jpg 350w, https:\/\/www.allegro-vivo.at\/wp-content\/uploads\/2025\/11\/20250914-av-abschluss-altenburg-0126-e1763025376873-500x500.jpg 500w, https:\/\/www.allegro-vivo.at\/wp-content\/uploads\/2025\/11\/20250914-av-abschluss-altenburg-0126-e1763025376873-400x400.jpg 400w, https:\/\/www.allegro-vivo.at\/wp-content\/uploads\/2025\/11\/20250914-av-abschluss-altenburg-0126-e1763025376873-73x73.jpg 73w, https:\/\/www.allegro-vivo.at\/wp-content\/uploads\/2025\/11\/20250914-av-abschluss-altenburg-0126-e1763025376873-150x150.jpg 150w, https:\/\/www.allegro-vivo.at\/wp-content\/uploads\/2025\/11\/20250914-av-abschluss-altenburg-0126-e1763025376873-174x174.jpg 174w, https:\/\/www.allegro-vivo.at\/wp-content\/uploads\/2025\/11\/20250914-av-abschluss-altenburg-0126-e1763025376873-250x250.jpg 250w, https:\/\/www.allegro-vivo.at\/wp-content\/uploads\/2025\/11\/20250914-av-abschluss-altenburg-0126-e1763025376873-300x300.jpg 300w, https:\/\/www.allegro-vivo.at\/wp-content\/uploads\/2025\/11\/20250914-av-abschluss-altenburg-0126-e1763025376873-165x165.jpg 165w, https:\/\/www.allegro-vivo.at\/wp-content\/uploads\/2025\/11\/20250914-av-abschluss-altenburg-0126-e1763025376873-600x600.jpg 600w\" sizes=\"auto, (max-width: 350px) 100vw, 350px\" \/><\/a><\/div><div class='intense col-lg-9 col-xs-12 col-sm-9 col-md-9 '><script>jQuery(window).load(function() { jQuery('#heading-2144953860').fitText(1, { maxFontSize: \"20px\" }); });<\/script><h3 id=\"heading-2144953860\" class=\"intense heading\" style=\" font-size: 20px; line-height: normal; text-align: left; font-weight: 700; margin-top: 0px; text-transform: none; -webkit-font-smoothing: antialiased;\"><a href=\"https:\/\/www.allegro-vivo.at\/de\/events\/festivalabschlusskonzert-6\/\">&quot;Festivalabschlusskonzert&quot;<\/a><\/h3><script>jQuery(window).load(function() { jQuery('#heading-1846605469').fitText(1, { maxFontSize: \"17px\" }); });<\/script><h3 id=\"heading-1846605469\" class=\"intense heading\" style=\" font-size: 17px; line-height: normal; text-align: left; font-weight: 700; margin-top: 10px; text-transform: none; -webkit-font-smoothing: antialiased;\">Sonntag, 20. September 2026 um 16:00<\/h3><script>jQuery(window).load(function() { jQuery('#heading-1222726324').fitText(1, { maxFontSize: \"17px\" }); });<\/script><h4 id=\"heading-1222726324\" class=\"intense heading\" style=\" font-size: 17px; line-height: normal; text-align: left; font-weight: 400; margin-top: 10px; text-transform: none; -webkit-font-smoothing: antialiased;\">Stift Altenburg, Bibliothek - Abt-Placidus-Much-Stra\u00dfe 1<\/h4><script>jQuery(window).load(function() { jQuery('#heading-1258396628').fitText(1, { maxFontSize: \"14px\" }); });<\/script><h4 id=\"heading-1258396628\" class=\"intense heading\" style=\" font-size: 14px; line-height: normal; text-align: left; font-weight: 400; margin-top: 10px; text-transform: none; -webkit-font-smoothing: antialiased;\">P\u00e4rt, Mozart, Mendelssohn-Bartholdy<\/h4><\/div><br>\n<\/div>\n","protected":false},"excerpt":{"rendered":"","protected":false},"author":2,"featured_media":31375,"parent":0,"menu_order":0,"comment_status":"closed","ping_status":"closed","template":"","meta":{"footnotes":""},"class_list":["post-342","page","type-page","status-publish","has-post-thumbnail","hentry"],"yoast_head":"<!-- This site is optimized with the Yoast SEO plugin v27.5 - https:\/\/yoast.com\/product\/yoast-seo-wordpress\/ -->\n<title>Programm &amp; Karten | Allegro Vivo Kammermusik Festival<\/title>\n<meta name=\"description\" content=\"Programm, Festival, Karten, Waldviertel\" \/>\n<meta name=\"robots\" content=\"index, follow, max-snippet:-1, max-image-preview:large, max-video-preview:-1\" \/>\n<link rel=\"canonical\" href=\"https:\/\/www.allegro-vivo.at\/de\/concerts\/\" \/>\n<meta property=\"og:locale\" content=\"de_DE\" \/>\n<meta property=\"og:type\" content=\"article\" \/>\n<meta property=\"og:title\" content=\"Programm &amp; Karten | Allegro Vivo Kammermusik Festival\" \/>\n<meta property=\"og:description\" content=\"Programm, Festival, Karten, Waldviertel\" \/>\n<meta property=\"og:url\" content=\"https:\/\/www.allegro-vivo.at\/de\/concerts\/\" \/>\n<meta property=\"og:site_name\" content=\"Allegro Vivo Kammermusik Festival\" \/>\n<meta property=\"article:publisher\" content=\"https:\/\/www.facebook.com\/allegro.vivo.festival.austria\/\" \/>\n<meta property=\"article:modified_time\" content=\"2025-08-14T20:28:41+00:00\" \/>\n<meta property=\"og:image\" content=\"https:\/\/www.allegro-vivo.at\/wp-content\/uploads\/2025\/03\/20230819-av-galakonzert-0145-e1743424436641.jpg\" \/>\n\t<meta property=\"og:image:width\" content=\"1500\" \/>\n\t<meta property=\"og:image:height\" content=\"1125\" \/>\n\t<meta property=\"og:image:type\" content=\"image\/jpeg\" \/>\n<meta name=\"twitter:card\" content=\"summary_large_image\" \/>\n<meta name=\"twitter:label1\" content=\"Gesch\u00e4tzte Lesezeit\" \/>\n\t<meta name=\"twitter:data1\" content=\"1\u00a0Minute\" \/>\n<script type=\"application\/ld+json\" class=\"yoast-schema-graph\">{\"@context\":\"https:\\\/\\\/schema.org\",\"@graph\":[{\"@type\":\"WebPage\",\"@id\":\"https:\\\/\\\/www.allegro-vivo.at\\\/de\\\/concerts\\\/\",\"url\":\"https:\\\/\\\/www.allegro-vivo.at\\\/de\\\/concerts\\\/\",\"name\":\"Programm & Karten | Allegro Vivo Kammermusik Festival\",\"isPartOf\":{\"@id\":\"https:\\\/\\\/www.allegro-vivo.at\\\/de\\\/#website\"},\"primaryImageOfPage\":{\"@id\":\"https:\\\/\\\/www.allegro-vivo.at\\\/de\\\/concerts\\\/#primaryimage\"},\"image\":{\"@id\":\"https:\\\/\\\/www.allegro-vivo.at\\\/concerts\\\/#primaryimage\"},\"thumbnailUrl\":\"https:\\\/\\\/www.allegro-vivo.at\\\/wp-content\\\/uploads\\\/2025\\\/03\\\/20230819-av-galakonzert-0145-e1743424436641.jpg\",\"datePublished\":\"2016-10-13T13:31:25+00:00\",\"dateModified\":\"2025-08-14T20:28:41+00:00\",\"description\":\"Programm, Festival, Karten, Waldviertel\",\"breadcrumb\":{\"@id\":\"https:\\\/\\\/www.allegro-vivo.at\\\/de\\\/concerts\\\/#breadcrumb\"},\"inLanguage\":\"de\",\"potentialAction\":[{\"@type\":\"ReadAction\",\"target\":[[\"https:\\\/\\\/www.allegro-vivo.at\\\/de\\\/concerts\\\/\"]]}]},{\"@type\":\"ImageObject\",\"inLanguage\":\"de\",\"@id\":\"https:\\\/\\\/www.allegro-vivo.at\\\/de\\\/concerts\\\/#primaryimage\",\"url\":\"https:\\\/\\\/www.allegro-vivo.at\\\/wp-content\\\/uploads\\\/2025\\\/03\\\/20230819-av-galakonzert-0145-e1743424436641.jpg\",\"contentUrl\":\"https:\\\/\\\/www.allegro-vivo.at\\\/wp-content\\\/uploads\\\/2025\\\/03\\\/20230819-av-galakonzert-0145-e1743424436641.jpg\",\"width\":1500,\"height\":1125,\"caption\":\"Allegro Vivo 2023, Galakonzert, Kunsthaus Horn\"},{\"@type\":\"BreadcrumbList\",\"@id\":\"https:\\\/\\\/www.allegro-vivo.at\\\/de\\\/concerts\\\/#breadcrumb\",\"itemListElement\":[{\"@type\":\"ListItem\",\"position\":1,\"name\":\"Startseite\",\"item\":\"https:\\\/\\\/www.allegro-vivo.at\\\/de\\\/\"},{\"@type\":\"ListItem\",\"position\":2,\"name\":\"Programm &#038; Karten\"}]},{\"@type\":\"WebSite\",\"@id\":\"https:\\\/\\\/www.allegro-vivo.at\\\/de\\\/#website\",\"url\":\"https:\\\/\\\/www.allegro-vivo.at\\\/de\\\/\",\"name\":\"Allegro Vivo Kammermusik Festival\",\"description\":\"Allegro Vivo Kammermusik Festival und Meisterkurse\",\"publisher\":{\"@id\":\"https:\\\/\\\/www.allegro-vivo.at\\\/de\\\/#organization\"},\"potentialAction\":[{\"@type\":\"SearchAction\",\"target\":{\"@type\":\"EntryPoint\",\"urlTemplate\":\"https:\\\/\\\/www.allegro-vivo.at\\\/de\\\/?s={search_term_string}\"},\"query-input\":{\"@type\":\"PropertyValueSpecification\",\"valueRequired\":true,\"valueName\":\"search_term_string\"}}],\"inLanguage\":\"de\"},{\"@type\":\"Organization\",\"@id\":\"https:\\\/\\\/www.allegro-vivo.at\\\/de\\\/#organization\",\"name\":\"Allegro Vivo\",\"url\":\"https:\\\/\\\/www.allegro-vivo.at\\\/de\\\/\",\"logo\":{\"@type\":\"ImageObject\",\"inLanguage\":\"de\",\"@id\":\"https:\\\/\\\/www.allegro-vivo.at\\\/de\\\/#\\\/schema\\\/logo\\\/image\\\/\",\"url\":\"https:\\\/\\\/www.allegro-vivo.at\\\/wp-content\\\/uploads\\\/2017\\\/02\\\/allegro_vivo_logo_web.png\",\"contentUrl\":\"https:\\\/\\\/www.allegro-vivo.at\\\/wp-content\\\/uploads\\\/2017\\\/02\\\/allegro_vivo_logo_web.png\",\"width\":400,\"height\":114,\"caption\":\"Allegro Vivo\"},\"image\":{\"@id\":\"https:\\\/\\\/www.allegro-vivo.at\\\/de\\\/#\\\/schema\\\/logo\\\/image\\\/\"},\"sameAs\":[\"https:\\\/\\\/www.facebook.com\\\/allegro.vivo.festival.austria\\\/\",\"https:\\\/\\\/www.instagram.com\\\/allegro.vivo\\\/\",\"https:\\\/\\\/www.youtube.com\\\/user\\\/allegrovivooo\"]}]}<\/script>\n<!-- \/ Yoast SEO plugin. -->","yoast_head_json":{"title":"Programm & Karten | Allegro Vivo Kammermusik Festival","description":"Programm, Festival, Karten, Waldviertel","robots":{"index":"index","follow":"follow","max-snippet":"max-snippet:-1","max-image-preview":"max-image-preview:large","max-video-preview":"max-video-preview:-1"},"canonical":"https:\/\/www.allegro-vivo.at\/de\/concerts\/","og_locale":"de_DE","og_type":"article","og_title":"Programm & Karten | Allegro Vivo Kammermusik Festival","og_description":"Programm, Festival, Karten, Waldviertel","og_url":"https:\/\/www.allegro-vivo.at\/de\/concerts\/","og_site_name":"Allegro Vivo Kammermusik Festival","article_publisher":"https:\/\/www.facebook.com\/allegro.vivo.festival.austria\/","article_modified_time":"2025-08-14T20:28:41+00:00","og_image":[{"width":1500,"height":1125,"url":"https:\/\/www.allegro-vivo.at\/wp-content\/uploads\/2025\/03\/20230819-av-galakonzert-0145-e1743424436641.jpg","type":"image\/jpeg"}],"twitter_card":"summary_large_image","twitter_misc":{"Gesch\u00e4tzte Lesezeit":"1\u00a0Minute"},"schema":{"@context":"https:\/\/schema.org","@graph":[{"@type":"WebPage","@id":"https:\/\/www.allegro-vivo.at\/de\/concerts\/","url":"https:\/\/www.allegro-vivo.at\/de\/concerts\/","name":"Programm & Karten | Allegro Vivo Kammermusik Festival","isPartOf":{"@id":"https:\/\/www.allegro-vivo.at\/de\/#website"},"primaryImageOfPage":{"@id":"https:\/\/www.allegro-vivo.at\/de\/concerts\/#primaryimage"},"image":{"@id":"https:\/\/www.allegro-vivo.at\/concerts\/#primaryimage"},"thumbnailUrl":"https:\/\/www.allegro-vivo.at\/wp-content\/uploads\/2025\/03\/20230819-av-galakonzert-0145-e1743424436641.jpg","datePublished":"2016-10-13T13:31:25+00:00","dateModified":"2025-08-14T20:28:41+00:00","description":"Programm, Festival, Karten, Waldviertel","breadcrumb":{"@id":"https:\/\/www.allegro-vivo.at\/de\/concerts\/#breadcrumb"},"inLanguage":"de","potentialAction":[{"@type":"ReadAction","target":[["https:\/\/www.allegro-vivo.at\/de\/concerts\/"]]}]},{"@type":"ImageObject","inLanguage":"de","@id":"https:\/\/www.allegro-vivo.at\/de\/concerts\/#primaryimage","url":"https:\/\/www.allegro-vivo.at\/wp-content\/uploads\/2025\/03\/20230819-av-galakonzert-0145-e1743424436641.jpg","contentUrl":"https:\/\/www.allegro-vivo.at\/wp-content\/uploads\/2025\/03\/20230819-av-galakonzert-0145-e1743424436641.jpg","width":1500,"height":1125,"caption":"Allegro Vivo 2023, Galakonzert, Kunsthaus Horn"},{"@type":"BreadcrumbList","@id":"https:\/\/www.allegro-vivo.at\/de\/concerts\/#breadcrumb","itemListElement":[{"@type":"ListItem","position":1,"name":"Startseite","item":"https:\/\/www.allegro-vivo.at\/de\/"},{"@type":"ListItem","position":2,"name":"Programm &#038; Karten"}]},{"@type":"WebSite","@id":"https:\/\/www.allegro-vivo.at\/de\/#website","url":"https:\/\/www.allegro-vivo.at\/de\/","name":"Allegro Vivo Kammermusik Festival","description":"Allegro Vivo Kammermusik Festival und Meisterkurse","publisher":{"@id":"https:\/\/www.allegro-vivo.at\/de\/#organization"},"potentialAction":[{"@type":"SearchAction","target":{"@type":"EntryPoint","urlTemplate":"https:\/\/www.allegro-vivo.at\/de\/?s={search_term_string}"},"query-input":{"@type":"PropertyValueSpecification","valueRequired":true,"valueName":"search_term_string"}}],"inLanguage":"de"},{"@type":"Organization","@id":"https:\/\/www.allegro-vivo.at\/de\/#organization","name":"Allegro Vivo","url":"https:\/\/www.allegro-vivo.at\/de\/","logo":{"@type":"ImageObject","inLanguage":"de","@id":"https:\/\/www.allegro-vivo.at\/de\/#\/schema\/logo\/image\/","url":"https:\/\/www.allegro-vivo.at\/wp-content\/uploads\/2017\/02\/allegro_vivo_logo_web.png","contentUrl":"https:\/\/www.allegro-vivo.at\/wp-content\/uploads\/2017\/02\/allegro_vivo_logo_web.png","width":400,"height":114,"caption":"Allegro Vivo"},"image":{"@id":"https:\/\/www.allegro-vivo.at\/de\/#\/schema\/logo\/image\/"},"sameAs":["https:\/\/www.facebook.com\/allegro.vivo.festival.austria\/","https:\/\/www.instagram.com\/allegro.vivo\/","https:\/\/www.youtube.com\/user\/allegrovivooo"]}]}},"_links":{"self":[{"href":"https:\/\/www.allegro-vivo.at\/de\/wp-json\/wp\/v2\/pages\/342","targetHints":{"allow":["GET"]}}],"collection":[{"href":"https:\/\/www.allegro-vivo.at\/de\/wp-json\/wp\/v2\/pages"}],"about":[{"href":"https:\/\/www.allegro-vivo.at\/de\/wp-json\/wp\/v2\/types\/page"}],"author":[{"embeddable":true,"href":"https:\/\/www.allegro-vivo.at\/de\/wp-json\/wp\/v2\/users\/2"}],"replies":[{"embeddable":true,"href":"https:\/\/www.allegro-vivo.at\/de\/wp-json\/wp\/v2\/comments?post=342"}],"version-history":[{"count":22,"href":"https:\/\/www.allegro-vivo.at\/de\/wp-json\/wp\/v2\/pages\/342\/revisions"}],"predecessor-version":[{"id":32365,"href":"https:\/\/www.allegro-vivo.at\/de\/wp-json\/wp\/v2\/pages\/342\/revisions\/32365"}],"wp:featuredmedia":[{"embeddable":true,"href":"https:\/\/www.allegro-vivo.at\/de\/wp-json\/wp\/v2\/media\/31375"}],"wp:attachment":[{"href":"https:\/\/www.allegro-vivo.at\/de\/wp-json\/wp\/v2\/media?parent=342"}],"curies":[{"name":"wp","href":"https:\/\/api.w.org\/{rel}","templated":true}]}}