{"id":27266,"date":"2023-08-09T13:35:50","date_gmt":"2023-08-09T11:35:50","guid":{"rendered":"https:\/\/www.allegro-vivo.at\/?page_id=27266"},"modified":"2026-04-27T09:50:16","modified_gmt":"2026-04-27T07:50:16","slug":"konzertuebertragungen","status":"publish","type":"page","link":"https:\/\/www.allegro-vivo.at\/de\/konzertuebertragungen\/","title":{"rendered":"Konzert\u00fcbertragungen"},"content":{"rendered":"<h3>Sendetermine Er\u00f6ffnungskonzert<\/h3>\n<p>&nbsp;<\/p>\n<table style=\"border-collapse: collapse; width: 100%; height: 215px;\">\n<tbody>\n<tr style=\"height: 130px;\">\n<td style=\"width: 19.4252%; height: 130px;\"><a href=\"https:\/\/www.allegro-vivo.at\/wp-content\/uploads\/2023\/08\/o1-logo-5b1ac7d202-seeklogocom.png\"><img loading=\"lazy\" decoding=\"async\" class=\"alignnone wp-image-27267\" src=\"https:\/\/www.allegro-vivo.at\/wp-content\/uploads\/2023\/08\/o1-logo-5b1ac7d202-seeklogocom.png\" alt=\"\" width=\"106\" height=\"124\" \/><\/a><\/td>\n<td style=\"width: 80.5748%; height: 130px;\"><strong>Dienstag, 28. August 2026 in der Sendung &#8222;\u00d61 Konzert&#8220; um 14.05 Uhr<\/strong><\/td>\n<\/tr>\n<tr style=\"height: 85px;\">\n<td style=\"width: 19.4252%; height: 85px;\"><a href=\"https:\/\/www.allegro-vivo.at\/wp-content\/uploads\/2017\/01\/orf_noe_logo_subzeile_quer.jpg\"><img loading=\"lazy\" decoding=\"async\" class=\"alignnone wp-image-10804\" src=\"https:\/\/www.allegro-vivo.at\/wp-content\/uploads\/2017\/01\/orf_noe_logo_subzeile_quer.jpg\" alt=\"\" width=\"156\" height=\"76\" \/><\/a><\/td>\n<td style=\"width: 80.5748%; height: 85px;\">noch nicht bekannt<\/td>\n<\/tr>\n<\/tbody>\n<\/table>\n<p>&nbsp;<\/p>\n<p><strong><span style=\"font-size: 14pt;\">Sendetermine &#8222;\u00d61-Klassiktreffpunkt&#8220; live aus dem Kunsthaus Horn<\/span><\/strong><\/p>\n<p>&nbsp;<\/p>\n<table style=\"border-collapse: collapse; width: 100%;\">\n<tbody>\n<tr>\n<td style=\"width: 19.2205%;\"><a href=\"https:\/\/www.allegro-vivo.at\/wp-content\/uploads\/2023\/08\/o1-logo-5b1ac7d202-seeklogocom.png\"><img loading=\"lazy\" decoding=\"async\" class=\"alignnone wp-image-27267\" src=\"https:\/\/www.allegro-vivo.at\/wp-content\/uploads\/2023\/08\/o1-logo-5b1ac7d202-seeklogocom.png\" alt=\"\" width=\"112\" height=\"137\" \/><\/a><\/td>\n<td style=\"width: 80.7795%;\"><strong>\u00a0\u00a0<\/strong><\/td>\n<\/tr>\n<\/tbody>\n<\/table>\n<p>&nbsp;<\/p>\n<p><strong><span style=\"font-size: 14pt;\">Sendetermine Abschlusskonzert\u00a0<\/span><\/strong><\/p>\n<p>&nbsp;<\/p>\n<table style=\"border-collapse: collapse; width: 100%;\">\n<tbody>\n<tr>\n<td style=\"width: 18.5543%;\"><a href=\"https:\/\/www.allegro-vivo.at\/wp-content\/uploads\/2023\/08\/o1-logo-5b1ac7d202-seeklogocom.png\"><img loading=\"lazy\" decoding=\"async\" class=\"alignnone wp-image-27267\" src=\"https:\/\/www.allegro-vivo.at\/wp-content\/uploads\/2023\/08\/o1-logo-5b1ac7d202-seeklogocom.png\" alt=\"\" width=\"115\" height=\"134\" \/><\/a><\/td>\n<td style=\"width: 81.4457%;\"><strong>Samstag, 29. September 2026, in der Sendung &#8222;\u00d61 Konzert&#8220; um 14:05 Uhr<\/strong><\/td>\n<\/tr>\n<tr>\n<td style=\"width: 18.5543%;\"><a href=\"https:\/\/www.allegro-vivo.at\/wp-content\/uploads\/2017\/01\/orf_noe_logo_subzeile_quer.jpg\"><img loading=\"lazy\" decoding=\"async\" class=\"alignnone wp-image-10804\" src=\"https:\/\/www.allegro-vivo.at\/wp-content\/uploads\/2017\/01\/orf_noe_logo_subzeile_quer.jpg\" alt=\"\" width=\"148\" height=\"91\" \/><\/a><\/td>\n<td style=\"width: 81.4457%;\">noch nicht bekannt<\/td>\n<\/tr>\n<\/tbody>\n<\/table>\n<p>&nbsp;<\/p>\n","protected":false},"excerpt":{"rendered":"<p>Sendetermine Er\u00f6ffnungskonzert &nbsp; Dienstag, 28. August 2026 in der Sendung &#8222;\u00d61 Konzert&#8220; um 14.05 Uhr noch nicht bekannt &nbsp; Sendetermine &#8222;\u00d61-Klassiktreffpunkt&#8220; live aus dem Kunsthaus Horn &nbsp; \u00a0\u00a0 &nbsp; Sendetermine Abschlusskonzert\u00a0 &nbsp; Samstag, 29. September 2026, in der Sendung &#8222;\u00d61 Konzert&#8220; um 14:05 Uhr noch nicht bekannt &nbsp;<\/p>\n","protected":false},"author":3,"featured_media":0,"parent":0,"menu_order":0,"comment_status":"closed","ping_status":"closed","template":"","meta":{"footnotes":""},"class_list":["post-27266","page","type-page","status-publish","hentry"],"yoast_head":"<!-- This site is optimized with the Yoast SEO plugin v27.4 - https:\/\/yoast.com\/product\/yoast-seo-wordpress\/ -->\n<title>Konzert\u00fcbertragungen - Allegro Vivo Kammermusik Festival<\/title>\n<meta name=\"description\" content=\"Sendetermine Er\u00f6ffnungskonzert &nbsp; Dienstag, 28. August 2026 in der Sendung &quot;\u00d61 Konzert&quot; um 14.05 Uhr noch nicht bekannt &nbsp; Sendetermine\" \/>\n<meta name=\"robots\" content=\"index, follow, max-snippet:-1, max-image-preview:large, max-video-preview:-1\" \/>\n<link rel=\"canonical\" href=\"https:\/\/www.allegro-vivo.at\/de\/konzertuebertragungen\/\" \/>\n<meta property=\"og:locale\" content=\"de_DE\" \/>\n<meta property=\"og:type\" content=\"article\" \/>\n<meta property=\"og:title\" content=\"Konzert\u00fcbertragungen - Allegro Vivo Kammermusik Festival\" \/>\n<meta property=\"og:description\" content=\"Sendetermine Er\u00f6ffnungskonzert &nbsp; Dienstag, 28. August 2026 in der Sendung &quot;\u00d61 Konzert&quot; um 14.05 Uhr noch nicht bekannt &nbsp; Sendetermine\" \/>\n<meta property=\"og:url\" content=\"https:\/\/www.allegro-vivo.at\/de\/konzertuebertragungen\/\" \/>\n<meta property=\"og:site_name\" content=\"Allegro Vivo Kammermusik Festival\" \/>\n<meta property=\"article:publisher\" content=\"https:\/\/www.facebook.com\/allegro.vivo.festival.austria\/\" \/>\n<meta property=\"article:modified_time\" content=\"2026-04-27T07:50:16+00:00\" \/>\n<meta property=\"og:image\" content=\"https:\/\/www.allegro-vivo.at\/wp-content\/uploads\/2023\/08\/o1-logo-5b1ac7d202-seeklogocom.png\" \/>\n\t<meta property=\"og:image:width\" content=\"257\" \/>\n\t<meta property=\"og:image:height\" content=\"300\" \/>\n\t<meta property=\"og:image:type\" content=\"image\/png\" \/>\n<meta name=\"twitter:card\" content=\"summary_large_image\" \/>\n<meta name=\"twitter:label1\" content=\"Gesch\u00e4tzte Lesezeit\" \/>\n\t<meta name=\"twitter:data1\" content=\"2\u00a0Minuten\" \/>\n<script type=\"application\/ld+json\" class=\"yoast-schema-graph\">{\"@context\":\"https:\\\/\\\/schema.org\",\"@graph\":[{\"@type\":\"WebPage\",\"@id\":\"https:\\\/\\\/www.allegro-vivo.at\\\/de\\\/konzertuebertragungen\\\/\",\"url\":\"https:\\\/\\\/www.allegro-vivo.at\\\/de\\\/konzertuebertragungen\\\/\",\"name\":\"Konzert\u00fcbertragungen - Allegro Vivo Kammermusik Festival\",\"isPartOf\":{\"@id\":\"https:\\\/\\\/www.allegro-vivo.at\\\/de\\\/#website\"},\"primaryImageOfPage\":{\"@id\":\"https:\\\/\\\/www.allegro-vivo.at\\\/de\\\/konzertuebertragungen\\\/#primaryimage\"},\"image\":{\"@id\":\"https:\\\/\\\/www.allegro-vivo.at\\\/konzertuebertragungen\\\/#primaryimage\"},\"thumbnailUrl\":\"https:\\\/\\\/www.allegro-vivo.at\\\/wp-content\\\/uploads\\\/2023\\\/08\\\/o1-logo-5b1ac7d202-seeklogocom.png\",\"datePublished\":\"2023-08-09T11:35:50+00:00\",\"dateModified\":\"2026-04-27T07:50:16+00:00\",\"description\":\"Sendetermine Er\u00f6ffnungskonzert &nbsp; Dienstag, 28. August 2026 in der Sendung \\\"\u00d61 Konzert\\\" um 14.05 Uhr noch nicht bekannt &nbsp; Sendetermine\",\"breadcrumb\":{\"@id\":\"https:\\\/\\\/www.allegro-vivo.at\\\/de\\\/konzertuebertragungen\\\/#breadcrumb\"},\"inLanguage\":\"de\",\"potentialAction\":[{\"@type\":\"ReadAction\",\"target\":[[\"https:\\\/\\\/www.allegro-vivo.at\\\/de\\\/konzertuebertragungen\\\/\"]]}]},{\"@type\":\"ImageObject\",\"inLanguage\":\"de\",\"@id\":\"https:\\\/\\\/www.allegro-vivo.at\\\/de\\\/konzertuebertragungen\\\/#primaryimage\",\"url\":\"https:\\\/\\\/www.allegro-vivo.at\\\/wp-content\\\/uploads\\\/2023\\\/08\\\/o1-logo-5b1ac7d202-seeklogocom.png\",\"contentUrl\":\"https:\\\/\\\/www.allegro-vivo.at\\\/wp-content\\\/uploads\\\/2023\\\/08\\\/o1-logo-5b1ac7d202-seeklogocom.png\"},{\"@type\":\"BreadcrumbList\",\"@id\":\"https:\\\/\\\/www.allegro-vivo.at\\\/de\\\/konzertuebertragungen\\\/#breadcrumb\",\"itemListElement\":[{\"@type\":\"ListItem\",\"position\":1,\"name\":\"Startseite\",\"item\":\"https:\\\/\\\/www.allegro-vivo.at\\\/de\\\/\"},{\"@type\":\"ListItem\",\"position\":2,\"name\":\"Konzert\u00fcbertragungen\"}]},{\"@type\":\"WebSite\",\"@id\":\"https:\\\/\\\/www.allegro-vivo.at\\\/de\\\/#website\",\"url\":\"https:\\\/\\\/www.allegro-vivo.at\\\/de\\\/\",\"name\":\"Allegro Vivo Kammermusik Festival\",\"description\":\"Allegro Vivo Kammermusik Festival und Meisterkurse\",\"publisher\":{\"@id\":\"https:\\\/\\\/www.allegro-vivo.at\\\/de\\\/#organization\"},\"potentialAction\":[{\"@type\":\"SearchAction\",\"target\":{\"@type\":\"EntryPoint\",\"urlTemplate\":\"https:\\\/\\\/www.allegro-vivo.at\\\/de\\\/?s={search_term_string}\"},\"query-input\":{\"@type\":\"PropertyValueSpecification\",\"valueRequired\":true,\"valueName\":\"search_term_string\"}}],\"inLanguage\":\"de\"},{\"@type\":\"Organization\",\"@id\":\"https:\\\/\\\/www.allegro-vivo.at\\\/de\\\/#organization\",\"name\":\"Allegro Vivo\",\"url\":\"https:\\\/\\\/www.allegro-vivo.at\\\/de\\\/\",\"logo\":{\"@type\":\"ImageObject\",\"inLanguage\":\"de\",\"@id\":\"https:\\\/\\\/www.allegro-vivo.at\\\/de\\\/#\\\/schema\\\/logo\\\/image\\\/\",\"url\":\"https:\\\/\\\/www.allegro-vivo.at\\\/wp-content\\\/uploads\\\/2017\\\/02\\\/allegro_vivo_logo_web.png\",\"contentUrl\":\"https:\\\/\\\/www.allegro-vivo.at\\\/wp-content\\\/uploads\\\/2017\\\/02\\\/allegro_vivo_logo_web.png\",\"width\":400,\"height\":114,\"caption\":\"Allegro Vivo\"},\"image\":{\"@id\":\"https:\\\/\\\/www.allegro-vivo.at\\\/de\\\/#\\\/schema\\\/logo\\\/image\\\/\"},\"sameAs\":[\"https:\\\/\\\/www.facebook.com\\\/allegro.vivo.festival.austria\\\/\",\"https:\\\/\\\/www.instagram.com\\\/allegro.vivo\\\/\",\"https:\\\/\\\/www.youtube.com\\\/user\\\/allegrovivooo\"]}]}<\/script>\n<!-- \/ Yoast SEO plugin. -->","yoast_head_json":{"title":"Konzert\u00fcbertragungen - Allegro Vivo Kammermusik Festival","description":"Sendetermine Er\u00f6ffnungskonzert &nbsp; Dienstag, 28. August 2026 in der Sendung \"\u00d61 Konzert\" um 14.05 Uhr noch nicht bekannt &nbsp; Sendetermine","robots":{"index":"index","follow":"follow","max-snippet":"max-snippet:-1","max-image-preview":"max-image-preview:large","max-video-preview":"max-video-preview:-1"},"canonical":"https:\/\/www.allegro-vivo.at\/de\/konzertuebertragungen\/","og_locale":"de_DE","og_type":"article","og_title":"Konzert\u00fcbertragungen - Allegro Vivo Kammermusik Festival","og_description":"Sendetermine Er\u00f6ffnungskonzert &nbsp; Dienstag, 28. August 2026 in der Sendung \"\u00d61 Konzert\" um 14.05 Uhr noch nicht bekannt &nbsp; Sendetermine","og_url":"https:\/\/www.allegro-vivo.at\/de\/konzertuebertragungen\/","og_site_name":"Allegro Vivo Kammermusik Festival","article_publisher":"https:\/\/www.facebook.com\/allegro.vivo.festival.austria\/","article_modified_time":"2026-04-27T07:50:16+00:00","og_image":[{"width":257,"height":300,"url":"https:\/\/www.allegro-vivo.at\/wp-content\/uploads\/2023\/08\/o1-logo-5b1ac7d202-seeklogocom.png","type":"image\/png"}],"twitter_card":"summary_large_image","twitter_misc":{"Gesch\u00e4tzte Lesezeit":"2\u00a0Minuten"},"schema":{"@context":"https:\/\/schema.org","@graph":[{"@type":"WebPage","@id":"https:\/\/www.allegro-vivo.at\/de\/konzertuebertragungen\/","url":"https:\/\/www.allegro-vivo.at\/de\/konzertuebertragungen\/","name":"Konzert\u00fcbertragungen - Allegro Vivo Kammermusik Festival","isPartOf":{"@id":"https:\/\/www.allegro-vivo.at\/de\/#website"},"primaryImageOfPage":{"@id":"https:\/\/www.allegro-vivo.at\/de\/konzertuebertragungen\/#primaryimage"},"image":{"@id":"https:\/\/www.allegro-vivo.at\/konzertuebertragungen\/#primaryimage"},"thumbnailUrl":"https:\/\/www.allegro-vivo.at\/wp-content\/uploads\/2023\/08\/o1-logo-5b1ac7d202-seeklogocom.png","datePublished":"2023-08-09T11:35:50+00:00","dateModified":"2026-04-27T07:50:16+00:00","description":"Sendetermine Er\u00f6ffnungskonzert &nbsp; Dienstag, 28. August 2026 in der Sendung \"\u00d61 Konzert\" um 14.05 Uhr noch nicht bekannt &nbsp; Sendetermine","breadcrumb":{"@id":"https:\/\/www.allegro-vivo.at\/de\/konzertuebertragungen\/#breadcrumb"},"inLanguage":"de","potentialAction":[{"@type":"ReadAction","target":[["https:\/\/www.allegro-vivo.at\/de\/konzertuebertragungen\/"]]}]},{"@type":"ImageObject","inLanguage":"de","@id":"https:\/\/www.allegro-vivo.at\/de\/konzertuebertragungen\/#primaryimage","url":"https:\/\/www.allegro-vivo.at\/wp-content\/uploads\/2023\/08\/o1-logo-5b1ac7d202-seeklogocom.png","contentUrl":"https:\/\/www.allegro-vivo.at\/wp-content\/uploads\/2023\/08\/o1-logo-5b1ac7d202-seeklogocom.png"},{"@type":"BreadcrumbList","@id":"https:\/\/www.allegro-vivo.at\/de\/konzertuebertragungen\/#breadcrumb","itemListElement":[{"@type":"ListItem","position":1,"name":"Startseite","item":"https:\/\/www.allegro-vivo.at\/de\/"},{"@type":"ListItem","position":2,"name":"Konzert\u00fcbertragungen"}]},{"@type":"WebSite","@id":"https:\/\/www.allegro-vivo.at\/de\/#website","url":"https:\/\/www.allegro-vivo.at\/de\/","name":"Allegro Vivo Kammermusik Festival","description":"Allegro Vivo Kammermusik Festival und Meisterkurse","publisher":{"@id":"https:\/\/www.allegro-vivo.at\/de\/#organization"},"potentialAction":[{"@type":"SearchAction","target":{"@type":"EntryPoint","urlTemplate":"https:\/\/www.allegro-vivo.at\/de\/?s={search_term_string}"},"query-input":{"@type":"PropertyValueSpecification","valueRequired":true,"valueName":"search_term_string"}}],"inLanguage":"de"},{"@type":"Organization","@id":"https:\/\/www.allegro-vivo.at\/de\/#organization","name":"Allegro Vivo","url":"https:\/\/www.allegro-vivo.at\/de\/","logo":{"@type":"ImageObject","inLanguage":"de","@id":"https:\/\/www.allegro-vivo.at\/de\/#\/schema\/logo\/image\/","url":"https:\/\/www.allegro-vivo.at\/wp-content\/uploads\/2017\/02\/allegro_vivo_logo_web.png","contentUrl":"https:\/\/www.allegro-vivo.at\/wp-content\/uploads\/2017\/02\/allegro_vivo_logo_web.png","width":400,"height":114,"caption":"Allegro Vivo"},"image":{"@id":"https:\/\/www.allegro-vivo.at\/de\/#\/schema\/logo\/image\/"},"sameAs":["https:\/\/www.facebook.com\/allegro.vivo.festival.austria\/","https:\/\/www.instagram.com\/allegro.vivo\/","https:\/\/www.youtube.com\/user\/allegrovivooo"]}]}},"_links":{"self":[{"href":"https:\/\/www.allegro-vivo.at\/de\/wp-json\/wp\/v2\/pages\/27266","targetHints":{"allow":["GET"]}}],"collection":[{"href":"https:\/\/www.allegro-vivo.at\/de\/wp-json\/wp\/v2\/pages"}],"about":[{"href":"https:\/\/www.allegro-vivo.at\/de\/wp-json\/wp\/v2\/types\/page"}],"author":[{"embeddable":true,"href":"https:\/\/www.allegro-vivo.at\/de\/wp-json\/wp\/v2\/users\/3"}],"replies":[{"embeddable":true,"href":"https:\/\/www.allegro-vivo.at\/de\/wp-json\/wp\/v2\/comments?post=27266"}],"version-history":[{"count":15,"href":"https:\/\/www.allegro-vivo.at\/de\/wp-json\/wp\/v2\/pages\/27266\/revisions"}],"predecessor-version":[{"id":32918,"href":"https:\/\/www.allegro-vivo.at\/de\/wp-json\/wp\/v2\/pages\/27266\/revisions\/32918"}],"wp:attachment":[{"href":"https:\/\/www.allegro-vivo.at\/de\/wp-json\/wp\/v2\/media?parent=27266"}],"curies":[{"name":"wp","href":"https:\/\/api.w.org\/{rel}","templated":true}]}}