{"id":20215,"date":"2021-12-21T20:21:01","date_gmt":"2021-12-21T19:21:01","guid":{"rendered":"https:\/\/www.allegro-vivo.at\/?page_id=20215"},"modified":"2025-11-25T13:25:18","modified_gmt":"2025-11-25T12:25:18","slug":"kursgebuehren-und-unterbringung-kurse-fuer-kinder-ihre-eltern","status":"publish","type":"page","link":"https:\/\/www.allegro-vivo.at\/de\/kurse-fuer-kinder-eltern\/kursgebuehren-und-unterbringung-kurse-fuer-kinder-ihre-eltern\/","title":{"rendered":"Kursgeb\u00fchren und Unterbringung &#8222;Kurse f\u00fcr Jugendliche, Kinder &#038; ihre Eltern&#8220;"},"content":{"rendered":"<table class=\" alignleft\" style=\"height: 100%; width: 100%; border-style: dotted; border-collapse: collapse;\">\n<tbody>\n<tr style=\"height: 48px;\">\n<td style=\"height: 48px; width: 87.3004%;\"><span style=\"color: #990000;\"><strong>Anmeldegeb\u00fchr<\/strong><\/span> zus\u00e4tzlich zur Kursgeb\u00fchr<\/td>\n<td style=\"height: 48px; width: 12.4093%;\">\u20ac 150,-<\/td>\n<td style=\"height: 48px; width: 0.217707%;\"><\/td>\n<\/tr>\n<tr style=\"height: 144px;\">\n<td style=\"height: 144px; width: 87.3004%;\">Die Anmeldung wird erst nach Eingang der Anmeldegeb\u00fchr bearbeitet. Die Kursbest\u00e4tigung erfolgt nach Freigabe durch den Dozenten. Die Kurspl\u00e4tze sind limitiert. Eine fr\u00fchestm\u00f6gliche Anmeldung wird empfohlen. Erfolgt keine Freigabe durch den Dozenten, wird die Anmeldegeb\u00fchr refundiert.<\/td>\n<td style=\"height: 144px; width: 12.4093%;\"><\/td>\n<td style=\"height: 144px; width: 0.217707%;\"><\/td>\n<\/tr>\n<tr style=\"height: 93px;\">\n<td style=\"height: 93px; width: 87.3004%;\">\n<h3><span style=\"color: #990000;\">Kursgeb\u00fchren Kurse f\u00fcr Jugendliche, Kinder &amp; ihre Eltern<\/span><\/h3>\n<p>&nbsp;<\/td>\n<td style=\"height: 93px; width: 12.4093%;\"><\/td>\n<td style=\"height: 93px; width: 0.217707%;\"><\/td>\n<\/tr>\n<tr style=\"height: 24px;\">\n<td style=\"height: 24px; width: 87.3004%;\">\n<h3><span style=\"color: #990000;\">16.-29. August<\/span><\/h3>\n<\/td>\n<td style=\"height: 24px; width: 12.4093%;\"><\/td>\n<td style=\"height: 24px; width: 0.217707%;\"><\/td>\n<\/tr>\n<tr style=\"height: 48px;\">\n<td style=\"height: 48px; width: 87.3004%;\">Violine, Viola, Violoncello, Fl\u00f6te<\/td>\n<td style=\"height: 48px; width: 12.4093%;\">\u20ac 390,-<\/td>\n<td style=\"height: 48px; width: 0.217707%;\"><\/td>\n<\/tr>\n<tr>\n<td style=\"width: 87.3004%;\">\n<h3><span style=\"color: #990000;\">16.-23. August<\/span><\/h3>\n<\/td>\n<td style=\"width: 12.4093%;\"><\/td>\n<td style=\"width: 0.217707%;\"><\/td>\n<\/tr>\n<tr>\n<td style=\"width: 87.3004%;\">Violine, Viola, Violoncello, Fl\u00f6te<\/td>\n<td style=\"width: 12.4093%;\">\u20ac 240,-<\/td>\n<td style=\"width: 0.217707%;\"><\/td>\n<\/tr>\n<tr>\n<td style=\"width: 87.3004%;\">\n<h3><span style=\"color: #990000;\">23.-29. August<\/span><\/h3>\n<\/td>\n<td style=\"width: 12.4093%;\"><\/td>\n<td style=\"width: 0.217707%;\"><\/td>\n<\/tr>\n<tr>\n<td style=\"width: 87.3004%;\">Violine, Viola, Violoncello, Fl\u00f6te<\/td>\n<td style=\"width: 12.4093%;\">\u20ac 240,-<\/td>\n<td style=\"width: 0.217707%;\"><\/td>\n<\/tr>\n<tr style=\"height: 24px;\">\n<td style=\"height: 24px; width: 87.3004%;\"><\/td>\n<td style=\"height: 24px; width: 12.4093%;\"><\/td>\n<td style=\"height: 24px; width: 0.217707%;\"><\/td>\n<\/tr>\n<tr style=\"height: 24px;\">\n<td style=\"height: 24px; width: 87.3004%;\">Orchester der Kinder- und Jugendkurse 16.-23. August<\/td>\n<td style=\"height: 24px; width: 12.4093%;\">inkludiert<\/td>\n<td style=\"height: 24px; width: 0.217707%;\"><\/td>\n<\/tr>\n<tr style=\"height: 24px;\">\n<td style=\"height: 24px; width: 87.3004%;\">Juan Sebastian Acosta<\/td>\n<td style=\"height: 24px; width: 12.4093%;\"><\/td>\n<td style=\"height: 24px; width: 0.217707%;\"><\/td>\n<\/tr>\n<tr style=\"height: 24px;\">\n<td style=\"height: 24px; width: 87.3004%;\"><\/td>\n<td style=\"height: 24px; width: 12.4093%;\"><\/td>\n<td style=\"height: 24px; width: 0.217707%;\"><\/td>\n<\/tr>\n<tr style=\"height: 24px;\">\n<td style=\"height: 24px; width: 87.3004%;\">Kammermusik 23.-29. August<\/td>\n<td style=\"height: 24px; width: 12.4093%;\">inkludiert<\/td>\n<td style=\"height: 24px; width: 0.217707%;\"><\/td>\n<\/tr>\n<tr style=\"height: 24px;\">\n<td style=\"height: 24px; width: 87.3004%;\"><\/td>\n<td style=\"height: 24px; width: 12.4093%;\"><\/td>\n<td style=\"height: 24px; width: 0.217707%;\"><\/td>\n<\/tr>\n<tr style=\"height: 24px;\">\n<td style=\"height: 24px; width: 87.3004%;\">Rhythmus Workshop 24.-26. August<\/td>\n<td style=\"height: 24px; width: 12.4093%;\">inkludiert<\/td>\n<td style=\"height: 24px; width: 0.217707%;\"><\/td>\n<\/tr>\n<tr style=\"height: 24px;\">\n<td style=\"height: 24px; width: 87.3004%;\"><\/td>\n<td style=\"height: 24px; width: 12.4093%;\"><\/td>\n<td style=\"height: 24px; width: 0.217707%;\"><\/td>\n<\/tr>\n<tr style=\"height: 48px;\">\n<td style=\"height: 48px; width: 87.3004%;\"><span style=\"color: #990000;\"><strong>Erm\u00e4\u00dfigung f\u00fcr Familien<\/strong><\/span><br \/>\nF\u00fcr Familien oder bei Belegung von zwei Kursen wird die Anmeldegeb\u00fchr nur einmal erhoben.<\/td>\n<td style=\"height: 48px; width: 12.4093%;\"><\/td>\n<td style=\"height: 48px; width: 0.217707%;\"><\/td>\n<\/tr>\n<tr style=\"height: 24px;\">\n<td style=\"height: 24px; width: 87.3004%;\"><\/td>\n<td style=\"height: 24px; width: 12.4093%;\"><\/td>\n<td style=\"height: 24px; width: 0.217707%;\"><\/td>\n<\/tr>\n<tr style=\"height: 24px;\">\n<td style=\"height: 24px; width: 87.3004%;\">Alle Preise exkl. Anmeldegeb\u00fchr &amp; Unterbringung<\/td>\n<td style=\"height: 24px; width: 12.4093%;\"><\/td>\n<td style=\"height: 24px; width: 0.217707%;\"><\/td>\n<\/tr>\n<tr style=\"height: 65px;\">\n<td style=\"height: 65px; width: 87.3004%;\">\n<h3><span style=\"color: #990000;\">Unterbringung<\/span><\/h3>\n<\/td>\n<td style=\"height: 65px; width: 12.4093%;\"><\/td>\n<td style=\"height: 65px; width: 0.217707%;\"><\/td>\n<\/tr>\n<tr style=\"height: 24px;\">\n<td style=\"height: 24px; width: 87.3004%;\"><\/td>\n<td style=\"height: 24px; width: 12.4093%;\"><\/td>\n<td style=\"height: 24px; width: 0.217707%;\"><\/td>\n<\/tr>\n<tr style=\"height: 24px;\">\n<td style=\"height: 24px; width: 87.3004%;\"><span style=\"color: #990000;\"><strong> Campus Horn 16.-29. August, 13 N\u00e4chte<\/strong><\/span><\/td>\n<td style=\"height: 24px; width: 12.4093%;\"><\/td>\n<td style=\"height: 24px; width: 0.217707%;\"><\/td>\n<\/tr>\n<tr>\n<td style=\"width: 87.3004%;\"><\/td>\n<td style=\"width: 12.4093%;\"><\/td>\n<td style=\"width: 0.217707%;\"><\/td>\n<\/tr>\n<tr style=\"height: 48px;\">\n<td style=\"height: 48px; width: 87.3004%;\">Kinder (4 \u2013 9 Jahre), Vollpension<\/td>\n<td style=\"height: 48px; width: 12.4093%;\">\u20ac 728,-<\/td>\n<td style=\"height: 48px; width: 0.217707%;\"><\/td>\n<\/tr>\n<tr style=\"height: 48px;\">\n<td style=\"height: 48px; width: 87.3004%;\">Kinder (4 \u2013 9 Jahre), N\u00e4chtigung\/Fr\u00fchst\u00fcck<\/td>\n<td style=\"height: 48px; width: 12.4093%;\">\u20ac 572,-<\/td>\n<td style=\"height: 48px; width: 0.217707%;\"><\/td>\n<\/tr>\n<tr style=\"height: 48px;\">\n<td style=\"height: 48px; width: 87.3004%;\">Kinder (10 \u2013 14 Jahre), Vollpension<\/td>\n<td style=\"height: 48px; width: 12.4093%;\">\u20ac 767,-<\/td>\n<td style=\"height: 48px; width: 0.217707%;\"><\/td>\n<\/tr>\n<tr style=\"height: 48px;\">\n<td style=\"height: 48px; width: 87.3004%;\">Kinder (10 \u2013 14 Jahre), N\u00e4chtigung\/Fr\u00fchst\u00fcck<\/td>\n<td style=\"height: 48px; width: 12.4093%;\">\u20ac 624,-<\/td>\n<td style=\"height: 48px; width: 0.217707%;\"><\/td>\n<\/tr>\n<tr style=\"height: 48px;\">\n<td style=\"height: 48px; width: 87.3004%;\">Erwachsene\/\u2009Jugendliche (ab 15 Jahren) Vollpension<\/td>\n<td style=\"height: 48px; width: 12.4093%;\">\u20ac 975,-<\/td>\n<td style=\"height: 48px; width: 0.217707%;\"><\/td>\n<\/tr>\n<tr style=\"height: 48px;\">\n<td style=\"height: 48px; width: 87.3004%;\">Erwachsene\/\u2009Jugendliche (ab 15 Jahren) N\u00e4chtigung\/Fr\u00fchst\u00fcck<\/td>\n<td style=\"height: 48px; width: 12.4093%;\">\u20ac 767,-<\/td>\n<td style=\"height: 48px; width: 0.217707%;\"><\/td>\n<\/tr>\n<tr>\n<td style=\"width: 87.3004%;\"><\/td>\n<td style=\"width: 12.4093%;\"><\/td>\n<td style=\"width: 0.217707%;\"><\/td>\n<\/tr>\n<tr>\n<td style=\"width: 87.3004%;\"><span style=\"color: #990000;\"><strong>Campus Horn 16.-23. August, 7 N\u00e4chte<\/strong><\/span><\/td>\n<td style=\"width: 12.4093%;\"><\/td>\n<td style=\"width: 0.217707%;\"><\/td>\n<\/tr>\n<tr>\n<td style=\"width: 87.3004%;\"><\/td>\n<td style=\"width: 12.4093%;\"><\/td>\n<td style=\"width: 0.217707%;\"><\/td>\n<\/tr>\n<tr style=\"height: 48px;\">\n<td style=\"height: 48px; width: 87.3004%;\">Kinder (4 \u2013 9 Jahre), Vollpension<\/td>\n<td style=\"height: 48px; width: 12.4093%;\">\u20ac 392,-<\/td>\n<td style=\"width: 0.217707%;\"><\/td>\n<\/tr>\n<tr style=\"height: 48px;\">\n<td style=\"height: 48px; width: 87.3004%;\">Kinder (4 \u2013 9 Jahre), N\u00e4chtigung\/Fr\u00fchst\u00fcck<\/td>\n<td style=\"height: 48px; width: 12.4093%;\">\u20ac 308,-<\/td>\n<td style=\"width: 0.217707%;\"><\/td>\n<\/tr>\n<tr style=\"height: 48px;\">\n<td style=\"height: 48px; width: 87.3004%;\">Kinder (10 \u2013 14 Jahre), Vollpension<\/td>\n<td style=\"height: 48px; width: 12.4093%;\">\u20ac 413,-<\/td>\n<td style=\"width: 0.217707%;\"><\/td>\n<\/tr>\n<tr style=\"height: 48px;\">\n<td style=\"height: 48px; width: 87.3004%;\">Kinder (10 \u2013 14 Jahre), N\u00e4chtigung\/Fr\u00fchst\u00fcck<\/td>\n<td style=\"height: 48px; width: 12.4093%;\">\u20ac 336,-<\/td>\n<td style=\"width: 0.217707%;\"><\/td>\n<\/tr>\n<tr style=\"height: 48px;\">\n<td style=\"height: 48px; width: 87.3004%;\">Erwachsene\/\u2009Jugendliche (ab 15 Jahren) Vollpension<\/td>\n<td style=\"height: 48px; width: 12.4093%;\">\u20ac 525,-<\/td>\n<td style=\"width: 0.217707%;\"><\/td>\n<\/tr>\n<tr style=\"height: 48px;\">\n<td style=\"height: 48px; width: 87.3004%;\">Erwachsene\/\u2009Jugendliche (ab 15 Jahren) N\u00e4chtigung\/Fr\u00fchst\u00fcck<\/td>\n<td style=\"height: 48px; width: 12.4093%;\">\u20ac 413,-<\/td>\n<td style=\"width: 0.217707%;\"><\/td>\n<\/tr>\n<tr>\n<td style=\"width: 87.3004%;\"><\/td>\n<td style=\"width: 12.4093%;\"><\/td>\n<td style=\"width: 0.217707%;\"><\/td>\n<\/tr>\n<tr>\n<td style=\"width: 87.3004%;\"><span style=\"color: #990000;\"><strong>Campus Horn 23.-29. August, 6 N\u00e4chte<\/strong><\/span><\/td>\n<td style=\"width: 12.4093%;\"><\/td>\n<td style=\"width: 0.217707%;\"><\/td>\n<\/tr>\n<tr>\n<td style=\"width: 87.3004%;\"><\/td>\n<td style=\"width: 12.4093%;\"><\/td>\n<td style=\"width: 0.217707%;\"><\/td>\n<\/tr>\n<tr style=\"height: 48px;\">\n<td style=\"height: 48px; width: 87.3004%;\">Kinder (4 \u2013 9 Jahre), Vollpension<\/td>\n<td style=\"height: 48px; width: 12.4093%;\">\u20ac 336,-<\/td>\n<td style=\"width: 0.217707%;\"><\/td>\n<\/tr>\n<tr style=\"height: 48px;\">\n<td style=\"height: 48px; width: 87.3004%;\">Kinder (4 \u2013 9 Jahre), N\u00e4chtigung\/Fr\u00fchst\u00fcck<\/td>\n<td style=\"height: 48px; width: 12.4093%;\">\u20ac 264,-<\/td>\n<td style=\"width: 0.217707%;\"><\/td>\n<\/tr>\n<tr style=\"height: 48px;\">\n<td style=\"height: 48px; width: 87.3004%;\">Kinder (10 \u2013 14 Jahre), Vollpension<\/td>\n<td style=\"height: 48px; width: 12.4093%;\">\u20ac 354,-<\/td>\n<td style=\"width: 0.217707%;\"><\/td>\n<\/tr>\n<tr style=\"height: 48px;\">\n<td style=\"height: 48px; width: 87.3004%;\">Kinder (10 \u2013 14 Jahre), N\u00e4chtigung\/Fr\u00fchst\u00fcck<\/td>\n<td style=\"height: 48px; width: 12.4093%;\">\u20ac 288,-<\/td>\n<td style=\"width: 0.217707%;\"><\/td>\n<\/tr>\n<tr style=\"height: 48px;\">\n<td style=\"height: 48px; width: 87.3004%;\">Erwachsene\/\u2009Jugendliche (ab 15 Jahren) Vollpension<\/td>\n<td style=\"height: 48px; width: 12.4093%;\">\u20ac 450,-<\/td>\n<td style=\"width: 0.217707%;\"><\/td>\n<\/tr>\n<tr style=\"height: 48px;\">\n<td style=\"height: 48px; width: 87.3004%;\">Erwachsene\/\u2009Jugendliche (ab 15 Jahren) N\u00e4chtigung\/Fr\u00fchst\u00fcck<\/td>\n<td style=\"height: 48px; width: 12.4093%;\">\u20ac 354,-<\/td>\n<td style=\"width: 0.217707%;\"><\/td>\n<\/tr>\n<tr>\n<td style=\"width: 87.3004%;\"><\/td>\n<td style=\"width: 12.4093%;\"><\/td>\n<td style=\"width: 0.217707%;\"><\/td>\n<\/tr>\n<tr>\n<td style=\"width: 87.3004%;\">Einzelzimmerzuschlag:<\/td>\n<td style=\"width: 12.4093%;\">\u20ac 31,- pro Nacht<\/td>\n<td style=\"width: 0.217707%;\"><\/td>\n<\/tr>\n<tr>\n<td style=\"width: 87.3004%;\"><\/td>\n<td style=\"width: 12.4093%;\"><\/td>\n<td style=\"width: 0.217707%;\"><\/td>\n<\/tr>\n<tr style=\"height: 96px;\">\n<td style=\"height: 96px; width: 87.3004%;\">Wir empfehlen dringend, die Unterbringung gemeinsam mit dem Kurs zu buchen. Erfahrungsgem\u00e4\u00df sind im Sommer keine Privatquartiere in der Region verf\u00fcgbar.<\/td>\n<td style=\"height: 96px; width: 12.4093%;\"><\/td>\n<td style=\"height: 96px; width: 0.217707%;\"><\/td>\n<\/tr>\n<\/tbody>\n<\/table>\n<h3><span style=\"color: #990000;\">Zahlungsmodalit\u00e4ten<\/span><\/h3>\n<p><strong>Anmeldeschluss<\/strong>: <strong>30. April 2026<\/strong><br \/>\nDie Best\u00e4tigungen erfolgen nach M\u00f6glichkeit laufend, jedoch sp\u00e4testens bis zum 1. Juli.<\/p>\n<p>Die Kursgeb\u00fchr ist bis zum <strong>01. Juni 2026<\/strong> einzuzahlen.<\/p>\n<p>Geb\u00fchren spesenfrei f\u00fcr Empf\u00e4nger per \u00dcberweisung<\/p>\n<p>alle Preise inkl. Steuern<\/p>\n","protected":false},"excerpt":{"rendered":"<p>Anmeldegeb\u00fchr zus\u00e4tzlich zur Kursgeb\u00fchr \u20ac 150,- Die Anmeldung wird erst nach Eingang der Anmeldegeb\u00fchr bearbeitet. Die Kursbest\u00e4tigung erfolgt nach Freigabe durch den Dozenten. Die Kurspl\u00e4tze sind limitiert. Eine fr\u00fchestm\u00f6gliche Anmeldung wird empfohlen. Erfolgt keine Freigabe durch den Dozenten, wird die Anmeldegeb\u00fchr refundiert. Kursgeb\u00fchren Kurse f\u00fcr Jugendliche, Kinder &amp; ihre Eltern &nbsp; 16.-29. August Violine, Viola,<a href=\"https:\/\/www.allegro-vivo.at\/de\/kurse-fuer-kinder-eltern\/kursgebuehren-und-unterbringung-kurse-fuer-kinder-ihre-eltern\/\">[&#8230;]<\/a><\/p>\n","protected":false},"author":3,"featured_media":0,"parent":363,"menu_order":0,"comment_status":"closed","ping_status":"closed","template":"","meta":{"footnotes":""},"class_list":["post-20215","page","type-page","status-publish","hentry"],"yoast_head":"<!-- This site is optimized with the Yoast SEO plugin v27.5 - https:\/\/yoast.com\/product\/yoast-seo-wordpress\/ -->\n<title>Kursgeb\u00fchren und Unterbringung &quot;Kurse f\u00fcr Jugendliche, Kinder &amp; ihre Eltern&quot; - Allegro Vivo Kammermusik Festival<\/title>\n<meta name=\"description\" content=\"Kosten\u00fcbersicht: Kursgeb\u00fchren und Unterbringung der Allegro Vivo Meister- und Jugendkurse\" \/>\n<meta name=\"robots\" content=\"index, follow, max-snippet:-1, max-image-preview:large, max-video-preview:-1\" \/>\n<link rel=\"canonical\" href=\"https:\/\/www.allegro-vivo.at\/de\/kurse-fuer-kinder-eltern\/kursgebuehren-und-unterbringung-kurse-fuer-kinder-ihre-eltern\/\" \/>\n<meta property=\"og:locale\" content=\"de_DE\" \/>\n<meta property=\"og:type\" content=\"article\" \/>\n<meta property=\"og:title\" content=\"Kursgeb\u00fchren und Unterbringung &quot;Kurse f\u00fcr Jugendliche, Kinder &amp; ihre Eltern&quot; - Allegro Vivo Kammermusik Festival\" \/>\n<meta property=\"og:description\" content=\"Kosten\u00fcbersicht: Kursgeb\u00fchren und Unterbringung der Allegro Vivo Meister- und Jugendkurse\" \/>\n<meta property=\"og:url\" content=\"https:\/\/www.allegro-vivo.at\/de\/kurse-fuer-kinder-eltern\/kursgebuehren-und-unterbringung-kurse-fuer-kinder-ihre-eltern\/\" \/>\n<meta property=\"og:site_name\" content=\"Allegro Vivo Kammermusik Festival\" \/>\n<meta property=\"article:publisher\" content=\"https:\/\/www.facebook.com\/allegro.vivo.festival.austria\/\" \/>\n<meta property=\"article:modified_time\" content=\"2025-11-25T12:25:18+00:00\" \/>\n<meta property=\"og:image\" content=\"https:\/\/www.allegro-vivo.at\/wp-content\/uploads\/2017\/03\/avivo_logofestivalaustria_rgb-1024x291.jpg\" \/>\n<meta name=\"twitter:card\" content=\"summary_large_image\" \/>\n<meta name=\"twitter:label1\" content=\"Gesch\u00e4tzte Lesezeit\" \/>\n\t<meta name=\"twitter:data1\" content=\"3\u00a0Minuten\" \/>\n<script type=\"application\/ld+json\" class=\"yoast-schema-graph\">{\"@context\":\"https:\\\/\\\/schema.org\",\"@graph\":[{\"@type\":\"WebPage\",\"@id\":\"https:\\\/\\\/www.allegro-vivo.at\\\/de\\\/kurse-fuer-kinder-eltern\\\/kursgebuehren-und-unterbringung-kurse-fuer-kinder-ihre-eltern\\\/\",\"url\":\"https:\\\/\\\/www.allegro-vivo.at\\\/de\\\/kurse-fuer-kinder-eltern\\\/kursgebuehren-und-unterbringung-kurse-fuer-kinder-ihre-eltern\\\/\",\"name\":\"Kursgeb\u00fchren und Unterbringung \\\"Kurse f\u00fcr Jugendliche, Kinder & ihre Eltern\\\" - Allegro Vivo Kammermusik Festival\",\"isPartOf\":{\"@id\":\"https:\\\/\\\/www.allegro-vivo.at\\\/de\\\/#website\"},\"datePublished\":\"2021-12-21T19:21:01+00:00\",\"dateModified\":\"2025-11-25T12:25:18+00:00\",\"description\":\"Kosten\u00fcbersicht: Kursgeb\u00fchren und Unterbringung der Allegro Vivo Meister- und Jugendkurse\",\"breadcrumb\":{\"@id\":\"https:\\\/\\\/www.allegro-vivo.at\\\/de\\\/kurse-fuer-kinder-eltern\\\/kursgebuehren-und-unterbringung-kurse-fuer-kinder-ihre-eltern\\\/#breadcrumb\"},\"inLanguage\":\"de\",\"potentialAction\":[{\"@type\":\"ReadAction\",\"target\":[[\"https:\\\/\\\/www.allegro-vivo.at\\\/de\\\/kurse-fuer-kinder-eltern\\\/kursgebuehren-und-unterbringung-kurse-fuer-kinder-ihre-eltern\\\/\"]]}]},{\"@type\":\"BreadcrumbList\",\"@id\":\"https:\\\/\\\/www.allegro-vivo.at\\\/de\\\/kurse-fuer-kinder-eltern\\\/kursgebuehren-und-unterbringung-kurse-fuer-kinder-ihre-eltern\\\/#breadcrumb\",\"itemListElement\":[{\"@type\":\"ListItem\",\"position\":1,\"name\":\"Startseite\",\"item\":\"https:\\\/\\\/www.allegro-vivo.at\\\/de\\\/\"},{\"@type\":\"ListItem\",\"position\":2,\"name\":\"Kurse f\u00fcr Jugendliche, Kinder &#038; Eltern\",\"item\":\"https:\\\/\\\/www.allegro-vivo.at\\\/de\\\/kurse-fuer-kinder-eltern\\\/\"},{\"@type\":\"ListItem\",\"position\":3,\"name\":\"Kursgeb\u00fchren und Unterbringung &#8222;Kurse f\u00fcr Jugendliche, Kinder &#038; ihre Eltern&#8220;\"}]},{\"@type\":\"WebSite\",\"@id\":\"https:\\\/\\\/www.allegro-vivo.at\\\/de\\\/#website\",\"url\":\"https:\\\/\\\/www.allegro-vivo.at\\\/de\\\/\",\"name\":\"Allegro Vivo Kammermusik Festival\",\"description\":\"Allegro Vivo Kammermusik Festival und Meisterkurse\",\"publisher\":{\"@id\":\"https:\\\/\\\/www.allegro-vivo.at\\\/de\\\/#organization\"},\"potentialAction\":[{\"@type\":\"SearchAction\",\"target\":{\"@type\":\"EntryPoint\",\"urlTemplate\":\"https:\\\/\\\/www.allegro-vivo.at\\\/de\\\/?s={search_term_string}\"},\"query-input\":{\"@type\":\"PropertyValueSpecification\",\"valueRequired\":true,\"valueName\":\"search_term_string\"}}],\"inLanguage\":\"de\"},{\"@type\":\"Organization\",\"@id\":\"https:\\\/\\\/www.allegro-vivo.at\\\/de\\\/#organization\",\"name\":\"Allegro Vivo\",\"url\":\"https:\\\/\\\/www.allegro-vivo.at\\\/de\\\/\",\"logo\":{\"@type\":\"ImageObject\",\"inLanguage\":\"de\",\"@id\":\"https:\\\/\\\/www.allegro-vivo.at\\\/de\\\/#\\\/schema\\\/logo\\\/image\\\/\",\"url\":\"https:\\\/\\\/www.allegro-vivo.at\\\/wp-content\\\/uploads\\\/2017\\\/02\\\/allegro_vivo_logo_web.png\",\"contentUrl\":\"https:\\\/\\\/www.allegro-vivo.at\\\/wp-content\\\/uploads\\\/2017\\\/02\\\/allegro_vivo_logo_web.png\",\"width\":400,\"height\":114,\"caption\":\"Allegro Vivo\"},\"image\":{\"@id\":\"https:\\\/\\\/www.allegro-vivo.at\\\/de\\\/#\\\/schema\\\/logo\\\/image\\\/\"},\"sameAs\":[\"https:\\\/\\\/www.facebook.com\\\/allegro.vivo.festival.austria\\\/\",\"https:\\\/\\\/www.instagram.com\\\/allegro.vivo\\\/\",\"https:\\\/\\\/www.youtube.com\\\/user\\\/allegrovivooo\"]}]}<\/script>\n<!-- \/ Yoast SEO plugin. -->","yoast_head_json":{"title":"Kursgeb\u00fchren und Unterbringung \"Kurse f\u00fcr Jugendliche, Kinder & ihre Eltern\" - Allegro Vivo Kammermusik Festival","description":"Kosten\u00fcbersicht: Kursgeb\u00fchren und Unterbringung der Allegro Vivo Meister- und Jugendkurse","robots":{"index":"index","follow":"follow","max-snippet":"max-snippet:-1","max-image-preview":"max-image-preview:large","max-video-preview":"max-video-preview:-1"},"canonical":"https:\/\/www.allegro-vivo.at\/de\/kurse-fuer-kinder-eltern\/kursgebuehren-und-unterbringung-kurse-fuer-kinder-ihre-eltern\/","og_locale":"de_DE","og_type":"article","og_title":"Kursgeb\u00fchren und Unterbringung \"Kurse f\u00fcr Jugendliche, Kinder & ihre Eltern\" - Allegro Vivo Kammermusik Festival","og_description":"Kosten\u00fcbersicht: Kursgeb\u00fchren und Unterbringung der Allegro Vivo Meister- und Jugendkurse","og_url":"https:\/\/www.allegro-vivo.at\/de\/kurse-fuer-kinder-eltern\/kursgebuehren-und-unterbringung-kurse-fuer-kinder-ihre-eltern\/","og_site_name":"Allegro Vivo Kammermusik Festival","article_publisher":"https:\/\/www.facebook.com\/allegro.vivo.festival.austria\/","article_modified_time":"2025-11-25T12:25:18+00:00","og_image":[{"url":"https:\/\/www.allegro-vivo.at\/wp-content\/uploads\/2017\/03\/avivo_logofestivalaustria_rgb-1024x291.jpg","type":"","width":"","height":""}],"twitter_card":"summary_large_image","twitter_misc":{"Gesch\u00e4tzte Lesezeit":"3\u00a0Minuten"},"schema":{"@context":"https:\/\/schema.org","@graph":[{"@type":"WebPage","@id":"https:\/\/www.allegro-vivo.at\/de\/kurse-fuer-kinder-eltern\/kursgebuehren-und-unterbringung-kurse-fuer-kinder-ihre-eltern\/","url":"https:\/\/www.allegro-vivo.at\/de\/kurse-fuer-kinder-eltern\/kursgebuehren-und-unterbringung-kurse-fuer-kinder-ihre-eltern\/","name":"Kursgeb\u00fchren und Unterbringung \"Kurse f\u00fcr Jugendliche, Kinder & ihre Eltern\" - Allegro Vivo Kammermusik Festival","isPartOf":{"@id":"https:\/\/www.allegro-vivo.at\/de\/#website"},"datePublished":"2021-12-21T19:21:01+00:00","dateModified":"2025-11-25T12:25:18+00:00","description":"Kosten\u00fcbersicht: Kursgeb\u00fchren und Unterbringung der Allegro Vivo Meister- und Jugendkurse","breadcrumb":{"@id":"https:\/\/www.allegro-vivo.at\/de\/kurse-fuer-kinder-eltern\/kursgebuehren-und-unterbringung-kurse-fuer-kinder-ihre-eltern\/#breadcrumb"},"inLanguage":"de","potentialAction":[{"@type":"ReadAction","target":[["https:\/\/www.allegro-vivo.at\/de\/kurse-fuer-kinder-eltern\/kursgebuehren-und-unterbringung-kurse-fuer-kinder-ihre-eltern\/"]]}]},{"@type":"BreadcrumbList","@id":"https:\/\/www.allegro-vivo.at\/de\/kurse-fuer-kinder-eltern\/kursgebuehren-und-unterbringung-kurse-fuer-kinder-ihre-eltern\/#breadcrumb","itemListElement":[{"@type":"ListItem","position":1,"name":"Startseite","item":"https:\/\/www.allegro-vivo.at\/de\/"},{"@type":"ListItem","position":2,"name":"Kurse f\u00fcr Jugendliche, Kinder &#038; Eltern","item":"https:\/\/www.allegro-vivo.at\/de\/kurse-fuer-kinder-eltern\/"},{"@type":"ListItem","position":3,"name":"Kursgeb\u00fchren und Unterbringung &#8222;Kurse f\u00fcr Jugendliche, Kinder &#038; ihre Eltern&#8220;"}]},{"@type":"WebSite","@id":"https:\/\/www.allegro-vivo.at\/de\/#website","url":"https:\/\/www.allegro-vivo.at\/de\/","name":"Allegro Vivo Kammermusik Festival","description":"Allegro Vivo Kammermusik Festival und Meisterkurse","publisher":{"@id":"https:\/\/www.allegro-vivo.at\/de\/#organization"},"potentialAction":[{"@type":"SearchAction","target":{"@type":"EntryPoint","urlTemplate":"https:\/\/www.allegro-vivo.at\/de\/?s={search_term_string}"},"query-input":{"@type":"PropertyValueSpecification","valueRequired":true,"valueName":"search_term_string"}}],"inLanguage":"de"},{"@type":"Organization","@id":"https:\/\/www.allegro-vivo.at\/de\/#organization","name":"Allegro Vivo","url":"https:\/\/www.allegro-vivo.at\/de\/","logo":{"@type":"ImageObject","inLanguage":"de","@id":"https:\/\/www.allegro-vivo.at\/de\/#\/schema\/logo\/image\/","url":"https:\/\/www.allegro-vivo.at\/wp-content\/uploads\/2017\/02\/allegro_vivo_logo_web.png","contentUrl":"https:\/\/www.allegro-vivo.at\/wp-content\/uploads\/2017\/02\/allegro_vivo_logo_web.png","width":400,"height":114,"caption":"Allegro Vivo"},"image":{"@id":"https:\/\/www.allegro-vivo.at\/de\/#\/schema\/logo\/image\/"},"sameAs":["https:\/\/www.facebook.com\/allegro.vivo.festival.austria\/","https:\/\/www.instagram.com\/allegro.vivo\/","https:\/\/www.youtube.com\/user\/allegrovivooo"]}]}},"_links":{"self":[{"href":"https:\/\/www.allegro-vivo.at\/de\/wp-json\/wp\/v2\/pages\/20215","targetHints":{"allow":["GET"]}}],"collection":[{"href":"https:\/\/www.allegro-vivo.at\/de\/wp-json\/wp\/v2\/pages"}],"about":[{"href":"https:\/\/www.allegro-vivo.at\/de\/wp-json\/wp\/v2\/types\/page"}],"author":[{"embeddable":true,"href":"https:\/\/www.allegro-vivo.at\/de\/wp-json\/wp\/v2\/users\/3"}],"replies":[{"embeddable":true,"href":"https:\/\/www.allegro-vivo.at\/de\/wp-json\/wp\/v2\/comments?post=20215"}],"version-history":[{"count":59,"href":"https:\/\/www.allegro-vivo.at\/de\/wp-json\/wp\/v2\/pages\/20215\/revisions"}],"predecessor-version":[{"id":32701,"href":"https:\/\/www.allegro-vivo.at\/de\/wp-json\/wp\/v2\/pages\/20215\/revisions\/32701"}],"up":[{"embeddable":true,"href":"https:\/\/www.allegro-vivo.at\/de\/wp-json\/wp\/v2\/pages\/363"}],"wp:attachment":[{"href":"https:\/\/www.allegro-vivo.at\/de\/wp-json\/wp\/v2\/media?parent=20215"}],"curies":[{"name":"wp","href":"https:\/\/api.w.org\/{rel}","templated":true}]}}